{"id":44,"date":"2019-10-31T09:51:28","date_gmt":"2019-10-31T09:51:28","guid":{"rendered":"https:\/\/www.demo.cosmoswp.com\/demo-9\/?page_id=54"},"modified":"2022-06-30T13:24:10","modified_gmt":"2022-06-30T11:24:10","slug":"referenzen","status":"publish","type":"page","link":"https:\/\/frass-koeln.de\/content\/referenzen\/","title":{"rendered":"Referenzen"},"content":{"rendered":"\n<div id=\"section-gb00bc5\" class=\"wp-block-gutentor-e6 section-gb00bc5 gutentor-element gutentor-element-image\"><div class=\"gutentor-element-image-box\"><div class=\"gutentor-bg-image\"><\/div><\/div><\/div>\n\n\n\n<section id=\"gm70444f4\" class=\"wp-block-gutentor-m4 section-gm70444f4 gutentor-module gutentor-advanced-columns has-image-bg has-custom-bg\"><div class=\"grid-container\"><div class=\"grid-row\">\n<div id=\"col-gmad334e\" class=\"wp-block-gutentor-m4-col col-gmad334e gutentor-single-column  grid-lg-12 grid-md-12 grid-12\"><div id=\"section-gmad334e\" class=\"section-gmad334e gutentor-col-wrap\">\n<div id=\"section-g2ab558\" class=\"wp-block-gutentor-e1 section-g2ab558 gutentor-element gutentor-element-advanced-text\"><div class=\"gutentor-text-wrap\"><h2 class=\"gutentor-text\">Unsere Referenzen<\/h2><\/div><\/div>\n<\/div><\/div>\n<\/div><\/div><\/section>\n\n\n\n<section id=\"gm3b94749\" class=\"wp-block-gutentor-m4 section-gm3b94749 gutentor-module gutentor-advanced-columns\"><div class=\"grid-container\"><div class=\"grid-row\">\n<div id=\"col-gmae8586\" class=\"wp-block-gutentor-m4-col col-gmae8586 gutentor-single-column  grid-lg-12 grid-md-12 grid-12\"><div id=\"section-gmae8586\" class=\"section-gmae8586 gutentor-col-wrap\">\n<section id=\"5d45c0\" class=\"section-5d45c0 gutentor-module gutentor-module-accordion\"><div class=\"grid-container\">\n<div id=\"7ac313\" class=\"wp-block-gutentor-m6-item section-7ac313 gutentor-module gutentor-module-accordion-item\"><div class=\"gutentor-module-accordion-panel g-a-panel-5d45c0\"><div class=\"gm-ah-5d45c0 gutentor-module-accordion-item-heading gutentor-module-icon-position-left\"><span class=\"gutentor-module-accordion-panel-handler\" role=\"button\"><span class=\"gutentor-module-accordion-icon\"><i class=\"gm-aio-5d45c0 gutentor-module-accordion-icon-open fas fa-angle-double-down\"><\/i><i class=\"gm-aic-5d45c0 gutentor-module-accordion-icon-close fas fa-angle-double-up\"><\/i><\/span><span class=\"gutentor-module-accordion-panel-handler-label\">VERWALTUNGSGEB\u00c4UDE<\/span><\/span><\/div><div class=\"gm-ab-5d45c0 gutentor-module-accordion-body\">\n<p id=\"top1\"><strong>\u00dcbersicht<\/strong><\/p>\n\n\n\n<div id=\"section-g7273ae\" class=\"wp-block-gutentor-e7 section-g7273ae gutentor-element gutentor-element-list\"><ul class=\"grid-row gutentor-grid-item-wrap list-indicator-icon\"><li class=\"gutentor-list-item grid-lg-12 grid-md-12 grid-12\"><span class=\"gutentor-single-item gutentor-single-item-0\"><span class=\"gutentor-list-item-wrap g-s-list-wrap\"><span class=\"gutentor-single-list-item-icon\"><i class=\"list-item-icon fas fa-angle-right\"><\/i><\/span><span class=\"gutentor-list-item\"><p class=\"gutentor-single-item-title\"><a href=\"#1a\"><strong>Hauptverwaltung Berliner Verein K\u00f6ln<\/strong><\/a><\/p><\/span><\/span><\/span><\/li><li class=\"gutentor-list-item grid-lg-12 grid-md-12 grid-12\"><span class=\"gutentor-single-item gutentor-single-item-1\"><span class=\"gutentor-list-item-wrap g-s-list-wrap\"><span class=\"gutentor-single-list-item-icon\"><i class=\"list-item-icon fas fa-angle-right\"><\/i><\/span><span class=\"gutentor-list-item\"><p class=\"gutentor-single-item-title\"><a href=\"#1b\"><strong>Verwaltungsgeb\u00e4ude Berliner Verein Krefeld<\/strong><\/a><\/p><\/span><\/span><\/span><\/li><li class=\"gutentor-list-item grid-lg-12 grid-md-12 grid-12\"><span class=\"gutentor-single-item gutentor-single-item-2\"><span class=\"gutentor-list-item-wrap g-s-list-wrap\"><span class=\"gutentor-single-list-item-icon\"><i class=\"list-item-icon fas fa-angle-right\"><\/i><\/span><span class=\"gutentor-list-item\"><p class=\"gutentor-single-item-title\"><a href=\"#1c\"><strong>Gesch\u00e4ftshaus Aachen<\/strong><\/a><\/p><\/span><\/span><\/span><\/li><li class=\"gutentor-list-item grid-lg-12 grid-md-12 grid-12\"><span class=\"gutentor-single-item gutentor-single-item-3\"><span class=\"gutentor-list-item-wrap g-s-list-wrap\"><span class=\"gutentor-single-list-item-icon\"><i class=\"list-item-icon fas fa-angle-right\"><\/i><\/span><span class=\"gutentor-list-item\"><p class=\"gutentor-single-item-title\"><a href=\"#1d\"><strong>B\u00fcrohaus Bank f\u00fcr Sozialwirtschaft<\/strong><\/a><\/p><\/span><\/span><\/span><\/li><li class=\"gutentor-list-item grid-lg-12 grid-md-12 grid-12\"><span class=\"gutentor-single-item gutentor-single-item-4\"><span class=\"gutentor-list-item-wrap g-s-list-wrap\"><span class=\"gutentor-single-list-item-icon\"><i class=\"list-item-icon fas fa-angle-right\"><\/i><\/span><span class=\"gutentor-list-item\"><p class=\"gutentor-single-item-title\"><a href=\"#1e\"><strong>Hauptverwaltung K\u00f6ln-D\u00fcsseldorfer Rheinschifffahrt<\/strong><\/a><\/p><\/span><\/span><\/span><\/li><li class=\"gutentor-list-item grid-lg-12 grid-md-12 grid-12\"><span class=\"gutentor-single-item gutentor-single-item-5\"><span class=\"gutentor-list-item-wrap g-s-list-wrap\"><span class=\"gutentor-single-list-item-icon\"><i class=\"list-item-icon fas fa-angle-right\"><\/i><\/span><span class=\"gutentor-list-item\"><p class=\"gutentor-single-item-title\"><a href=\"#1f\"><strong>Gesch\u00e4ftshaus Essen<\/strong><\/a><\/p><\/span><\/span><\/span><\/li><li class=\"gutentor-list-item grid-lg-12 grid-md-12 grid-12\"><span class=\"gutentor-single-item gutentor-single-item-6\"><span class=\"gutentor-list-item-wrap g-s-list-wrap\"><span class=\"gutentor-single-list-item-icon\"><i class=\"list-item-icon fas fa-angle-right\"><\/i><\/span><span class=\"gutentor-list-item\"><p class=\"gutentor-single-item-title\"><a href=\"#1g\"><strong>Gesch\u00e4ftshaus Unter Sachsenhausen<\/strong><\/a><\/p><\/span><\/span><\/span><\/li><li class=\"gutentor-list-item grid-lg-12 grid-md-12 grid-12\"><span class=\"gutentor-single-item gutentor-single-item-7\"><span class=\"gutentor-list-item-wrap g-s-list-wrap\"><span class=\"gutentor-single-list-item-icon\"><i class=\"list-item-icon fas fa-angle-right\"><\/i><\/span><span class=\"gutentor-list-item\"><p class=\"gutentor-single-item-title\"><a href=\"#1h\"><strong>Verwaltungsgeb\u00e4ude Koblenz-Kaltenhof<\/strong><\/a><\/p><\/span><\/span><\/span><\/li><li class=\"gutentor-list-item grid-lg-12 grid-md-12 grid-12\"><span class=\"gutentor-single-item gutentor-single-item-8\"><span class=\"gutentor-list-item-wrap g-s-list-wrap\"><span class=\"gutentor-single-list-item-icon\"><i class=\"list-item-icon fas fa-angle-right\"><\/i><\/span><span class=\"gutentor-list-item\"><p class=\"gutentor-single-item-title\"><a href=\"#1i\"><strong>Verwaltungsgeb\u00e4ude Selbsthilfe K\u00f6ln<\/strong><\/a><\/p><\/span><\/span><\/span><\/li><li class=\"gutentor-list-item grid-lg-12 grid-md-12 grid-12\"><span class=\"gutentor-single-item gutentor-single-item-9\"><span class=\"gutentor-list-item-wrap g-s-list-wrap\"><span class=\"gutentor-single-list-item-icon\"><i class=\"list-item-icon fas fa-angle-right\"><\/i><\/span><span class=\"gutentor-list-item\"><p class=\"gutentor-single-item-title\"><a href=\"#1j\"><strong>Verwaltungsgeb\u00e4ude Deutscher Beamtenbund<\/strong><\/a><\/p><\/span><\/span><\/span><\/li><li class=\"gutentor-list-item grid-lg-12 grid-md-12 grid-12\"><span class=\"gutentor-single-item gutentor-single-item-10\"><span class=\"gutentor-list-item-wrap g-s-list-wrap\"><span class=\"gutentor-single-list-item-icon\"><i class=\"list-item-icon fas fa-angle-right\"><\/i><\/span><span class=\"gutentor-list-item\"><p class=\"gutentor-single-item-title\"><a href=\"#1k\"><strong>Verwaltungsgeb\u00e4ude ADAC Bonn<\/strong><\/a><\/p><\/span><\/span><\/span><\/li><li class=\"gutentor-list-item grid-lg-12 grid-md-12 grid-12\"><span class=\"gutentor-single-item gutentor-single-item-11\"><span class=\"gutentor-list-item-wrap g-s-list-wrap\"><span class=\"gutentor-single-list-item-icon\"><i class=\"list-item-icon fas fa-angle-right\"><\/i><\/span><span class=\"gutentor-list-item\"><p class=\"gutentor-single-item-title\"><a href=\"#1l\"><strong>Allianzbauten Am Tulpenfeld<\/strong><\/a><\/p><\/span><\/span><\/span><\/li><li class=\"gutentor-list-item grid-lg-12 grid-md-12 grid-12\"><span class=\"gutentor-single-item gutentor-single-item-12\"><span class=\"gutentor-list-item-wrap g-s-list-wrap\"><span class=\"gutentor-single-list-item-icon\"><i class=\"list-item-icon fas fa-angle-right\"><\/i><\/span><span class=\"gutentor-list-item\"><p class=\"gutentor-single-item-title\"><a href=\"#1m\"><strong>Bonner Kulturinstitut Inter Nationes<\/strong><\/a><\/p><\/span><\/span><\/span><\/li><li class=\"gutentor-list-item grid-lg-12 grid-md-12 grid-12\"><span class=\"gutentor-single-item gutentor-single-item-13\"><span class=\"gutentor-list-item-wrap g-s-list-wrap\"><span class=\"gutentor-single-list-item-icon\"><i class=\"list-item-icon fas fa-angle-right\"><\/i><\/span><span class=\"gutentor-list-item\"><p class=\"gutentor-single-item-title\"><a href=\"#1n\"><strong>Landesbeh\u00f6rdenhaus K\u00f6ln<\/strong><\/a><\/p><\/span><\/span><\/span><\/li><li class=\"gutentor-list-item grid-lg-12 grid-md-12 grid-12\"><span class=\"gutentor-single-item gutentor-single-item-14\"><span class=\"gutentor-list-item-wrap g-s-list-wrap\"><span class=\"gutentor-single-list-item-icon\"><i class=\"list-item-icon fas fa-angle-right\"><\/i><\/span><span class=\"gutentor-list-item\"><p class=\"gutentor-single-item-title\"><a href=\"#1o\"><strong>Sozialgericht K\u00f6ln<\/strong><\/a><\/p><\/span><\/span><\/span><\/li><li class=\"gutentor-list-item grid-lg-12 grid-md-12 grid-12\"><span class=\"gutentor-single-item gutentor-single-item-15\"><span class=\"gutentor-list-item-wrap g-s-list-wrap\"><span class=\"gutentor-single-list-item-icon\"><i class=\"list-item-icon fas fa-angle-right\"><\/i><\/span><span class=\"gutentor-list-item\"><p class=\"gutentor-single-item-title\"><a href=\"#1p\"><strong>Rathaus Bad K\u00f6stritz<\/strong><\/a><\/p><\/span><\/span><\/span><\/li><li class=\"gutentor-list-item grid-lg-12 grid-md-12 grid-12\"><span class=\"gutentor-single-item gutentor-single-item-16\"><span class=\"gutentor-list-item-wrap g-s-list-wrap\"><span class=\"gutentor-single-list-item-icon\"><i class=\"list-item-icon fas fa-angle-right\"><\/i><\/span><span class=\"gutentor-list-item\"><p class=\"gutentor-single-item-title\"><a href=\"#1q\"><strong>Verwaltungsgeb\u00e4ude Linklaters, Oppenhof &amp; R\u00e4dler K\u00f6ln<\/strong><\/a><\/p><\/span><\/span><\/span><\/li><li class=\"gutentor-list-item grid-lg-12 grid-md-12 grid-12\"><span class=\"gutentor-single-item gutentor-single-item-17\"><span class=\"gutentor-list-item-wrap g-s-list-wrap\"><span class=\"gutentor-single-list-item-icon\"><i class=\"list-item-icon fas fa-angle-right\"><\/i><\/span><span class=\"gutentor-list-item\"><p class=\"gutentor-single-item-title\"><a href=\"#1r\"><strong>Gesch\u00e4ftshaus Berlin<\/strong><\/a><\/p><\/span><\/span><\/span><\/li><li class=\"gutentor-list-item grid-lg-12 grid-md-12 grid-12\"><span class=\"gutentor-single-item gutentor-single-item-18\"><span class=\"gutentor-list-item-wrap g-s-list-wrap\"><span class=\"gutentor-single-list-item-icon\"><i class=\"list-item-icon fas fa-angle-right\"><\/i><\/span><span class=\"gutentor-list-item\"><p class=\"gutentor-single-item-title\"><a href=\"#1s\"><strong>Gesch\u00e4ftshaus Hamburg<\/strong><\/a><\/p><\/span><\/span><\/span><\/li><li class=\"gutentor-list-item grid-lg-12 grid-md-12 grid-12\"><span class=\"gutentor-single-item gutentor-single-item-19\"><span class=\"gutentor-list-item-wrap g-s-list-wrap\"><span class=\"gutentor-single-list-item-icon\"><i class=\"list-item-icon fas fa-angle-right\"><\/i><\/span><span class=\"gutentor-list-item\"><p class=\"gutentor-single-item-title\"><a href=\"#1t\"><strong>Gesch\u00e4ftshaus Humanic K\u00f6ln<\/strong><\/a><\/p><\/span><\/span><\/span><\/li><li class=\"gutentor-list-item grid-lg-12 grid-md-12 grid-12\"><span class=\"gutentor-single-item gutentor-single-item-20\"><span class=\"gutentor-list-item-wrap g-s-list-wrap\"><span class=\"gutentor-single-list-item-icon\"><i class=\"list-item-icon fas fa-angle-right\"><\/i><\/span><span class=\"gutentor-list-item\"><p class=\"gutentor-single-item-title\"><a href=\"#1u\"><strong>Gesch\u00e4ftshaus C &amp; A K\u00f6ln<\/strong><\/a><\/p><\/span><\/span><\/span><\/li><li class=\"gutentor-list-item grid-lg-12 grid-md-12 grid-12\"><span class=\"gutentor-single-item gutentor-single-item-21\"><span class=\"gutentor-list-item-wrap g-s-list-wrap\"><span class=\"gutentor-single-list-item-icon\"><i class=\"list-item-icon fas fa-angle-right\"><\/i><\/span><span class=\"gutentor-list-item\"><p class=\"gutentor-single-item-title\"><a href=\"#1v\"><strong>Riquethaus Leipzig<\/strong><\/a><\/p><\/span><\/span><\/span><\/li><li class=\"gutentor-list-item grid-lg-12 grid-md-12 grid-12\"><span class=\"gutentor-single-item gutentor-single-item-22\"><span class=\"gutentor-list-item-wrap g-s-list-wrap\"><span class=\"gutentor-single-list-item-icon\"><i class=\"list-item-icon fas fa-angle-right\"><\/i><\/span><span class=\"gutentor-list-item\"><p class=\"gutentor-single-item-title\"><a href=\"#1w\"><strong>Gesch\u00e4ftshaus GESIS K\u00f6ln<\/strong><\/a><\/p><\/span><\/span><\/span><\/li><li class=\"gutentor-list-item grid-lg-12 grid-md-12 grid-12\"><span class=\"gutentor-single-item gutentor-single-item-23\"><span class=\"gutentor-list-item-wrap g-s-list-wrap\"><span class=\"gutentor-single-list-item-icon\"><i class=\"list-item-icon fas fa-angle-right\"><\/i><\/span><span class=\"gutentor-list-item\"><p class=\"gutentor-single-item-title\"><a href=\"#1x\"><strong>IHK K\u00f6ln<\/strong><\/a><\/p><\/span><\/span><\/span><\/li><li class=\"gutentor-list-item grid-lg-12 grid-md-12 grid-12\"><span class=\"gutentor-single-item gutentor-single-item-24\"><span class=\"gutentor-list-item-wrap g-s-list-wrap\"><span class=\"gutentor-single-list-item-icon\"><i class=\"list-item-icon fas fa-angle-right\"><\/i><\/span><span class=\"gutentor-list-item\"><p class=\"gutentor-single-item-title\"><a href=\"#1y\"><strong>Gesch\u00e4ftshaus Kurf\u00fcrstendamm<\/strong><\/a><\/p><\/span><\/span><\/span><\/li><\/ul><\/div>\n\n\n\n<p id=\"1a\"><strong>Neu- und Umbau<br><mark style=\"background-color:rgba(0, 0, 0, 0);color:#5f7ca3\" class=\"has-inline-color\">Hauptverwaltung Berliner Verein, K\u00f6ln<\/mark><\/strong><br><strong>Bauherr: <\/strong>Berliner Verein, K\u00f6ln<br><strong>Architekt:<\/strong> Dr. Abrahamson, Essen<br><strong>Geplante Anlagen:<\/strong> <\/p>\n\n\n\n<p id=\"1a\">&#8211; Heizung<\/p>\n\n\n\n<p id=\"1a\">&#8211; L\u00fcftung, K\u00e4lte, Sanit\u00e4r<\/p>\n\n\n\n<p id=\"1a\">&#8211; CO-Warnanlage<\/p>\n\n\n\n<p id=\"1a\">&#8211; Sprinkler<\/p>\n\n\n\n<p id=\"1a\">&#8211; Teek\u00fcche<\/p>\n\n\n\n<p id=\"1a\">&#8211; Gro\u00dfk\u00fcche<\/p>\n\n\n\n<p id=\"1a\">&#8211; Elektro (Schwachstrom\/Starkstrom)<\/p>\n\n\n\n<p id=\"1a\">&#8211; Beleuchtung<\/p>\n\n\n\n<p id=\"1a\">&#8211; Blitzschutz<\/p>\n\n\n\n<p id=\"1a\">&#8211; F\u00f6rdertechnik<\/p>\n\n\n\n<p id=\"1a\">&#8211; Abgehangene Decken<\/p>\n\n\n\n<p id=\"1a\">&#8211; Doppelboden<\/p>\n\n\n\n<p id=\"1a\">&#8211; K\u00fchlraum<\/p>\n\n\n\n<p id=\"1a\">&#8211; Kommunikationsanlagen<br><a href=\"#top1\">zur\u00fcck nach oben<\/a><br><\/p>\n\n\n\n<p id=\"1b\"><strong>Neubau<br><mark style=\"background-color:rgba(0, 0, 0, 0);color:#5f7ca3\" class=\"has-inline-color\">Verwaltungsgeb\u00e4ude Berliner Verein, Krefeld<\/mark><\/strong><br><strong>Bauherr:<\/strong> Berliner Verein, K\u00f6ln<br><strong>Architekt:<\/strong> Kurt Stuhldreier, Dieter Stuhldreier, Alfred Stammen<br><strong>Geplante Anlagen:<\/strong> <\/p>\n\n\n\n<p id=\"1b\">&#8211; Heizung<\/p>\n\n\n\n<p id=\"1b\">&#8211; L\u00fcftung, K\u00e4lte, Sanit\u00e4r<\/p>\n\n\n\n<p id=\"1b\">&#8211; Elektro (Schwachstrom\/ Starkstrom)<\/p>\n\n\n\n<p id=\"1b\">&#8211; Beleuchtung<\/p>\n\n\n\n<p id=\"1b\">&#8211; Blitzschutz<\/p>\n\n\n\n<p id=\"1b\">&#8211; Trafo<br><a href=\"#top1\">zur\u00fcck nach oben<\/a><br><\/p>\n\n\n\n<p id=\"1c\"><strong>Umbau<br><mark style=\"background-color:rgba(0, 0, 0, 0);color:#5f7ca3\" class=\"has-inline-color\">Gesch\u00e4ftshaus, Aachen<\/mark><\/strong><br><strong>Bauherr: <\/strong>Berliner Verein, K\u00f6ln<br><strong>Geplante Anlagen:<\/strong> <\/p>\n\n\n\n<p id=\"1c\">&#8211; Generalplanung<\/p>\n\n\n\n<p id=\"1c\">&#8211; L\u00fcftung<\/p>\n\n\n\n<p id=\"1c\">&#8211; K\u00e4lte <\/p>\n\n\n\n<p id=\"1c\">Neubau<br><a href=\"#top1\">zur\u00fcck nach oben<\/a><br><\/p>\n\n\n\n<p id=\"1d\"><strong><mark style=\"background-color:rgba(0, 0, 0, 0);color:#5f7ca3\" class=\"has-inline-color\">B\u00fcrohaus der Bank f\u00fcr Sozialwirtschaft<\/mark><\/strong><br>W\u00f6rthstrasse 15, 50668 K\u00f6ln<br><strong>Bauherr:<\/strong> Bank f\u00fcr Sozialwirtschaft, K\u00f6ln<br><strong>Architekt:<\/strong> Ferdi Dolfen, K\u00f6ln<br><strong>Geplante Anlagen:<\/strong> <\/p>\n\n\n\n<p id=\"1d\">&#8211; Heizung<\/p>\n\n\n\n<p id=\"1d\">&#8211; Fernw\u00e4rme<\/p>\n\n\n\n<p id=\"1d\">&#8211; L\u00fcftung, K\u00e4lte, Sanit\u00e4r<\/p>\n\n\n\n<p id=\"1d\">&#8211; Teek\u00fcche<\/p>\n\n\n\n<p id=\"1d\">&#8211; Gro\u00dfk\u00fcche<\/p>\n\n\n\n<p id=\"1d\">&#8211; Elektro (Schwachstrom\/Starkstrom)<\/p>\n\n\n\n<p id=\"1d\">&#8211; Beleuchtung<\/p>\n\n\n\n<p id=\"1d\">&#8211; Blitzschutz<\/p>\n\n\n\n<p id=\"1d\">&#8211; Kommunikationsanlagen<\/p>\n\n\n\n<p id=\"1d\">&#8211; Trafo<\/p>\n\n\n\n<p id=\"1d\">&#8211; Sicherheitsanlagen<\/p>\n\n\n\n<p id=\"1d\">&#8211; Abgehangene Decken<br><a href=\"#top1\">zur\u00fcck nach oben<\/a><br><\/p>\n\n\n\n<p id=\"1e\"><strong>Neubau<br><mark style=\"background-color:rgba(0, 0, 0, 0);color:#5f7ca3\" class=\"has-inline-color\">Hauptverwaltung der K\u00f6ln-D\u00fcsseldorfer Rheinschifffahrt<\/mark><\/strong><br><strong>Bauherr:<\/strong> K\u00f6ln-D\u00fcsseldorfer Deutsche Rheinschiffahrt AG<br><strong>Architekt: <\/strong>H. Selldorf, K\u00f6ln<br><strong>Geplante Anlagen: <\/strong><\/p>\n\n\n\n<p id=\"1e\">&#8211; Heizung, L\u00fcftung, Sanit\u00e4r<\/p>\n\n\n\n<p id=\"1e\">&#8211; Elektro (Schwachstrom\/Starkstrom)<\/p>\n\n\n\n<p id=\"1e\">&#8211; Beleuchtung<\/p>\n\n\n\n<p id=\"1e\">&#8211; Blitzschutz<\/p>\n\n\n\n<p id=\"1e\">&#8211; Kommunikationsanlagen<br><a href=\"#top1\">zur\u00fcck nach oben<\/a><br><\/p>\n\n\n\n<p id=\"1f\"><strong>Umbau<br><mark style=\"background-color:rgba(0, 0, 0, 0);color:#5f7ca3\" class=\"has-inline-color\">Gesch\u00e4ftshaus Porscheplatz 5, 45127 Essen<\/mark><\/strong><br><strong>Bauherr: <\/strong>Provinzial Versicherung, D\u00fcsseldorf<br><strong>Architekt: <\/strong>Westdeutsche Bautr\u00e4gergesellschaft mbH, Essen<br><strong>Geplante Anlagen:<\/strong> <\/p>\n\n\n\n<p id=\"1f\">&#8211; Heizung<\/p>\n\n\n\n<p id=\"1f\">&#8211; L\u00fcftung<\/p>\n\n\n\n<p id=\"1f\">&#8211; Sanit\u00e4r<\/p>\n\n\n\n<p id=\"1f\">&#8211; Elektro (Schwachstrom\/Starkstrom)<\/p>\n\n\n\n<p id=\"1f\">&#8211;  Beleuchtung<br><a href=\"#top1\">zur\u00fcck nach oben<\/a><br><\/p>\n\n\n\n<p id=\"1g\"><strong>Umbau<br><mark style=\"background-color:rgba(0, 0, 0, 0);color:#5f7ca3\" class=\"has-inline-color\">Gesch\u00e4ftshaus Unter Sachsenhausen 37, 50667 K\u00f6ln<\/mark><\/strong><br><strong>Bauherr: <\/strong>Provinzial Versicherung, D\u00fcsseldorf<br><strong>Architekt:<\/strong> Westdeutsche Bautr\u00e4gergesellschaft mbH, Essen<br><strong>Geplante Anlagen: <\/strong><\/p>\n\n\n\n<p id=\"1g\">&#8211; Heizung<\/p>\n\n\n\n<p id=\"1g\">&#8211; L\u00fcftung, K\u00e4lte, Sanit\u00e4r<\/p>\n\n\n\n<p id=\"1g\">&#8211; CO-Warnanlage<\/p>\n\n\n\n<p id=\"1g\">&#8211; Elektro (Schwachstrom\/Starkstrom)<\/p>\n\n\n\n<p id=\"1g\">&#8211; Trafo<\/p>\n\n\n\n<p id=\"1g\">&#8211; Beleuchtung<\/p>\n\n\n\n<p id=\"1g\">&#8211; Blitzschutz<\/p>\n\n\n\n<p id=\"1g\">&#8211; Kommunikationsanlagen<\/p>\n\n\n\n<p id=\"1g\">&#8211;  Notstrom<br><a href=\"#top1\">zur\u00fcck nach oben<\/a><br><\/p>\n\n\n\n<p id=\"1h\"><strong>Neubau<br><mark style=\"background-color:rgba(0, 0, 0, 0);color:#5f7ca3\" class=\"has-inline-color\">Verwaltungsgeb\u00e4ude Koblenz &#8211; Kaltenhof<\/mark><\/strong><br><strong>Bauherr: <\/strong>Provinzial Versicherung, D\u00fcsseldorf<br><strong>Architekt: <\/strong>Hirschmann, Mainz<br><strong>Geplante Anlagen: <\/strong><\/p>\n\n\n\n<p id=\"1h\">&#8211; Heizung<\/p>\n\n\n\n<p id=\"1h\">&#8211; L\u00fcftun, K\u00e4lte, Sanit\u00e4r<\/p>\n\n\n\n<p id=\"1h\">&#8211; CO-Warnanlage<\/p>\n\n\n\n<p id=\"1h\">&#8211; Elektro (Schwachstrom\/Starkstrom)<\/p>\n\n\n\n<p id=\"1h\">&#8211; Trafo<\/p>\n\n\n\n<p id=\"1h\">&#8211; Beleuchtung<\/p>\n\n\n\n<p id=\"1h\">&#8211; Blitzschutz<\/p>\n\n\n\n<p id=\"1h\">&#8211; Kommunikationsanlagen<\/p>\n\n\n\n<p id=\"1h\">&#8211; Notstrom<br><a href=\"#top1\">zur\u00fcck nach oben<\/a><br><\/p>\n\n\n\n<p id=\"1i\"><strong>Neubau<\/strong><br><strong><mark style=\"background-color:rgba(0, 0, 0, 0);color:#5f7ca3\" class=\"has-inline-color\">Verwaltungsgeb\u00e4ude Selbsthilfe<\/mark><br><\/strong>D\u00fcrener Str. 341, 50935 K\u00f6ln<br><strong>Bauherr: <\/strong>Selbsthilfe, K\u00f6ln<br><strong>Architekt:<\/strong> Prof. Schneider-Wessling, K\u00f6ln<br><strong>Geplante Anlagen: <\/strong><\/p>\n\n\n\n<p id=\"1i\">&#8211; Heizung<\/p>\n\n\n\n<p id=\"1i\">&#8211; Sanit\u00e4r<\/p>\n\n\n\n<p id=\"1i\">&#8211; Elektro (Schwachstrom\/Starkstrom)<\/p>\n\n\n\n<p id=\"1i\">&#8211; Trafo<\/p>\n\n\n\n<p id=\"1i\">&#8211; Beleuchtung<br><a href=\"#top1\">zur\u00fcck nach oben<\/a><br><\/p>\n\n\n\n<p id=\"1j\"><strong>Umbau<br><mark style=\"background-color:rgba(0, 0, 0, 0);color:#5f7ca3\" class=\"has-inline-color\">Verwaltungsgeb\u00e4ude Deutscher Beamtenbund<\/mark><br><\/strong>Dreizehnmorgenweg 36, 53175 Bonn<br><strong>Bauherr:<\/strong> Deutscher Beamtenbund, Bonn<br><strong>Architekt:<\/strong> Deutscher Beamtenbund, Bonn<br><strong>Geplante Anlagen:<\/strong><\/p>\n\n\n\n<p id=\"1j\">&#8211; L\u00fcftung, K\u00e4lte<\/p>\n\n\n\n<p id=\"1j\">&#8211; Elektro (Schwachstrom\/Starkstrom)<\/p>\n\n\n\n<p id=\"1j\">&#8211; Beleuchtung<\/p>\n\n\n\n<p id=\"1j\">&#8211; Kommunikationsanlagen<\/p>\n\n\n\n<p id=\"1j\">&#8211; Abgehangene Decken<br><a href=\"#top1\">zur\u00fcck nach oben<\/a><br><\/p>\n\n\n\n<p id=\"1k\"><strong>Neubau<br><mark style=\"background-color:rgba(0, 0, 0, 0);color:#5f7ca3\" class=\"has-inline-color\">Verwaltungsgeb\u00e4ude des ADAC Bonn-Bad Godesberg<\/mark><\/strong><br><strong>Bauherr:<\/strong> ADAC Gau Nordrhein<br><strong>Architekt: <\/strong>Hermann-Josef Beu, Leverkusen<br><strong>Geplante Anlagen: <\/strong><\/p>\n\n\n\n<p id=\"1k\">&#8211; Elektro (Schwachstrom\/Starkstrom)<\/p>\n\n\n\n<p id=\"1k\">&#8211; Beleuchtung<\/p>\n\n\n\n<p id=\"1k\">&#8211; Blitzschutz<\/p>\n\n\n\n<p id=\"1k\">&#8211; Trafo<\/p>\n\n\n\n<p id=\"1k\">&#8211; Notstrom<br><a href=\"#top1\">zur\u00fcck nach oben<\/a><br><\/p>\n\n\n\n<p id=\"1l\"><strong><mark style=\"background-color:rgba(0, 0, 0, 0);color:#5f7ca3\" class=\"has-inline-color\">Allianzbauten am Tulpenfeld<\/mark><br><\/strong>Tulpenfeld Hochhaus, 53113 Bonn<br><strong>Bauherr: <\/strong>Allianz K\u00f6ln<br><strong>Geplante Anlagen:<\/strong> <\/p>\n\n\n\n<p id=\"1l\">&#8211; K\u00e4lte<br><a href=\"#top1\">zur\u00fcck nach oben<\/a><br><\/p>\n\n\n\n<p id=\"1m\"><strong><mark style=\"background-color:rgba(0, 0, 0, 0);color:#5f7ca3\" class=\"has-inline-color\">Bonner Kulturinstitut<br>Inter Nationes<\/mark><br><\/strong>Kennedyallee 91, 53175 Bonn<br><strong>Bauherr:<\/strong> Allianz K\u00f6ln<br><strong>Architekt: <\/strong>Lohr + Wiese, K\u00f6ln<br><strong>Geplante Anlagen: <\/strong><\/p>\n\n\n\n<p id=\"1m\">&#8211; Heizung, L\u00fcftung, K\u00e4lte<\/p>\n\n\n\n<p id=\"1m\">&#8211; Elektro (Schwachstrom\/Starkstrom)<\/p>\n\n\n\n<p id=\"1m\">&#8211; Beleuchtung<br><a href=\"#top1\">zur\u00fcck nach oben<\/a><br><\/p>\n\n\n\n<p id=\"1n\"><strong>Umbau<br><mark style=\"background-color:rgba(0, 0, 0, 0);color:#5f7ca3\" class=\"has-inline-color\">Landesbeh\u00f6rdenhaus<\/mark><br><\/strong>Blumenthalstr. 33, 50670 K\u00f6ln<br><strong>Bauherr: <\/strong>Staatshochbauamt K\u00f6ln<br><strong>Geplante Anlagen: <\/strong><\/p>\n\n\n\n<p id=\"1n\">&#8211; Elektro (Schwachstrom\/Starkstrom)<\/p>\n\n\n\n<p id=\"1n\">&#8211; Beleuchtung<\/p>\n\n\n\n<p id=\"1n\">&#8211; Kommunikationsanlage<\/p>\n\n\n\n<p id=\"1n\">&#8211; Notstrom<\/p>\n\n\n\n<p id=\"1n\"> F\u00f6rdertechnik<br><a href=\"#top1\">zur\u00fcck nach oben<\/a><br><\/p>\n\n\n\n<p id=\"1o\"><strong>Umbau und Sanierung<br><mark style=\"background-color:rgba(0, 0, 0, 0);color:#5f7ca3\" class=\"has-inline-color\">Sozialgericht K\u00f6ln<\/mark><br><\/strong>An den Dominikanern 2, 50668 K\u00f6ln<br><strong>Bauherr:<\/strong> Staatshochbauamt K\u00f6ln<br><strong>Geplante Anlagen:<\/strong> <\/p>\n\n\n\n<p id=\"1o\">&#8211; Elektro (Schwachstrom\/Starkstrom)<\/p>\n\n\n\n<p id=\"1o\">&#8211; Beleuchtung<\/p>\n\n\n\n<p id=\"1o\">&#8211; Kommunikationsanlage<\/p>\n\n\n\n<p id=\"1o\">&#8211; F\u00f6rdertechnik<br><a href=\"#top1\">zur\u00fcck nach oben<\/a><br><\/p>\n\n\n\n<p id=\"1p\"><strong>Umbau und Sanierung<br><mark style=\"background-color:rgba(0, 0, 0, 0);color:#5f7ca3\" class=\"has-inline-color\">Rathaus Bad K\u00f6stritz<\/mark><\/strong><br>Heinrich-Sch\u00fctz-Str. 4, 07586 Bad K\u00f6stritz<br><strong>Bauherr: <\/strong>Stadt Bad K\u00f6stritz<br><strong>Architekt: <\/strong>Schlimbach Kortus + Partner, Gera<br><strong>Geplante Anlagen: <\/strong><\/p>\n\n\n\n<p id=\"1p\">&#8211; Heizung, L\u00fcftung, Sanit\u00e4r<\/p>\n\n\n\n<p id=\"1p\">&#8211; Elektro (Schwachstrom\/Starkstrom)<\/p>\n\n\n\n<p id=\"1p\">&#8211; Beleuchtung<\/p>\n\n\n\n<p id=\"1p\">&#8211; Blitzschutz<\/p>\n\n\n\n<p id=\"1p\">&#8211; Kommunikationsanlage<\/p>\n\n\n\n<p id=\"1p\">&#8211; F\u00f6rdertechnik<\/p>\n\n\n\n<p id=\"1p\">&#8211; Trafo<br><a href=\"#top1\">zur\u00fcck nach oben<\/a><br><\/p>\n\n\n\n<p id=\"1q\"><strong>Umbau<br><mark style=\"background-color:rgba(0, 0, 0, 0);color:#5f7ca3\" class=\"has-inline-color\">Verwaltungsgeb\u00e4ude Linklaters, Oppenhof &amp; R\u00e4dler<\/mark><\/strong><br>Hohenstaufenring 62, 50674 K\u00f6ln<br><strong>Bauherr: <\/strong>Linklaters, Oppenhof &amp; R\u00e4dler, K\u00f6ln<br><strong>Architekt: <\/strong>Herrmann &amp; Engels, K\u00f6ln<br><strong>Geplante Anlagen: <\/strong><\/p>\n\n\n\n<p id=\"1q\">&#8211; L\u00fcftung, K\u00e4lte, Sanit\u00e4r<\/p>\n\n\n\n<p id=\"1q\">&#8211; Gro\u00dfk\u00fcche<\/p>\n\n\n\n<p id=\"1q\">&#8211; Elektro (Schwachstrom\/Starkstrom)<\/p>\n\n\n\n<p id=\"1q\">&#8211; Beleuchtung<\/p>\n\n\n\n<p id=\"1q\">&#8211; Kommunikationsanlage<\/p>\n\n\n\n<p id=\"1q\">&#8211; LAN-Netz<\/p>\n\n\n\n<p id=\"1q\">&#8211; Trafo<br><a href=\"#top1\">zur\u00fcck nach oben<\/a><br><\/p>\n\n\n\n<p id=\"1r\"><strong>Umbau<br><mark style=\"background-color:rgba(0, 0, 0, 0);color:#5f7ca3\" class=\"has-inline-color\">Gesch\u00e4ftshaus in Berlin<\/mark><\/strong><br>Am Karlsbad 11, 10785 Berlin<br><strong>Bauherr:<\/strong> Aachener Grundverm\u00f6gen Kapitalverwaltungsgesellschaft mbH, K\u00f6ln<br><strong>Architekt: <\/strong>Frass &amp; Partner, K\u00f6ln<br><strong>Geplante Anlagen: <\/strong><\/p>\n\n\n\n<p id=\"1r\">&#8211; Heizung, L\u00fcftung, K\u00e4lte<\/p>\n\n\n\n<p id=\"1r\">&#8211; Elektro (Schwachstrom\/Starkstrom)<\/p>\n\n\n\n<p id=\"1r\">&#8211; Sicherheitsanlagen<\/p>\n\n\n\n<p id=\"1r\">&#8211; Kommunikationsanlage<\/p>\n\n\n\n<p id=\"1r\">&#8211; Generalplanung<br><a href=\"#top1\">zur\u00fcck nach oben<\/a><br><\/p>\n\n\n\n<p id=\"1s\"><strong>Umbau<br><mark style=\"background-color:rgba(0, 0, 0, 0);color:#5f7ca3\" class=\"has-inline-color\">Gesch\u00e4ftshaus in Hamburg<\/mark><\/strong><br>Ballindamm 7, 20095 Hamburg<br><strong>Bauherr:<\/strong> Aachener Grundverm\u00f6gen Kapitalverwaltungsgesellschaft mbH, K\u00f6ln<br><strong>Architekt:<\/strong> Frass &amp; Partner, K\u00f6ln<br><strong>Geplante Anlagen:<\/strong> <\/p>\n\n\n\n<p id=\"1s\">&#8211; Fernw\u00e4rme<\/p>\n\n\n\n<p id=\"1s\">&#8211; L\u00fcftung<\/p>\n\n\n\n<p id=\"1s\">&#8211; Elektro (Schwachstrom\/Starkstrom)<\/p>\n\n\n\n<p id=\"1s\">&#8211; Sicherheitsanlagen<\/p>\n\n\n\n<p id=\"1s\">&#8211; Generalplanung<br><a href=\"#top1\">zur\u00fcck nach oben<\/a><br><\/p>\n\n\n\n<p id=\"1t\"><strong>Umbau<br><mark style=\"background-color:rgba(0, 0, 0, 0);color:#5f7ca3\" class=\"has-inline-color\">Gesch\u00e4ftshaus Humanic<\/mark><\/strong><br>Schildergasse 94-96, 50667 K\u00f6ln<br><strong>Bauherr: <\/strong>Aachener Grundverm\u00f6gen Kapitalverwaltungsgesellschaft mbH, K\u00f6ln<br><strong>Architekt: <\/strong>Frass &amp; Partner, K\u00f6ln<br><strong>Geplante Anlagen: <\/strong><\/p>\n\n\n\n<p id=\"1t\">&#8211; Heizung<\/p>\n\n\n\n<p id=\"1t\">&#8211; Fernw\u00e4rme<\/p>\n\n\n\n<p id=\"1t\">&#8211; L\u00fcftung, K\u00e4lte, Sanit\u00e4r<\/p>\n\n\n\n<p id=\"1t\">&#8211; Sprinkler<\/p>\n\n\n\n<p id=\"1t\">&#8211; Elektro (Schwachstrom\/Starkstrom)<\/p>\n\n\n\n<p id=\"1t\">&#8211; Trafo<\/p>\n\n\n\n<p id=\"1t\">&#8211; Beleuchtung<\/p>\n\n\n\n<p id=\"1t\">&#8211; Blitzschutz<\/p>\n\n\n\n<p id=\"1t\">&#8211; Notstrom<\/p>\n\n\n\n<p id=\"1t\">&#8211; Sicherheitsanlagen<\/p>\n\n\n\n<p id=\"1t\">&#8211; Kommunikationsanlage<\/p>\n\n\n\n<p id=\"1t\">&#8211; WLAN-Netz<\/p>\n\n\n\n<p id=\"1t\">&#8211; Generalplanung<br>2011<br><a href=\"#top1\">zur\u00fcck nach oben<\/a><br><\/p>\n\n\n\n<p id=\"1u\"><strong>Umbau <\/strong><br><strong><mark style=\"background-color:rgba(0, 0, 0, 0);color:#5f7ca3\" class=\"has-inline-color\">Gesch\u00e4ftshaus C &amp; A<\/mark><\/strong><br>Schildergasse 60-68, 50667 K\u00f6ln<br><strong>Bauherr:<\/strong> Aachener Grundverm\u00f6gen Kapitalverwaltungsgesellschaft mbH, K\u00f6ln<br><strong>Geplante Anlagen: <\/strong><\/p>\n\n\n\n<p id=\"1u\">&#8211; K\u00e4lte<\/p>\n\n\n\n<p id=\"1u\">&#8211; Elektro (Schwachstrom\/Starkstrom)<\/p>\n\n\n\n<p id=\"1u\">&#8211; Blitzschutz<\/p>\n\n\n\n<p id=\"1u\">&#8211; Generalplanung<br><a href=\"#top1\">zur\u00fcck nach oben<\/a><br><\/p>\n\n\n\n<p id=\"1v\"><strong>Umbau<br><mark style=\"background-color:rgba(0, 0, 0, 0);color:#5f7ca3\" class=\"has-inline-color\">Riquethaus<\/mark><\/strong><br>Schuhmacherg\u00e4\u00dfchen 1, 04109 Leipzig<br><strong>Bauherr: <\/strong>Aachener Grundverm\u00f6gen Kapitalverwaltungsgesellschaft mbH, K\u00f6ln<br><strong>Architekt:<\/strong> Frass &amp; Partner, K\u00f6ln<br><strong>Geplante Anlagen:<\/strong> <\/p>\n\n\n\n<p id=\"1v\">&#8211; Fernw\u00e4rme<\/p>\n\n\n\n<p id=\"1v\">&#8211; L\u00fcftung, Sanit\u00e4r<\/p>\n\n\n\n<p id=\"1v\">&#8211; Elektro (Schwachstrom\/Starkstrom)<\/p>\n\n\n\n<p id=\"1v\">&#8211; Beleuchtung<\/p>\n\n\n\n<p id=\"1v\">&#8211; Sicherheitsanlagen<\/p>\n\n\n\n<p id=\"1v\">&#8211; Generalplanung<br><a href=\"#top1\">zur\u00fcck nach oben<\/a><br><\/p>\n\n\n\n<p id=\"1w\"><strong>Umbau<br><mark style=\"background-color:rgba(0, 0, 0, 0);color:#5f7ca3\" class=\"has-inline-color\">Gesch\u00e4ftshaus GESIS<\/mark><\/strong><br>Unter Sachsenhausen 6-8, 50667 K\u00f6ln<br><strong>Bauherr:<\/strong> Dr. R\u00fcber<br><strong>Architekt: <\/strong>Stephan Nasse, K\u00f6ln<br><strong>Geplante Anlagen: <\/strong><\/p>\n\n\n\n<p id=\"1w\">&#8211; Heizung, L\u00fcftung, Sanit\u00e4r<\/p>\n\n\n\n<p id=\"1w\">&#8211; Fernw\u00e4rme<\/p>\n\n\n\n<p id=\"1w\">&#8211; Elektro (Schwachstrom\/Starkstrom)<\/p>\n\n\n\n<p id=\"1w\">&#8211; Beleuchtung<br>Geb\u00e4ude der ehem. Herstatt-Bank<br><a href=\"#top1\">zur\u00fcck nach oben<\/a><br><\/p>\n\n\n\n<p id=\"1x\"><strong>Umbau<br><mark style=\"background-color:rgba(0, 0, 0, 0);color:#5f7ca3\" class=\"has-inline-color\">Modernisierung der IHK K\u00f6ln<\/mark><\/strong><br>Unter Sachsenhausen 10-26, 50667 K\u00f6ln<br><strong>Bauherr:<\/strong> Industrie- und Handelskammer, K\u00f6ln<br><strong>Architekt: <\/strong>Schilling \/ Stephan Nasse, K\u00f6ln<br><strong>Geplante Anlagen: <\/strong><\/p>\n\n\n\n<p id=\"1x\">&#8211; Heizung<\/p>\n\n\n\n<p id=\"1x\">&#8211; L\u00fcftung, K\u00e4lte, Sanit\u00e4r<\/p>\n\n\n\n<p id=\"1x\">&#8211; Sprinkler<\/p>\n\n\n\n<p id=\"1x\">&#8211; Elektro (Schwachstrom\/Starkstrom)<\/p>\n\n\n\n<p id=\"1x\">&#8211; Trafo<\/p>\n\n\n\n<p id=\"1x\">&#8211; Notstrom<\/p>\n\n\n\n<p id=\"1x\">&#8211; Sicherheitsanlagen<\/p>\n\n\n\n<p id=\"1x\">&#8211; Kommunikationsanlage<\/p>\n\n\n\n<p id=\"1x\">&#8211; Beleuchtung<\/p>\n\n\n\n<p id=\"1x\">&#8211; LAN-Netz<\/p>\n\n\n\n<p id=\"1x\">&#8211; Generalplanung<\/p>\n\n\n\n<p id=\"1x\">&#8211; Sanierung K\u00e4lteanlagen<br><a href=\"#top1\">zur\u00fcck nach oben<\/a><br><\/p>\n\n\n\n<p id=\"1y\"><strong>Sanierung<br><mark style=\"background-color:rgba(0, 0, 0, 0);color:#5f7ca3\" class=\"has-inline-color\">Gesch\u00e4ftshaus<\/mark><br><\/strong>Kurf\u00fcrstendamm 26a, 10719 Berlin<br><strong>Bauherr: <\/strong>Aachener Grundverm\u00f6gen Kapitalverwaltungsgesellschaft mbH, K\u00f6ln<br><strong>Architekt: <\/strong>Frass &amp; Partner, K\u00f6ln<br><strong>Geplante Anlagen:<\/strong> <\/p>\n\n\n\n<p id=\"1y\">&#8211; L\u00fcftung<\/p>\n\n\n\n<p id=\"1y\">&#8211; K\u00e4lte<\/p>\n\n\n\n<p id=\"1y\">&#8211; Elektro (Schwachstrom\/Starkstrom)<br><a href=\"#top1\">zur\u00fcck nach oben<\/a><\/p>\n\n\n\n<div id=\"section-ge643ba\" class=\"wp-block-gutentor-e0 section-ge643ba gutentor-element gutentor-element-advanced-text\"><div class=\"gutentor-text-wrap\"><p class=\"gutentor-text\"><\/p><\/div><\/div>\n<\/div><\/div><\/div>\n\n\n\n<div id=\"ededa4\" class=\"wp-block-gutentor-m6-item section-ededa4 gutentor-module gutentor-module-accordion-item\"><div class=\"gutentor-module-accordion-panel g-a-panel-5d45c0\"><div class=\"gm-ah-5d45c0 gutentor-module-accordion-item-heading gutentor-module-icon-position-left\"><span class=\"gutentor-module-accordion-panel-handler\" role=\"button\"><span class=\"gutentor-module-accordion-icon\"><i class=\"gm-aio-5d45c0 gutentor-module-accordion-icon-open fas fa-angle-double-down\"><\/i><i class=\"gm-aic-5d45c0 gutentor-module-accordion-icon-close fas fa-angle-double-up\"><\/i><\/span><span class=\"gutentor-module-accordion-panel-handler-label\">BANKEN (Commerzbanken \/ Dresdner Banken \/ Bremer Banken)<\/span><\/span><\/div><div class=\"gm-ab-5d45c0 gutentor-module-accordion-body\">\n<p id=\"top21\"><strong>\u00dcbersicht<\/strong><\/p>\n\n\n\n<div id=\"section-g579d8f\" class=\"wp-block-gutentor-e7 section-g579d8f gutentor-element gutentor-element-list\"><ul class=\"grid-row gutentor-grid-item-wrap list-indicator-icon\"><li class=\"gutentor-list-item grid-lg-12 grid-md-12 grid-12\"><span class=\"gutentor-single-item gutentor-single-item-0\"><span class=\"gutentor-list-item-wrap g-s-list-wrap\"><span class=\"gutentor-single-list-item-icon\"><i class=\"list-item-icon fas fa-angle-right\"><\/i><\/span><span class=\"gutentor-list-item\"><p class=\"gutentor-single-item-title\"><a href=\"#21a\"><strong>Commerzbank K\u00f6ln<\/strong><\/a><\/p><\/span><\/span><\/span><\/li><li class=\"gutentor-list-item grid-lg-12 grid-md-12 grid-12\"><span class=\"gutentor-single-item gutentor-single-item-1\"><span class=\"gutentor-list-item-wrap g-s-list-wrap\"><span class=\"gutentor-single-list-item-icon\"><i class=\"list-item-icon fas fa-angle-right\"><\/i><\/span><span class=\"gutentor-list-item\"><p class=\"gutentor-single-item-title\"><a href=\"#21b\"><strong>Commerzbank K\u00f6ln Barbarossaplatz<\/strong><\/a><\/p><\/span><\/span><\/span><\/li><li class=\"gutentor-list-item grid-lg-12 grid-md-12 grid-12\"><span class=\"gutentor-single-item gutentor-single-item-2\"><span class=\"gutentor-list-item-wrap g-s-list-wrap\"><span class=\"gutentor-single-list-item-icon\"><i class=\"list-item-icon fas fa-angle-right\"><\/i><\/span><span class=\"gutentor-list-item\"><p class=\"gutentor-single-item-title\"><a href=\"#21c\"><strong>Dresdner Bank K\u00f6ln Unter Sachsenhausen<\/strong><\/a><\/p><\/span><\/span><\/span><\/li><li class=\"gutentor-list-item grid-lg-12 grid-md-12 grid-12\"><span class=\"gutentor-single-item gutentor-single-item-3\"><span class=\"gutentor-list-item-wrap g-s-list-wrap\"><span class=\"gutentor-single-list-item-icon\"><i class=\"list-item-icon fas fa-angle-right\"><\/i><\/span><span class=\"gutentor-list-item\"><p class=\"gutentor-single-item-title\"><a href=\"#21d\"><strong>Dresdner Bank K\u00f6ln Kom\u00f6dienstra\u00dfe<\/strong><\/a><\/p><\/span><\/span><\/span><\/li><li class=\"gutentor-list-item grid-lg-12 grid-md-12 grid-12\"><span class=\"gutentor-single-item gutentor-single-item-4\"><span class=\"gutentor-list-item-wrap g-s-list-wrap\"><span class=\"gutentor-single-list-item-icon\"><i class=\"list-item-icon fas fa-angle-right\"><\/i><\/span><span class=\"gutentor-list-item\"><p class=\"gutentor-single-item-title\"><a href=\"#21e\"><strong>Dresdner Bank M\u00fclheim\/Ruhr<\/strong><\/a><\/p><\/span><\/span><\/span><\/li><li class=\"gutentor-list-item grid-lg-12 grid-md-12 grid-12\"><span class=\"gutentor-single-item gutentor-single-item-5\"><span class=\"gutentor-list-item-wrap g-s-list-wrap\"><span class=\"gutentor-single-list-item-icon\"><i class=\"list-item-icon fas fa-angle-right\"><\/i><\/span><span class=\"gutentor-list-item\"><p class=\"gutentor-single-item-title\"><a href=\"#21f\"><strong>Dresdner Bank K\u00f6ln EDV-Zentrum<\/strong><\/a><\/p><\/span><\/span><\/span><\/li><li class=\"gutentor-list-item grid-lg-12 grid-md-12 grid-12\"><span class=\"gutentor-single-item gutentor-single-item-6\"><span class=\"gutentor-list-item-wrap g-s-list-wrap\"><span class=\"gutentor-single-list-item-icon\"><i class=\"list-item-icon fas fa-angle-right\"><\/i><\/span><span class=\"gutentor-list-item\"><p class=\"gutentor-single-item-title\"><a href=\"#21g\"><strong>Dresdner Bank K\u00f6ln-Bickendorf<\/strong><\/a><\/p><\/span><\/span><\/span><\/li><li class=\"gutentor-list-item grid-lg-12 grid-md-12 grid-12\"><span class=\"gutentor-single-item gutentor-single-item-7\"><span class=\"gutentor-list-item-wrap g-s-list-wrap\"><span class=\"gutentor-single-list-item-icon\"><i class=\"list-item-icon fas fa-angle-right\"><\/i><\/span><span class=\"gutentor-list-item\"><p class=\"gutentor-single-item-title\"><a href=\"#21h\"><strong>Dresdner Bank K\u00f6ln Bonntor<\/strong><\/a><\/p><\/span><\/span><\/span><\/li><li class=\"gutentor-list-item grid-lg-12 grid-md-12 grid-12\"><span class=\"gutentor-single-item gutentor-single-item-8\"><span class=\"gutentor-list-item-wrap g-s-list-wrap\"><span class=\"gutentor-single-list-item-icon\"><i class=\"list-item-icon fas fa-angle-right\"><\/i><\/span><span class=\"gutentor-list-item\"><p class=\"gutentor-single-item-title\"><a href=\"#21i\"><strong>Dresdner Bank K\u00f6ln-Ehrenfeld<\/strong><\/a><\/p><\/span><\/span><\/span><\/li><li class=\"gutentor-list-item grid-lg-12 grid-md-12 grid-12\"><span class=\"gutentor-single-item gutentor-single-item-9\"><span class=\"gutentor-list-item-wrap g-s-list-wrap\"><span class=\"gutentor-single-list-item-icon\"><i class=\"list-item-icon fas fa-angle-right\"><\/i><\/span><span class=\"gutentor-list-item\"><p class=\"gutentor-single-item-title\"><a href=\"#21j\"><strong>Dresdner Bank D\u00fcren<\/strong><\/a><\/p><\/span><\/span><\/span><\/li><li class=\"gutentor-list-item grid-lg-12 grid-md-12 grid-12\"><span class=\"gutentor-single-item gutentor-single-item-10\"><span class=\"gutentor-list-item-wrap g-s-list-wrap\"><span class=\"gutentor-single-list-item-icon\"><i class=\"list-item-icon fas fa-angle-right\"><\/i><\/span><span class=\"gutentor-list-item\"><p class=\"gutentor-single-item-title\"><a href=\"#21k\"><strong>Dresdner Bank Erfurt<\/strong><\/a><\/p><\/span><\/span><\/span><\/li><li class=\"gutentor-list-item grid-lg-12 grid-md-12 grid-12\"><span class=\"gutentor-single-item gutentor-single-item-11\"><span class=\"gutentor-list-item-wrap g-s-list-wrap\"><span class=\"gutentor-single-list-item-icon\"><i class=\"list-item-icon fas fa-angle-right\"><\/i><\/span><span class=\"gutentor-list-item\"><p class=\"gutentor-single-item-title\"><a href=\"#3w\"><strong>Dresdner Bank Altenburg<\/strong><\/a><\/p><\/span><\/span><\/span><\/li><li class=\"gutentor-list-item grid-lg-12 grid-md-12 grid-12\"><span class=\"gutentor-single-item gutentor-single-item-12\"><span class=\"gutentor-list-item-wrap g-s-list-wrap\"><span class=\"gutentor-single-list-item-icon\"><i class=\"list-item-icon fas fa-angle-right\"><\/i><\/span><span class=\"gutentor-list-item\"><p class=\"gutentor-single-item-title\"><a href=\"#21m\"><strong>Dresdner Bank Alsdorf\/Aachen<\/strong><\/a><\/p><\/span><\/span><\/span><\/li><li class=\"gutentor-list-item grid-lg-12 grid-md-12 grid-12\"><span class=\"gutentor-single-item gutentor-single-item-13\"><span class=\"gutentor-list-item-wrap g-s-list-wrap\"><span class=\"gutentor-single-list-item-icon\"><i class=\"list-item-icon fas fa-angle-right\"><\/i><\/span><span class=\"gutentor-list-item\"><p class=\"gutentor-single-item-title\"><a href=\"#21n\"><strong>Dresdner Bank K\u00f6ln-Rodenkirchen<\/strong><\/a><\/p><\/span><\/span><\/span><\/li><li class=\"gutentor-list-item grid-lg-12 grid-md-12 grid-12\"><span class=\"gutentor-single-item gutentor-single-item-14\"><span class=\"gutentor-list-item-wrap g-s-list-wrap\"><span class=\"gutentor-single-list-item-icon\"><i class=\"list-item-icon fas fa-angle-right\"><\/i><\/span><span class=\"gutentor-list-item\"><p class=\"gutentor-single-item-title\"><a href=\"#21o\"><strong>Dresdner Bank K\u00f6ln Neumarkt<\/strong><\/a><\/p><\/span><\/span><\/span><\/li><li class=\"gutentor-list-item grid-lg-12 grid-md-12 grid-12\"><span class=\"gutentor-single-item gutentor-single-item-15\"><span class=\"gutentor-list-item-wrap g-s-list-wrap\"><span class=\"gutentor-single-list-item-icon\"><i class=\"list-item-icon fas fa-angle-right\"><\/i><\/span><span class=\"gutentor-list-item\"><p class=\"gutentor-single-item-title\"><a href=\"#21p\"><strong>Dresdner Bank K\u00f6ln Barbarossaplatz<\/strong><\/a><\/p><\/span><\/span><\/span><\/li><li class=\"gutentor-list-item grid-lg-12 grid-md-12 grid-12\"><span class=\"gutentor-single-item gutentor-single-item-16\"><span class=\"gutentor-list-item-wrap g-s-list-wrap\"><span class=\"gutentor-single-list-item-icon\"><i class=\"list-item-icon fas fa-angle-right\"><\/i><\/span><span class=\"gutentor-list-item\"><p class=\"gutentor-single-item-title\"><a href=\"#21q\"><strong>Dresdner Bank K\u00f6ln-Nippes<\/strong><\/a><\/p><\/span><\/span><\/span><\/li><li class=\"gutentor-list-item grid-lg-12 grid-md-12 grid-12\"><span class=\"gutentor-single-item gutentor-single-item-17\"><span class=\"gutentor-list-item-wrap g-s-list-wrap\"><span class=\"gutentor-single-list-item-icon\"><i class=\"list-item-icon fas fa-angle-right\"><\/i><\/span><span class=\"gutentor-list-item\"><p class=\"gutentor-single-item-title\"><a href=\"#21r\"><strong>Dresdner Bank Refrath<\/strong><\/a><\/p><\/span><\/span><\/span><\/li><li class=\"gutentor-list-item grid-lg-12 grid-md-12 grid-12\"><span class=\"gutentor-single-item gutentor-single-item-18\"><span class=\"gutentor-list-item-wrap g-s-list-wrap\"><span class=\"gutentor-single-list-item-icon\"><i class=\"list-item-icon fas fa-angle-right\"><\/i><\/span><span class=\"gutentor-list-item\"><p class=\"gutentor-single-item-title\"><a href=\"#21s\"><strong>Dresdner Bank Bonn-Bad Godesberg<\/strong><\/a><\/p><\/span><\/span><\/span><\/li><li class=\"gutentor-list-item grid-lg-12 grid-md-12 grid-12\"><span class=\"gutentor-single-item gutentor-single-item-19\"><span class=\"gutentor-list-item-wrap g-s-list-wrap\"><span class=\"gutentor-single-list-item-icon\"><i class=\"list-item-icon fas fa-angle-right\"><\/i><\/span><span class=\"gutentor-list-item\"><p class=\"gutentor-single-item-title\"><a href=\"#21t\"><strong>Dresdner Bank K\u00f6ln An der Oper<\/strong><\/a><\/p><\/span><\/span><\/span><\/li><li class=\"gutentor-list-item grid-lg-12 grid-md-12 grid-12\"><span class=\"gutentor-single-item gutentor-single-item-20\"><span class=\"gutentor-list-item-wrap g-s-list-wrap\"><span class=\"gutentor-single-list-item-icon\"><i class=\"list-item-icon fas fa-angle-right\"><\/i><\/span><span class=\"gutentor-list-item\"><p class=\"gutentor-single-item-title\"><a href=\"#21u\"><strong>Dresdner Bank K\u00f6ln-Klettenberg<\/strong><\/a><\/p><\/span><\/span><\/span><\/li><li class=\"gutentor-list-item grid-lg-12 grid-md-12 grid-12\"><span class=\"gutentor-single-item gutentor-single-item-21\"><span class=\"gutentor-list-item-wrap g-s-list-wrap\"><span class=\"gutentor-single-list-item-icon\"><i class=\"list-item-icon fas fa-angle-right\"><\/i><\/span><span class=\"gutentor-list-item\"><p class=\"gutentor-single-item-title\"><a href=\"#21v\"><strong>Dresdner Bank Bonn Bundeshaus<\/strong><\/a><\/p><\/span><\/span><\/span><\/li><li class=\"gutentor-list-item grid-lg-12 grid-md-12 grid-12\"><span class=\"gutentor-single-item gutentor-single-item-22\"><span class=\"gutentor-list-item-wrap g-s-list-wrap\"><span class=\"gutentor-single-list-item-icon\"><i class=\"list-item-icon fas fa-angle-right\"><\/i><\/span><span class=\"gutentor-list-item\"><p class=\"gutentor-single-item-title\"><a href=\"#21w\"><strong>Dresdner Bank K\u00f6ln-Dellbr\u00fcck<\/strong><\/a><\/p><\/span><\/span><\/span><\/li><li class=\"gutentor-list-item grid-lg-12 grid-md-12 grid-12\"><span class=\"gutentor-single-item gutentor-single-item-23\"><span class=\"gutentor-list-item-wrap g-s-list-wrap\"><span class=\"gutentor-single-list-item-icon\"><i class=\"list-item-icon fas fa-angle-right\"><\/i><\/span><span class=\"gutentor-list-item\"><p class=\"gutentor-single-item-title\"><a href=\"#21x\"><strong>Dresdner Bank Bergisch Gladbach<\/strong><\/a><\/p><\/span><\/span><\/span><\/li><li class=\"gutentor-list-item grid-lg-12 grid-md-12 grid-12\"><span class=\"gutentor-single-item gutentor-single-item-24\"><span class=\"gutentor-list-item-wrap g-s-list-wrap\"><span class=\"gutentor-single-list-item-icon\"><i class=\"list-item-icon fas fa-angle-right\"><\/i><\/span><span class=\"gutentor-list-item\"><p class=\"gutentor-single-item-title\"><a href=\"#21y\"><strong>Dresdner Bank K\u00f6ln Kaiser-Wilhelm-Ring<\/strong><\/a><\/p><\/span><\/span><\/span><\/li><li class=\"gutentor-list-item grid-lg-12 grid-md-12 grid-12\"><span class=\"gutentor-single-item gutentor-single-item-25\"><span class=\"gutentor-list-item-wrap g-s-list-wrap\"><span class=\"gutentor-single-list-item-icon\"><i class=\"list-item-icon fas fa-angle-right\"><\/i><\/span><span class=\"gutentor-list-item\"><p class=\"gutentor-single-item-title\"><a href=\"#21z\"><strong>Dresdner Bank Frechen<\/strong><\/a><\/p><\/span><\/span><\/span><\/li><li class=\"gutentor-list-item grid-lg-12 grid-md-12 grid-12\"><span class=\"gutentor-single-item gutentor-single-item-26\"><span class=\"gutentor-list-item-wrap g-s-list-wrap\"><span class=\"gutentor-single-list-item-icon\"><i class=\"list-item-icon fas fa-angle-right\"><\/i><\/span><span class=\"gutentor-list-item\"><p class=\"gutentor-single-item-title\"><a href=\"#21aa\"><strong>Dresdner Bank K\u00f6ln-Zollstock<\/strong><\/a><\/p><\/span><\/span><\/span><\/li><li class=\"gutentor-list-item grid-lg-12 grid-md-12 grid-12\"><span class=\"gutentor-single-item gutentor-single-item-27\"><span class=\"gutentor-list-item-wrap g-s-list-wrap\"><span class=\"gutentor-single-list-item-icon\"><i class=\"list-item-icon fas fa-angle-right\"><\/i><\/span><span class=\"gutentor-list-item\"><p class=\"gutentor-single-item-title\"><a href=\"#21bb\"><strong>Dresdner Bank K\u00f6ln-Kalk<\/strong><\/a><\/p><\/span><\/span><\/span><\/li><li class=\"gutentor-list-item grid-lg-12 grid-md-12 grid-12\"><span class=\"gutentor-single-item gutentor-single-item-28\"><span class=\"gutentor-list-item-wrap g-s-list-wrap\"><span class=\"gutentor-single-list-item-icon\"><i class=\"list-item-icon fas fa-angle-right\"><\/i><\/span><span class=\"gutentor-list-item\"><p class=\"gutentor-single-item-title\"><a href=\"#21cc\"><strong>Dresdner Bank Aachen<\/strong><\/a><\/p><\/span><\/span><\/span><\/li><li class=\"gutentor-list-item grid-lg-12 grid-md-12 grid-12\"><span class=\"gutentor-single-item gutentor-single-item-29\"><span class=\"gutentor-list-item-wrap g-s-list-wrap\"><span class=\"gutentor-single-list-item-icon\"><i class=\"list-item-icon fas fa-angle-right\"><\/i><\/span><span class=\"gutentor-list-item\"><p class=\"gutentor-single-item-title\"><a href=\"#21dd\"><strong>Dresdner Bank K\u00f6ln Ebertplatz<\/strong><\/a><\/p><\/span><\/span><\/span><\/li><li class=\"gutentor-list-item grid-lg-12 grid-md-12 grid-12\"><span class=\"gutentor-single-item gutentor-single-item-30\"><span class=\"gutentor-list-item-wrap g-s-list-wrap\"><span class=\"gutentor-single-list-item-icon\"><i class=\"list-item-icon fas fa-angle-right\"><\/i><\/span><span class=\"gutentor-list-item\"><p class=\"gutentor-single-item-title\"><a href=\"#21ee\"><strong>Dresdner Bank Opladen<\/strong><\/a><\/p><\/span><\/span><\/span><\/li><li class=\"gutentor-list-item grid-lg-12 grid-md-12 grid-12\"><span class=\"gutentor-single-item gutentor-single-item-31\"><span class=\"gutentor-list-item-wrap g-s-list-wrap\"><span class=\"gutentor-single-list-item-icon\"><i class=\"list-item-icon fas fa-angle-right\"><\/i><\/span><span class=\"gutentor-list-item\"><p class=\"gutentor-single-item-title\"><a href=\"#21ff\"><strong>Dresdner Bank Bonn M\u00fcnsterplatz<\/strong><\/a><\/p><\/span><\/span><\/span><\/li><li class=\"gutentor-list-item grid-lg-12 grid-md-12 grid-12\"><span class=\"gutentor-single-item gutentor-single-item-32\"><span class=\"gutentor-list-item-wrap g-s-list-wrap\"><span class=\"gutentor-single-list-item-icon\"><i class=\"list-item-icon fas fa-angle-right\"><\/i><\/span><span class=\"gutentor-list-item\"><p class=\"gutentor-single-item-title\"><a href=\"#21gg\"><strong>Dresdner Bank Neuwied<\/strong><\/a><\/p><\/span><\/span><\/span><\/li><li class=\"gutentor-list-item grid-lg-12 grid-md-12 grid-12\"><span class=\"gutentor-single-item gutentor-single-item-33\"><span class=\"gutentor-list-item-wrap g-s-list-wrap\"><span class=\"gutentor-single-list-item-icon\"><i class=\"list-item-icon fas fa-angle-right\"><\/i><\/span><span class=\"gutentor-list-item\"><p class=\"gutentor-single-item-title\"><a href=\"#21hh\"><strong>Dresdner Bank Oberursel<\/strong><\/a><\/p><\/span><\/span><\/span><\/li><li class=\"gutentor-list-item grid-lg-12 grid-md-12 grid-12\"><span class=\"gutentor-single-item gutentor-single-item-34\"><span class=\"gutentor-list-item-wrap g-s-list-wrap\"><span class=\"gutentor-single-list-item-icon\"><i class=\"list-item-icon fas fa-angle-right\"><\/i><\/span><span class=\"gutentor-list-item\"><p class=\"gutentor-single-item-title\"><a href=\"#21ii\"><strong>Dresdner Bank Bonn Adenauer-Allee<\/strong><\/a><\/p><\/span><\/span><\/span><\/li><li class=\"gutentor-list-item grid-lg-12 grid-md-12 grid-12\"><span class=\"gutentor-single-item gutentor-single-item-35\"><span class=\"gutentor-list-item-wrap g-s-list-wrap\"><span class=\"gutentor-single-list-item-icon\"><i class=\"list-item-icon fas fa-angle-right\"><\/i><\/span><span class=\"gutentor-list-item\"><p class=\"gutentor-single-item-title\"><a href=\"#21jj\"><strong>Dresdner Bank Hannover-Kleefeld<\/strong><\/a><\/p><\/span><\/span><\/span><\/li><li class=\"gutentor-list-item grid-lg-12 grid-md-12 grid-12\"><span class=\"gutentor-single-item gutentor-single-item-36\"><span class=\"gutentor-list-item-wrap g-s-list-wrap\"><span class=\"gutentor-single-list-item-icon\"><i class=\"list-item-icon fas fa-angle-right\"><\/i><\/span><span class=\"gutentor-list-item\"><p class=\"gutentor-single-item-title\"><a href=\"#21kk\"><strong>Dresdner Bank Hannover<\/strong><\/a><\/p><\/span><\/span><\/span><\/li><li class=\"gutentor-list-item grid-lg-12 grid-md-12 grid-12\"><span class=\"gutentor-single-item gutentor-single-item-37\"><span class=\"gutentor-list-item-wrap g-s-list-wrap\"><span class=\"gutentor-single-list-item-icon\"><i class=\"list-item-icon fas fa-angle-right\"><\/i><\/span><span class=\"gutentor-list-item\"><p class=\"gutentor-single-item-title\"><a href=\"#21ll\"><strong>Dresdner Bank Hannover-Linden<\/strong><\/a><\/p><\/span><\/span><\/span><\/li><li class=\"gutentor-list-item grid-lg-12 grid-md-12 grid-12\"><span class=\"gutentor-single-item gutentor-single-item-38\"><span class=\"gutentor-list-item-wrap g-s-list-wrap\"><span class=\"gutentor-single-list-item-icon\"><i class=\"list-item-icon fas fa-angle-right\"><\/i><\/span><span class=\"gutentor-list-item\"><p class=\"gutentor-single-item-title\"><a href=\"#21mm\"><strong>Dresdner Bank Goslar<\/strong><\/a><\/p><\/span><\/span><\/span><\/li><li class=\"gutentor-list-item grid-lg-12 grid-md-12 grid-12\"><span class=\"gutentor-single-item gutentor-single-item-39\"><span class=\"gutentor-list-item-wrap g-s-list-wrap\"><span class=\"gutentor-single-list-item-icon\"><i class=\"list-item-icon fas fa-angle-right\"><\/i><\/span><span class=\"gutentor-list-item\"><p class=\"gutentor-single-item-title\"><a href=\"#21nn\"><strong>Dresdner Bank Neustadt<\/strong><\/a><\/p><\/span><\/span><\/span><\/li><li class=\"gutentor-list-item grid-lg-12 grid-md-12 grid-12\"><span class=\"gutentor-single-item gutentor-single-item-40\"><span class=\"gutentor-list-item-wrap g-s-list-wrap\"><span class=\"gutentor-single-list-item-icon\"><i class=\"list-item-icon fas fa-angle-right\"><\/i><\/span><span class=\"gutentor-list-item\"><p class=\"gutentor-single-item-title\"><a href=\"#21oo\"><strong>Dresdner Bank Hamburg-Eppendorf<\/strong><\/a><\/p><\/span><\/span><\/span><\/li><li class=\"gutentor-list-item grid-lg-12 grid-md-12 grid-12\"><span class=\"gutentor-single-item gutentor-single-item-41\"><span class=\"gutentor-list-item-wrap g-s-list-wrap\"><span class=\"gutentor-single-list-item-icon\"><i class=\"list-item-icon fas fa-angle-right\"><\/i><\/span><span class=\"gutentor-list-item\"><p class=\"gutentor-single-item-title\"><a href=\"#21pp\"><strong>Dresdner Bank Hamburg-Blankenese<\/strong><\/a><\/p><\/span><\/span><\/span><\/li><li class=\"gutentor-list-item grid-lg-12 grid-md-12 grid-12\"><span class=\"gutentor-single-item gutentor-single-item-42\"><span class=\"gutentor-list-item-wrap g-s-list-wrap\"><span class=\"gutentor-single-list-item-icon\"><i class=\"list-item-icon fas fa-angle-right\"><\/i><\/span><span class=\"gutentor-list-item\"><p class=\"gutentor-single-item-title\"><a href=\"#21qq\"><strong>Dresdner Bank Hannover An der B\u00f6rse<\/strong><\/a><\/p><\/span><\/span><\/span><\/li><li class=\"gutentor-list-item grid-lg-12 grid-md-12 grid-12\"><span class=\"gutentor-single-item gutentor-single-item-43\"><span class=\"gutentor-list-item-wrap g-s-list-wrap\"><span class=\"gutentor-single-list-item-icon\"><i class=\"list-item-icon fas fa-angle-right\"><\/i><\/span><span class=\"gutentor-list-item\"><p class=\"gutentor-single-item-title\"><a href=\"#21rr\"><strong>Dresdner Bank Hamburg-Elbvororte<\/strong><\/a><\/p><\/span><\/span><\/span><\/li><li class=\"gutentor-list-item grid-lg-12 grid-md-12 grid-12\"><span class=\"gutentor-single-item gutentor-single-item-44\"><span class=\"gutentor-list-item-wrap g-s-list-wrap\"><span class=\"gutentor-single-list-item-icon\"><i class=\"list-item-icon fas fa-angle-right\"><\/i><\/span><span class=\"gutentor-list-item\"><p class=\"gutentor-single-item-title\"><a href=\"#21ss\"><strong>Dresdner Bank Dortmund-H\u00f6rde<\/strong><\/a><\/p><\/span><\/span><\/span><\/li><li class=\"gutentor-list-item grid-lg-12 grid-md-12 grid-12\"><span class=\"gutentor-single-item gutentor-single-item-45\"><span class=\"gutentor-list-item-wrap g-s-list-wrap\"><span class=\"gutentor-single-list-item-icon\"><i class=\"list-item-icon fas fa-angle-right\"><\/i><\/span><span class=\"gutentor-list-item\"><p class=\"gutentor-single-item-title\"><a href=\"#21tt\"><strong>Bremer Bank Bremen-Vegesack<\/strong><\/a><\/p><\/span><\/span><\/span><\/li><li class=\"gutentor-list-item grid-lg-12 grid-md-12 grid-12\"><span class=\"gutentor-single-item gutentor-single-item-46\"><span class=\"gutentor-list-item-wrap g-s-list-wrap\"><span class=\"gutentor-single-list-item-icon\"><i class=\"list-item-icon fas fa-angle-right\"><\/i><\/span><span class=\"gutentor-list-item\"><p class=\"gutentor-single-item-title\"><a href=\"#21uu\"><strong>Bremer Bank Bremen Domshof<\/strong><\/a><\/p><\/span><\/span><\/span><\/li><\/ul><\/div>\n\n\n\n<p id=\"21a\"><strong>Umbau <\/strong><br><strong><mark style=\"background-color:rgba(0, 0, 0, 0);color:#5f7ca3\" class=\"has-inline-color\">Commerzbank<\/mark><\/strong><br>Zweigstelle Venloer Stra\u00dfe 288, 50823 K\u00f6ln<br><strong>Bauherr: <\/strong>Commerzbank AG, D\u00fcsseldorf<br><strong>Architekt:<\/strong> Paul Petry, K\u00f6ln<br><strong>Geplante Anlagen:<\/strong> <\/p>\n\n\n\n<p id=\"21a\">&#8211; Heizung, L\u00fcftung, Sanit\u00e4r<\/p>\n\n\n\n<p id=\"21a\">&#8211; Elektro (Schwachstrom\/Starkstrom)<\/p>\n\n\n\n<p id=\"21a\">&#8211; Beleuchtung<\/p>\n\n\n\n<p id=\"21a\">&#8211; Sicherheitsanlage<br><a href=\"#top21\">zur\u00fcck nach oben<\/a><br><\/p>\n\n\n\n<p id=\"21b\"><strong>Umbau<\/strong><br><strong><mark style=\"background-color:rgba(0, 0, 0, 0);color:#5f7ca3\" class=\"has-inline-color\">Commerzbank<\/mark><\/strong><br>Zweigstelle Barbarossaplatz, 50674 K\u00f6ln<br><strong>Bauherr: <\/strong>Commerzbank AG, D\u00fcsseldorf<br><strong>Architekt:<\/strong> Paul Petry, K\u00f6ln<br><strong>Geplante Anlagen: <\/strong><\/p>\n\n\n\n<p id=\"21b\">&#8211; Heizung, L\u00fcftung, Sanit\u00e4r<\/p>\n\n\n\n<p id=\"21b\">&#8211; Elektro (Schwachstrom\/Starkstrom)<\/p>\n\n\n\n<p id=\"21b\">&#8211; Beleuchtung<\/p>\n\n\n\n<p id=\"21b\">&#8211; Sicherheitsanlage<br><a href=\"#top21\">zur\u00fcck nach oben<\/a><br><\/p>\n\n\n\n<p id=\"21c\"><strong><strong>Umbau<br><mark style=\"background-color:rgba(0, 0, 0, 0);color:#5f7ca3\" class=\"has-inline-color\">Dresdner Bank<\/mark><\/strong><br><\/strong>Unter Sachsenhausen 5-7, 50667 K\u00f6ln<br><strong>Bauherr: <\/strong>Dresdner Bank AG, Frankfurt<br><strong>Architekt: <\/strong>Herrmann &amp; Engels, K\u00f6ln<br><strong>Geplante Anlagen:<\/strong><\/p>\n\n\n\n<p id=\"21c\">&#8211; Heizung<\/p>\n\n\n\n<p id=\"21c\">&#8211; L\u00fcftung, K\u00e4lte, Sanit\u00e4r<\/p>\n\n\n\n<p id=\"21c\">&#8211; Teek\u00fcche<\/p>\n\n\n\n<p id=\"21c\">&#8211; Elektro (Schwachstrom\/Starkstrom)<\/p>\n\n\n\n<p id=\"21c\">&#8211; Beleuchtung<\/p>\n\n\n\n<p id=\"21c\">&#8211; Blitzschutz<\/p>\n\n\n\n<p id=\"21c\">&#8211; Kommunikationsanlagen<\/p>\n\n\n\n<p id=\"21c\">&#8211; Abgehangene Decken<br><a href=\"#top21\">zur\u00fcck nach oben<\/a> <\/p>\n\n\n\n<p><\/p>\n\n\n\n<p id=\"21d\"><strong>Umbau und Erweiterung<br><mark style=\"background-color:rgba(0, 0, 0, 0);color:#5f7ca3\" class=\"has-inline-color\">Dresdner Bank<\/mark><\/strong><br>Unter Sachsenhausen 5-7, Kom\u00f6dienstra\u00dfe, 50667 K\u00f6ln<br><strong>Bauherr:<\/strong> Dresdner Bank AG<br><strong>Architekt: <\/strong>Herrmann &amp; Engels, K\u00f6ln<br><strong>Geplante Anlagen: <\/strong><\/p>\n\n\n\n<p id=\"21d\">&#8211; Generalplanung<\/p>\n\n\n\n<p id=\"21d\">&#8211; Heizung<\/p>\n\n\n\n<p id=\"21d\">&#8211; Fernw\u00e4rme<\/p>\n\n\n\n<p id=\"21d\">&#8211; L\u00fcftung, K\u00e4lte, Sanit\u00e4r<\/p>\n\n\n\n<p id=\"21d\">&#8211; CO-Warnanlage<\/p>\n\n\n\n<p id=\"21d\">&#8211; Sprinkler<\/p>\n\n\n\n<p id=\"21d\">&#8211; Teek\u00fcche<\/p>\n\n\n\n<p id=\"21d\">&#8211; K\u00fchlraum<\/p>\n\n\n\n<p id=\"21d\">&#8211; Elektro (Schwachstrom\/Starkstrom)<\/p>\n\n\n\n<p id=\"21d\">&#8211; Beleuchtung<\/p>\n\n\n\n<p id=\"21d\">&#8211; Doppelboden<\/p>\n\n\n\n<p id=\"21d\">&#8211; Bautechnik<\/p>\n\n\n\n<p id=\"21d\">&#8211; Abgehangene Decken<br><a href=\"#top21\">zur\u00fcck nach oben<\/a><br><\/p>\n\n\n\n<p id=\"21e\"><strong>Umbau und Erweiterung<br><mark style=\"background-color:rgba(0, 0, 0, 0);color:#5f7ca3\" class=\"has-inline-color\">Dresdner Bank<\/mark><\/strong><br>Filiale M\u00fclheim an der Ruhr<br>Leineweberstr. 18, 45468 M\u00fclheim<br><strong>Bauherr: <\/strong>Dresdner Bank AG, Frankfurt<br><strong>Architekt: <\/strong>Herrmann &amp; Engels, K\u00f6ln<br><strong><strong>Geplante Anlagen:<\/strong> <\/strong><\/p>\n\n\n\n<p id=\"21e\">&#8211; Heizung<\/p>\n\n\n\n<p id=\"21e\">&#8211; L\u00fcftung, K\u00e4lte, Sanit\u00e4r<\/p>\n\n\n\n<p id=\"21e\">&#8211; CO-Warnanlage<\/p>\n\n\n\n<p id=\"21e\">&#8211; Sprinkler<\/p>\n\n\n\n<p id=\"21e\">&#8211; Teek\u00fcche<\/p>\n\n\n\n<p id=\"21e\">&#8211; K\u00fchlraum<br><a href=\"#top21\">zur\u00fcck nach oben<\/a><\/p>\n\n\n\n<p id=\"21f\"><strong>Umbau<br><mark style=\"background-color:rgba(0, 0, 0, 0);color:#5f7ca3\" class=\"has-inline-color\">Dresdner Bank<\/mark><\/strong><br>EDV-Zentrum<br>Enggasse 3a, 50668 K\u00f6ln<br><strong>Bauherr: <\/strong>Dresdner Bank AG, Frankfurt<br><strong>Architekt: <\/strong>Herrmann &amp; Engels, K\u00f6ln<br><strong>Geplante Anlagen:<\/strong> <\/p>\n\n\n\n<p id=\"21f\">&#8211; L\u00fcftung<\/p>\n\n\n\n<p id=\"21f\">&#8211; K\u00e4lte<br><a href=\"#top21\">zur\u00fcck nach oben<\/a><br><\/p>\n\n\n\n<p id=\"21g\"><strong>Umbau<br><mark style=\"background-color:rgba(0, 0, 0, 0);color:#5f7ca3\" class=\"has-inline-color\">Dresdner Bank<\/mark><\/strong><br>Zweigstelle K\u00f6ln-Bickendorf<br>Venloer Stra\u00dfe 668, 50827 K\u00f6ln &#8211; Bickendorf<br><strong>Bauherr: <\/strong>Dresdner Bank AG, Frankfurt<br><strong>Architekt: <\/strong>Herrmann &amp; Engels, K\u00f6ln<br><strong>Geplante Anlagen:<\/strong> <\/p>\n\n\n\n<p id=\"21g\">&#8211; Heizung<\/p>\n\n\n\n<p id=\"21g\">&#8211; L\u00fcftung, K\u00e4lte<br><a href=\"#top21\">zur\u00fcck nach oben<\/a><br><\/p>\n\n\n\n<p id=\"21h\"><strong>Umbau<br><mark style=\"background-color:rgba(0, 0, 0, 0);color:#5f7ca3\" class=\"has-inline-color\">Dresdner Bank<\/mark><\/strong><br>Zweigstelle K\u00f6ln, Bonntor<br><strong>Bauherr: <\/strong>Dresdner Bank AG, Frankfurt<br><strong>Architekt:<\/strong> Herrmann &amp; Engels, K\u00f6ln<br><strong>Geplante Anlagen: <\/strong><\/p>\n\n\n\n<p id=\"21h\">&#8211; Heizung<\/p>\n\n\n\n<p id=\"21h\">&#8211; L\u00fcftung, K\u00e4lte, Sanit\u00e4r<\/p>\n\n\n\n<p id=\"21h\">&#8211; Teek\u00fcche<br><a href=\"#top21\">zur\u00fcck nach oben<\/a><br><\/p>\n\n\n\n<p id=\"21i\"><strong>Umbau<br><mark style=\"background-color:rgba(0, 0, 0, 0);color:#5f7ca3\" class=\"has-inline-color\">Dresdner Bank<\/mark><\/strong><br>Filiale K\u00f6ln-Ehrenfeld<br>Venloer Str. 338, 50823 K\u00f6ln<br><strong>Bauherr:<\/strong> Dresdner Bank AG, Frankfurt<br><strong>Architekt:<\/strong> Herrmann &amp; Engels, K\u00f6ln<br><strong>Geplante Anlagen: <\/strong><\/p>\n\n\n\n<p id=\"21i\">&#8211; Heizung<\/p>\n\n\n\n<p id=\"21i\">&#8211; L\u00fcftung, K\u00e4lte, Sanit\u00e4r<\/p>\n\n\n\n<p id=\"21i\">&#8211; Teek\u00fcche<\/p>\n\n\n\n<p id=\"21i\">&#8211; Elektro (Schwachstrom\/Starkstrom)<\/p>\n\n\n\n<p id=\"21i\">&#8211; Beleuchtung<\/p>\n\n\n\n<p id=\"21i\">&#8211; Kommunikationsanlage<\/p>\n\n\n\n<p id=\"21i\">&#8211; Sicherheitsanlage<\/p>\n\n\n\n<p id=\"21i\">&#8211; LAN-Netz<\/p>\n\n\n\n<p id=\"21i\">&#8211; Doppelboden<br><a href=\"#top21\">zur\u00fcck nach oben<\/a><br><\/p>\n\n\n\n<p id=\"21j\"><strong>Umbau<br><mark style=\"background-color:rgba(0, 0, 0, 0);color:#5f7ca3\" class=\"has-inline-color\">Dresdner Bank<\/mark><\/strong><br>Filiale D\u00fcren Bismarckstrasse<br>Bismarckstra\u00dfe 2, 52351 D\u00fcren<br><strong>Bauherr: <\/strong>Dresdner Bank AG, Frankfurt<br><strong>Architekt: <\/strong>Herrmann &amp; Engels, K\u00f6ln<br><strong>Geplante Anlagen: <\/strong><\/p>\n\n\n\n<p id=\"21j\">&#8211; Heizung<\/p>\n\n\n\n<p id=\"21j\">&#8211; L\u00fcftung, K\u00e4lte, Sanit\u00e4r<\/p>\n\n\n\n<p id=\"21j\">&#8211; Teek\u00fcche<\/p>\n\n\n\n<p id=\"21j\">&#8211; Elektro (Schwachstrom\/Starkstrom)<\/p>\n\n\n\n<p id=\"21j\">&#8211; Beleuchtung<\/p>\n\n\n\n<p id=\"21j\">&#8211; Blitzschutz<\/p>\n\n\n\n<p id=\"21j\">&#8211; Kommunikationsanlage<\/p>\n\n\n\n<p id=\"21j\">&#8211; Sicherheitsanlage<\/p>\n\n\n\n<p id=\"21j\">&#8211; LAN-Netz<\/p>\n\n\n\n<p id=\"21j\">&#8211; Doppelboden<\/p>\n\n\n\n<p id=\"21j\">&#8211; F\u00f6rdertechnik<br><a href=\"#top21\">zur\u00fcck nach oben<\/a><br><\/p>\n\n\n\n<p id=\"21k\"><strong>Neubau<br><mark style=\"background-color:rgba(0, 0, 0, 0);color:#5f7ca3\" class=\"has-inline-color\">Dresdner Bank<\/mark><\/strong><br>Filiale Erfurt<br>Bahnhofstra\u00dfe 38, 99084 Erfurt<br><strong>Bauherr:<\/strong> Dresdner Bank AG, Frankfurt<br><strong>Architekt: <\/strong>Kraemer, Sieverts und Partner, K\u00f6ln<br><strong>Geplante Anlagen: <\/strong><\/p>\n\n\n\n<p id=\"21k\">&#8211; Heizung<\/p>\n\n\n\n<p id=\"21k\">&#8211; Fernw\u00e4rme<\/p>\n\n\n\n<p id=\"21k\">&#8211; L\u00fcftung, K\u00e4lte, Sanit\u00e4r<\/p>\n\n\n\n<p id=\"21k\">&#8211; CO-Warnanlage<\/p>\n\n\n\n<p id=\"21k\">&#8211; Sprinkler<\/p>\n\n\n\n<p id=\"21k\">&#8211; Teek\u00fcche<\/p>\n\n\n\n<p id=\"21k\">&#8211; Elektro (Schwachstrom\/Starkstrom)<\/p>\n\n\n\n<p id=\"21k\">&#8211; Beleuchtung<\/p>\n\n\n\n<p id=\"21k\">&#8211; Blitzschutz<\/p>\n\n\n\n<p id=\"21k\">&#8211; Kommunikationsanlage<\/p>\n\n\n\n<p id=\"21k\">&#8211; Sicherheitsanlage<\/p>\n\n\n\n<p id=\"21k\">&#8211; LAN-Netz<\/p>\n\n\n\n<p id=\"21k\">&#8211; Doppelboden<\/p>\n\n\n\n<p id=\"21k\">&#8211; F\u00f6rdertechnik<br><a href=\"#top21\">zur\u00fcck nach oben<\/a><br><\/p>\n\n\n\n<p id=\"21l\"><strong>Neubau<br><mark style=\"background-color:rgba(0, 0, 0, 0);color:#5f7ca3\" class=\"has-inline-color\">Dresdner Bank<\/mark><\/strong><br>Filiale Altenburg<br>M\u00fchlpforte 1, 04600 Altenburg<br>mit Wohn- und Gesch\u00e4ftsbebauung<br><strong>Bauherr: <\/strong>Dresdner Bank AG \/ Merkur Grundst\u00fccksgesellschaft mbH<br><strong>Architekt: <\/strong>Kraemer, Sieverts und Partner, K\u00f6ln<br><strong>Geplante Anlagen: <\/strong><\/p>\n\n\n\n<p id=\"21l\">&#8211; Heizung<\/p>\n\n\n\n<p id=\"21l\">&#8211; L\u00fcftung, K\u00e4lte, Sanit\u00e4r<\/p>\n\n\n\n<p id=\"21l\">&#8211; CO-Warnanlage<\/p>\n\n\n\n<p id=\"21l\">&#8211; Sprinkler<\/p>\n\n\n\n<p id=\"21l\">&#8211; Teek\u00fcche<\/p>\n\n\n\n<p id=\"21l\">&#8211; Elektro (Schwachstrom\/Starkstrom)<\/p>\n\n\n\n<p id=\"21l\">&#8211; Beleuchtung<\/p>\n\n\n\n<p id=\"21l\">&#8211; Blitzschutz<\/p>\n\n\n\n<p id=\"21l\">&#8211; Kommunikationsanlage<\/p>\n\n\n\n<p id=\"21l\">&#8211; Sicherheitsanlage<\/p>\n\n\n\n<p id=\"21l\">&#8211; LAN-Netz<\/p>\n\n\n\n<p id=\"21l\">&#8211; F\u00f6rdertechnik<br>Die Bank befindet sich im n\u00f6rdlichen Teil des <a href=\"#3w\">Altenburger City Centers<\/a> das zwischen 1994 &#8211; 1997 entstand.<br>Fertigstellungsjahr: 1997<br><a href=\"#top21\">zur\u00fcck nach oben<\/a><br><\/p>\n\n\n\n<p id=\"21m\"><strong>Umbau<br><mark style=\"background-color:rgba(0, 0, 0, 0);color:#5f7ca3\" class=\"has-inline-color\">Dresdner Bank<\/mark><\/strong><br>Zweigstelle Alsdorf \/ Aachen<br>Denkmalplatz 9 &#8211; 11, 52477 Alsdorf<br><strong>Bauherr: <\/strong>Dresdner Bank AG, Frankfurt<br><strong>Architekt:<\/strong> Prof. Kahlen, Aachen<br><strong>Geplante Anlagen: <\/strong><\/p>\n\n\n\n<p id=\"21m\">&#8211; Heizung<\/p>\n\n\n\n<p id=\"21m\">&#8211; L\u00fcftung, K\u00e4lte, Sanit\u00e4r<\/p>\n\n\n\n<p id=\"21m\">&#8211; Teek\u00fcche<\/p>\n\n\n\n<p id=\"21m\">&#8211; Elektro (Schwachstrom\/Starkstrom)<\/p>\n\n\n\n<p id=\"21m\">&#8211; Beleuchtung<\/p>\n\n\n\n<p id=\"21m\">&#8211; Kommunikationsanlage<\/p>\n\n\n\n<p id=\"21m\">&#8211; Sicherheitsanlage<\/p>\n\n\n\n<p id=\"21m\">&#8211; LAN-Netz<br><a href=\"#top21\">zur\u00fcck nach oben<\/a><br><\/p>\n\n\n\n<p id=\"21n\"><strong>Umbau und Erweiterung<br><mark style=\"background-color:rgba(0, 0, 0, 0);color:#5f7ca3\" class=\"has-inline-color\">Dresdner Bank<\/mark><\/strong><br>Zweigstelle K\u00f6ln-Rodenkirchen<br>Maternusstra\u00dfe 8 &#8211; 10, 50996 K\u00f6ln<br><strong>Bauherr: <\/strong>Dresdner Bank AG, Frankfurt<br><strong>Architekt: <\/strong>Kiemel + Klar, K\u00f6ln<br><strong>Geplante Anlagen:<\/strong> <\/p>\n\n\n\n<p id=\"21n\">&#8211; Heizung<\/p>\n\n\n\n<p id=\"21n\">&#8211; L\u00fcftung, K\u00e4lte, Sanit\u00e4r<\/p>\n\n\n\n<p id=\"21n\">&#8211; Teek\u00fcche<\/p>\n\n\n\n<p id=\"21n\">&#8211; Elektro (Schwachstrom\/Starkstrom)<\/p>\n\n\n\n<p id=\"21n\">&#8211; Beleuchtung<\/p>\n\n\n\n<p id=\"21n\">&#8211; Kommunikationsanlage<\/p>\n\n\n\n<p id=\"21n\">&#8211; Sicherheitsanlage<\/p>\n\n\n\n<p id=\"21n\">&#8211; LAN-Netz<br><a href=\"#top21\">zur\u00fcck nach oben<\/a><br><\/p>\n\n\n\n<p id=\"21o\"><strong>Umbau und Erweiterung<br><mark style=\"background-color:rgba(0, 0, 0, 0);color:#5f7ca3\" class=\"has-inline-color\">Dresdner Bank<\/mark><\/strong><br>Zweigstelle K\u00f6ln, Neumarkt<br><strong>Bauherr: <\/strong>Dresdner Bank AG, Frankfurt<br><strong>Architekt: <\/strong>Kiemel + Klar, K\u00f6ln<br><strong>Geplante Anlagen: <\/strong><\/p>\n\n\n\n<p id=\"21o\">&#8211; Heizung<\/p>\n\n\n\n<p id=\"21o\">&#8211; Fernw\u00e4rme<\/p>\n\n\n\n<p id=\"21o\">&#8211; L\u00fcftung, K\u00e4lte, Sanit\u00e4r<\/p>\n\n\n\n<p id=\"21o\">&#8211; Teek\u00fcche<\/p>\n\n\n\n<p id=\"21o\">&#8211; Elektro (Schwachstrom\/Starkstrom)<\/p>\n\n\n\n<p id=\"21o\">&#8211; Beleuchtung<\/p>\n\n\n\n<p id=\"21o\">&#8211; Kommunikationsanlage<\/p>\n\n\n\n<p id=\"21o\">&#8211; Sicherheitsanlage<br><a href=\"#top21\">zur\u00fcck nach oben<\/a><br><\/p>\n\n\n\n<p id=\"21p\"><strong>Umbau und Erweiterung<br><mark style=\"background-color:rgba(0, 0, 0, 0);color:#5f7ca3\" class=\"has-inline-color\">Dresdner Bank<\/mark><\/strong><br>Zweigstelle K\u00f6ln, Barbarossaplatz, 50674 K\u00f6ln<br><strong>Bauherr: <\/strong>Dresdner Bank AG, Frankfurt<br><strong>Architekt: <\/strong>Kiemel + Klar, K\u00f6ln<br><strong>Geplante Anlagen: <\/strong><\/p>\n\n\n\n<p id=\"21p\">&#8211; Heizung<\/p>\n\n\n\n<p id=\"21p\">&#8211; Fernw\u00e4rme<\/p>\n\n\n\n<p id=\"21p\">&#8211; L\u00fcftung, K\u00e4lte, Sanit\u00e4r<\/p>\n\n\n\n<p id=\"21p\">&#8211; Teek\u00fcche<\/p>\n\n\n\n<p id=\"21p\">&#8211; Elektro (Schwachstrom\/Starkstrom)<\/p>\n\n\n\n<p id=\"21p\">&#8211; Beleuchtung<\/p>\n\n\n\n<p id=\"21p\">&#8211; Kommunikationsanlage<\/p>\n\n\n\n<p id=\"21p\">&#8211; Sicherheitsanlage<\/p>\n\n\n\n<p id=\"21p\">&#8211; LAN-Netz<br><a href=\"#top21\">zur\u00fcck nach oben<\/a><br><\/p>\n\n\n\n<p id=\"21q\"><strong>Umbau<br><mark style=\"background-color:rgba(0, 0, 0, 0);color:#5f7ca3\" class=\"has-inline-color\">Dresdner Bank<\/mark><\/strong><br>Zweigstelle K\u00f6ln-Nippes<br>Neusser Stra\u00dfe 265, 50733 K\u00f6ln<br><strong>Bauherr: <\/strong>Dresdner Bank AG, Frankfurt<br><strong>Architekt: <\/strong>Kiemel + Klar, K\u00f6ln<br><strong>Geplante Anlagen:<\/strong> <\/p>\n\n\n\n<p id=\"21q\">&#8211; Heizung<\/p>\n\n\n\n<p id=\"21q\">&#8211; L\u00fcftung, K\u00e4lte, Sanit\u00e4r<\/p>\n\n\n\n<p id=\"21q\">&#8211; Teek\u00fcche<\/p>\n\n\n\n<p id=\"21q\">&#8211; Elektro (Schwachstrom\/Starkstrom)<\/p>\n\n\n\n<p id=\"21q\">&#8211; Beleuchtung<\/p>\n\n\n\n<p id=\"21q\">&#8211; Kommunikationsanlage<\/p>\n\n\n\n<p id=\"21q\">&#8211; Sicherheitsanlage<\/p>\n\n\n\n<p id=\"21q\">&#8211; LAN-Netz<br><a href=\"#top21\">zur\u00fcck nach oben<\/a><br><\/p>\n\n\n\n<p id=\"21r\"><strong>Umbau und Erweiterung<br><mark style=\"background-color:rgba(0, 0, 0, 0);color:#5f7ca3\" class=\"has-inline-color\">Dresdner Bank<\/mark><\/strong><br>Zweigstelle Refrath<br>Siebenmorgen 38, 51427 Bergisch Gladbach<br><strong>Bauherr:<\/strong> Dresdner Bank AG, Frankfurt<br><strong>Architekt: <\/strong>Kiemel + Klar, K\u00f6ln<br><strong>Geplante Anlagen: <\/strong><\/p>\n\n\n\n<p id=\"21r\">&#8211; Heizung<\/p>\n\n\n\n<p id=\"21r\">&#8211; L\u00fcftung, K\u00e4lte, Sanit\u00e4r<\/p>\n\n\n\n<p id=\"21r\">&#8211; Teek\u00fcche<\/p>\n\n\n\n<p id=\"21r\">&#8211; Elektro (Schwachstrom\/Starkstrom)<\/p>\n\n\n\n<p id=\"21r\">&#8211; Beleuchtung<\/p>\n\n\n\n<p id=\"21r\">&#8211; Kommunikationsanlage<\/p>\n\n\n\n<p id=\"21r\">&#8211; Sicherheitsanlage<\/p>\n\n\n\n<p id=\"21r\">&#8211; LAN-Netz<br><a href=\"#top21\">zur\u00fcck nach oben<\/a><br><\/p>\n\n\n\n<p id=\"21s\"><strong>Umbau<br><mark style=\"background-color:rgba(0, 0, 0, 0);color:#5f7ca3\" class=\"has-inline-color\">Dresdner Bank<\/mark><\/strong><br>Filiale Bonn-Bad Godesberg<br><strong>Bauherr: <\/strong>Dresdner Bank AG, Frankfurt<br><strong>Architekt:<\/strong> G. und E. Seidenfu\u00df, Bonn<br><strong>Geplante Anlagen: <\/strong><\/p>\n\n\n\n<p id=\"21s\">&#8211; Heizung<\/p>\n\n\n\n<p id=\"21s\">&#8211; L\u00fcftung, K\u00e4lte, Sanit\u00e4r<br><a href=\"#top21\">zur\u00fcck nach oben<\/a><br><\/p>\n\n\n\n<p id=\"21t\"><strong>Umbau<br><mark style=\"background-color:rgba(0, 0, 0, 0);color:#5f7ca3\" class=\"has-inline-color\">Dresdner Bank<\/mark><\/strong><br>Zweigstelle K\u00f6ln, An der Oper<br><strong>Bauherr: <\/strong>Dresdner Bank AG, Frankfurt<br><strong>Architekt:<\/strong> G. und E. Seidenfu\u00df, Bonn<br><strong>Geplante Anlagen: <\/strong><\/p>\n\n\n\n<p id=\"21t\">&#8211; Generalplanung<\/p>\n\n\n\n<p id=\"21t\">&#8211; Heizung<\/p>\n\n\n\n<p id=\"21t\">&#8211; Fernw\u00e4rme<\/p>\n\n\n\n<p id=\"21t\">&#8211; L\u00fcftung, K\u00e4lte, Sanit\u00e4r<\/p>\n\n\n\n<p id=\"21t\">&#8211; Teek\u00fcche<\/p>\n\n\n\n<p id=\"21t\">&#8211; Bautechnik<br><a href=\"#top21\">zur\u00fcck nach oben<\/a><br><\/p>\n\n\n\n<p id=\"21u\"><strong>Umbau<br><mark style=\"background-color:rgba(0, 0, 0, 0);color:#5f7ca3\" class=\"has-inline-color\">Dresdner Bank<\/mark><\/strong><br>Zweigstelle K\u00f6ln-Klettenberg<br>Luxemburger Stra\u00dfe 255, 50939 K\u00f6ln<br><strong>Bauherr:<\/strong> Dresdner Bank AG, Frankfurt<br><strong>Architekt: <\/strong>G. und E. Seidenfu\u00df, Bonn<br><strong>Geplante Anlagen: <\/strong><\/p>\n\n\n\n<p id=\"21u\">&#8211; Heizung<\/p>\n\n\n\n<p id=\"21u\">&#8211; L\u00fcftung, Sanit\u00e4r<\/p>\n\n\n\n<p id=\"21u\">&#8211; Teek\u00fcche<br><a href=\"#top21\">zur\u00fcck nach oben<\/a><br><\/p>\n\n\n\n<p id=\"21v\"><strong>Umbau<br><mark style=\"background-color:rgba(0, 0, 0, 0);color:#5f7ca3\" class=\"has-inline-color\">Dresdner Bank<\/mark><\/strong><br>Zweigstelle Bonn, Bundeshaus<br><strong>Bauherr: <\/strong>Dresdner Bank AG, Frankfurt<br><strong>Architekt: <\/strong>G. und E. Seidenfu\u00df, Bonn<br><strong>Geplante Anlagen: <\/strong><\/p>\n\n\n\n<p id=\"21v\">&#8211; Heizung<\/p>\n\n\n\n<p id=\"21v\">&#8211; L\u00fcftung, K\u00e4lte, Sanit\u00e4r<\/p>\n\n\n\n<p id=\"21v\">&#8211; Teek\u00fcche<br><a href=\"#top21\">zur\u00fcck nach oben<\/a><br><\/p>\n\n\n\n<p id=\"21w\"><strong>Umbau und Erweiterung<br><mark style=\"background-color:rgba(0, 0, 0, 0);color:#5f7ca3\" class=\"has-inline-color\">Dresdner Bank<\/mark><\/strong><br>Zweigstelle K\u00f6ln-Dellbr\u00fcck<br>Dellbr\u00fccker Hauptstr. 102, 51069 K\u00f6ln<br><strong>Bauherr:<\/strong> Dresdner Bank AG, Frankfurt<br><strong>Architekt: <\/strong>Scherer, Meyer, Ackerschott, K\u00f6ln<br><strong>Geplante Anlagen: <\/strong><\/p>\n\n\n\n<p id=\"21w\">&#8211; Heizung<\/p>\n\n\n\n<p id=\"21w\">&#8211; L\u00fcftung, K\u00e4lte, Sanit\u00e4r<\/p>\n\n\n\n<p id=\"21w\">&#8211; Teek\u00fcche<\/p>\n\n\n\n<p id=\"21w\">&#8211; Elektro (Schwachstrom\/Starkstrom)<\/p>\n\n\n\n<p id=\"21w\">&#8211; Beleuchtung<\/p>\n\n\n\n<p id=\"21w\">&#8211; Sicherheitsanlage<\/p>\n\n\n\n<p id=\"21w\">&#8211; Kommunikationsanlage<\/p>\n\n\n\n<p id=\"21w\">&#8211; LAN-Netz<br><a href=\"#top21\">zur\u00fcck nach oben<\/a><br><\/p>\n\n\n\n<p id=\"21x\"><strong>Umbau und Erweiterung<br><mark style=\"background-color:rgba(0, 0, 0, 0);color:#5f7ca3\" class=\"has-inline-color\">Dresdner Bank<\/mark><\/strong><br>Filiale Bergisch Gladbach<br><strong>Bauherr: <\/strong>Dresdner Bank AG, Frankfurt<br><strong>Architekt:<\/strong> B. Bausch, K\u00f6ln<br><strong>Geplante Anlagen: <\/strong><\/p>\n\n\n\n<p id=\"21x\">&#8211; Heizung<\/p>\n\n\n\n<p id=\"21x\">&#8211; L\u00fcftung, K\u00e4lte, Sanit\u00e4r<\/p>\n\n\n\n<p id=\"21x\">&#8211; Teek\u00fcche<br><a href=\"#top21\">zur\u00fcck nach oben<\/a><br><\/p>\n\n\n\n<p id=\"21y\"><strong>Umbau und Erweiterung<br><mark style=\"background-color:rgba(0, 0, 0, 0);color:#5f7ca3\" class=\"has-inline-color\">Dresdner Bank<\/mark><\/strong><br>Zweigstelle K\u00f6ln<br>Kaiser-Wilhelm-Ring 14, 50672 K\u00f6ln<br><strong>Bauherr: <\/strong>Dresdner Bank AG, Frankfurt<br><strong>Architekt: <\/strong>B. Bausch, K\u00f6ln<br><strong>Geplante Anlagen: <\/strong><\/p>\n\n\n\n<p id=\"21y\">&#8211; Heizung<\/p>\n\n\n\n<p id=\"21y\">&#8211; Fernw\u00e4rme<\/p>\n\n\n\n<p id=\"21y\">&#8211; L\u00fcftung, K\u00e4lte, Sanit\u00e4r<\/p>\n\n\n\n<p id=\"21y\">&#8211; Teek\u00fcche<br><a href=\"#top21\">zur\u00fcck nach oben<\/a><br><\/p>\n\n\n\n<p id=\"21z\"><strong>Umbau und Erweiterung<br><mark style=\"background-color:rgba(0, 0, 0, 0);color:#5f7ca3\" class=\"has-inline-color\">Dresdner Bank<\/mark><\/strong><br>Filiale Frechen<br><strong>Bauherr: <\/strong>Dresdner Bank AG, Frankfurt<br><strong>Architekt: <\/strong>B. Bausch, K\u00f6ln<br><strong>Geplante Anlagen:<\/strong> <\/p>\n\n\n\n<p id=\"21z\">&#8211; Heizung<\/p>\n\n\n\n<p id=\"21z\">&#8211; L\u00fcftung, K\u00e4lte, Sanit\u00e4r<\/p>\n\n\n\n<p id=\"21z\">&#8211; Teek\u00fcche<\/p>\n\n\n\n<p id=\"21z\">&#8211; Elektro (Schwachstrom\/Starkstrom)<\/p>\n\n\n\n<p id=\"21z\">&#8211; Beleuchtung<\/p>\n\n\n\n<p id=\"21z\">&#8211; Sicherheitsanlage<\/p>\n\n\n\n<p id=\"21z\">&#8211; Kommunikationsanlage<\/p>\n\n\n\n<p id=\"21z\">&#8211; LAN-Netz<br><a href=\"#top21\">zur\u00fcck nach oben<\/a><br><\/p>\n\n\n\n<p id=\"21aa\"><strong>Umbau und Erweiterung<br><mark style=\"background-color:rgba(0, 0, 0, 0);color:#5f7ca3\" class=\"has-inline-color\">Dresdner Bank<\/mark><\/strong><br>Zweigstelle K\u00f6ln-Zollstock<br><strong>Bauherr: <\/strong>Dresdner Bank AG, Frankfurt<br><strong>Architekt: <\/strong>Lepkes, K\u00f6ln<br><strong>Geplante Anlagen:<\/strong> <\/p>\n\n\n\n<p id=\"21aa\">&#8211; Heizung<\/p>\n\n\n\n<p id=\"21aa\">&#8211; L\u00fcftung, K\u00e4lte, Sanit\u00e4r<\/p>\n\n\n\n<p id=\"21aa\">&#8211; Teek\u00fcche<br><a href=\"#top21\">zur\u00fcck nach oben<\/a><br><\/p>\n\n\n\n<p id=\"21bb\"><strong>Umbau<br><mark style=\"background-color:rgba(0, 0, 0, 0);color:#5f7ca3\" class=\"has-inline-color\">Dresdner Bank<\/mark><\/strong><br>Zweigstelle K\u00f6ln-Kalk<br>Kalker Hauptstr. 193-195<br>51105 K\u00f6ln<br><strong>Bauherr: <\/strong>Dresdner Bank AG, Frankfurt<br><strong>Architekt: <\/strong>Lepkes, K\u00f6ln<br><strong>Geplante Anlagen: <\/strong><\/p>\n\n\n\n<p id=\"21bb\">&#8211; L\u00fcftung, K\u00e4lte, Sanit\u00e4r<\/p>\n\n\n\n<p id=\"21bb\">&#8211; Elektro (Schwachstrom\/Starkstrom)<\/p>\n\n\n\n<p id=\"21bb\">&#8211; Beleuchtung<\/p>\n\n\n\n<p id=\"21bb\">&#8211; Sicherheitsanlage<\/p>\n\n\n\n<p id=\"21bb\">&#8211; Kommunikationsanlage<\/p>\n\n\n\n<p id=\"21bb\">&#8211; LAN-Netz<br><a href=\"#top21\">zur\u00fcck nach oben<\/a><br><\/p>\n\n\n\n<p id=\"21cc\"><strong>Umbau<br><mark style=\"background-color:rgba(0, 0, 0, 0);color:#5f7ca3\" class=\"has-inline-color\">Dresdner Bank<\/mark><\/strong><br>Zweigstelle Aachen<br>Hansemannplatz 1, 52062 Aachen<br><strong>Bauherr: <\/strong>Dresdner Bank AG, Frankfurt<br><strong>Architekt: <\/strong>Laupichler, Aachen<br><strong>Geplante Anlagen: <\/strong><\/p>\n\n\n\n<p id=\"21cc\">&#8211; Heizung<\/p>\n\n\n\n<p id=\"21cc\">&#8211; L\u00fcftung, K\u00e4lte, Sanit\u00e4r<\/p>\n\n\n\n<p id=\"21cc\">&#8211; Teek\u00fcche <br><a href=\"#top21\">zur\u00fcck nach oben<\/a><br><\/p>\n\n\n\n<p id=\"21dd\"><strong>Umbau<br><mark style=\"background-color:rgba(0, 0, 0, 0);color:#5f7ca3\" class=\"has-inline-color\">Dresdner Bank<\/mark><\/strong><br>Zweigstelle K\u00f6ln, Ebertplatz<br>Ebertplatz 13, 50668 K\u00f6ln<br><strong>Bauherr: <\/strong>Dresdner Bank AG, Frankfurt<br><strong>Architekt: <\/strong>Oversohl, Herzogenrath<br><strong>Geplante Anlagen: <\/strong><\/p>\n\n\n\n<p id=\"21dd\">&#8211; Heizung<\/p>\n\n\n\n<p id=\"21dd\">&#8211; L\u00fcftung, K\u00e4lte, Sanit\u00e4r<\/p>\n\n\n\n<p id=\"21dd\">&#8211; Teek\u00fcche<\/p>\n\n\n\n<p id=\"21dd\">&#8211; Elektro (Schwachstrom\/Starkstrom)<\/p>\n\n\n\n<p id=\"21dd\">&#8211; Beleuchtung<\/p>\n\n\n\n<p id=\"21dd\">&#8211; Sicherheitsanlage<\/p>\n\n\n\n<p id=\"21dd\">&#8211; Kommunikationsanlage<\/p>\n\n\n\n<p id=\"21dd\">&#8211; LAN-Netz<br><a href=\"#top21\">zur\u00fcck nach oben<\/a><br><\/p>\n\n\n\n<p id=\"21ee\"><strong>Umbau<br><mark style=\"background-color:rgba(0, 0, 0, 0);color:#5f7ca3\" class=\"has-inline-color\">Dresdner Bank<\/mark><\/strong><br>Filiale Opladen<br>K\u00f6lner Str. 45, 51379 Leverkusen<br><strong>Bauherr:<\/strong> Dresdner Bank AG, Frankfurt<br><strong>Geplante Anlagen:<\/strong> <\/p>\n\n\n\n<p id=\"21ee\">&#8211; Heizung<\/p>\n\n\n\n<p id=\"21ee\">&#8211; L\u00fcftung, K\u00e4lte, Sanit\u00e4r<br><a href=\"#top21\">zur\u00fcck nach oben<\/a><br><\/p>\n\n\n\n<p id=\"21ff\"><strong>Umbau<br><mark style=\"background-color:rgba(0, 0, 0, 0);color:#5f7ca3\" class=\"has-inline-color\">Dresdner Bank<\/mark><\/strong><br>Filiale Bonn<br>M\u00fcnsterplatz 1, 53111 Bonn<br><strong>Bauherr: <\/strong>Dresdner Bank AG, Frankfurt<br><strong>Architekt:<\/strong> Kammerer + Belz R\u00fcchen + Partner, Stuttgart<br><strong>Geplante Anlagen: <\/strong><\/p>\n\n\n\n<p id=\"21ff\">&#8211; Generalplanung<\/p>\n\n\n\n<p id=\"21ff\">&#8211; Heizung<\/p>\n\n\n\n<p id=\"21ff\">&#8211; L\u00fcftung, K\u00e4lte, Sanit\u00e4r<\/p>\n\n\n\n<p id=\"21ff\">&#8211; Teek\u00fcche<\/p>\n\n\n\n<p id=\"21ff\">&#8211; Elektro (Schwachstrom\/Starkstrom)<\/p>\n\n\n\n<p id=\"21ff\">&#8211; Beleuchtung<\/p>\n\n\n\n<p id=\"21ff\">&#8211; Sicherheitsanlage<\/p>\n\n\n\n<p id=\"21ff\">&#8211; Kommunikationsanlage<\/p>\n\n\n\n<p id=\"21ff\">&#8211; LAN-Netz<\/p>\n\n\n\n<p id=\"21ff\">&#8211; F\u00f6rdertechnik<\/p>\n\n\n\n<p id=\"21ff\">&#8211; Asbestsanierung<\/p>\n\n\n\n<p id=\"21ff\">&#8211; Abgehangene Decken<br><a href=\"#top21\">zur\u00fcck nach oben<\/a><br><\/p>\n\n\n\n<p id=\"21gg\"><strong>Umbau<br><mark style=\"background-color:rgba(0, 0, 0, 0);color:#5f7ca3\" class=\"has-inline-color\">Dresdner Bank<\/mark><\/strong><br>Filiale Neuwied<br>Heddesdorfer Str. 3, 56564 Neuwied<br><strong>Bauherr: <\/strong>Dresdner Bank AG, Frankfurt<br><strong>Architekt: <\/strong>Frass &amp; Partner, K\u00f6ln<br><strong>Geplante Anlagen: <\/strong><\/p>\n\n\n\n<p id=\"21gg\">&#8211; Generalplanung<\/p>\n\n\n\n<p id=\"21gg\">&#8211; Heizung<\/p>\n\n\n\n<p id=\"21gg\">&#8211; L\u00fcftung, K\u00e4lte, Sanit\u00e4r<\/p>\n\n\n\n<p id=\"21gg\">&#8211; Teek\u00fcche<\/p>\n\n\n\n<p id=\"21gg\">&#8211; Elektro (Schwachstrom\/Starkstrom)<\/p>\n\n\n\n<p id=\"21gg\">&#8211; Beleuchtung<\/p>\n\n\n\n<p id=\"21gg\">&#8211; Sicherheitsanlage<\/p>\n\n\n\n<p id=\"21gg\">&#8211; Kommunikationsanlage<\/p>\n\n\n\n<p id=\"21gg\">&#8211; F\u00f6rdertechnik<\/p>\n\n\n\n<p id=\"21gg\">&#8211; Abgehangene Decken<br><a href=\"#top21\">zur\u00fcck nach oben<\/a><br><\/p>\n\n\n\n<p id=\"21hh\"><strong>Umbau<br><mark style=\"background-color:rgba(0, 0, 0, 0);color:#5f7ca3\" class=\"has-inline-color\">Dresdner Bank<\/mark><\/strong><br>Filiale Oberursel<br>Holzweg 8, 61440 Oberursel<br><strong>Bauherr: <\/strong>Dresdner Bank AG, Frankfurt<br><strong>Architekt: <\/strong>Frass &amp; Partner, K\u00f6ln<br><strong>Geplante Anlagen: <\/strong><\/p>\n\n\n\n<p id=\"21hh\">&#8211; Generalplanung<\/p>\n\n\n\n<p id=\"21hh\">&#8211; Heizung<\/p>\n\n\n\n<p id=\"21hh\">&#8211; L\u00fcftung, K\u00e4lte, Sanit\u00e4r<\/p>\n\n\n\n<p id=\"21hh\">&#8211; Teek\u00fcche<\/p>\n\n\n\n<p id=\"21hh\">&#8211; Elektro (Schwachstrom\/Starkstrom)<\/p>\n\n\n\n<p id=\"21hh\">&#8211; Beleuchtung<\/p>\n\n\n\n<p id=\"21hh\">&#8211; Sicherheitsanlage<\/p>\n\n\n\n<p id=\"21hh\">&#8211; Kommunikationsanlage<\/p>\n\n\n\n<p id=\"21hh\">&#8211; LAN-Netz<\/p>\n\n\n\n<p id=\"21hh\">&#8211; Abgehangene Decken<br><a href=\"#top21\">zur\u00fcck nach oben<\/a><br><\/p>\n\n\n\n<p id=\"21ii\"><strong>Umbau<br><mark style=\"background-color:rgba(0, 0, 0, 0);color:#5f7ca3\" class=\"has-inline-color\">Dresdner Bank<\/mark><\/strong><br>Filiale Bonn, Adenauer-Allee<br>Adenauer-Allee 87, 53113 Bonn<br><strong>Bauherr:<\/strong> Dresdner Bank AG, Frankfurt<br><strong>Architekt: <\/strong>Frass &amp; Partner, K\u00f6ln<br><strong>Geplante Anlagen:<\/strong> <\/p>\n\n\n\n<p id=\"21ii\">&#8211; Generalplanung<\/p>\n\n\n\n<p id=\"21ii\">&#8211; Heizung<\/p>\n\n\n\n<p id=\"21ii\">&#8211; L\u00fcftung, K\u00e4lte, Sanit\u00e4r<\/p>\n\n\n\n<p id=\"21ii\">&#8211; Teek\u00fcche<\/p>\n\n\n\n<p id=\"21ii\">&#8211; Elektro (Schwachstrom\/Starkstrom)<\/p>\n\n\n\n<p id=\"21ii\">&#8211; Beleuchtung<\/p>\n\n\n\n<p id=\"21ii\">&#8211; Sicherheitsanlage<\/p>\n\n\n\n<p id=\"21ii\">&#8211; Kommunikationsanlage<\/p>\n\n\n\n<p id=\"21ii\">&#8211; LAN-Netz<\/p>\n\n\n\n<p id=\"21ii\">&#8211; Abgehangene Decken<br><a href=\"#top21\">zur\u00fcck nach oben<\/a><br><\/p>\n\n\n\n<p id=\"21jj\"><strong>Umbau und Erweiterung<br><mark style=\"background-color:rgba(0, 0, 0, 0);color:#5f7ca3\" class=\"has-inline-color\">Dresdner Bank<\/mark><\/strong><br>Filiale Hannover-Kleefeld<br>Scheidestr. 3, 30625 Hannover<br><strong>Bauherr: <\/strong>Dresdner Bank AG, Frankfurt<br><strong>Architekt: <\/strong>Frass &amp; Partner, K\u00f6ln<br><strong>Geplante Anlagen:<\/strong> <\/p>\n\n\n\n<p id=\"21jj\">&#8211; Generalplanung<\/p>\n\n\n\n<p id=\"21jj\">&#8211; Heizung, L\u00fcftung, K\u00e4lte<\/p>\n\n\n\n<p id=\"21jj\">&#8211; Teek\u00fcche<\/p>\n\n\n\n<p id=\"21jj\">&#8211; Elektro (Schwachstrom\/Starkstrom)<\/p>\n\n\n\n<p id=\"21jj\">&#8211; Beleuchtung<\/p>\n\n\n\n<p id=\"21jj\">&#8211; Sicherheitsanlage<\/p>\n\n\n\n<p id=\"21jj\">&#8211; Kommunikationsanlage<\/p>\n\n\n\n<p id=\"21jj\">&#8211; LAN-Netz<\/p>\n\n\n\n<p id=\"21jj\">&#8211; Abgehangene Decken<\/p>\n\n\n\n<p id=\"21jj\">&#8211; Doppelboden<br><a href=\"#top21\">zur\u00fcck nach oben<\/a><br><\/p>\n\n\n\n<p id=\"21kk\"><strong>Umbau<br><mark style=\"background-color:rgba(0, 0, 0, 0);color:#5f7ca3\" class=\"has-inline-color\">Dresdner Bank<\/mark><\/strong><br>Filiale Hannover<br>Vahrenwalder Stra\u00dfe, 30449 Hannover<br><strong>Bauherr: <\/strong>Dresdner Bank AG, Frankfurt<br><strong>Architekt:<\/strong> Frass &amp; Partner, K\u00f6ln<br><strong>Geplante Anlagen: <\/strong><\/p>\n\n\n\n<p id=\"21kk\">&#8211; Generalplanung<\/p>\n\n\n\n<p id=\"21kk\">&#8211; Heizung<\/p>\n\n\n\n<p id=\"21kk\">&#8211; L\u00fcftung, K\u00e4lte, Sanit\u00e4r<\/p>\n\n\n\n<p id=\"21kk\">&#8211; Teek\u00fcche<\/p>\n\n\n\n<p id=\"21kk\">&#8211; Elektro (Schwachstrom\/Starkstrom)<\/p>\n\n\n\n<p id=\"21kk\">&#8211; Beleuchtung<\/p>\n\n\n\n<p id=\"21kk\">&#8211; Sicherheitsanlage<\/p>\n\n\n\n<p id=\"21kk\">&#8211; Kommunikationsanlage<\/p>\n\n\n\n<p id=\"21kk\">&#8211; LAN-Netz<\/p>\n\n\n\n<p id=\"21kk\">&#8211; Abgehangene Decken<\/p>\n\n\n\n<p id=\"21kk\">&#8211; Doppelboden<br><a href=\"#top21\">zur\u00fcck nach oben<\/a><br><\/p>\n\n\n\n<p id=\"21ll\"><strong>Umbau<br><mark style=\"background-color:rgba(0, 0, 0, 0);color:#5f7ca3\" class=\"has-inline-color\">Dresdner Bank<\/mark><\/strong><br>Filiale Hannover-Linden<br>Schwarzer B\u00e4r 6, 30449 Hannover<br><strong>Bauherr: <\/strong>Dresdner Bank AG, Frankfurt<br><strong>Architekt: <\/strong>Frass &amp; Partner, K\u00f6ln<br><strong>Geplante Anlagen:<\/strong> <\/p>\n\n\n\n<p id=\"21ll\">&#8211; Generalplanung<\/p>\n\n\n\n<p id=\"21ll\">&#8211; Heizung<\/p>\n\n\n\n<p id=\"21ll\">&#8211; L\u00fcftung, K\u00e4lte, Sanit\u00e4r<\/p>\n\n\n\n<p id=\"21ll\">&#8211; Teek\u00fcche<\/p>\n\n\n\n<p id=\"21ll\">&#8211; Elektro (Schwachstrom\/Starkstrom)<\/p>\n\n\n\n<p id=\"21ll\">&#8211; Beleuchtung<\/p>\n\n\n\n<p id=\"21ll\">&#8211; Sicherheitsanlage<\/p>\n\n\n\n<p id=\"21ll\">&#8211; Kommunikationsanlage<\/p>\n\n\n\n<p id=\"21ll\">&#8211; LAN-Netz<\/p>\n\n\n\n<p id=\"21ll\">&#8211; Abgehangene Decken<\/p>\n\n\n\n<p id=\"21ll\">&#8211; Doppelboden<br><a href=\"#top21\">zur\u00fcck nach oben<\/a><br><\/p>\n\n\n\n<p id=\"21mm\"><strong>Umbau und Erweiterung<br><mark style=\"background-color:rgba(0, 0, 0, 0);color:#5f7ca3\" class=\"has-inline-color\">Dresdner Bank<\/mark><\/strong><br>Filiale Goslar<br>Rosentorstr. 15, 38640 Goslar<br><strong>Bauherr: <\/strong>Dresdner Bank AG, Frankfurt<br><strong>Architekt: <\/strong>Frass &amp; Partner, K\u00f6ln<br><strong>Geplante Anlagen: <\/strong><\/p>\n\n\n\n<p id=\"21mm\">&#8211; Generalplanung<\/p>\n\n\n\n<p id=\"21mm\">&#8211; Heizung<\/p>\n\n\n\n<p id=\"21mm\">&#8211; L\u00fcftung, K\u00e4lte, Sanit\u00e4r<\/p>\n\n\n\n<p id=\"21mm\">&#8211; Teek\u00fcche<\/p>\n\n\n\n<p id=\"21mm\">&#8211; Elektro (Schwachstrom\/Starkstrom)<\/p>\n\n\n\n<p id=\"21mm\">&#8211; Beleuchtung<\/p>\n\n\n\n<p id=\"21mm\">&#8211; Sicherheitsanlage<\/p>\n\n\n\n<p id=\"21mm\">&#8211; Kommunikationsanlage<\/p>\n\n\n\n<p id=\"21mm\">&#8211; LAN-Netz<\/p>\n\n\n\n<p id=\"21mm\">&#8211; Abgehangene Decken<\/p>\n\n\n\n<p id=\"21mm\">&#8211; Doppelboden<br><a href=\"#top21\">zur\u00fcck nach oben<\/a><br><\/p>\n\n\n\n<p id=\"21nn\"><strong>Umbau<br><mark style=\"background-color:rgba(0, 0, 0, 0);color:#5f7ca3\" class=\"has-inline-color\">Dresdner Bank<\/mark><\/strong><br>Filiale Neustadt<br>Windm\u00fchlenstr. 3, 31535 Neustadt<br><strong>Bauherr: <\/strong>Dresdner Bank AG, Frankfurt<br><strong>Architekt: <\/strong>Frass &amp; Partner, K\u00f6ln<br><strong>Geplante Anlagen: <\/strong><\/p>\n\n\n\n<p id=\"21nn\">&#8211; Generalplanung<\/p>\n\n\n\n<p id=\"21nn\">&#8211; Heizung, L\u00fcftung, K\u00e4lte<\/p>\n\n\n\n<p id=\"21nn\">&#8211; Teek\u00fcche<\/p>\n\n\n\n<p id=\"21nn\">&#8211; Elektro (Schwachstrom\/Starkstrom)<\/p>\n\n\n\n<p id=\"21nn\">&#8211; Beleuchtung<\/p>\n\n\n\n<p id=\"21nn\">&#8211; Sicherheitsanlage<\/p>\n\n\n\n<p id=\"21nn\">&#8211; Kommunikationsanlage<\/p>\n\n\n\n<p id=\"21nn\">&#8211; LAN-Netz<\/p>\n\n\n\n<p id=\"21nn\">&#8211; Abgehangene Decken<br><a href=\"#top21\">zur\u00fcck nach oben<\/a><br><\/p>\n\n\n\n<p id=\"21oo\"><strong>Umbau<br><mark style=\"background-color:rgba(0, 0, 0, 0);color:#5f7ca3\" class=\"has-inline-color\">Dresdner Bank<\/mark><\/strong><br>Filiale Hamburg-Eppendorf<br>Eppendorfer Landstr. 12, 20249 Hamburg<br><strong>Bauherr:<\/strong> Dresdner Bank AG, Frankfurt<br><strong>Architekt:<\/strong> C.M. R\u00f6mer, Hamburg<br><strong>Geplante Anlagen: <\/strong><\/p>\n\n\n\n<p id=\"21oo\">&#8211; Heizung, K\u00e4lte, Sanit\u00e4r<\/p>\n\n\n\n<p id=\"21oo\">&#8211; Elektro (Schwachstrom\/Starkstrom)<\/p>\n\n\n\n<p id=\"21oo\">&#8211; Beleuchtung<\/p>\n\n\n\n<p id=\"21oo\">&#8211; Sicherheitsanlage<\/p>\n\n\n\n<p id=\"21oo\">&#8211; LAN-Netz<br><a href=\"#top21\">zur\u00fcck nach oben<\/a><br><\/p>\n\n\n\n<p id=\"21pp\"><strong>Umbau<br><mark style=\"background-color:rgba(0, 0, 0, 0);color:#5f7ca3\" class=\"has-inline-color\">Dresdner Bank<\/mark><\/strong><br>Filiale Hamburg-Blankenese<br>Blankeneser Landstr. 2, 22587 Hamburg<br><strong>Bauherr:<\/strong> Dresdner Bank AG, Frankfurt<br><strong>Architekt: <\/strong>C.M. R\u00f6mer, Hamburg<br><strong>Geplante Anlagen:<\/strong> <\/p>\n\n\n\n<p id=\"21pp\">&#8211; Heizung, L\u00fcftung, K\u00e4lte<\/p>\n\n\n\n<p id=\"21pp\">&#8211; Teek\u00fcche<\/p>\n\n\n\n<p id=\"21pp\">&#8211; Elektro (Schwachstrom\/Starkstrom)<\/p>\n\n\n\n<p id=\"21pp\">&#8211; Beleuchtung<\/p>\n\n\n\n<p id=\"21pp\">&#8211; Sicherheitsanlage<\/p>\n\n\n\n<p id=\"21pp\">&#8211; LAN-Netz<\/p>\n\n\n\n<p id=\"21pp\">&#8211; Abgehangene Decken<br><a href=\"#top21\">zur\u00fcck nach oben<\/a><br><\/p>\n\n\n\n<p id=\"21qq\"><strong>Umbau<br><mark style=\"background-color:rgba(0, 0, 0, 0);color:#5f7ca3\" class=\"has-inline-color\">Dresdner Bank<\/mark><\/strong><br>Niederlassung Hannover<br>An der B\u00f6rse 4, Lobby \/ Treppenh\u00e4user<br><strong>Bauherr: <\/strong>Dresdner Bank AG, Frankfurt<br><strong>Architekt:<\/strong> Frass &amp; Partner, K\u00f6ln<br><strong>Geplante Anlagen:<\/strong> <\/p>\n\n\n\n<p id=\"21qq\">&#8211; Elektro (Schwachstrom\/Starkstrom)<\/p>\n\n\n\n<p id=\"21qq\">&#8211; Beleuchtung<\/p>\n\n\n\n<p id=\"21qq\">&#8211; Kommunikationsanlage<\/p>\n\n\n\n<p id=\"21qq\">&#8211; Sicherheitsanlage<\/p>\n\n\n\n<p id=\"21qq\">&#8211; F\u00f6rdertechnik<\/p>\n\n\n\n<p id=\"21qq\">&#8211; Abgehangene Decken<\/p>\n\n\n\n<p id=\"21qq\">&#8211; Doppelboden<br><a href=\"#top21\">zur\u00fcck nach oben<\/a><br><\/p>\n\n\n\n<p id=\"21rr\"><strong>Umbau<br><mark style=\"background-color:rgba(0, 0, 0, 0);color:#5f7ca3\" class=\"has-inline-color\">Dresdner Bank<\/mark><\/strong><br>Filiale Hamburg-Elbvororte<br><strong>Bauherr: <\/strong>Dresdner Bank AG, Frankfurt<br><strong>Architekt: <\/strong>C.M. R\u00f6mer, Hamburg<br><strong>Geplante Anlagen:<\/strong> <\/p>\n\n\n\n<p id=\"21rr\">&#8211; Heizung, L\u00fcftung, K\u00e4lte<\/p>\n\n\n\n<p id=\"21rr\">&#8211; Elektro (Schwachstrom\/Starkstrom)<\/p>\n\n\n\n<p id=\"21rr\">&#8211; Beleuchtung<\/p>\n\n\n\n<p id=\"21rr\">&#8211; Sicherheitsanlage<\/p>\n\n\n\n<p id=\"21rr\">&#8211; LAN-Netz<br><a href=\"#top21\">zur\u00fcck nach oben<\/a><br><\/p>\n\n\n\n<p id=\"21ss\"><strong>Umbau<br><mark style=\"background-color:rgba(0, 0, 0, 0);color:#5f7ca3\" class=\"has-inline-color\">Dresdner Bank<\/mark><\/strong><br>Filiale Dortmund-H\u00f6rde<br>Hermannstr. 37, 44263 Dortmund<br><strong>Bauherr:<\/strong> Dresdner Bank AG, Frankfurt<br><strong>Geplante Anlagen:<\/strong> <\/p>\n\n\n\n<p id=\"21ss\">&#8211; L\u00fcftung, K\u00e4lte<\/p>\n\n\n\n<p id=\"21ss\">&#8211; Elektro (Schwachstrom\/Starkstrom)<\/p>\n\n\n\n<p id=\"21ss\">&#8211; Beleuchtung<\/p>\n\n\n\n<p id=\"21ss\">&#8211; Sicherheitsanlage<\/p>\n\n\n\n<p id=\"21ss\">&#8211; Kommunikationsanlage<\/p>\n\n\n\n<p id=\"21ss\">&#8211; LAN-Netz<br><a href=\"#top21\">zur\u00fcck nach oben<\/a><br><\/p>\n\n\n\n<p id=\"21tt\"><strong>Umbau<br><mark style=\"background-color:rgba(0, 0, 0, 0);color:#5f7ca3\" class=\"has-inline-color\">Bremer Bank<\/mark><\/strong><br>Filiale Bremen-Vegesack<br>Reeder-Bischoff-Str. 42, 28757 Bremen<br><strong>Bauherr: <\/strong>Dresdner Bank AG, Frankfurt<br><strong>Architekt: <\/strong>Frass &amp; Partner, K\u00f6ln<br><strong>Geplante Anlagen:<\/strong> <\/p>\n\n\n\n<p id=\"21tt\">&#8211; Generalplanung<\/p>\n\n\n\n<p id=\"21tt\">&#8211; Heizung, L\u00fcftung, K\u00e4lte<\/p>\n\n\n\n<p id=\"21tt\">&#8211; Teek\u00fcche<\/p>\n\n\n\n<p id=\"21tt\">&#8211; Elektro (Schwachstrom\/Starkstrom)<\/p>\n\n\n\n<p id=\"21tt\">&#8211; Beleuchtung<\/p>\n\n\n\n<p id=\"21tt\">&#8211; Sicherheitsanlage<\/p>\n\n\n\n<p id=\"21tt\">&#8211; LAN-Netz<\/p>\n\n\n\n<p id=\"21tt\">&#8211; Abgehangene Decken<br><a href=\"#top21\">zur\u00fcck nach oben<\/a><br><\/p>\n\n\n\n<p id=\"21uu\"><strong>Umbau<br><mark style=\"background-color:rgba(0, 0, 0, 0);color:#5f7ca3\" class=\"has-inline-color\">Bremer Bank<\/mark><\/strong><br>Filiale Domshof<br>Domshof 8-9, 8195 Bremen<br><strong>Bauherr: <\/strong>Dresdner Bank AG, Frankfurt<br><strong>Architekt:<\/strong> Frass &amp; Partner, K\u00f6ln<br><strong>Geplante Anlagen:<\/strong> <\/p>\n\n\n\n<p id=\"21uu\">&#8211; Generalplanung<\/p>\n\n\n\n<p id=\"21uu\">&#8211; Sanit\u00e4r<\/p>\n\n\n\n<p id=\"21uu\">&#8211; Teek\u00fcche<\/p>\n\n\n\n<p id=\"21uu\">&#8211; Gro\u00dfk\u00fcche<\/p>\n\n\n\n<p id=\"21uu\">&#8211; Elektro (Schwachstrom\/Starkstrom)<\/p>\n\n\n\n<p id=\"21uu\">&#8211; Beleuchtung<\/p>\n\n\n\n<p id=\"21uu\">&#8211; Sicherheitsanlage<\/p>\n\n\n\n<p id=\"21uu\">&#8211; Kommunikationsanlage<\/p>\n\n\n\n<p id=\"21uu\">&#8211; Abgehangene Decken<br><a href=\"#top21\">zur\u00fcck nach oben<\/a><br><\/p>\n\n\n\n<div id=\"section-gdb12ee\" class=\"wp-block-gutentor-e0 section-gdb12ee gutentor-element gutentor-element-advanced-text\"><div class=\"gutentor-text-wrap\"><p class=\"gutentor-text\"><\/p><\/div><\/div>\n<\/div><\/div><\/div>\n\n\n\n<div id=\"09b339\" class=\"wp-block-gutentor-m6-item section-09b339 gutentor-module gutentor-module-accordion-item\"><div class=\"gutentor-module-accordion-panel g-a-panel-5d45c0\"><div class=\"gm-ah-5d45c0 gutentor-module-accordion-item-heading gutentor-module-icon-position-left\"><span class=\"gutentor-module-accordion-panel-handler\" role=\"button\"><span class=\"gutentor-module-accordion-icon\"><i class=\"gm-aio-5d45c0 gutentor-module-accordion-icon-open fas fa-angle-double-down\"><\/i><i class=\"gm-aic-5d45c0 gutentor-module-accordion-icon-close fas fa-angle-double-up\"><\/i><\/span><span class=\"gutentor-module-accordion-panel-handler-label\">SPARKASSEN (Kreissparkassen \/ Stadtsparkassen) <\/span><\/span><\/div><div class=\"gm-ab-5d45c0 gutentor-module-accordion-body\">\n<p id=\"top22\"><strong>\u00dcbersicht<\/strong><\/p>\n\n\n\n<div id=\"section-g223427\" class=\"wp-block-gutentor-e7 section-g223427 gutentor-element gutentor-element-list\"><ul class=\"grid-row gutentor-grid-item-wrap list-indicator-icon\"><li class=\"gutentor-list-item grid-lg-12 grid-md-12 grid-12\"><span class=\"gutentor-single-item gutentor-single-item-0\"><span class=\"gutentor-list-item-wrap g-s-list-wrap\"><span class=\"gutentor-single-list-item-icon\"><i class=\"list-item-icon fas fa-angle-right\"><\/i><\/span><span class=\"gutentor-list-item\"><p class=\"gutentor-single-item-title\"><a href=\"#22a\"><strong>Kreissparkasse Pulheim<\/strong><\/a><\/p><\/span><\/span><\/span><\/li><li class=\"gutentor-list-item grid-lg-12 grid-md-12 grid-12\"><span class=\"gutentor-single-item gutentor-single-item-1\"><span class=\"gutentor-list-item-wrap g-s-list-wrap\"><span class=\"gutentor-single-list-item-icon\"><i class=\"list-item-icon fas fa-angle-right\"><\/i><\/span><span class=\"gutentor-list-item\"><p class=\"gutentor-single-item-title\"><a href=\"#22b\"><strong>Kreissparkasse K\u00f6ln<\/strong><\/a><\/p><\/span><\/span><\/span><\/li><li class=\"gutentor-list-item grid-lg-12 grid-md-12 grid-12\"><span class=\"gutentor-single-item gutentor-single-item-2\"><span class=\"gutentor-list-item-wrap g-s-list-wrap\"><span class=\"gutentor-single-list-item-icon\"><i class=\"list-item-icon fas fa-angle-right\"><\/i><\/span><span class=\"gutentor-list-item\"><p class=\"gutentor-single-item-title\"><a href=\"#22c\"><strong>Kreissparkasse Lechenich<\/strong><\/a><\/p><\/span><\/span><\/span><\/li><li class=\"gutentor-list-item grid-lg-12 grid-md-12 grid-12\"><span class=\"gutentor-single-item gutentor-single-item-3\"><span class=\"gutentor-list-item-wrap g-s-list-wrap\"><span class=\"gutentor-single-list-item-icon\"><i class=\"list-item-icon fas fa-angle-right\"><\/i><\/span><span class=\"gutentor-list-item\"><p class=\"gutentor-single-item-title\"><a href=\"#22d\"><strong>Kreissparkasse Br\u00fchl<\/strong><\/a><\/p><\/span><\/span><\/span><\/li><li class=\"gutentor-list-item grid-lg-12 grid-md-12 grid-12\"><span class=\"gutentor-single-item gutentor-single-item-4\"><span class=\"gutentor-list-item-wrap g-s-list-wrap\"><span class=\"gutentor-single-list-item-icon\"><i class=\"list-item-icon fas fa-angle-right\"><\/i><\/span><span class=\"gutentor-list-item\"><p class=\"gutentor-single-item-title\"><a href=\"#22e\"><strong>Kreissparkasse Elsdorf<\/strong><\/a><\/p><\/span><\/span><\/span><\/li><li class=\"gutentor-list-item grid-lg-12 grid-md-12 grid-12\"><span class=\"gutentor-single-item gutentor-single-item-5\"><span class=\"gutentor-list-item-wrap g-s-list-wrap\"><span class=\"gutentor-single-list-item-icon\"><i class=\"list-item-icon fas fa-angle-right\"><\/i><\/span><span class=\"gutentor-list-item\"><p class=\"gutentor-single-item-title\"><a href=\"#22f\"><strong>Stadtsparkasse K\u00f6ln Chlodwigplatz<\/strong><\/a><\/p><\/span><\/span><\/span><\/li><li class=\"gutentor-list-item grid-lg-12 grid-md-12 grid-12\"><span class=\"gutentor-single-item gutentor-single-item-6\"><span class=\"gutentor-list-item-wrap g-s-list-wrap\"><span class=\"gutentor-single-list-item-icon\"><i class=\"list-item-icon fas fa-angle-right\"><\/i><\/span><span class=\"gutentor-list-item\"><p class=\"gutentor-single-item-title\"><a href=\"#22g\"><strong>Stadtsparkasse K\u00f6ln Humboldt<\/strong><\/a><\/p><\/span><\/span><\/span><\/li><li class=\"gutentor-list-item grid-lg-12 grid-md-12 grid-12\"><span class=\"gutentor-single-item gutentor-single-item-7\"><span class=\"gutentor-list-item-wrap g-s-list-wrap\"><span class=\"gutentor-single-list-item-icon\"><i class=\"list-item-icon fas fa-angle-right\"><\/i><\/span><span class=\"gutentor-list-item\"><p class=\"gutentor-single-item-title\"><a href=\"#22h\"><strong>Stadtsparkasse K\u00f6ln Severinstra\u00dfe<\/strong><\/a><\/p><\/span><\/span><\/span><\/li><\/ul><\/div>\n\n\n\n<p id=\"22a\"><strong>Neubau<\/strong><br><strong><mark style=\"background-color:rgba(0, 0, 0, 0);color:#5f7ca3\" class=\"has-inline-color\">Kreissparkasse Pulheim<\/mark><\/strong><br><strong>Bauherr:<\/strong> Kreissparkasse K\u00f6ln<br><strong>Architekt: <\/strong>Kraemer, Sieverts &amp; Partner, K\u00f6ln<br><strong>Geplante Anlagen:<\/strong> <\/p>\n\n\n\n<p id=\"22a\">&#8211; Elektro (Schwachstrom\/Starkstrom)<\/p>\n\n\n\n<p id=\"22a\">&#8211; Beleuchtung<\/p>\n\n\n\n<p id=\"22a\">&#8211; Sicherheitsanlage<\/p>\n\n\n\n<p id=\"22a\">&#8211; Kommunikationsanlage<br><a href=\"#top22\">zur\u00fcck nach oben<\/a><br><\/p>\n\n\n\n<p id=\"22b\"><strong><mark style=\"background-color:rgba(0, 0, 0, 0);color:#5f7ca3\" class=\"has-inline-color\">Kreissparkasse K\u00f6ln<\/mark><\/strong><br>Neumarkt 18-24, 50667 K\u00f6ln<br><strong>Bauherr:<\/strong> Kreissparkasse K\u00f6ln<br><strong>Architekt:<\/strong> Ruic &amp; Tatic, Schilling Kostulski, K\u00f6ln<br><strong>Geplante Anlagen:<\/strong> <\/p>\n\n\n\n<p id=\"22b\">&#8211; Heizung<\/p>\n\n\n\n<p id=\"22b\">&#8211; Fernw\u00e4rme<\/p>\n\n\n\n<p id=\"22b\">&#8211; L\u00fcftung, K\u00e4lte, Sanit\u00e4r<br><a href=\"#top22\">zur\u00fcck nach oben<\/a><br><\/p>\n\n\n\n<p id=\"22c\"><strong>Umbau<\/strong><br><strong><mark style=\"background-color:rgba(0, 0, 0, 0);color:#5f7ca3\" class=\"has-inline-color\">Kreissparkasse, Zweigstelle Lechenich<\/mark><\/strong><br>Markt 14, 50374 Erftstadt<br><strong>Bauherr: <\/strong>Kreissparkasse K\u00f6ln<br><strong>Architekt:<\/strong> Buzenbach, Br\u00fchl<br><strong>Geplante Anlagen:<\/strong> <\/p>\n\n\n\n<p id=\"22c\">&#8211; Heizung<\/p>\n\n\n\n<p id=\"22c\">&#8211; L\u00fcftung, K\u00e4lte, Sanit\u00e4r<\/p>\n\n\n\n<p id=\"22c\">&#8211; Elektro (Schwachstrom\/Starkstrom)<\/p>\n\n\n\n<p id=\"22c\">&#8211; Beleuchtung<\/p>\n\n\n\n<p id=\"22c\">&#8211; Blitzschutz<\/p>\n\n\n\n<p id=\"22c\">&#8211; Sicherheitsanlage<br><a href=\"#top22\">zur\u00fcck nach oben<\/a><br><\/p>\n\n\n\n<p id=\"22d\"><strong>Umbau<\/strong><br><strong><mark style=\"background-color:rgba(0, 0, 0, 0);color:#5f7ca3\" class=\"has-inline-color\">Kreissparkasse Br\u00fchl<\/mark><\/strong><br>Markt 14, 50321 Br\u00fchl<br><strong>Bauherr:<\/strong> Kreissparkasse K\u00f6ln<br><strong>Architekt: <\/strong>Ernst, K\u00f6ln<br><strong>Geplante Anlagen:<\/strong> <\/p>\n\n\n\n<p id=\"22d\">&#8211; Elektro (Schwachstrom\/Starkstrom)<\/p>\n\n\n\n<p id=\"22d\">&#8211; Beleuchtung<\/p>\n\n\n\n<p id=\"22d\">&#8211; Sicherheitsanlage<\/p>\n\n\n\n<p id=\"22d\">&#8211; Kommunikationsanlage<\/p>\n\n\n\n<p id=\"22d\">&#8211; LAN-Netz<br><a href=\"#top22\">zur\u00fcck nach oben<\/a><br><\/p>\n\n\n\n<p id=\"22e\"><strong>Umbau<br><mark style=\"background-color:rgba(0, 0, 0, 0);color:#5f7ca3\" class=\"has-inline-color\">Kreissparkasse Elsdorf<\/mark><\/strong><br>Gladbacher Str. 45, 50189 Elsdorf<br><strong>Bauherr:<\/strong> Kreissparkasse K\u00f6ln<br><strong>Architekt:<\/strong> Kreissparkasse K\u00f6ln<br><strong>Geplante Anlagen: <\/strong><\/p>\n\n\n\n<p id=\"22e\">&#8211; Elektro (Schwachstrom\/Starkstrom)<\/p>\n\n\n\n<p id=\"22e\">&#8211; Beleuchtung<\/p>\n\n\n\n<p id=\"22e\">&#8211; Sicherheitsanlage<\/p>\n\n\n\n<p id=\"22e\">&#8211; Kommunikationsanlage<\/p>\n\n\n\n<p id=\"22e\">&#8211; LAN-Netz<br><a href=\"#top22\">zur\u00fcck nach oben<\/a><br><\/p>\n\n\n\n<p id=\"22f\"><strong>Umbau<br><mark style=\"background-color:rgba(0, 0, 0, 0);color:#5f7ca3\" class=\"has-inline-color\">Stadtsparkasse K\u00f6ln<\/mark><\/strong><br>Zweigstelle Chlodwigplatz<br>Ubierring 3, 50678 K\u00f6ln<br><strong>Bauherr: <\/strong>Stadtsparkasse K\u00f6ln<br><strong>Architekt:<\/strong> Kottmair Mronz, K\u00f6ln<br><strong>Geplante Anlagen:<\/strong> <\/p>\n\n\n\n<p id=\"22f\">&#8211; Heizung, L\u00fcftung, Sanit\u00e4r<\/p>\n\n\n\n<p id=\"22f\">&#8211; Elektro (Schwachstrom\/Starkstrom)<\/p>\n\n\n\n<p id=\"22f\">&#8211; Beleuchtung<\/p>\n\n\n\n<p id=\"22f\">&#8211; Sicherheitsanlage<br><a href=\"#top22\">zur\u00fcck nach oben<\/a><br><\/p>\n\n\n\n<p id=\"22g\"><strong>Umbau<br><mark style=\"background-color:rgba(0, 0, 0, 0);color:#5f7ca3\" class=\"has-inline-color\">Stadtsparkasse K\u00f6ln<\/mark><\/strong><br>Zweigstelle Humboldt<br>Gremberger Stra\u00dfe 32, 51105 K\u00f6ln<br><strong>Bauherr: <\/strong>Stadtsparkasse K\u00f6ln<br><strong>Architekt:<\/strong> Kottmair Mronz, K\u00f6ln<br><strong>Geplante Anlagen: <\/strong><\/p>\n\n\n\n<p id=\"22g\">&#8211; Elektro (Schwachstrom\/Starkstrom)<\/p>\n\n\n\n<p id=\"22g\">&#8211; Beleuchtung<\/p>\n\n\n\n<p id=\"22g\">&#8211; Sicherheitsanlage<\/p>\n\n\n\n<p id=\"22g\">&#8211; Kommunikationsanlagen<br><a href=\"#top22\">zur\u00fcck nach oben<\/a><br><\/p>\n\n\n\n<p id=\"22h\"><strong>Umbau<\/strong><br><strong><mark style=\"background-color:rgba(0, 0, 0, 0);color:#5f7ca3\" class=\"has-inline-color\">Stadtsparkasse K\u00f6ln<br><\/mark><\/strong>Zweigstelle Severinstra\u00dfe<br>Severinstra\u00dfe 149, 50678 K\u00f6ln<br><strong>Bauherr: <\/strong>Stadtsparkasse K\u00f6ln<br><strong>Architekt: <\/strong>Kottmair Mronz, K\u00f6ln<br><strong>Geplante Anlagen: <\/strong><\/p>\n\n\n\n<p id=\"22h\">&#8211; Heizung, L\u00fcftung, Sanit\u00e4r<\/p>\n\n\n\n<p id=\"22h\">&#8211; Elektro (Schwachstrom\/Starkstrom)<\/p>\n\n\n\n<p id=\"22h\">&#8211; Beleuchtung<\/p>\n\n\n\n<p id=\"22h\">&#8211; Sicherheitsanlage<br><a href=\"#top22\">zur\u00fcck nach oben<\/a><\/p>\n\n\n\n<div id=\"section-g041251\" class=\"wp-block-gutentor-e0 section-g041251 gutentor-element gutentor-element-advanced-text\"><div class=\"gutentor-text-wrap\"><p class=\"gutentor-text\"><\/p><\/div><\/div>\n<\/div><\/div><\/div>\n\n\n\n<div id=\"ada33f\" class=\"wp-block-gutentor-m6-item section-ada33f gutentor-module gutentor-module-accordion-item\"><div class=\"gutentor-module-accordion-panel g-a-panel-5d45c0\"><div class=\"gm-ah-5d45c0 gutentor-module-accordion-item-heading gutentor-module-icon-position-left\"><span class=\"gutentor-module-accordion-panel-handler\" role=\"button\"><span class=\"gutentor-module-accordion-icon\"><i class=\"gm-aio-5d45c0 gutentor-module-accordion-icon-open fas fa-angle-double-down\"><\/i><i class=\"gm-aic-5d45c0 gutentor-module-accordion-icon-close fas fa-angle-double-up\"><\/i><\/span><span class=\"gutentor-module-accordion-panel-handler-label\">BANKEN (Volksbanken, K\u00f6lner Banken, Raiffeisenbanken)<\/span><\/span><\/div><div class=\"gm-ab-5d45c0 gutentor-module-accordion-body\">\n<p id=\"top23\"><strong>\u00dcbersicht<\/strong><\/p>\n\n\n\n<div id=\"section-g726e4b\" class=\"wp-block-gutentor-e7 section-g726e4b gutentor-element gutentor-element-list\"><ul class=\"grid-row gutentor-grid-item-wrap list-indicator-icon\"><li class=\"gutentor-list-item grid-lg-12 grid-md-12 grid-12\"><span class=\"gutentor-single-item gutentor-single-item-0\"><span class=\"gutentor-list-item-wrap g-s-list-wrap\"><span class=\"gutentor-single-list-item-icon\"><i class=\"list-item-icon fas fa-angle-right\"><\/i><\/span><span class=\"gutentor-list-item\"><p class=\"gutentor-single-item-title\"><a href=\"#23a\"><strong>K\u00f6lner Bank Christophstra\u00dfe<\/strong><\/a><\/p><\/span><\/span><\/span><\/li><li class=\"gutentor-list-item grid-lg-12 grid-md-12 grid-12\"><span class=\"gutentor-single-item gutentor-single-item-1\"><span class=\"gutentor-list-item-wrap g-s-list-wrap\"><span class=\"gutentor-single-list-item-icon\"><i class=\"list-item-icon fas fa-angle-right\"><\/i><\/span><span class=\"gutentor-list-item\"><p class=\"gutentor-single-item-title\"><a href=\"#23b\"><strong>K\u00f6lner Bank Kaiser-Wilhelm-Ring<\/strong><\/a><\/p><\/span><\/span><\/span><\/li><li class=\"gutentor-list-item grid-lg-12 grid-md-12 grid-12\"><span class=\"gutentor-single-item gutentor-single-item-2\"><span class=\"gutentor-list-item-wrap g-s-list-wrap\"><span class=\"gutentor-single-list-item-icon\"><i class=\"list-item-icon fas fa-angle-right\"><\/i><\/span><span class=\"gutentor-list-item\"><p class=\"gutentor-single-item-title\"><a href=\"#23c\"><strong>K\u00f6lner Bank Krebsgasse<\/strong><\/a><\/p><\/span><\/span><\/span><\/li><li class=\"gutentor-list-item grid-lg-12 grid-md-12 grid-12\"><span class=\"gutentor-single-item gutentor-single-item-3\"><span class=\"gutentor-list-item-wrap g-s-list-wrap\"><span class=\"gutentor-single-list-item-icon\"><i class=\"list-item-icon fas fa-angle-right\"><\/i><\/span><span class=\"gutentor-list-item\"><p class=\"gutentor-single-item-title\"><a href=\"#23d\"><strong>K\u00f6lner Bank Chlodwigplatz<\/strong><\/a><\/p><\/span><\/span><\/span><\/li><li class=\"gutentor-list-item grid-lg-12 grid-md-12 grid-12\"><span class=\"gutentor-single-item gutentor-single-item-4\"><span class=\"gutentor-list-item-wrap g-s-list-wrap\"><span class=\"gutentor-single-list-item-icon\"><i class=\"list-item-icon fas fa-angle-right\"><\/i><\/span><span class=\"gutentor-list-item\"><p class=\"gutentor-single-item-title\"><a href=\"#23e\"><strong>K\u00f6lner Bank Braunsfeld<\/strong><\/a><\/p><\/span><\/span><\/span><\/li><li class=\"gutentor-list-item grid-lg-12 grid-md-12 grid-12\"><span class=\"gutentor-single-item gutentor-single-item-5\"><span class=\"gutentor-list-item-wrap g-s-list-wrap\"><span class=\"gutentor-single-list-item-icon\"><i class=\"list-item-icon fas fa-angle-right\"><\/i><\/span><span class=\"gutentor-list-item\"><p class=\"gutentor-single-item-title\"><a href=\"#23f\"><strong>K\u00f6lner Bank Zollstock<\/strong><\/a><\/p><\/span><\/span><\/span><\/li><li class=\"gutentor-list-item grid-lg-12 grid-md-12 grid-12\"><span class=\"gutentor-single-item gutentor-single-item-6\"><span class=\"gutentor-list-item-wrap g-s-list-wrap\"><span class=\"gutentor-single-list-item-icon\"><i class=\"list-item-icon fas fa-angle-right\"><\/i><\/span><span class=\"gutentor-list-item\"><p class=\"gutentor-single-item-title\"><a href=\"#23g\"><strong>K\u00f6lner Bank Lindenthal<\/strong><\/a><\/p><\/span><\/span><\/span><\/li><li class=\"gutentor-list-item grid-lg-12 grid-md-12 grid-12\"><span class=\"gutentor-single-item gutentor-single-item-7\"><span class=\"gutentor-list-item-wrap g-s-list-wrap\"><span class=\"gutentor-single-list-item-icon\"><i class=\"list-item-icon fas fa-angle-right\"><\/i><\/span><span class=\"gutentor-list-item\"><p class=\"gutentor-single-item-title\"><a href=\"#23h\"><strong>K\u00f6lner Bank Rodenkirchen<\/strong><\/a><\/p><\/span><\/span><\/span><\/li><li class=\"gutentor-list-item grid-lg-12 grid-md-12 grid-12\"><span class=\"gutentor-single-item gutentor-single-item-8\"><span class=\"gutentor-list-item-wrap g-s-list-wrap\"><span class=\"gutentor-single-list-item-icon\"><i class=\"list-item-icon fas fa-angle-right\"><\/i><\/span><span class=\"gutentor-list-item\"><p class=\"gutentor-single-item-title\"><a href=\"#23i\"><strong>Raiffeisenbank von 1880 eGmbH<\/strong><\/a><\/p><\/span><\/span><\/span><\/li><li class=\"gutentor-list-item grid-lg-12 grid-md-12 grid-12\"><span class=\"gutentor-single-item gutentor-single-item-9\"><span class=\"gutentor-list-item-wrap g-s-list-wrap\"><span class=\"gutentor-single-list-item-icon\"><i class=\"list-item-icon fas fa-angle-right\"><\/i><\/span><span class=\"gutentor-list-item\"><p class=\"gutentor-single-item-title\"><a href=\"#23j\"><strong>Bank- und Wohngeb\u00e4ude K\u00f6ln<\/strong><\/a><\/p><\/span><\/span><\/span><\/li><\/ul><\/div>\n\n\n\n<p id=\"23a\"><strong>Umbau und Erweiterung<br><mark style=\"background-color:rgba(0, 0, 0, 0);color:#5f7ca3\" class=\"has-inline-color\">K\u00f6lner Bank<\/mark><\/strong><br>Christophstra\u00dfe, K\u00f6ln<br><strong>Bauherr:<\/strong> K\u00f6lner Bank von 1867<br><strong>Architekt: <\/strong>Paul Petry, K\u00f6ln<br><strong>Geplante Anlagen:<\/strong> <\/p>\n\n\n\n<p id=\"23a\">&#8211; Heizung<\/p>\n\n\n\n<p id=\"23a\">&#8211; Fernw\u00e4rme<\/p>\n\n\n\n<p id=\"23a\">&#8211; L\u00fcftung, K\u00e4lte, Sanit\u00e4r<\/p>\n\n\n\n<p id=\"23a\">&#8211; Teek\u00fcche<\/p>\n\n\n\n<p id=\"23a\">&#8211; Elektro (Schwachstrom\/Starkstrom)<\/p>\n\n\n\n<p id=\"23a\">&#8211; Trafo<\/p>\n\n\n\n<p id=\"23a\">&#8211; Blitzschutz<\/p>\n\n\n\n<p id=\"23a\">&#8211; Sicherheitsanlage<\/p>\n\n\n\n<p id=\"23a\">&#8211; Kommunikationsanlage<br><a href=\"#top23\">zur\u00fcck nach oben<\/a><br><\/p>\n\n\n\n<p><\/p>\n\n\n\n<p><\/p>\n\n\n\n<p id=\"23b\"><strong>Umbau und Erweiterung<br><mark style=\"background-color:rgba(0, 0, 0, 0);color:#5f7ca3\" class=\"has-inline-color\">K\u00f6lner Bank<\/mark><\/strong><br>Kaiser-Wilhelm-Ring 38, 50672 K\u00f6ln<br><strong>Bauherr: <\/strong>K\u00f6lner Bank von 1867<br><strong>Architekt: <\/strong>Paul Petry, K\u00f6ln<br><strong>Geplante Anlagen: <\/strong><\/p>\n\n\n\n<p id=\"23b\">&#8211; Heizung<\/p>\n\n\n\n<p id=\"23b\">&#8211; L\u00fcftung, K\u00e4lte, Sanit\u00e4r<\/p>\n\n\n\n<p id=\"23b\">&#8211; Teek\u00fcche<\/p>\n\n\n\n<p id=\"23b\">&#8211; Elektro (Schwachstrom\/Starkstrom)<\/p>\n\n\n\n<p id=\"23b\">&#8211; Beleuchtung<\/p>\n\n\n\n<p id=\"23b\">&#8211; Blitzschutz<\/p>\n\n\n\n<p id=\"23b\">&#8211; Sicherheitsanlage<\/p>\n\n\n\n<p id=\"23b\">&#8211; Kommunikationsanlage<br><a href=\"#top23\">zur\u00fcck nach oben<\/a><br><\/p>\n\n\n\n<p id=\"23c\"><strong>Umbau<br><mark style=\"background-color:rgba(0, 0, 0, 0);color:#5f7ca3\" class=\"has-inline-color\">K\u00f6lner Bank<\/mark><\/strong><br>Zweigstelle Krebsgasse, K\u00f6ln<br><strong>Bauherr: <\/strong>K\u00f6lner Bank von 1867<br><strong>Architekt: <\/strong>Paul Petry, K\u00f6ln<br><strong>Geplante Anlagen:<\/strong> <\/p>\n\n\n\n<p id=\"23c\">&#8211; Elektro (Schwachstrom\/Starkstrom)<\/p>\n\n\n\n<p id=\"23c\">&#8211; Beleuchtung<\/p>\n\n\n\n<p id=\"23c\">&#8211; Sicherheitsanlage<\/p>\n\n\n\n<p id=\"23c\">&#8211; Kommunikationsanlage<br><a href=\"#top23\">zur\u00fcck nach oben<\/a> <\/p>\n\n\n\n<p id=\"23d\"><strong>Umbau<\/strong><br><strong><mark style=\"background-color:rgba(0, 0, 0, 0);color:#5f7ca3\" class=\"has-inline-color\">K\u00f6lner Bank<\/mark><\/strong><br>Zweigstelle Chlodwigplatz<br>Im Ferkulum 4, 50678 K\u00f6ln<br><strong>Bauherr: <\/strong>K\u00f6lner Bank von 1867<br><strong>Architekt:<\/strong> Paul Petry, K\u00f6ln<br><strong>Geplante Anlagen: <\/strong><\/p>\n\n\n\n<p id=\"23d\">&#8211; Elektro (Schwachstrom\/Starkstrom)<\/p>\n\n\n\n<p id=\"23d\">&#8211; Beleuchtung<\/p>\n\n\n\n<p id=\"23d\">&#8211; Sicherheitsanlage<\/p>\n\n\n\n<p id=\"23d\">&#8211; Kommunikationsanlage<br><a href=\"#top23\">zur\u00fcck nach oben<\/a><br><\/p>\n\n\n\n<p id=\"23e\"><strong>Umbau<\/strong><br><strong><mark style=\"background-color:rgba(0, 0, 0, 0);color:#5f7ca3\" class=\"has-inline-color\">K\u00f6lner Bank<\/mark><\/strong><br>Zweigstelle Braunsfeld<br>Aachener Stra\u00dfe 555, 50933 K\u00f6ln-Braunsfeld<br><strong>Bauherr:<\/strong> K\u00f6lner Bank von 1867<br><strong>Architekt: <\/strong>Paul Petry, K\u00f6ln<br><strong>Geplante Anlagen:<\/strong> Heizung, L\u00fcftung, K\u00e4lte, Sanit\u00e4r, Teek\u00fcche, Elektro (Schwachstrom\/Starkstrom), Beleuchtung, Kommunikationsanlagen, Sicherheitsanlagen<br><a href=\"#top23\">zur\u00fcck nach oben<\/a><br><\/p>\n\n\n\n<p id=\"23f\"><strong>Umbau<\/strong><br><strong><mark style=\"background-color:rgba(0, 0, 0, 0);color:#5f7ca3\" class=\"has-inline-color\">K\u00f6lner Bank<\/mark><\/strong><br>Zweigstelle Zollstock<br>H\u00f6nninger Weg 241-243, 50969 K\u00f6ln-Zollstock<br><strong>Bauherr: <\/strong>K\u00f6lner Bank von 1867<br><strong>Architekt:<\/strong> Paul Petry, K\u00f6ln<br><strong>Geplante Anlagen: <\/strong><\/p>\n\n\n\n<p id=\"23f\">&#8211; Heizung, L\u00fcftung, Sanit\u00e4r<\/p>\n\n\n\n<p id=\"23f\">&#8211; Elektro (Schwachstrom\/Starkstrom)<\/p>\n\n\n\n<p id=\"23f\">&#8211; Beleuchtung<\/p>\n\n\n\n<p id=\"23f\">&#8211; Kommunikationsanlagen<\/p>\n\n\n\n<p id=\"23f\">&#8211; Sicherheitsanlagen<br><a href=\"#top23\">zur\u00fcck nach oben<\/a><br><\/p>\n\n\n\n<p id=\"23g\"><strong>Umbau<\/strong><br><strong><mark style=\"background-color:rgba(0, 0, 0, 0);color:#5f7ca3\" class=\"has-inline-color\">K\u00f6lner Bank<\/mark><\/strong><br>Zweigstelle Lindenthal<br>D\u00fcrener Stra\u00dfe 223, 50931 K\u00f6ln-Lindenthal<br><strong>Bauherr: <\/strong>K\u00f6lner Bank von 1867<br><strong>Architekt: <\/strong>Paul Petry, K\u00f6ln<br><strong>Geplante Anlagen:<\/strong> <\/p>\n\n\n\n<p id=\"23g\">&#8211; Heizung<\/p>\n\n\n\n<p id=\"23g\">&#8211; L\u00fcftung, K\u00e4lte, Sanit\u00e4r<\/p>\n\n\n\n<p id=\"23g\">&#8211; Teek\u00fcche<\/p>\n\n\n\n<p id=\"23g\">&#8211; Elektro (Schwachstrom\/Starkstrom)<\/p>\n\n\n\n<p id=\"23g\">&#8211; Beleuchtung<\/p>\n\n\n\n<p id=\"23g\">&#8211; Blitzschutz<\/p>\n\n\n\n<p id=\"23g\">&#8211; Kommunikationsanlagen<\/p>\n\n\n\n<p id=\"23g\">&#8211; Sicherheitsanlagen<br><a href=\"#top23\">zur\u00fcck nach oben<\/a><br><\/p>\n\n\n\n<p id=\"23h\"><strong>Neubau<br><mark style=\"background-color:rgba(0, 0, 0, 0);color:#5f7ca3\" class=\"has-inline-color\">K\u00f6lner Bank<\/mark><\/strong><br>Zweigstelle Rodenkirchen<br>Maternusstra\u00dfe 1 \/ Hauptstr. 90, 50996 K\u00f6ln-Rodenkirchen<br><strong>Bauherr: <\/strong>K\u00f6lner Bank von 1867<br><strong>Architekt:<\/strong> Paul Petry, K\u00f6ln<br><strong>Geplante Anlagen:<\/strong> <\/p>\n\n\n\n<p id=\"23h\">&#8211; Heizung<\/p>\n\n\n\n<p id=\"23h\">&#8211; L\u00fcftung, K\u00e4lte, Sanit\u00e4r<\/p>\n\n\n\n<p id=\"23h\">&#8211; Teek\u00fcche<\/p>\n\n\n\n<p id=\"23h\">&#8211; Elektro (Schwachstrom\/Starkstrom)<\/p>\n\n\n\n<p id=\"23h\">&#8211; Beleuchtung<\/p>\n\n\n\n<p id=\"23h\">&#8211; Blitzschutz<\/p>\n\n\n\n<p id=\"23h\">&#8211; Kommunikationsanlagen<\/p>\n\n\n\n<p id=\"23h\">&#8211; Sicherheitsanlagen<br><a href=\"#top23\">zur\u00fcck nach oben<\/a><br><\/p>\n\n\n\n<p id=\"23i\"><strong>Umbau<br><mark style=\"background-color:rgba(0, 0, 0, 0);color:#5f7ca3\" class=\"has-inline-color\">Raiffeisenbanken von 1880 eGmbH<\/mark><\/strong><br>K\u00f6ln-Longerich<br><strong>Bauherr:<\/strong> Raiffeisenbank von 1880 K\u00f6ln<br><strong>Architekt:<\/strong> Rolf Kauth, Bergisch-Gladbach<br><strong>Geplante Anlagen:<\/strong> <\/p>\n\n\n\n<p id=\"23i\">&#8211; Elektro (Schwachstrom\/Starkstrom)<\/p>\n\n\n\n<p id=\"23i\">&#8211; Beleuchtung<\/p>\n\n\n\n<p id=\"23i\">&#8211; Sicherheitsanlage<\/p>\n\n\n\n<p id=\"23i\">&#8211; Kommunikationsanlagen<br><a href=\"#top23\">zur\u00fcck nach oben<\/a><br><\/p>\n\n\n\n<p id=\"23j\"><strong><mark style=\"background-color:rgba(0, 0, 0, 0);color:#5f7ca3\" class=\"has-inline-color\">Bank- und Wohngeb\u00e4ude<br>K\u00f6ln-Thenhofen<\/mark><\/strong><br><strong>Bauherr: <\/strong>Raiffeisenbank von 1880 K\u00f6ln<br><strong>Architekt: <\/strong>Herrmann G\u00fcsgen, K\u00f6ln<br><strong>Geplante Anlagen: <\/strong><\/p>\n\n\n\n<p id=\"23j\">&#8211; Elektro (Schwachstrom\/Starkstrom)<\/p>\n\n\n\n<p id=\"23j\">&#8211; Beleuchtung<\/p>\n\n\n\n<p id=\"23j\">&#8211; Sicherheitsanlage<\/p>\n\n\n\n<p id=\"23j\">&#8211; Kommunikationsanlagen<br><a href=\"#top23\">zur\u00fcck nach oben<\/a><br><\/p>\n\n\n\n<div id=\"section-gb6755d\" class=\"wp-block-gutentor-e0 section-gb6755d gutentor-element gutentor-element-advanced-text\"><div class=\"gutentor-text-wrap\"><p class=\"gutentor-text\"><\/p><\/div><\/div>\n<\/div><\/div><\/div>\n\n\n\n<div id=\"252340\" class=\"wp-block-gutentor-m6-item section-252340 gutentor-module gutentor-module-accordion-item\"><div class=\"gutentor-module-accordion-panel g-a-panel-5d45c0\"><div class=\"gm-ah-5d45c0 gutentor-module-accordion-item-heading gutentor-module-icon-position-left\"><span class=\"gutentor-module-accordion-panel-handler\" role=\"button\"><span class=\"gutentor-module-accordion-icon\"><i class=\"gm-aio-5d45c0 gutentor-module-accordion-icon-open fas fa-angle-double-down\"><\/i><i class=\"gm-aic-5d45c0 gutentor-module-accordion-icon-close fas fa-angle-double-up\"><\/i><\/span><span class=\"gutentor-module-accordion-panel-handler-label\">BANKEN (Vereinsbanken)<\/span><\/span><\/div><div class=\"gm-ab-5d45c0 gutentor-module-accordion-body\">\n<p id=\"top24\"><strong>\u00dcbersicht<\/strong><\/p>\n\n\n\n<div id=\"section-g6ddbf9\" class=\"wp-block-gutentor-e7 section-g6ddbf9 gutentor-element gutentor-element-list\"><ul class=\"grid-row gutentor-grid-item-wrap list-indicator-icon\"><li class=\"gutentor-list-item grid-lg-12 grid-md-12 grid-12\"><span class=\"gutentor-single-item gutentor-single-item-0\"><span class=\"gutentor-list-item-wrap g-s-list-wrap\"><span class=\"gutentor-single-list-item-icon\"><i class=\"list-item-icon fas fa-angle-right\"><\/i><\/span><span class=\"gutentor-list-item\"><p class=\"gutentor-single-item-title\"><a href=\"#24a\"><strong>Bayerische Vereinsbank<\/strong><\/a><\/p><\/span><\/span><\/span><\/li><\/ul><\/div>\n\n\n\n<div id=\"section-g2c485e\" class=\"wp-block-gutentor-e0 section-g2c485e gutentor-element gutentor-element-advanced-text\"><div class=\"gutentor-text-wrap\"><p class=\"gutentor-text\"><\/p><\/div><\/div>\n\n\n\n<p id=\"24a\"><strong>Umbau<br><mark style=\"background-color:rgba(0, 0, 0, 0);color:#5f7ca3\" class=\"has-inline-color\">Bayrische Vereinsbank<\/mark><\/strong><br>Unter Sachsenhausen 37, 50667 K\u00f6ln<br><strong>Bauherr:<\/strong> Bayerische Vereinsbank, M\u00fcnchen<br><strong>Architekt:<\/strong> Nowrzella, K\u00f6ln<br><strong>Geplante Anlagen:<\/strong> <\/p>\n\n\n\n<p id=\"24a\">&#8211; Heizung<\/p>\n\n\n\n<p id=\"24a\">&#8211; L\u00fcftung, K\u00e4lte, Sanit\u00e4r <\/p>\n\n\n\n<p><a href=\"#top24\">zur\u00fcck nach oben<\/a><\/p>\n<\/div><\/div><\/div>\n\n\n\n<div id=\"b44ceb\" class=\"wp-block-gutentor-m6-item section-b44ceb gutentor-module gutentor-module-accordion-item\"><div class=\"gutentor-module-accordion-panel g-a-panel-5d45c0\"><div class=\"gm-ah-5d45c0 gutentor-module-accordion-item-heading gutentor-module-icon-position-left\"><span class=\"gutentor-module-accordion-panel-handler\" role=\"button\"><span class=\"gutentor-module-accordion-icon\"><i class=\"gm-aio-5d45c0 gutentor-module-accordion-icon-open fas fa-angle-double-down\"><\/i><i class=\"gm-aic-5d45c0 gutentor-module-accordion-icon-close fas fa-angle-double-up\"><\/i><\/span><span class=\"gutentor-module-accordion-panel-handler-label\">WOHN- UND GESCH\u00c4FTSH\u00c4USER<\/span><\/span><\/div><div class=\"gm-ab-5d45c0 gutentor-module-accordion-body\">\n<p id=\"top3\"><strong>\u00dcbersicht<\/strong><\/p>\n\n\n\n<div id=\"section-g588975\" class=\"wp-block-gutentor-e7 section-g588975 gutentor-element gutentor-element-list\"><ul class=\"grid-row gutentor-grid-item-wrap list-indicator-icon\"><li class=\"gutentor-list-item grid-lg-12 grid-md-12 grid-12\"><span class=\"gutentor-single-item gutentor-single-item-0\"><span class=\"gutentor-list-item-wrap g-s-list-wrap\"><span class=\"gutentor-single-list-item-icon\"><i class=\"list-item-icon fas fa-angle-right\"><\/i><\/span><span class=\"gutentor-list-item\"><p class=\"gutentor-single-item-title\"><a href=\"#3a\"><strong>Modehaus Peek &amp; Cloppenburg Wuppertal<\/strong><\/a><\/p><\/span><\/span><\/span><\/li><li class=\"gutentor-list-item grid-lg-12 grid-md-12 grid-12\"><span class=\"gutentor-single-item gutentor-single-item-1\"><span class=\"gutentor-list-item-wrap g-s-list-wrap\"><span class=\"gutentor-single-list-item-icon\"><i class=\"list-item-icon fas fa-angle-right\"><\/i><\/span><span class=\"gutentor-list-item\"><p class=\"gutentor-single-item-title\"><a href=\"#3b\"><strong>Modehaus Peek &amp; Cloppenburg Leverkusen<\/strong><\/a><\/p><\/span><\/span><\/span><\/li><li class=\"gutentor-list-item grid-lg-12 grid-md-12 grid-12\"><span class=\"gutentor-single-item gutentor-single-item-2\"><span class=\"gutentor-list-item-wrap g-s-list-wrap\"><span class=\"gutentor-single-list-item-icon\"><i class=\"list-item-icon fas fa-angle-right\"><\/i><\/span><span class=\"gutentor-list-item\"><p class=\"gutentor-single-item-title\"><a href=\"#3c\"><strong>Modehaus Peek &amp; Cloppenburg L\u00fcnen<\/strong><\/a><\/p><\/span><\/span><\/span><\/li><li class=\"gutentor-list-item grid-lg-12 grid-md-12 grid-12\"><span class=\"gutentor-single-item gutentor-single-item-3\"><span class=\"gutentor-list-item-wrap g-s-list-wrap\"><span class=\"gutentor-single-list-item-icon\"><i class=\"list-item-icon fas fa-angle-right\"><\/i><\/span><span class=\"gutentor-list-item\"><p class=\"gutentor-single-item-title\"><a href=\"#3d\"><strong>Modehaus Peek &amp; Cloppenburg Recklinghausen<\/strong><\/a><\/p><\/span><\/span><\/span><\/li><li class=\"gutentor-list-item grid-lg-12 grid-md-12 grid-12\"><span class=\"gutentor-single-item gutentor-single-item-4\"><span class=\"gutentor-list-item-wrap g-s-list-wrap\"><span class=\"gutentor-single-list-item-icon\"><i class=\"list-item-icon fas fa-angle-right\"><\/i><\/span><span class=\"gutentor-list-item\"><p class=\"gutentor-single-item-title\"><a href=\"#3e\"><strong>Modehaus Peek &amp; Cloppenburg Hanau<\/strong><\/a><\/p><\/span><\/span><\/span><\/li><li class=\"gutentor-list-item grid-lg-12 grid-md-12 grid-12\"><span class=\"gutentor-single-item gutentor-single-item-5\"><span class=\"gutentor-list-item-wrap g-s-list-wrap\"><span class=\"gutentor-single-list-item-icon\"><i class=\"list-item-icon fas fa-angle-right\"><\/i><\/span><span class=\"gutentor-list-item\"><p class=\"gutentor-single-item-title\"><a href=\"#3f\"><strong>Modehaus Peek &amp; Cloppenburg Bad Homburg<\/strong><\/a><\/p><\/span><\/span><\/span><\/li><li class=\"gutentor-list-item grid-lg-12 grid-md-12 grid-12\"><span class=\"gutentor-single-item gutentor-single-item-6\"><span class=\"gutentor-list-item-wrap g-s-list-wrap\"><span class=\"gutentor-single-list-item-icon\"><i class=\"list-item-icon fas fa-angle-right\"><\/i><\/span><span class=\"gutentor-list-item\"><p class=\"gutentor-single-item-title\"><a href=\"#3g\"><strong>Modehaus Peek &amp; Cloppenburg Potsdam<\/strong><\/a><\/p><\/span><\/span><\/span><\/li><li class=\"gutentor-list-item grid-lg-12 grid-md-12 grid-12\"><span class=\"gutentor-single-item gutentor-single-item-7\"><span class=\"gutentor-list-item-wrap g-s-list-wrap\"><span class=\"gutentor-single-list-item-icon\"><i class=\"list-item-icon fas fa-angle-right\"><\/i><\/span><span class=\"gutentor-list-item\"><p class=\"gutentor-single-item-title\"><a href=\"#3h\"><strong>Gesch\u00e4ftshaus Ansons Essen<\/strong><\/a><\/p><\/span><\/span><\/span><\/li><li class=\"gutentor-list-item grid-lg-12 grid-md-12 grid-12\"><span class=\"gutentor-single-item gutentor-single-item-8\"><span class=\"gutentor-list-item-wrap g-s-list-wrap\"><span class=\"gutentor-single-list-item-icon\"><i class=\"list-item-icon fas fa-angle-right\"><\/i><\/span><span class=\"gutentor-list-item\"><p class=\"gutentor-single-item-title\"><a href=\"#3i\"><strong>Gesch\u00e4ftszentrum Richmodishaus<\/strong><\/a><\/p><\/span><\/span><\/span><\/li><li class=\"gutentor-list-item grid-lg-12 grid-md-12 grid-12\"><span class=\"gutentor-single-item gutentor-single-item-9\"><span class=\"gutentor-list-item-wrap g-s-list-wrap\"><span class=\"gutentor-single-list-item-icon\"><i class=\"list-item-icon fas fa-angle-right\"><\/i><\/span><span class=\"gutentor-list-item\"><p class=\"gutentor-single-item-title\"><a href=\"#3j\"><strong>B\u00fcro- und Gesch\u00e4ftshaus K\u00f6ln<\/strong><\/a><\/p><\/span><\/span><\/span><\/li><li class=\"gutentor-list-item grid-lg-12 grid-md-12 grid-12\"><span class=\"gutentor-single-item gutentor-single-item-10\"><span class=\"gutentor-list-item-wrap g-s-list-wrap\"><span class=\"gutentor-single-list-item-icon\"><i class=\"list-item-icon fas fa-angle-right\"><\/i><\/span><span class=\"gutentor-list-item\"><p class=\"gutentor-single-item-title\"><a href=\"#3k\"><strong>Wohn- und Gesch\u00e4ftshaus K\u00f6ln<\/strong><\/a><\/p><\/span><\/span><\/span><\/li><li class=\"gutentor-list-item grid-lg-12 grid-md-12 grid-12\"><span class=\"gutentor-single-item gutentor-single-item-11\"><span class=\"gutentor-list-item-wrap g-s-list-wrap\"><span class=\"gutentor-single-list-item-icon\"><i class=\"list-item-icon fas fa-angle-right\"><\/i><\/span><span class=\"gutentor-list-item\"><p class=\"gutentor-single-item-title\"><a href=\"#3l\"><strong>Wohn- und Gesch\u00e4ftshaus Essen<\/strong><\/a><\/p><\/span><\/span><\/span><\/li><li class=\"gutentor-list-item grid-lg-12 grid-md-12 grid-12\"><span class=\"gutentor-single-item gutentor-single-item-12\"><span class=\"gutentor-list-item-wrap g-s-list-wrap\"><span class=\"gutentor-single-list-item-icon\"><i class=\"list-item-icon fas fa-angle-right\"><\/i><\/span><span class=\"gutentor-list-item\"><p class=\"gutentor-single-item-title\"><a href=\"#3m\"><strong>Wohn- und Gesch\u00e4ftshaus M\u00f6nchengladbach<\/strong><\/a><\/p><\/span><\/span><\/span><\/li><li class=\"gutentor-list-item grid-lg-12 grid-md-12 grid-12\"><span class=\"gutentor-single-item gutentor-single-item-13\"><span class=\"gutentor-list-item-wrap g-s-list-wrap\"><span class=\"gutentor-single-list-item-icon\"><i class=\"list-item-icon fas fa-angle-right\"><\/i><\/span><span class=\"gutentor-list-item\"><p class=\"gutentor-single-item-title\"><a href=\"#3n\"><strong>Wohn- und Gesch\u00e4ftshaus Dortmund<\/strong><\/a><\/p><\/span><\/span><\/span><\/li><li class=\"gutentor-list-item grid-lg-12 grid-md-12 grid-12\"><span class=\"gutentor-single-item gutentor-single-item-14\"><span class=\"gutentor-list-item-wrap g-s-list-wrap\"><span class=\"gutentor-single-list-item-icon\"><i class=\"list-item-icon fas fa-angle-right\"><\/i><\/span><span class=\"gutentor-list-item\"><p class=\"gutentor-single-item-title\"><a href=\"#3o\"><strong>B\u00fcro- und Gesch\u00e4ftshaus Dortmund<\/strong><\/a><\/p><\/span><\/span><\/span><\/li><li class=\"gutentor-list-item grid-lg-12 grid-md-12 grid-12\"><span class=\"gutentor-single-item gutentor-single-item-15\"><span class=\"gutentor-list-item-wrap g-s-list-wrap\"><span class=\"gutentor-single-list-item-icon\"><i class=\"list-item-icon fas fa-angle-right\"><\/i><\/span><span class=\"gutentor-list-item\"><p class=\"gutentor-single-item-title\"><a href=\"#3p\"><strong>Wohn, B\u00fcro- und Gesch\u00e4ftshaus D\u00fcsseldorf<\/strong><\/a><\/p><\/span><\/span><\/span><\/li><li class=\"gutentor-list-item grid-lg-12 grid-md-12 grid-12\"><span class=\"gutentor-single-item gutentor-single-item-16\"><span class=\"gutentor-list-item-wrap g-s-list-wrap\"><span class=\"gutentor-single-list-item-icon\"><i class=\"list-item-icon fas fa-angle-right\"><\/i><\/span><span class=\"gutentor-list-item\"><p class=\"gutentor-single-item-title\"><a href=\"#3q\"><strong>Gesch\u00e4ftshaus Essen<\/strong><\/a><\/p><\/span><\/span><\/span><\/li><li class=\"gutentor-list-item grid-lg-12 grid-md-12 grid-12\"><span class=\"gutentor-single-item gutentor-single-item-17\"><span class=\"gutentor-list-item-wrap g-s-list-wrap\"><span class=\"gutentor-single-list-item-icon\"><i class=\"list-item-icon fas fa-angle-right\"><\/i><\/span><span class=\"gutentor-list-item\"><p class=\"gutentor-single-item-title\"><a href=\"#3r\"><strong>Einkaufshandelszentrum H\u00fcrth-Park<\/strong><\/a><\/p><\/span><\/span><\/span><\/li><li class=\"gutentor-list-item grid-lg-12 grid-md-12 grid-12\"><span class=\"gutentor-single-item gutentor-single-item-18\"><span class=\"gutentor-list-item-wrap g-s-list-wrap\"><span class=\"gutentor-single-list-item-icon\"><i class=\"list-item-icon fas fa-angle-right\"><\/i><\/span><span class=\"gutentor-list-item\"><p class=\"gutentor-single-item-title\"><a href=\"#3s\"><strong>Gesch\u00e4ftshaus B\u00f6rsenplatz K\u00f6ln<\/strong><\/a><\/p><\/span><\/span><\/span><\/li><li class=\"gutentor-list-item grid-lg-12 grid-md-12 grid-12\"><span class=\"gutentor-single-item gutentor-single-item-19\"><span class=\"gutentor-list-item-wrap g-s-list-wrap\"><span class=\"gutentor-single-list-item-icon\"><i class=\"list-item-icon fas fa-angle-right\"><\/i><\/span><span class=\"gutentor-list-item\"><p class=\"gutentor-single-item-title\"><a href=\"#3t\"><strong>Wohn- und Gesch\u00e4ftshaus Leipzig<\/strong><\/a><\/p><\/span><\/span><\/span><\/li><li class=\"gutentor-list-item grid-lg-12 grid-md-12 grid-12\"><span class=\"gutentor-single-item gutentor-single-item-20\"><span class=\"gutentor-list-item-wrap g-s-list-wrap\"><span class=\"gutentor-single-list-item-icon\"><i class=\"list-item-icon fas fa-angle-right\"><\/i><\/span><span class=\"gutentor-list-item\"><p class=\"gutentor-single-item-title\"><a href=\"#3v\"><strong>Wohn- und Gesch\u00e4ftshaus D\u00fcsseldorf<\/strong><\/a><\/p><\/span><\/span><\/span><\/li><li class=\"gutentor-list-item grid-lg-12 grid-md-12 grid-12\"><span class=\"gutentor-single-item gutentor-single-item-21\"><span class=\"gutentor-list-item-wrap g-s-list-wrap\"><span class=\"gutentor-single-list-item-icon\"><i class=\"list-item-icon fas fa-angle-right\"><\/i><\/span><span class=\"gutentor-list-item\"><p class=\"gutentor-single-item-title\"><a href=\"#3w\"><strong>Altenburger City Center<\/strong><\/a><\/p><\/span><\/span><\/span><\/li><li class=\"gutentor-list-item grid-lg-12 grid-md-12 grid-12\"><span class=\"gutentor-single-item gutentor-single-item-22\"><span class=\"gutentor-list-item-wrap g-s-list-wrap\"><span class=\"gutentor-single-list-item-icon\"><i class=\"list-item-icon fas fa-angle-right\"><\/i><\/span><span class=\"gutentor-list-item\"><p class=\"gutentor-single-item-title\"><a href=\"#3x\"><strong>Gesch\u00e4ftshaus Frankfurt\/Main<\/strong><\/a><\/p><\/span><\/span><\/span><\/li><li class=\"gutentor-list-item grid-lg-12 grid-md-12 grid-12\"><span class=\"gutentor-single-item gutentor-single-item-23\"><span class=\"gutentor-list-item-wrap g-s-list-wrap\"><span class=\"gutentor-single-list-item-icon\"><i class=\"list-item-icon fas fa-angle-right\"><\/i><\/span><span class=\"gutentor-list-item\"><p class=\"gutentor-single-item-title\"><a href=\"#3y\"><strong>Handelsblatt Haus<\/strong><\/a><\/p><\/span><\/span><\/span><\/li><li class=\"gutentor-list-item grid-lg-12 grid-md-12 grid-12\"><span class=\"gutentor-single-item gutentor-single-item-24\"><span class=\"gutentor-list-item-wrap g-s-list-wrap\"><span class=\"gutentor-single-list-item-icon\"><i class=\"list-item-icon fas fa-angle-right\"><\/i><\/span><span class=\"gutentor-list-item\"><p class=\"gutentor-single-item-title\"><a href=\"#3z\"><strong>Gesch\u00e4ftshaus Niedenau<\/strong><\/a><\/p><\/span><\/span><\/span><\/li><li class=\"gutentor-list-item grid-lg-12 grid-md-12 grid-12\"><span class=\"gutentor-single-item gutentor-single-item-25\"><span class=\"gutentor-list-item-wrap g-s-list-wrap\"><span class=\"gutentor-single-list-item-icon\"><i class=\"list-item-icon fas fa-angle-right\"><\/i><\/span><span class=\"gutentor-list-item\"><p class=\"gutentor-single-item-title\"><a href=\"#3aa\"><strong>Gesch\u00e4ftshaus &#8222;Drei K\u00f6nige&#8220; Leipzig<\/strong><\/a><\/p><\/span><\/span><\/span><\/li><li class=\"gutentor-list-item grid-lg-12 grid-md-12 grid-12\"><span class=\"gutentor-single-item gutentor-single-item-26\"><span class=\"gutentor-list-item-wrap g-s-list-wrap\"><span class=\"gutentor-single-list-item-icon\"><i class=\"list-item-icon fas fa-angle-right\"><\/i><\/span><span class=\"gutentor-list-item\"><p class=\"gutentor-single-item-title\"><a href=\"#3bb\"><strong>Modehaus C &amp; A D\u00fcsseldorf<\/strong><\/a><\/p><\/span><\/span><\/span><\/li><li class=\"gutentor-list-item grid-lg-12 grid-md-12 grid-12\"><span class=\"gutentor-single-item gutentor-single-item-27\"><span class=\"gutentor-list-item-wrap g-s-list-wrap\"><span class=\"gutentor-single-list-item-icon\"><i class=\"list-item-icon fas fa-angle-right\"><\/i><\/span><span class=\"gutentor-list-item\"><p class=\"gutentor-single-item-title\"><a href=\"#3cc\"><strong>Modehaus Ansons Krefeld<\/strong><\/a><\/p><\/span><\/span><\/span><\/li><li class=\"gutentor-list-item grid-lg-12 grid-md-12 grid-12\"><span class=\"gutentor-single-item gutentor-single-item-28\"><span class=\"gutentor-list-item-wrap g-s-list-wrap\"><span class=\"gutentor-single-list-item-icon\"><i class=\"list-item-icon fas fa-angle-right\"><\/i><\/span><span class=\"gutentor-list-item\"><p class=\"gutentor-single-item-title\"><a href=\"#3dd\"><strong>Gesch\u00e4ftshaus Koblenz<\/strong><\/a><\/p><\/span><\/span><\/span><\/li><li class=\"gutentor-list-item grid-lg-12 grid-md-12 grid-12\"><span class=\"gutentor-single-item gutentor-single-item-29\"><span class=\"gutentor-list-item-wrap g-s-list-wrap\"><span class=\"gutentor-single-list-item-icon\"><i class=\"list-item-icon fas fa-angle-right\"><\/i><\/span><span class=\"gutentor-list-item\"><p class=\"gutentor-single-item-title\"><a href=\"#3ee\"><strong>Gesch\u00e4ftshaus TK-Maxx Leipzig<\/strong><\/a><\/p><\/span><\/span><\/span><\/li><li class=\"gutentor-list-item grid-lg-12 grid-md-12 grid-12\"><span class=\"gutentor-single-item gutentor-single-item-30\"><span class=\"gutentor-list-item-wrap g-s-list-wrap\"><span class=\"gutentor-single-list-item-icon\"><i class=\"list-item-icon fas fa-angle-right\"><\/i><\/span><span class=\"gutentor-list-item\"><p class=\"gutentor-single-item-title\"><a href=\"#3ff\"><strong>Gesch\u00e4ftshaus Rostock Kr\u00f6peliner Str. 38<\/strong><\/a><\/p><\/span><\/span><\/span><\/li><li class=\"gutentor-list-item grid-lg-12 grid-md-12 grid-12\"><span class=\"gutentor-single-item gutentor-single-item-31\"><span class=\"gutentor-list-item-wrap g-s-list-wrap\"><span class=\"gutentor-single-list-item-icon\"><i class=\"list-item-icon fas fa-angle-right\"><\/i><\/span><span class=\"gutentor-list-item\"><p class=\"gutentor-single-item-title\"><a href=\"#3gg\"><strong>Gesch\u00e4ftshaus Rostock Kr\u00f6peliner Str. 84<\/strong><\/a><\/p><\/span><\/span><\/span><\/li><\/ul><\/div>\n\n\n\n<p id=\"3a\"><strong>Umbau<br><mark style=\"background-color:rgba(0, 0, 0, 0);color:#5f7ca3\" class=\"has-inline-color\">Modehaus Peek &amp; Cloppenburg<\/mark><\/strong><br>Wuppertal<br><strong>Bauherr: <\/strong>Peek und Cloppenburg, D\u00fcsseldorf<br><strong>Architekt: <\/strong>Herrmann &amp; Engels, K\u00f6ln<br><strong>Geplante Anlagen: <\/strong><\/p>\n\n\n\n<p id=\"3a\">&#8211; Heizung, Fernw\u00e4rme<\/p>\n\n\n\n<p id=\"3a\">&#8211; L\u00fcftung, K\u00e4lte, Sanit\u00e4r<\/p>\n\n\n\n<p id=\"3a\">&#8211; Sprinkler<\/p>\n\n\n\n<p id=\"3a\">&#8211; Elektro (Schwachstrom\/Starkstrom)<\/p>\n\n\n\n<p id=\"3a\">&#8211; Beleuchtung<\/p>\n\n\n\n<p id=\"3a\">&#8211; Blitzschutz<\/p>\n\n\n\n<p id=\"3a\">&#8211; Kommunikationsanlagen<\/p>\n\n\n\n<p id=\"3a\">&#8211; Sicherheitsanlagen<\/p>\n\n\n\n<p id=\"3a\">&#8211; Notstrom<\/p>\n\n\n\n<p id=\"3a\">&#8211; Trafo<br><a href=\"#top3\">zur\u00fcck nach oben<\/a><br><\/p>\n\n\n\n<p id=\"3b\"><strong>Umbau<br><mark style=\"background-color:rgba(0, 0, 0, 0);color:#5f7ca3\" class=\"has-inline-color\">Modehaus Peek &amp; Cloppenburg<\/mark><\/strong><br>Leverkusen<br><strong>Bauherr: <\/strong>Peek und Cloppenburg, D\u00fcsseldorf<br><strong>Architekt: <\/strong>Herrmann &amp; Engels, K\u00f6ln<br><strong>Geplante Anlagen: <\/strong><\/p>\n\n\n\n<p id=\"3b\">&#8211; Heizung, Fernw\u00e4rme<\/p>\n\n\n\n<p id=\"3b\">&#8211; L\u00fcftung, K\u00e4lte, Sanit\u00e4r<\/p>\n\n\n\n<p id=\"3b\">&#8211; Sprinkler<\/p>\n\n\n\n<p id=\"3b\">&#8211; Elektro (Schwachstrom\/Starkstrom)<\/p>\n\n\n\n<p id=\"3b\">&#8211; Beleuchtung<\/p>\n\n\n\n<p id=\"3b\">&#8211; Blitzschutz<\/p>\n\n\n\n<p id=\"3b\">&#8211; Kommunikationsanlagen<\/p>\n\n\n\n<p id=\"3b\">&#8211; Sicherheitsanlagen<\/p>\n\n\n\n<p id=\"3b\">&#8211; Notstrom<\/p>\n\n\n\n<p id=\"3b\">&#8211; Trafo<br><a href=\"#top3\">zur\u00fcck nach oben<\/a><br><\/p>\n\n\n\n<p id=\"3c\"><strong>Umbau<br><mark style=\"background-color:rgba(0, 0, 0, 0);color:#5f7ca3\" class=\"has-inline-color\">Modehaus Peek &amp; Cloppenburg<\/mark><\/strong><br>L\u00fcnen<br><strong>Bauherr:<\/strong> Peek und Cloppenburg, D\u00fcsseldorf<br><strong>Architekt:<\/strong> Herrmann &amp; Engels, K\u00f6ln<br><strong>Geplante Anlagen: <\/strong><\/p>\n\n\n\n<p id=\"3c\">&#8211; Heizung, Fernw\u00e4rme<\/p>\n\n\n\n<p id=\"3c\">&#8211; L\u00fcftung, K\u00e4lte Sanit\u00e4r<\/p>\n\n\n\n<p id=\"3c\">&#8211; Sprinkler<\/p>\n\n\n\n<p id=\"3c\">&#8211; Elektro (Schwachstrom\/Starkstrom)<\/p>\n\n\n\n<p id=\"3c\">&#8211; Beleuchtung<\/p>\n\n\n\n<p id=\"3c\">&#8211; Blitzschutz<\/p>\n\n\n\n<p id=\"3c\">&#8211; Kommunikationsanlagen<\/p>\n\n\n\n<p id=\"3c\">&#8211; Sicherheitsanlagen<\/p>\n\n\n\n<p id=\"3c\">&#8211; Notstrom<\/p>\n\n\n\n<p id=\"3c\">&#8211; Trafo<br><a href=\"#top3\">zur\u00fcck nach oben<\/a><br><\/p>\n\n\n\n<p id=\"3d\"><strong>Umbau<br><mark style=\"background-color:rgba(0, 0, 0, 0);color:#5f7ca3\" class=\"has-inline-color\">Modehaus Peek &amp; Cloppenburg<\/mark><\/strong><br>Recklinghausen<br><strong>Bauherr:<\/strong> Peek und Cloppenburg, D\u00fcsseldorf<br><strong>Architekt:<\/strong> IOPP, D\u00fcsseldorf<br><strong>Geplante Anlagen:<\/strong> <\/p>\n\n\n\n<p id=\"3d\">&#8211; Heizung, Fernw\u00e4rme<\/p>\n\n\n\n<p id=\"3d\">&#8211; L\u00fcftung, K\u00e4lte, Sanit\u00e4r<\/p>\n\n\n\n<p id=\"3d\">&#8211; Sprinkler<\/p>\n\n\n\n<p id=\"3d\">&#8211; Elektro (Schwachstrom\/Starkstrom)<\/p>\n\n\n\n<p id=\"3d\">&#8211; Beleuchtung<\/p>\n\n\n\n<p id=\"3d\">&#8211; Blitzschutz<\/p>\n\n\n\n<p id=\"3d\">&#8211; Kommunikationsanlagen<\/p>\n\n\n\n<p id=\"3d\">&#8211; Sicherheitsanlagen<\/p>\n\n\n\n<p id=\"3d\">&#8211; Notstrom<\/p>\n\n\n\n<p id=\"3d\">&#8211; Trafo<br><a href=\"#top3\">zur\u00fcck nach oben<\/a><br><\/p>\n\n\n\n<p id=\"3e\"><strong>Umbau<br><mark style=\"background-color:rgba(0, 0, 0, 0);color:#5f7ca3\" class=\"has-inline-color\">Modehaus Peek &amp; Cloppenburg<\/mark><\/strong><br>Hanau<br><strong>Bauherr:<\/strong> Peek und Cloppenburg, D\u00fcsseldorf<br><strong>Architekt:<\/strong> Herrmann &amp; Engels, K\u00f6ln<br><strong>Geplante Anlagen:<\/strong> <\/p>\n\n\n\n<p id=\"3e\">&#8211; Heizung, Fernw\u00e4rme<\/p>\n\n\n\n<p id=\"3e\">&#8211; L\u00fcftung, K\u00e4lte, Sanit\u00e4r<\/p>\n\n\n\n<p id=\"3e\">&#8211; Sprinkler<\/p>\n\n\n\n<p id=\"3e\">&#8211; Elektro (Schwachstrom\/Starkstrom)<\/p>\n\n\n\n<p id=\"3e\">&#8211; Beleuchtung<\/p>\n\n\n\n<p id=\"3e\">&#8211; Blitzschutz<\/p>\n\n\n\n<p id=\"3e\">&#8211; Kommunikationsanlagen<\/p>\n\n\n\n<p id=\"3e\">&#8211; Sicherheitsanlagen<\/p>\n\n\n\n<p id=\"3e\">&#8211; Notstrom<\/p>\n\n\n\n<p id=\"3e\">&#8211; Trafo<br><a href=\"#top3\">zur\u00fcck nach oben<\/a><br><\/p>\n\n\n\n<p id=\"3f\"><strong>Umbau<br><mark style=\"background-color:rgba(0, 0, 0, 0);color:#5f7ca3\" class=\"has-inline-color\">Modehaus Peek &amp; Cloppenburg<\/mark><\/strong><br>Bad Homburg<br><strong>Bauherr: <\/strong>Peek und Cloppenburg, D\u00fcsseldorf<br><strong>Architekt: <\/strong>Herrmann &amp; Engels, K\u00f6ln<br><strong>Geplante Anlagen:<\/strong> <\/p>\n\n\n\n<p id=\"3f\">&#8211; Heizung, Fernw\u00e4rme<\/p>\n\n\n\n<p id=\"3f\">&#8211; L\u00fcftung, K\u00e4lte, Sanit\u00e4r<\/p>\n\n\n\n<p id=\"3f\">&#8211; Sprinkler<\/p>\n\n\n\n<p id=\"3f\">&#8211; Elektro (Schwachstrom\/Starkstrom)<\/p>\n\n\n\n<p id=\"3f\">&#8211; Beleuchtung<\/p>\n\n\n\n<p id=\"3f\">&#8211; Blitzschutz<\/p>\n\n\n\n<p id=\"3f\">&#8211; Kommunikationsanlagen<\/p>\n\n\n\n<p id=\"3f\">&#8211; Sicherheitsanlagen<\/p>\n\n\n\n<p id=\"3f\">&#8211; Notstrom<\/p>\n\n\n\n<p id=\"3f\">&#8211; Trafo<br><a href=\"#top3\">zur\u00fcck nach oben<\/a><br><\/p>\n\n\n\n<p id=\"3g\"><strong>Umbau<br><mark style=\"background-color:rgba(0, 0, 0, 0);color:#5f7ca3\" class=\"has-inline-color\">Modehaus Peek &amp; Cloppenburg<\/mark><\/strong><br>Potsdam<br><strong>Bauherr:<\/strong> Peek und Cloppenburg, D\u00fcsseldorf<br><strong>Architekt: <\/strong>Herrmann &amp; Engels, K\u00f6ln<br><strong>Geplante Anlagen:<\/strong> <\/p>\n\n\n\n<p id=\"3g\">&#8211; Heizung, Fernw\u00e4rme<\/p>\n\n\n\n<p id=\"3g\">&#8211; L\u00fcftung, K\u00e4lte, Sanit\u00e4r<\/p>\n\n\n\n<p id=\"3g\">&#8211; Sprinkler<\/p>\n\n\n\n<p id=\"3g\">&#8211; Elektro (Schwachstrom\/Starkstrom)<\/p>\n\n\n\n<p id=\"3g\">&#8211; Beleuchtung<\/p>\n\n\n\n<p id=\"3g\">&#8211; Blitzschutz<\/p>\n\n\n\n<p id=\"3g\">&#8211; Kommunikationsanlagen<\/p>\n\n\n\n<p id=\"3g\">&#8211; Sicherheitsanlagen<\/p>\n\n\n\n<p id=\"3g\">&#8211; Notstrom<\/p>\n\n\n\n<p id=\"3g\">&#8211; Trafo<br><a href=\"#top3\">zur\u00fcck nach oben<\/a><br><\/p>\n\n\n\n<p id=\"3h\"><strong>Umbau<br><mark style=\"background-color:rgba(0, 0, 0, 0);color:#5f7ca3\" class=\"has-inline-color\">Gesch\u00e4ftshaus Ansons<\/mark><\/strong><mark style=\"background-color:rgba(0, 0, 0, 0);color:#5f7ca3\" class=\"has-inline-color\"><br><\/mark>Kettwiger Str. 1, 45127 Essen<br><strong>Bauherr: <\/strong>Peek und Cloppenburg<br><strong>Architekt: <\/strong>Frass &amp; Partner, K\u00f6ln<br><strong>Geplante Anlagen: <\/strong><\/p>\n\n\n\n<p id=\"3h\">&#8211; Heizung<\/p>\n\n\n\n<p id=\"3h\">&#8211; L\u00fcftung, K\u00e4lte, Sanit\u00e4r<\/p>\n\n\n\n<p id=\"3h\">&#8211; Sprinkler<\/p>\n\n\n\n<p id=\"3h\">&#8211; Elektro (Schwachstrom\/Starkstrom)<\/p>\n\n\n\n<p id=\"3h\">&#8211; Beleuchtung<\/p>\n\n\n\n<p id=\"3h\">&#8211; Blitzschutz<\/p>\n\n\n\n<p id=\"3h\">&#8211; Kommunikationsanlagen<\/p>\n\n\n\n<p id=\"3h\">&#8211; Sicherheitsanlagen<\/p>\n\n\n\n<p id=\"3h\">&#8211; F\u00f6rdertechnik<\/p>\n\n\n\n<p id=\"3h\">&#8211; Abgehangene Decken<\/p>\n\n\n\n<p id=\"3h\">&#8211; Generalplanung<br><a href=\"#top3\">zur\u00fcck nach oben<\/a><br><\/p>\n\n\n\n<p id=\"3i\"><strong>Neubau<br><mark style=\"background-color:rgba(0, 0, 0, 0);color:#5f7ca3\" class=\"has-inline-color\">Gesch\u00e4ftszentrum<\/mark><\/strong><br>Richmodishaus, 50667 K\u00f6ln<br><strong>Bauherr: <\/strong>Richmodishaus Grundst\u00fccksverwaltung GmbH, K\u00f6ln<br><strong>Architekt:<\/strong> Kiemle, Kreit und Grimbacher, D\u00fcsseldorf<br><strong>Geplante Anlagen:<\/strong> <\/p>\n\n\n\n<p id=\"3i\">&#8211; Elektro (Schwachstrom\/Starkstrom)<\/p>\n\n\n\n<p id=\"3i\">&#8211; Beleuchtung<\/p>\n\n\n\n<p id=\"3i\">&#8211; Blitzschutz<\/p>\n\n\n\n<p id=\"3i\">&#8211; Kommunikationsanlagen<\/p>\n\n\n\n<p id=\"3i\">&#8211; Notstrom<\/p>\n\n\n\n<p id=\"3i\">&#8211; Trafo<\/p>\n\n\n\n<p id=\"3i\">&#8211; F\u00f6rdertechnik<br>1. Bauabschnitt<br><a href=\"#top3\">zur\u00fcck nach oben<\/a><br><\/p>\n\n\n\n<p id=\"3j\"><strong>Neubau<br><mark style=\"background-color:rgba(0, 0, 0, 0);color:#5f7ca3\" class=\"has-inline-color\">B\u00fcro &#8211; und Gesch\u00e4ftshaus<\/mark><\/strong><br>Richmodstra\u00dfe 2 \u2013 8, 50667 K\u00f6ln<br><strong>Bauherr: <\/strong>AWG Anlagengesellschaft f\u00fcr Wohnungsbau und Grundbesitz mbH &amp; Co KG,<br>Richmodstra\u00dfe<br><strong>Architekt: <\/strong>Kiemle, Kreit und Grimbacher, D\u00fcsseldorf<br><strong>Geplante Anlagen: <\/strong><\/p>\n\n\n\n<p id=\"3j\">&#8211; Elektro (Schwachstrom\/Starkstrom)<\/p>\n\n\n\n<p id=\"3j\">&#8211; Beleuchtung<\/p>\n\n\n\n<p id=\"3j\">&#8211; Blitzschutz<\/p>\n\n\n\n<p id=\"3j\">&#8211; Notstrom<\/p>\n\n\n\n<p id=\"3j\">&#8211; Trafo<\/p>\n\n\n\n<p id=\"3j\">&#8211; F\u00f6rdertechnik<br>2. Bauabschnitt<br><a href=\"#top3\">zur\u00fcck nach oben<\/a><\/p>\n\n\n\n<p id=\"3k\"><strong>Neubau<br><mark style=\"background-color:rgba(0, 0, 0, 0);color:#5f7ca3\" class=\"has-inline-color\">Wohn- und Gesch\u00e4ftshaus<\/mark><\/strong><br>Kattenbug 2, 50667 K\u00f6ln<br><strong>Bauherr: <\/strong>Provinzial Versicherung, D\u00fcsseldorf<br><strong>Architekt:<\/strong> Multhaupt, K\u00f6ln &#8211; Rodenkirchen<br><strong>Geplante Anlagen:<\/strong> <\/p>\n\n\n\n<p id=\"3k\">&#8211; Heizung, Fernw\u00e4rme<\/p>\n\n\n\n<p id=\"3k\">&#8211; L\u00fcftung, K\u00e4lte, Sanit\u00e4r<\/p>\n\n\n\n<p id=\"3k\">&#8211; CO-Warnanlage<\/p>\n\n\n\n<p id=\"3k\">&#8211; Elektro (Schwachstrom\/Starkstrom)<\/p>\n\n\n\n<p id=\"3k\">&#8211; Beleuchtung<\/p>\n\n\n\n<p id=\"3k\">&#8211; Blitzschutz<\/p>\n\n\n\n<p id=\"3k\">&#8211; Notstrom<\/p>\n\n\n\n<p id=\"3k\">&#8211; Trafo<\/p>\n\n\n\n<p id=\"3k\">&#8211; Kommunikationsanlage<br><a href=\"#top3\">zur\u00fcck nach oben<\/a><br><\/p>\n\n\n\n<p id=\"3l\"><strong>Neubau<br><mark style=\"background-color:rgba(0, 0, 0, 0);color:#5f7ca3\" class=\"has-inline-color\">Wohn- und Gesch\u00e4ftshaus<\/mark><\/strong><br>Essen, Limbecker Platz<br><strong>Bauherr: <\/strong>Provinzial Versicherung, D\u00fcsseldorf<br><strong>Architekt: <\/strong>Allerkamp, Essen<br><strong>Geplante Anlagen: <\/strong><\/p>\n\n\n\n<p id=\"3l\">&#8211; Heizung<\/p>\n\n\n\n<p id=\"3l\">&#8211; L\u00fcftung, K\u00e4lte, Sanit\u00e4r<\/p>\n\n\n\n<p id=\"3l\">&#8211; Elektro (Schwachstrom\/Starkstrom)<\/p>\n\n\n\n<p id=\"3l\">&#8211; Beleuchtung<\/p>\n\n\n\n<p id=\"3l\">&#8211; Blitzschutz<\/p>\n\n\n\n<p id=\"3l\">&#8211; Trafo<\/p>\n\n\n\n<p id=\"3l\">&#8211; Kommunikationsanlage<br><a href=\"#top3\">zur\u00fcck nach oben<\/a><br><\/p>\n\n\n\n<p id=\"3m\"><strong>Neubau<br><mark style=\"background-color:rgba(0, 0, 0, 0);color:#5f7ca3\" class=\"has-inline-color\">Wohn- und Gesch\u00e4ftshaus<\/mark><\/strong><br>M\u00f6nchengladbach<br><strong>Bauherr: <\/strong>Provinzial &#8211; Versicherung, D\u00fcsseldorf<br><strong>Architekt:<\/strong> F. Schrewe, M\u00f6nchengladbach<br><strong>Geplante Anlagen:<\/strong> <\/p>\n\n\n\n<p id=\"3m\">&#8211; Heizung<\/p>\n\n\n\n<p id=\"3m\">&#8211; L\u00fcftung, K\u00e4lte, Sanit\u00e4r<\/p>\n\n\n\n<p id=\"3m\">&#8211; Elektro (Schwachstrom\/Starkstrom)<\/p>\n\n\n\n<p id=\"3m\">&#8211; Beleuchtung<\/p>\n\n\n\n<p id=\"3m\">&#8211; Blitzschutz<\/p>\n\n\n\n<p id=\"3m\">&#8211; Kommunikationsanlage<br><a href=\"#top3\">zur\u00fcck nach oben<\/a><br><\/p>\n\n\n\n<p id=\"3n\"><strong>Umbau und Sanierung<br><mark style=\"background-color:rgba(0, 0, 0, 0);color:#5f7ca3\" class=\"has-inline-color\">Wohn- und Gesch\u00e4ftshaus<\/mark><\/strong><br>Westenhellweg 35, 44137 Dortmund<br><strong>Bauherr: <\/strong>Aachener Grundverm\u00f6gen Kapitalverwaltungsgesellschaft mbH, K\u00f6ln<br><strong>Architekt: <\/strong>Manfred S\u00e4dler, Bonn<br><strong>Geplante Anlagen:<\/strong> <\/p>\n\n\n\n<p id=\"3n\">&#8211; Heizung, Fernw\u00e4rme<\/p>\n\n\n\n<p id=\"3n\">&#8211; L\u00fcftung, Sanit\u00e4r<\/p>\n\n\n\n<p id=\"3n\">&#8211; Elektro (Schwachstrom\/Starkstrom)<\/p>\n\n\n\n<p id=\"3n\">&#8211; Beleuchtung<\/p>\n\n\n\n<p id=\"3n\">&#8211; Kommunikationsanlage<\/p>\n\n\n\n<p id=\"3n\">&#8211; F\u00f6rdertechnik<\/p>\n\n\n\n<p id=\"3n\">&#8211; R\u00f6ntgenanlage<\/p>\n\n\n\n<p id=\"3n\">&#8211; Abgehangene Decken<br><a href=\"#top3\">zur\u00fcck nach oben<\/a><br><\/p>\n\n\n\n<p id=\"3o\"><strong>Umbau und Sanierung<br><mark style=\"background-color:rgba(0, 0, 0, 0);color:#5f7ca3\" class=\"has-inline-color\">B\u00fcro- und Gesch\u00e4ftshaus<\/mark><\/strong><br>Westenhellweg 55-57, 44137 Dortmund<br><strong>Bauherr: <\/strong>Aachener Grundverm\u00f6gen Kapitalverwaltungsgesellschaft mbH, K\u00f6ln<br><strong>Architekt: <\/strong>Manfred S\u00e4dler, Bonn<br><strong>Geplante Anlagen:<\/strong> <\/p>\n\n\n\n<p id=\"3o\">&#8211; Baubetreuung aller technischen Gewerke<br><a href=\"#top3\">zur\u00fcck nach oben<\/a><br><\/p>\n\n\n\n<p id=\"3p\"><strong>Umbau<br><mark style=\"background-color:rgba(0, 0, 0, 0);color:#5f7ca3\" class=\"has-inline-color\">Wohn-, B\u00fcro- und Gesch\u00e4ftshaus<\/mark><\/strong><br>Heinrich-Heine-Allee 37, 40213 D\u00fcsseldorf<br><strong>Bauherr: <\/strong>Aachener Grundverm\u00f6gen Kapitalverwaltungsgesellschaft mbH, K\u00f6ln<br><strong>Architekt: <\/strong>Manfred S\u00e4dler, Bonn<br><strong>Geplante Anlagen: <\/strong><\/p>\n\n\n\n<p id=\"3p\">&#8211; Heizung<\/p>\n\n\n\n<p id=\"3p\">&#8211; L\u00fcftung, K\u00e4lte, Sanit\u00e4r<\/p>\n\n\n\n<p id=\"3p\">&#8211; Teek\u00fcche<\/p>\n\n\n\n<p id=\"3p\">&#8211; Elektro (Schwachstrom\/Starkstrom)<\/p>\n\n\n\n<p id=\"3p\">&#8211; Beleuchtung<\/p>\n\n\n\n<p id=\"3p\">&#8211; Blitzschutz<\/p>\n\n\n\n<p id=\"3p\">&#8211; Sicherheitsanlagen<\/p>\n\n\n\n<p id=\"3p\">&#8211; LAN-Netz<\/p>\n\n\n\n<p id=\"3p\">&#8211; F\u00f6rdertechnik<br><a href=\"#top3\">zur\u00fcck nach oben<\/a><br><\/p>\n\n\n\n<p id=\"3q\"><strong>Umbau<br><mark style=\"background-color:rgba(0, 0, 0, 0);color:#5f7ca3\" class=\"has-inline-color\">Gesch\u00e4ftshaus<\/mark><\/strong><br>Kennedy-Platz 8, 45127 Essen<br><strong>Bauherr: <\/strong>Aachener Grundverm\u00f6gen Kapitalverwaltungsgesellschaft mbH, K\u00f6ln<br><strong>Architekt: <\/strong>Manfred S\u00e4dler, Bonn<br><strong>Geplante Anlagen: <\/strong><\/p>\n\n\n\n<p id=\"3q\">&#8211; Heizung, Fernw\u00e4rme<\/p>\n\n\n\n<p id=\"3q\">&#8211;  L\u00fcftung, K\u00e4lte<\/p>\n\n\n\n<p id=\"3q\">&#8211; Elektro (Schwachstrom\/Starkstrom)<\/p>\n\n\n\n<p id=\"3q\">&#8211; Beleuchtung<\/p>\n\n\n\n<p id=\"3q\">&#8211; Blitzschutz<\/p>\n\n\n\n<p id=\"3q\">&#8211; Kommunikationsanlage<\/p>\n\n\n\n<p id=\"3q\">&#8211; Trafo<\/p>\n\n\n\n<p id=\"3q\">&#8211; Sicherheitsanlagen<\/p>\n\n\n\n<p id=\"3q\">&#8211; Baubetreuung aller technischen Gewerke<br><a href=\"#top3\">zur\u00fcck nach oben<\/a><br><\/p>\n\n\n\n<p id=\"3r\"><strong><mark style=\"background-color:rgba(0, 0, 0, 0);color:#5f7ca3\" class=\"has-inline-color\">Einkaufshandelszentrum H\u00fcrth-Park<\/mark><\/strong><br>Theresienh\u00f6he, 50354 H\u00fcrth<br><strong>Bauherr: <\/strong>Degi\/Allianz<br><strong>Architekt:<\/strong> RKW &#8211; Rhode Kellermann Wawrowsky, D\u00fcsseldorf<br><strong>Geplante Anlagen: <\/strong><\/p>\n\n\n\n<p id=\"3r\">&#8211; Heizung, Fernw\u00e4rme<\/p>\n\n\n\n<p id=\"3r\">&#8211; L\u00fcftung, K\u00e4lte, Sanit\u00e4r<\/p>\n\n\n\n<p id=\"3r\">&#8211; CO-Warnanlage<\/p>\n\n\n\n<p id=\"3r\">&#8211; Sprinkler<\/p>\n\n\n\n<p id=\"3r\">&#8211; Teek\u00fcche, Gro\u00dfk\u00fcche<\/p>\n\n\n\n<p id=\"3r\">&#8211; Elektro (Schwachstrom\/Starkstrom)<\/p>\n\n\n\n<p id=\"3r\">&#8211; Trafo<\/p>\n\n\n\n<p id=\"3r\">&#8211; Notstrom<\/p>\n\n\n\n<p id=\"3r\">&#8211; Beleuchtung<\/p>\n\n\n\n<p id=\"3r\">&#8211; Kommunikationsanlage<\/p>\n\n\n\n<p id=\"3r\">&#8211; F\u00f6rdertechnik<\/p>\n\n\n\n<p id=\"3r\">&#8211; Blitzschutz<\/p>\n\n\n\n<p id=\"3r\">&#8211; Sicherheitsanlage<\/p>\n\n\n\n<p id=\"3r\">&#8211; LAN-Netz<\/p>\n\n\n\n<p id=\"3r\">&#8211; K\u00fchlraum<\/p>\n\n\n\n<p id=\"3r\">&#8211; Doppelboden<br><a href=\"#top3\">zur\u00fcck nach oben<\/a><br><\/p>\n\n\n\n<p id=\"3s\"><strong>Umbau<br><mark style=\"background-color:rgba(0, 0, 0, 0);color:#5f7ca3\" class=\"has-inline-color\">Gesch\u00e4ftshaus<\/mark><\/strong><br>B\u00f6rsenplatz 1, 50667 K\u00f6ln<br><strong>Bauherr:<\/strong> LOR Linklaters Oppenhoff &amp; R\u00e4dler, K\u00f6ln<br><strong>Architekt:<\/strong> JBW Janssen+Becker-Wahl, K\u00f6ln<br><strong>Geplante Anlagen:<\/strong> <\/p>\n\n\n\n<p id=\"3s\">&#8211; K\u00e4lte, Sanit\u00e4r<\/p>\n\n\n\n<p id=\"3s\">&#8211; Teek\u00fcche, Gro\u00dfk\u00fcche<\/p>\n\n\n\n<p id=\"3s\">&#8211; Elektro (Schwachstrom\/Starkstrom)<\/p>\n\n\n\n<p id=\"3s\">&#8211; Kommunikationsanlage<\/p>\n\n\n\n<p id=\"3s\">&#8211; Sicherheitsanlage<\/p>\n\n\n\n<p id=\"3s\">&#8211; LAN-Netz<\/p>\n\n\n\n<p id=\"3s\">&#8211; K\u00fchlraum<br><a href=\"#top3\">zur\u00fcck nach oben<\/a><br><\/p>\n\n\n\n<p id=\"3t\"><strong>Neubau<mark style=\"background-color:rgba(0, 0, 0, 0);color:#5f7ca3\" class=\"has-inline-color\"><strong><br><mark style=\"background-color:rgba(0, 0, 0, 0);color:#5f7ca3\" class=\"has-inline-color\">Wohn- und Gesch\u00e4ftshaus<\/mark><\/strong><\/mark><\/strong><br>Leipzig Dufourstra\u00dfe<br><strong>Bauherr: <\/strong>Lothar Melchert, Kampen \/ Sylt<br><strong>Architekt: <\/strong>Mronz-Kottmeier, K\u00f6ln<br><strong>Geplante Anlagen: <\/strong><\/p>\n\n\n\n<p id=\"3t\">&#8211; Heizung, Fernw\u00e4rme<\/p>\n\n\n\n<p id=\"3t\">&#8211; L\u00fcftung, Sanit\u00e4r<\/p>\n\n\n\n<p id=\"3t\">&#8211; Sprinkler<\/p>\n\n\n\n<p id=\"3t\">&#8211; F\u00f6rdertechnik<\/p>\n\n\n\n<p id=\"3t\">&#8211; Elektro (Schwachstrom\/Starkstrom)<\/p>\n\n\n\n<p id=\"3t\">&#8211; Beleuchtung<\/p>\n\n\n\n<p id=\"3t\">&#8211; Blitzschutz<\/p>\n\n\n\n<p id=\"3t\">&#8211; Baubetreuung aller technischen Gewerke<br><a href=\"#top3\">zur\u00fcck nach oben<\/a><strong><br><\/strong><\/p>\n\n\n\n<p id=\"3u\"><strong><mark style=\"background-color:rgba(0, 0, 0, 0);color:#5f7ca3\" class=\"has-inline-color\">Wohn- und Gesch\u00e4ftshaus<\/mark><\/strong><br>K\u00f6nigsallee12, 40212 D\u00fcsseldorf<br><strong>Bauherr: <\/strong>AXA &#8211; K\u00f6ln<br><strong>Geplante Anlagen:<\/strong> <\/p>\n\n\n\n<p id=\"3u\">&#8211; Facility Management<br><a href=\"#top3\">zur\u00fcck nach oben<\/a><br><\/p>\n\n\n\n<p id=\"3v\"><strong><mark style=\"background-color:rgba(0, 0, 0, 0);color:#5f7ca3\" class=\"has-inline-color\">Wohn- und Gesch\u00e4ftshaus<\/mark><\/strong><br>Altenbr\u00fcckstra\u00dfe 9 -17, 40599 D\u00fcsseldorf<br><strong>Bauherr: <\/strong>AXA &#8211; K\u00f6ln<br><strong>Geplante Anlagen: <\/strong>Facility Management<br><a href=\"#top3\">zur\u00fcck nach oben<\/a><br><\/p>\n\n\n\n<p id=\"3w\"><strong>Neubau<br><mark style=\"background-color:rgba(0, 0, 0, 0);color:#5f7ca3\" class=\"has-inline-color\">Altenburger City Center<\/mark><\/strong><br>Hillgasse \/ Kunstgasse \/ M\u00fchlpforte<br>04600 Altenburg<br><strong>Bauherr: <\/strong>Dresdner Bank AG \/ Merkur Grundst\u00fccksgesellschaft mbH<br><strong>Architekt: <\/strong>Kraemer, Sieverts und Partner, K\u00f6ln<br><strong>Geplante Anlagen: <\/strong><\/p>\n\n\n\n<p id=\"3w\">&#8211; Heizung<\/p>\n\n\n\n<p id=\"3w\">&#8211; L\u00fcftung, K\u00e4lte, Sanit\u00e4r<\/p>\n\n\n\n<p id=\"3w\">&#8211; CO-Warnanlage<\/p>\n\n\n\n<p id=\"3w\">&#8211; Sprinkler<\/p>\n\n\n\n<p id=\"3w\">&#8211; Teek\u00fcche<\/p>\n\n\n\n<p id=\"3w\">&#8211; Elektro (Schwachstrom\/Starkstrom)<\/p>\n\n\n\n<p id=\"3w\">&#8211; Beleuchtung<\/p>\n\n\n\n<p id=\"3w\">&#8211; Blitzschutz<\/p>\n\n\n\n<p id=\"3w\">&#8211; Kommunikationsanlage<\/p>\n\n\n\n<p id=\"3w\">&#8211; Sicherheitsanlage<\/p>\n\n\n\n<p id=\"3w\">&#8211; LAN-Netz<\/p>\n\n\n\n<p id=\"3w\">&#8211; F\u00f6rdertechnik<br><br>Das Altenburger City Center entstand zwischen 1994 und 1997, bestehend aus Gesch\u00e4ften, Wohnungen und B\u00fcros. Die Dresdner Bank in der M\u00fchlenpforte befindet sich im n\u00f6rdlichsten Teil des Centers. Fertigstellung: 1997<br><a href=\"#top3\">zur\u00fcck nach oben <\/a><\/p>\n\n\n\n<p id=\"3x\"><strong>Modernisierung<br><mark style=\"background-color:rgba(0, 0, 0, 0);color:#5f7ca3\" class=\"has-inline-color\">Gesch\u00e4ftshaus<\/mark><\/strong><br>Kleine Hochstr. 4, 60313 Frankfurt\/Main<br><strong>Bauherr: <\/strong>Aachener Grundverm\u00f6gen Kapitalverwaltungsgesellschaft mbH, K\u00f6ln<br><strong>Geplante Anlagen:<\/strong> <\/p>\n\n\n\n<p id=\"3x\">&#8211; Sprinkler<\/p>\n\n\n\n<p id=\"3x\">&#8211; Parksystem<\/p>\n\n\n\n<p id=\"3x\">&#8211; Elektro (Schwachstrom\/Starkstrom)<\/p>\n\n\n\n<p id=\"3x\">&#8211; Beleuchtung<br><a href=\"#top3\">zur\u00fcck nach oben<\/a><br><\/p>\n\n\n\n<p id=\"3y\"><strong>Sanierung<br><mark style=\"background-color:rgba(0, 0, 0, 0);color:#5f7ca3\" class=\"has-inline-color\">Handelsblatt Haus<\/mark><\/strong><br>Eschersheimer Landstr. 50-54, 60322 Frankfurt\/Main<br><strong>Bauherr: <\/strong>Aachener Grundverm\u00f6gen Kapitalverwaltungsgesellschaft mbH, K\u00f6ln<br><strong>Geplante Anlagen: <\/strong><\/p>\n\n\n\n<p id=\"3y\">&#8211; Heizung<\/p>\n\n\n\n<p id=\"3y\">&#8211; Sanit\u00e4r<br><a href=\"#top3\">zur\u00fcck nach oben<\/a><br><\/p>\n\n\n\n<p id=\"3z\"><strong>Sanierung<br><mark style=\"background-color:rgba(0, 0, 0, 0);color:#5f7ca3\" class=\"has-inline-color\">Gesch\u00e4ftshaus Niedenau<\/mark><\/strong><br>Niedenau 13-19, 60325 Frankfurt<br><strong>Bauherr: <\/strong>Aachener Grundverm\u00f6gen Kapitalverwaltungsgesellschaft mbH, K\u00f6ln<br><strong>Geplante Anlagen: <\/strong><\/p>\n\n\n\n<p id=\"3z\">&#8211; W\u00e4rmepumpenanlage<\/p>\n\n\n\n<p id=\"3z\">&#8211; L\u00fcftung, K\u00e4lte<\/p>\n\n\n\n<p id=\"3z\">&#8211; Elektro (Schwachstrom\/Starkstrom)<br><a href=\"#top3\">zur\u00fcck nach oben<\/a><br><\/p>\n\n\n\n<p id=\"3aa\"><strong>Sanierung<\/strong><br><strong><mark style=\"background-color:rgba(0, 0, 0, 0);color:#5f7ca3\" class=\"has-inline-color\">Gesch\u00e4ftshaus &#8222;Drei K\u00f6nige&#8220;<\/mark><\/strong><br>Petersstr. 32-34, 04109 Leipzig<br><strong>Bauherr: <\/strong>Aachener Grundverm\u00f6gen Kapitalverwaltungsgesellschaft mbH, K\u00f6ln<br><strong>Architekt: <\/strong>Frass &amp; Partner, K\u00f6ln<br><strong>Geplante Anlagen: <\/strong><\/p>\n\n\n\n<p id=\"3aa\">&#8211; Heizung, Fernw\u00e4rme<\/p>\n\n\n\n<p id=\"3aa\">&#8211; L\u00fcftung, Sanit\u00e4r<\/p>\n\n\n\n<p id=\"3aa\">&#8211; Elektro (Schwachstrom\/Starkstrom)<\/p>\n\n\n\n<p id=\"3aa\">&#8211; Trafo<\/p>\n\n\n\n<p id=\"3aa\">&#8211; Beleuchtung<\/p>\n\n\n\n<p id=\"3aa\">&#8211; Kommunikationsanlage<\/p>\n\n\n\n<p id=\"3aa\">&#8211; Blitzschutz<\/p>\n\n\n\n<p id=\"3aa\">&#8211; Sicherheitsanlage<\/p>\n\n\n\n<p id=\"3aa\">&#8211; Abgehangene Decken<\/p>\n\n\n\n<p id=\"3aa\">&#8211; Generalplanung<br><a href=\"#top3\">zur\u00fcck nach oben<\/a><br><\/p>\n\n\n\n<p id=\"3bb\"><strong>Sanierung<br><mark style=\"background-color:rgba(0, 0, 0, 0);color:#5f7ca3\" class=\"has-inline-color\">Modehaus C &amp; A<\/mark><\/strong><br>Schadowstr. 77-79, 40212 D\u00fcsseldorf<br><strong>Bauherr: <\/strong>Aachener Grundverm\u00f6gen Kapitalverwaltungsgesellschaft mbH, K\u00f6ln<br><strong>Geplante Anlagen:<\/strong> <\/p>\n\n\n\n<p id=\"3bb\">&#8211; L\u00fcftung<\/p>\n\n\n\n<p id=\"3bb\">&#8211; K\u00e4lte<br><a href=\"#top3\">zur\u00fcck nach oben<\/a><br><\/p>\n\n\n\n<p id=\"3cc\"><strong>Modernisierung<br><mark style=\"background-color:rgba(0, 0, 0, 0);color:#5f7ca3\" class=\"has-inline-color\">Modehaus Ansons<\/mark><\/strong><br>Rheinstr. 121, 47798 Krefeld<br><strong>Bauherr: <\/strong>Aachener Grundverm\u00f6gen Kapitalverwaltungsgesellschaft mbH, K\u00f6ln<br><strong>Geplante Anlagen:<\/strong> <\/p>\n\n\n\n<p id=\"3cc\">&#8211; Heizung<\/p>\n\n\n\n<p id=\"3cc\">&#8211; L\u00fcftung, K\u00e4lte, Sanit\u00e4r<\/p>\n\n\n\n<p id=\"3cc\">&#8211; Sprinkler<br><a href=\"#top3\">zur\u00fcck nach oben<\/a><br><\/p>\n\n\n\n<p id=\"3dd\"><strong>Sanierung<br><mark style=\"background-color:rgba(0, 0, 0, 0);color:#5f7ca3\" class=\"has-inline-color\">Gesch\u00e4ftshaus<\/mark><\/strong><br>L\u00f6hrstr. 30, 56068 Koblenz<br><strong>Bauherr: <\/strong>Aachener Grundverm\u00f6gen Kapitalverwaltungsgesellschaft mbH, K\u00f6ln<br><strong>Geplante Anlagen:<\/strong> <\/p>\n\n\n\n<p id=\"3dd\">&#8211; Heizung<\/p>\n\n\n\n<p id=\"3dd\">&#8211; Sanit\u00e4r<\/p>\n\n\n\n<p id=\"3dd\">&#8211; Sprinkler<\/p>\n\n\n\n<p id=\"3dd\">&#8211; Elektro (Schwachstrom\/Starkstrom)<\/p>\n\n\n\n<p id=\"3dd\">&#8211; Beleuchtung<\/p>\n\n\n\n<p id=\"3dd\">&#8211; Sicherheitsanlage<br><a href=\"#top3\">zur\u00fcck nach oben<\/a><br><\/p>\n\n\n\n<p id=\"3ee\"><strong>Sanierung K\u00e4lteanlagen<br><mark style=\"background-color:rgba(0, 0, 0, 0);color:#5f7ca3\" class=\"has-inline-color\">Gesch\u00e4ftshaus TK-Maxx<\/mark><\/strong><br>04109 Leipzig<br><strong>Bauherr: <\/strong>Aachener Grundverm\u00f6gen Kapitalverwaltungsgesellschaft mbH, K\u00f6ln<br><strong>Geplante Anlagen:<\/strong> <\/p>\n\n\n\n<p id=\"3ee\">&#8211; L\u00fcftung, K\u00e4lte<\/p>\n\n\n\n<p id=\"3ee\">&#8211; Elektro (Schwachstrom\/Starkstrom)<br><a href=\"#top3\">zur\u00fcck nach oben<\/a><br><\/p>\n\n\n\n<p id=\"3ff\"><strong>Modernisierung<br><mark style=\"background-color:rgba(0, 0, 0, 0);color:#5f7ca3\" class=\"has-inline-color\">Gesch\u00e4ftshaus<\/mark><\/strong><br>Kr\u00f6peliner Str. 38, 18055 Rostock<br><strong>Bauherr: <\/strong>Aachener Grundverm\u00f6gen Kapitalverwaltungsgesellschaft mbH, K\u00f6ln<br><strong>Geplante Anlagen: <\/strong><\/p>\n\n\n\n<p id=\"3ff\">&#8211; Heizung<\/p>\n\n\n\n<p id=\"3ff\">&#8211; Sanit\u00e4r<\/p>\n\n\n\n<p id=\"3ff\">&#8211; Sprinkler<\/p>\n\n\n\n<p id=\"3ff\">&#8211; Elektro (Schwachstrom\/Starkstrom)<br><a href=\"#top3\">zur\u00fcck nach oben<\/a><br><\/p>\n\n\n\n<p id=\"3gg\"><strong>Modernisierung<br><mark style=\"background-color:rgba(0, 0, 0, 0);color:#5f7ca3\" class=\"has-inline-color\">Gesch\u00e4ftshaus<\/mark><\/strong><br>Kr\u00f6peliner Str. 84, 18055 Rostock<br><strong>Bauherr: <\/strong>Aachener Grundverm\u00f6gen Kapitalverwaltungsgesellschaft mbH, K\u00f6ln<br><strong>Geplante Anlagen: <\/strong><\/p>\n\n\n\n<p id=\"3gg\">&#8211; Heizung<\/p>\n\n\n\n<p id=\"3gg\">&#8211; L\u00fcftung, K\u00e4lte<br><a href=\"#top3\">zur\u00fcck nach oben<\/a><\/p>\n\n\n\n<div id=\"section-g41e58a\" class=\"wp-block-gutentor-e0 section-g41e58a gutentor-element gutentor-element-advanced-text\"><div class=\"gutentor-text-wrap\"><p class=\"gutentor-text\"><\/p><\/div><\/div>\n<\/div><\/div><\/div>\n\n\n\n<div id=\"10026a\" class=\"wp-block-gutentor-m6-item section-10026a gutentor-module gutentor-module-accordion-item\"><div class=\"gutentor-module-accordion-panel g-a-panel-5d45c0\"><div class=\"gm-ah-5d45c0 gutentor-module-accordion-item-heading gutentor-module-icon-position-left\"><span class=\"gutentor-module-accordion-panel-handler\" role=\"button\"><span class=\"gutentor-module-accordion-icon\"><i class=\"gm-aio-5d45c0 gutentor-module-accordion-icon-open fas fa-angle-double-down\"><\/i><i class=\"gm-aic-5d45c0 gutentor-module-accordion-icon-close fas fa-angle-double-up\"><\/i><\/span><span class=\"gutentor-module-accordion-panel-handler-label\">SCHULEN<\/span><\/span><\/div><div class=\"gm-ab-5d45c0 gutentor-module-accordion-body\">\n<p id=\"top4\"><strong>\u00dcbersicht<\/strong><\/p>\n\n\n\n<div id=\"section-g57103a\" class=\"wp-block-gutentor-e7 section-g57103a gutentor-element gutentor-element-list\"><ul class=\"grid-row gutentor-grid-item-wrap list-indicator-icon\"><li class=\"gutentor-list-item grid-lg-12 grid-md-12 grid-12\"><span class=\"gutentor-single-item gutentor-single-item-0\"><span class=\"gutentor-list-item-wrap g-s-list-wrap\"><span class=\"gutentor-single-list-item-icon\"><i class=\"list-item-icon fas fa-angle-right\"><\/i><\/span><span class=\"gutentor-list-item\"><p class=\"gutentor-single-item-title\"><a href=\"#4a\"><strong>Schulzentrum Brauweiler<\/strong><\/a><\/p><\/span><\/span><\/span><\/li><li class=\"gutentor-list-item grid-lg-12 grid-md-12 grid-12\"><span class=\"gutentor-single-item gutentor-single-item-1\"><span class=\"gutentor-list-item-wrap g-s-list-wrap\"><span class=\"gutentor-single-list-item-icon\"><i class=\"list-item-icon fas fa-angle-right\"><\/i><\/span><span class=\"gutentor-list-item\"><p class=\"gutentor-single-item-title\"><a href=\"#4b\"><strong>Gymnasium Kreuzgasse<\/strong><\/a><\/p><\/span><\/span><\/span><\/li><li class=\"gutentor-list-item grid-lg-12 grid-md-12 grid-12\"><span class=\"gutentor-single-item gutentor-single-item-2\"><span class=\"gutentor-list-item-wrap g-s-list-wrap\"><span class=\"gutentor-single-list-item-icon\"><i class=\"list-item-icon fas fa-angle-right\"><\/i><\/span><span class=\"gutentor-list-item\"><p class=\"gutentor-single-item-title\"><a href=\"#4c\"><strong>Katholische Fachhochschule<\/strong><\/a><\/p><\/span><\/span><\/span><\/li><li class=\"gutentor-list-item grid-lg-12 grid-md-12 grid-12\"><span class=\"gutentor-single-item gutentor-single-item-3\"><span class=\"gutentor-list-item-wrap g-s-list-wrap\"><span class=\"gutentor-single-list-item-icon\"><i class=\"list-item-icon fas fa-angle-right\"><\/i><\/span><span class=\"gutentor-list-item\"><p class=\"gutentor-single-item-title\"><a href=\"#4d\"><strong>Musikschule der Stadt Leverkusen<\/strong><\/a><\/p><\/span><\/span><\/span><\/li><li class=\"gutentor-list-item grid-lg-12 grid-md-12 grid-12\"><span class=\"gutentor-single-item gutentor-single-item-4\"><span class=\"gutentor-list-item-wrap g-s-list-wrap\"><span class=\"gutentor-single-list-item-icon\"><i class=\"list-item-icon fas fa-angle-right\"><\/i><\/span><span class=\"gutentor-list-item\"><p class=\"gutentor-single-item-title\"><a href=\"#4e\"><strong>Hauptschule H\u00fcrth-Kendenich<\/strong><\/a><\/p><\/span><\/span><\/span><\/li><li class=\"gutentor-list-item grid-lg-12 grid-md-12 grid-12\"><span class=\"gutentor-single-item gutentor-single-item-5\"><span class=\"gutentor-list-item-wrap g-s-list-wrap\"><span class=\"gutentor-single-list-item-icon\"><i class=\"list-item-icon fas fa-angle-right\"><\/i><\/span><span class=\"gutentor-list-item\"><p class=\"gutentor-single-item-title\"><a href=\"#4f\"><strong>Human Resources Development Centre<\/strong><\/a><\/p><\/span><\/span><\/span><\/li><li class=\"gutentor-list-item grid-lg-12 grid-md-12 grid-12\"><span class=\"gutentor-single-item gutentor-single-item-6\"><span class=\"gutentor-list-item-wrap g-s-list-wrap\"><span class=\"gutentor-single-list-item-icon\"><i class=\"list-item-icon fas fa-angle-right\"><\/i><\/span><span class=\"gutentor-list-item\"><p class=\"gutentor-single-item-title\"><a href=\"#4g\"><strong>Erweiterung Rheinschule Wesseling<\/strong><\/a><\/p><\/span><\/span><\/span><\/li><li class=\"gutentor-list-item grid-lg-12 grid-md-12 grid-12\"><span class=\"gutentor-single-item gutentor-single-item-7\"><span class=\"gutentor-list-item-wrap g-s-list-wrap\"><span class=\"gutentor-single-list-item-icon\"><i class=\"list-item-icon fas fa-angle-right\"><\/i><\/span><span class=\"gutentor-list-item\"><p class=\"gutentor-single-item-title\"><a href=\"#4h\"><strong>Neubau Rheinschule Wesseling<\/strong><\/a><\/p><\/span><\/span><\/span><\/li><li class=\"gutentor-list-item grid-lg-12 grid-md-12 grid-12\"><span class=\"gutentor-single-item gutentor-single-item-8\"><span class=\"gutentor-list-item-wrap g-s-list-wrap\"><span class=\"gutentor-single-list-item-icon\"><i class=\"list-item-icon fas fa-angle-right\"><\/i><\/span><span class=\"gutentor-list-item\"><p class=\"gutentor-single-item-title\"><a href=\"#4i\"><strong>Goetheschule<\/strong><\/a><\/p><\/span><\/span><\/span><\/li><li class=\"gutentor-list-item grid-lg-12 grid-md-12 grid-12\"><span class=\"gutentor-single-item gutentor-single-item-9\"><span class=\"gutentor-list-item-wrap g-s-list-wrap\"><span class=\"gutentor-single-list-item-icon\"><i class=\"list-item-icon fas fa-angle-right\"><\/i><\/span><span class=\"gutentor-list-item\"><p class=\"gutentor-single-item-title\"><a href=\"#4j\"><strong>Brigidaschule<\/strong><\/a><\/p><\/span><\/span><\/span><\/li><li class=\"gutentor-list-item grid-lg-12 grid-md-12 grid-12\"><span class=\"gutentor-single-item gutentor-single-item-10\"><span class=\"gutentor-list-item-wrap g-s-list-wrap\"><span class=\"gutentor-single-list-item-icon\"><i class=\"list-item-icon fas fa-angle-right\"><\/i><\/span><span class=\"gutentor-list-item\"><p class=\"gutentor-single-item-title\"><a href=\"#4k\"><strong>Physikalische Institute der Universit\u00e4t zu K\u00f6ln<\/strong><\/a><\/p><\/span><\/span><\/span><\/li><li class=\"gutentor-list-item grid-lg-12 grid-md-12 grid-12\"><span class=\"gutentor-single-item gutentor-single-item-11\"><span class=\"gutentor-list-item-wrap g-s-list-wrap\"><span class=\"gutentor-single-list-item-icon\"><i class=\"list-item-icon fas fa-angle-right\"><\/i><\/span><span class=\"gutentor-list-item\"><p class=\"gutentor-single-item-title\"><a href=\"#4l\"><strong>Bibliothek-Leses\u00e4le der Universit\u00e4t zu K\u00f6ln<\/strong><\/a><\/p><\/span><\/span><\/span><\/li><li class=\"gutentor-list-item grid-lg-12 grid-md-12 grid-12\"><span class=\"gutentor-single-item gutentor-single-item-12\"><span class=\"gutentor-list-item-wrap g-s-list-wrap\"><span class=\"gutentor-single-list-item-icon\"><i class=\"list-item-icon fas fa-angle-right\"><\/i><\/span><span class=\"gutentor-list-item\"><p class=\"gutentor-single-item-title\"><a href=\"#4m\"><strong>H\u00f6rs\u00e4le der Universit\u00e4t zu K\u00f6ln<\/strong><\/a><\/p><\/span><\/span><\/span><\/li><li class=\"gutentor-list-item grid-lg-12 grid-md-12 grid-12\"><span class=\"gutentor-single-item gutentor-single-item-13\"><span class=\"gutentor-list-item-wrap g-s-list-wrap\"><span class=\"gutentor-single-list-item-icon\"><i class=\"list-item-icon fas fa-angle-right\"><\/i><\/span><span class=\"gutentor-list-item\"><p class=\"gutentor-single-item-title\"><a href=\"#4n\"><strong>Gesamtschule Herzogenrath-Kohlscheid<\/strong><\/a><\/p><\/span><\/span><\/span><\/li><li class=\"gutentor-list-item grid-lg-12 grid-md-12 grid-12\"><span class=\"gutentor-single-item gutentor-single-item-14\"><span class=\"gutentor-list-item-wrap g-s-list-wrap\"><span class=\"gutentor-single-list-item-icon\"><i class=\"list-item-icon fas fa-angle-right\"><\/i><\/span><span class=\"gutentor-list-item\"><p class=\"gutentor-single-item-title\"><a href=\"#4o\"><strong>Sporthalle Gesamtschule Stettiner Stra\u00dfe<\/strong><\/a><\/p><\/span><\/span><\/span><\/li><li class=\"gutentor-list-item grid-lg-12 grid-md-12 grid-12\"><span class=\"gutentor-single-item gutentor-single-item-15\"><span class=\"gutentor-list-item-wrap g-s-list-wrap\"><span class=\"gutentor-single-list-item-icon\"><i class=\"list-item-icon fas fa-angle-right\"><\/i><\/span><span class=\"gutentor-list-item\"><p class=\"gutentor-single-item-title\"><a href=\"#4p\"><strong>Aggertal-Gymnasium<\/strong><\/a><\/p><\/span><\/span><\/span><\/li><li class=\"gutentor-list-item grid-lg-12 grid-md-12 grid-12\"><span class=\"gutentor-single-item gutentor-single-item-16\"><span class=\"gutentor-list-item-wrap g-s-list-wrap\"><span class=\"gutentor-single-list-item-icon\"><i class=\"list-item-icon fas fa-angle-right\"><\/i><\/span><span class=\"gutentor-list-item\"><p class=\"gutentor-single-item-title\"><a href=\"#4q\"><strong>Lessing-Gymnasium und -Berufskolleg<\/strong><\/a><\/p><\/span><\/span><\/span><\/li><li class=\"gutentor-list-item grid-lg-12 grid-md-12 grid-12\"><span class=\"gutentor-single-item gutentor-single-item-17\"><span class=\"gutentor-list-item-wrap g-s-list-wrap\"><span class=\"gutentor-single-list-item-icon\"><i class=\"list-item-icon fas fa-angle-right\"><\/i><\/span><span class=\"gutentor-list-item\"><p class=\"gutentor-single-item-title\"><a href=\"#4r\"><strong>Gymnasium Koblenzer Stra\u00dfe mit 3-Feld-Sporthalle<\/strong><\/a><\/p><\/span><\/span><\/span><\/li><\/ul><\/div>\n\n\n\n<p id=\"4a\"><strong>Umbau<br><mark style=\"background-color:rgba(0, 0, 0, 0);color:#5f7ca3\" class=\"has-inline-color\">Schulzentrum Brauweiler<\/mark><\/strong><br>Kastanienallee 2, 50259 Pulheim<br><strong>Bauherr: <\/strong>Stadt Pulheim<br><strong>Geplante Anlagen: <\/strong><\/p>\n\n\n\n<p id=\"4a\">&#8211; Heizung<\/p>\n\n\n\n<p id=\"4a\">&#8211; L\u00fcftung<\/p>\n\n\n\n<p id=\"4a\">&#8211; Neubau<br><a href=\"#top4\">zur\u00fcck nach oben<\/a><br><\/p>\n\n\n\n<p id=\"4b\"><strong>Umbau  <\/strong>                            <strong><mark style=\"background-color:rgba(0, 0, 0, 0);color:#5f7ca3\" class=\"has-inline-color\">Gymnasium Kreuzgasse<\/mark><\/strong><br>K\u00f6ln<br><strong>Bauherr: <\/strong>Stadt K\u00f6ln<br><strong>Architekt:<\/strong> C.+ J. Helbig und K. Hell, K\u00f6ln<br><strong>Geplante Anlagen: <\/strong><\/p>\n\n\n\n<p id=\"4b\">&#8211; Heizung<\/p>\n\n\n\n<p id=\"4b\">&#8211; L\u00fcftung<\/p>\n\n\n\n<p id=\"4b\">&#8211; Sanit\u00e4r<\/p>\n\n\n\n<p id=\"4b\">&#8211; Elektro (Schwachstrom\/Starkstrom)<\/p>\n\n\n\n<p id=\"4b\">&#8211; Beleuchtung<\/p>\n\n\n\n<p id=\"4b\">&#8211; Blitzschutz<\/p>\n\n\n\n<p id=\"4b\">&#8211; Kommunikationsanlagen<\/p>\n\n\n\n<p id=\"4b\">&#8211; Trafo<br><a href=\"#top4\">zur\u00fcck nach oben<\/a><br><\/p>\n\n\n\n<p id=\"4c\"><strong><mark style=\"background-color:rgba(0, 0, 0, 0);color:#5f7ca3\" class=\"has-inline-color\">Katholische Fachhochschule<\/mark><\/strong><br>K\u00f6ln<br><strong>Bauherr: <\/strong>Firma Endres, K\u00f6ln &#8211; Erzbistum K\u00f6ln<br><strong>Architekt: <\/strong>Lindener &amp; Partner, K\u00f6ln<br><strong>Geplante Anlagen: <\/strong><\/p>\n\n\n\n<p id=\"4c\">&#8211; Heizung, Fernw\u00e4rme<\/p>\n\n\n\n<p id=\"4c\">&#8211; L\u00fcftung<\/p>\n\n\n\n<p id=\"4c\">&#8211; Sanit\u00e4r<\/p>\n\n\n\n<p id=\"4c\">&#8211; Elektro (Schwachstrom\/Starkstrom)<\/p>\n\n\n\n<p id=\"4c\">&#8211; Beleuchtung<\/p>\n\n\n\n<p id=\"4c\">&#8211; Blitzschutz<\/p>\n\n\n\n<p id=\"4c\">&#8211; Kommunikationsanlagen<br><a href=\"#top4\">zur\u00fcck nach oben<\/a><br><\/p>\n\n\n\n<p id=\"4d\"><strong>Umbau<br><mark style=\"background-color:rgba(0, 0, 0, 0);color:#5f7ca3\" class=\"has-inline-color\">Musikschule der Stadt Leverkusen<\/mark><\/strong><br>Friedrich-Ebert-Str. 41, 51373 Leverkusen<br><strong>Bauherr: <\/strong>Stadt Leverkusen<br><strong>Architekt: <\/strong>Stadt Leverkusen, Hochbauamt<br><strong>Geplante Anlagen: <\/strong><\/p>\n\n\n\n<p id=\"4d\">&#8211; Elektro (Schwachstrom\/Starkstrom)<\/p>\n\n\n\n<p id=\"4d\">&#8211; Beleuchtung<\/p>\n\n\n\n<p id=\"4d\">&#8211; Blitzschutz<\/p>\n\n\n\n<p id=\"4d\">&#8211; Kommunikationsanlagen<br><a href=\"#top4\">zur\u00fcck nach oben<\/a><br><\/p>\n\n\n\n<p id=\"4e\"><strong>Neubau<br><mark style=\"background-color:rgba(0, 0, 0, 0);color:#5f7ca3\" class=\"has-inline-color\">Hauptschule in H\u00fcrth &#8211; Kendenich<\/mark><\/strong><br><strong>Bauherr: <\/strong>Stadt H\u00fcrth<br><strong>Architekt: <\/strong>H\u00f6lzel, K\u00f6ln<br><strong>Geplante Anlagen: <\/strong><\/p>\n\n\n\n<p id=\"4e\">&#8211; Heizung<\/p>\n\n\n\n<p id=\"4e\">&#8211; Sanit\u00e4r<\/p>\n\n\n\n<p id=\"4e\">&#8211; Gro\u00dfk\u00fcchen<br><a href=\"#top4\">zur\u00fcck nach oben<\/a><br><\/p>\n\n\n\n<p id=\"4f\"><strong><mark style=\"background-color:rgba(0, 0, 0, 0);color:#5f7ca3\" class=\"has-inline-color\">Human Resources Development Centre<\/mark><\/strong><br>Jakarta, Indonesien<br><strong>Bauherr:<\/strong> Friedrich &#8211; Ebert &#8211; Stiftung e.V., Bonn<br><strong>Architekt: <\/strong>W. L\u00f6fke, Rottenburg<br><strong>Geplante Anlagen: <\/strong><\/p>\n\n\n\n<p id=\"4f\">&#8211; Elektro (Schwachstrom\/Starkstrom)<\/p>\n\n\n\n<p id=\"4f\">&#8211; Beleuchtung<\/p>\n\n\n\n<p id=\"4f\">&#8211; Blitzschutz<\/p>\n\n\n\n<p id=\"4f\">&#8211; Kommunikationsanlagen<\/p>\n\n\n\n<p id=\"4f\">&#8211; Notstrom<\/p>\n\n\n\n<p id=\"4f\">&#8211; Trafo<br><a href=\"#top4\">zur\u00fcck nach oben<\/a><br><\/p>\n\n\n\n<p id=\"4g\"><strong>Erweiterung<br><mark style=\"background-color:rgba(0, 0, 0, 0);color:#5f7ca3\" class=\"has-inline-color\">Rheinschule Wesseling<\/mark><\/strong><br>Rheinstr. 193, 50389 Wesseling<br><strong>Bauherr: <\/strong>Stadt Wesseling<br><strong>Architekt: <\/strong>Darr + Marx, Frechen\/K\u00f6ln<br><strong>Geplante Anlagen: <\/strong><\/p>\n\n\n\n<p id=\"4g\">&#8211; Heizung<\/p>\n\n\n\n<p id=\"4g\">&#8211; Sanit\u00e4r<\/p>\n\n\n\n<p id=\"4g\">&#8211; Elektro (Schwachstrom\/Starkstrom)<\/p>\n\n\n\n<p id=\"4g\">&#8211; Beleuchtung<\/p>\n\n\n\n<p id=\"4g\">&#8211; Blitzschutz<\/p>\n\n\n\n<p id=\"4g\">&#8211; Kommunikationsanlagen<\/p>\n\n\n\n<p id=\"4g\">&#8211; LAN<br><a href=\"#top4\">zur\u00fcck nach oben<\/a><br><\/p>\n\n\n\n<p id=\"4h\"><strong>Neubau<br><mark style=\"background-color:rgba(0, 0, 0, 0);color:#5f7ca3\" class=\"has-inline-color\">Rheinschule Wesseling<\/mark><\/strong><br>Josef-Kuth-Weg 4, 50389 Wesseling-Urfeld<br><strong>Bauherr:<\/strong> Stadt Wesseling<br><strong>Architekt: <\/strong>Darr + Marx, Frechen\/K\u00f6ln<br><strong>Geplante Anlagen: <\/strong><\/p>\n\n\n\n<p id=\"4h\">&#8211; Heizung, W\u00e4rmepumpe<\/p>\n\n\n\n<p id=\"4h\">&#8211; L\u00fcftung<\/p>\n\n\n\n<p id=\"4h\">&#8211; Sanit\u00e4r<\/p>\n\n\n\n<p id=\"4h\">&#8211; Elektro (Schwachstrom\/Starkstrom)<\/p>\n\n\n\n<p id=\"4h\">&#8211; Beleuchtung<\/p>\n\n\n\n<p id=\"4h\">&#8211; Blitzschutz<\/p>\n\n\n\n<p id=\"4h\">&#8211; Kommunikationsanlagen<\/p>\n\n\n\n<p id=\"4h\">&#8211; Sicherheitsanlage<\/p>\n\n\n\n<p id=\"4h\">&#8211; LAN-Netz<\/p>\n\n\n\n<p id=\"4h\">&#8211; F\u00f6rdertechnik<\/p>\n\n\n\n<p id=\"4h\">&#8211; Photovoltaik<br><a href=\"#top4\">zur\u00fcck nach oben<\/a><br><\/p>\n\n\n\n<p id=\"4i\"><strong>Umbau <br><mark style=\"background-color:rgba(0, 0, 0, 0);color:#5f7ca3\" class=\"has-inline-color\">Goetheschule<\/mark><\/strong><br>Wilhelmstr. 1 \/ Hubertusstra\u00dfe 32, 50389 Wesseling<br><strong>Bauherr: <\/strong>Stadt Wesseling<br><strong>Architekt: <\/strong>Frass &amp; Partner,K\u00f6ln<br><strong>Geplante Anlagen: <\/strong><\/p>\n\n\n\n<p id=\"4i\">&#8211; Heizung, W\u00e4rmepumpe<\/p>\n\n\n\n<p id=\"4i\">&#8211; L\u00fcftung<\/p>\n\n\n\n<p id=\"4i\">&#8211; Sanit\u00e4r<\/p>\n\n\n\n<p id=\"4i\">&#8211; Elektro (Schwachstrom\/Starkstrom)<\/p>\n\n\n\n<p id=\"4i\">&#8211; Beleuchtung<\/p>\n\n\n\n<p id=\"4i\">&#8211; Blitzschutz<\/p>\n\n\n\n<p id=\"4i\">&#8211; Kommunikationsanlagen<\/p>\n\n\n\n<p id=\"4i\">&#8211; Sicherheitsanlage<\/p>\n\n\n\n<p id=\"4i\">&#8211; LAN-Netz<\/p>\n\n\n\n<p id=\"4i\">&#8211; Abgehangene Decken<\/p>\n\n\n\n<p id=\"4i\">&#8211; Teek\u00fcche<\/p>\n\n\n\n<p id=\"4i\">&#8211; Generalplanung<br><a href=\"#top4\">zur\u00fcck nach oben<\/a><br><\/p>\n\n\n\n<p id=\"4j\"><strong>Umbau <br><mark style=\"background-color:rgba(0, 0, 0, 0);color:#5f7ca3\" class=\"has-inline-color\">Brigidaschule<\/mark><\/strong><br>Hauptstr. 101, 50389 Wesseling<br><strong>Bauherr: <\/strong>Stadt Wesseling<br><strong>Architekt:<\/strong> Heinen, Wesseling<br><strong>Geplante Anlagen: <\/strong><\/p>\n\n\n\n<p id=\"4j\">&#8211; Heizung, W\u00e4rmepumpe<\/p>\n\n\n\n<p id=\"4j\">&#8211; L\u00fcftung<\/p>\n\n\n\n<p id=\"4j\">&#8211; Sanit\u00e4r<\/p>\n\n\n\n<p id=\"4j\">&#8211; Elektro (Schwachstrom\/Starkstrom)<\/p>\n\n\n\n<p id=\"4j\">&#8211; Beleuchtung<\/p>\n\n\n\n<p id=\"4j\">&#8211; Kommunikationsanlagen<\/p>\n\n\n\n<p id=\"4j\">&#8211; Sicherheitsanlage<\/p>\n\n\n\n<p id=\"4j\">&#8211; LAN-Netz<br><a href=\"#top4\">zur\u00fcck nach oben<\/a><br><\/p>\n\n\n\n<p id=\"4k\"><strong>Sanierung<br><mark style=\"background-color:rgba(0, 0, 0, 0);color:#5f7ca3\" class=\"has-inline-color\">Physikalische Institute der Universit\u00e4t zu K\u00f6ln<\/mark><\/strong><br>Z\u00fclpicher Str. 77, 50937 K\u00f6ln<br><strong>Bauherr:<\/strong> Universit\u00e4t zu K\u00f6ln<br><strong>Architekt: <\/strong>Frass &amp; Partner, K\u00f6ln<br><strong>Geplante Anlagen: <\/strong><\/p>\n\n\n\n<p id=\"4k\">&#8211; Elektro (Schwachstrom\/Starkstrom)<\/p>\n\n\n\n<p id=\"4k\">&#8211; Generalplanung<br><a href=\"#top4\">zur\u00fcck nach oben<\/a><br><\/p>\n\n\n\n<p id=\"4l\"><strong>Sanierung<br><mark style=\"background-color:rgba(0, 0, 0, 0);color:#5f7ca3\" class=\"has-inline-color\">Bibliothek-Leses\u00e4le der Universit\u00e4t zu K\u00f6ln<\/mark><\/strong><br>Z\u00fclpicher Str. 77, 50937 K\u00f6ln<br><strong>Bauherr: <\/strong>Universit\u00e4t zu K\u00f6ln<br><strong>Architekt: <\/strong>Frass &amp; Partner, K\u00f6ln<br><strong>Geplante Anlagen: <\/strong><\/p>\n\n\n\n<p id=\"4l\">&#8211; Elektro (Schwachstrom\/Starkstrom)<\/p>\n\n\n\n<p id=\"4l\">&#8211; Kommunikationsanlagen<\/p>\n\n\n\n<p id=\"4l\">&#8211; Sicherheitsanlage<\/p>\n\n\n\n<p id=\"4l\">&#8211; Beleuchtung<\/p>\n\n\n\n<p id=\"4l\">&#8211; Generalplanung<br><a href=\"#top4\">zur\u00fcck nach oben<\/a><br><\/p>\n\n\n\n<p id=\"4m\"><strong>Sanierung<br><mark style=\"background-color:rgba(0, 0, 0, 0);color:#5f7ca3\" class=\"has-inline-color\">H\u00f6rs\u00e4le der Universit\u00e4t zu K\u00f6ln<\/mark><\/strong><br>Z\u00fclpicher Str. 77, 50937 K\u00f6ln<br><strong>Bauherr: <\/strong>Universit\u00e4t zu K\u00f6ln<br><strong>Architekt: <\/strong>Frass &amp; Partner, K\u00f6ln<br><strong>Geplante Anlagen: <\/strong><\/p>\n\n\n\n<p id=\"4m\">&#8211; Elektro (Schwachstrom\/Starkstrom)<\/p>\n\n\n\n<p id=\"4m\">&#8211; Kommunikationsanlagen<\/p>\n\n\n\n<p id=\"4m\">&#8211; Sicherheitsanlage<\/p>\n\n\n\n<p id=\"4m\">&#8211; Beleuchtung<br><a href=\"#top4\">zur\u00fcck nach oben<\/a><br><\/p>\n\n\n\n<p id=\"4n\"><strong>Neu- und Umbau<br><mark style=\"background-color:rgba(0, 0, 0, 0);color:#5f7ca3\" class=\"has-inline-color\">Gesamtschule Herzogenrath-Kohlscheid<\/mark><\/strong><br>53124 Herzogenrath<br><strong>Bauherr: <\/strong>Stadt Herzogenrath<br><strong>Architekt: <\/strong>Dohle + Lohse, Braunschweig<br><strong>Geplante Anlagen: <\/strong><\/p>\n\n\n\n<p id=\"4n\">&#8211; Heizung, Fernw\u00e4rme<\/p>\n\n\n\n<p id=\"4n\">&#8211; L\u00fcftung<\/p>\n\n\n\n<p id=\"4n\">&#8211; Sanit\u00e4r<\/p>\n\n\n\n<p id=\"4n\">&#8211; Elektro (Schwachstrom\/Starkstrom)<\/p>\n\n\n\n<p id=\"4n\">&#8211; Trafo<\/p>\n\n\n\n<p id=\"4n\">&#8211; Kommunikationsanlagen<\/p>\n\n\n\n<p id=\"4n\">&#8211; Sicherheitsanlage<\/p>\n\n\n\n<p id=\"4n\">&#8211; Beleuchtung<\/p>\n\n\n\n<p id=\"4n\">&#8211; Blitzschutz<\/p>\n\n\n\n<p id=\"4n\">&#8211; LAN-Netz<\/p>\n\n\n\n<p id=\"4n\">&#8211; F\u00f6rdertechnik<br><a href=\"#top4\">zur\u00fcck nach oben<\/a><br><\/p>\n\n\n\n<p id=\"4o\"><strong>Neubau<br><mark style=\"background-color:rgba(0, 0, 0, 0);color:#5f7ca3\" class=\"has-inline-color\">Sporthalle Gesamtschule Stettiner Stra\u00dfe<\/mark><\/strong><br>40595 D\u00fcsseldorf<br><strong>Bauherr:<\/strong> Stadt D\u00fcsseldorf<br><strong>Architekt:<\/strong> Dohle + Lohse, Braunschweig<br><strong>Geplante Anlagen: <\/strong><\/p>\n\n\n\n<p id=\"4o\">&#8211; Heizung, Fernw\u00e4rme<\/p>\n\n\n\n<p id=\"4o\">&#8211; L\u00fcftung<\/p>\n\n\n\n<p id=\"4o\">&#8211; Sanit\u00e4r<\/p>\n\n\n\n<p id=\"4o\">&#8211; Elektro (Schwachstrom\/Starkstrom)<\/p>\n\n\n\n<p id=\"4o\">&#8211; Kommunikationsanlagen<\/p>\n\n\n\n<p id=\"4o\">&#8211; Sicherheitsanlage<\/p>\n\n\n\n<p id=\"4o\">&#8211; Beleuchtung<\/p>\n\n\n\n<p id=\"4o\">&#8211; Blitzschutz<\/p>\n\n\n\n<p id=\"4o\">&#8211; LAN-Netz<br><a href=\"#top4\">zur\u00fcck nach oben<\/a><br><\/p>\n\n\n\n<p id=\"4p\"><strong>Erweiterung<br><mark style=\"background-color:rgba(0, 0, 0, 0);color:#5f7ca3\" class=\"has-inline-color\">Aggertal-Gymnasium<\/mark><\/strong><br>51766 Engelskirchen<br><strong>Bauherr: <\/strong>Gemeinde Engelskirchen<br><strong>Architekt: <\/strong>HWR Architekten, Dortmund<br><strong>Geplante Anlagen: <\/strong><\/p>\n\n\n\n<p id=\"4p\">&#8211; Heizung<\/p>\n\n\n\n<p id=\"4p\">&#8211; L\u00fcftung, K\u00e4lte, Sanit\u00e4r<\/p>\n\n\n\n<p id=\"4p\">&#8211; Elektro (Schwachstrom\/Starkstrom)<\/p>\n\n\n\n<p id=\"4p\">&#8211; Kommunikationsanlagen<\/p>\n\n\n\n<p id=\"4p\">&#8211; Sicherheitsanlage<\/p>\n\n\n\n<p id=\"4p\">&#8211; Beleuchtung<\/p>\n\n\n\n<p id=\"4p\">&#8211; Blitzschutz<\/p>\n\n\n\n<p id=\"4p\">&#8211; LAN-Netz<\/p>\n\n\n\n<p id=\"4p\">&#8211; Photovoltaik<\/p>\n\n\n\n<p id=\"4p\">&#8211; Abgehangene Decken<br><a href=\"#top4\">zur\u00fcck nach oben<\/a><br><\/p>\n\n\n\n<p id=\"4q\"><strong>Neu- und Umbau<br><mark style=\"background-color:rgba(0, 0, 0, 0);color:#5f7ca3\" class=\"has-inline-color\">Lessing-Gymnasium und \u2013Berufskolleg<\/mark><\/strong><br>40227 D\u00fcsseldorf<br><strong>Bauherr: <\/strong>Stadt D\u00fcsseldorf<br><strong>Architekt: <\/strong>pagelhenn, Hilden<br><strong>Geplante Anlagen: <\/strong><\/p>\n\n\n\n<p id=\"4q\">&#8211; Heizung, Fernw\u00e4rme<\/p>\n\n\n\n<p id=\"4q\">&#8211; L\u00fcftung<\/p>\n\n\n\n<p id=\"4q\">&#8211; Sanit\u00e4r<\/p>\n\n\n\n<p id=\"4q\">&#8211; Elektro (Schwachstrom\/Starkstrom)<\/p>\n\n\n\n<p id=\"4q\">&#8211; Kommunikationsanlagen<\/p>\n\n\n\n<p id=\"4q\">&#8211; Sicherheitsanlage<\/p>\n\n\n\n<p id=\"4q\">&#8211; Beleuchtung<\/p>\n\n\n\n<p id=\"4q\">&#8211; Blitzschutz<\/p>\n\n\n\n<p id=\"4q\">&#8211; LAN-Netz<\/p>\n\n\n\n<p id=\"4q\">&#8211; F\u00f6rdertechnik<\/p>\n\n\n\n<p id=\"4q\">&#8211; Photovoltaik<br><a href=\"#top4\">zur\u00fcck nach oben<\/a><br><\/p>\n\n\n\n<p id=\"4r\"><strong>Neubau<br><mark style=\"background-color:rgba(0, 0, 0, 0);color:#5f7ca3\" class=\"has-inline-color\">Gymnasium Koblenzer Stra\u00dfe mit 3-Feld-Sporthalle<\/mark><\/strong><br>40593 D\u00fcsseldorf<br><strong>Bauherr:<\/strong> Stadt D\u00fcsseldorf<br><strong>Architekt: <\/strong>Dohle + Lohse, Braunschweig<br><strong>Geplante Anlagen:<\/strong> <\/p>\n\n\n\n<p id=\"4r\">&#8211; Heizung, Fernw\u00e4rme<\/p>\n\n\n\n<p id=\"4r\">&#8211; L\u00fcftung<\/p>\n\n\n\n<p id=\"4r\">&#8211; Sanit\u00e4r<\/p>\n\n\n\n<p id=\"4r\">&#8211; Elektro (Schwachstrom\/Starkstrom)<\/p>\n\n\n\n<p id=\"4r\">&#8211; Kommunikationsanlagen<\/p>\n\n\n\n<p id=\"4r\">&#8211; Sicherheitsanlage<\/p>\n\n\n\n<p id=\"4r\">&#8211; Beleuchtung<\/p>\n\n\n\n<p id=\"4r\">&#8211; Blitzschutz<\/p>\n\n\n\n<p id=\"4r\">&#8211; LAN-Netz<\/p>\n\n\n\n<p id=\"4r\"><a href=\"#top4\">zur\u00fcck nach oben<\/a><\/p>\n\n\n\n<div id=\"section-g633fc8\" class=\"wp-block-gutentor-e0 section-g633fc8 gutentor-element gutentor-element-advanced-text\"><div class=\"gutentor-text-wrap\"><p class=\"gutentor-text\"><\/p><\/div><\/div>\n<\/div><\/div><\/div>\n\n\n\n<div id=\"aaf5f8\" class=\"wp-block-gutentor-m6-item section-aaf5f8 gutentor-module gutentor-module-accordion-item\"><div class=\"gutentor-module-accordion-panel g-a-panel-5d45c0\"><div class=\"gm-ah-5d45c0 gutentor-module-accordion-item-heading gutentor-module-icon-position-left\"><span class=\"gutentor-module-accordion-panel-handler\" role=\"button\"><span class=\"gutentor-module-accordion-icon\"><i class=\"gm-aio-5d45c0 gutentor-module-accordion-icon-open fas fa-angle-double-down\"><\/i><i class=\"gm-aic-5d45c0 gutentor-module-accordion-icon-close fas fa-angle-double-up\"><\/i><\/span><span class=\"gutentor-module-accordion-panel-handler-label\">ALTENHEIME<\/span><\/span><\/div><div class=\"gm-ab-5d45c0 gutentor-module-accordion-body\">\n<p id=\"top5\"><strong>\u00dcbersicht<\/strong><\/p>\n\n\n\n<div id=\"section-g2d4653\" class=\"wp-block-gutentor-e7 section-g2d4653 gutentor-element gutentor-element-list\"><ul class=\"grid-row gutentor-grid-item-wrap list-indicator-icon\"><li class=\"gutentor-list-item grid-lg-12 grid-md-12 grid-12\"><span class=\"gutentor-single-item gutentor-single-item-0\"><span class=\"gutentor-list-item-wrap g-s-list-wrap\"><span class=\"gutentor-single-list-item-icon\"><i class=\"list-item-icon fas fa-angle-right\"><\/i><\/span><span class=\"gutentor-list-item\"><p class=\"gutentor-single-item-title\"><a href=\"#5a\"><strong>Senioren- und Pflegeheim<\/strong><\/a><\/p><\/span><\/span><\/span><\/li><li class=\"gutentor-list-item grid-lg-12 grid-md-12 grid-12\"><span class=\"gutentor-single-item gutentor-single-item-1\"><span class=\"gutentor-list-item-wrap g-s-list-wrap\"><span class=\"gutentor-single-list-item-icon\"><i class=\"list-item-icon fas fa-angle-right\"><\/i><\/span><span class=\"gutentor-list-item\"><p class=\"gutentor-single-item-title\"><a href=\"#5b\"><strong>Johanniter Seniorenhaus<\/strong><\/a><\/p><\/span><\/span><\/span><\/li><li class=\"gutentor-list-item grid-lg-12 grid-md-12 grid-12\"><span class=\"gutentor-single-item gutentor-single-item-2\"><span class=\"gutentor-list-item-wrap g-s-list-wrap\"><span class=\"gutentor-single-list-item-icon\"><i class=\"list-item-icon fas fa-angle-right\"><\/i><\/span><span class=\"gutentor-list-item\"><p class=\"gutentor-single-item-title\"><a href=\"#5c\"><strong>Alten- und Pflegezentrum<\/strong><\/a><\/p><\/span><\/span><\/span><\/li><li class=\"gutentor-list-item grid-lg-12 grid-md-12 grid-12\"><span class=\"gutentor-single-item gutentor-single-item-3\"><span class=\"gutentor-list-item-wrap g-s-list-wrap\"><span class=\"gutentor-single-list-item-icon\"><i class=\"list-item-icon fas fa-angle-right\"><\/i><\/span><span class=\"gutentor-list-item\"><p class=\"gutentor-single-item-title\"><a href=\"#5d\"><strong>Altenzentrum und Altenwohnungen<\/strong><\/a><\/p><\/span><\/span><\/span><\/li><li class=\"gutentor-list-item grid-lg-12 grid-md-12 grid-12\"><span class=\"gutentor-single-item gutentor-single-item-4\"><span class=\"gutentor-list-item-wrap g-s-list-wrap\"><span class=\"gutentor-single-list-item-icon\"><i class=\"list-item-icon fas fa-angle-right\"><\/i><\/span><span class=\"gutentor-list-item\"><p class=\"gutentor-single-item-title\"><a href=\"#5e\"><strong>AWO Altenzentrum R\u00fcnderoth<\/strong><\/a><\/p><\/span><\/span><\/span><\/li><li class=\"gutentor-list-item grid-lg-12 grid-md-12 grid-12\"><span class=\"gutentor-single-item gutentor-single-item-5\"><span class=\"gutentor-list-item-wrap g-s-list-wrap\"><span class=\"gutentor-single-list-item-icon\"><i class=\"list-item-icon fas fa-angle-right\"><\/i><\/span><span class=\"gutentor-list-item\"><p class=\"gutentor-single-item-title\"><a href=\"#5f\"><strong>AWO Alten- und Pflegeheim Heinsberg<\/strong><\/a><\/p><\/span><\/span><\/span><\/li><li class=\"gutentor-list-item grid-lg-12 grid-md-12 grid-12\"><span class=\"gutentor-single-item gutentor-single-item-6\"><span class=\"gutentor-list-item-wrap g-s-list-wrap\"><span class=\"gutentor-single-list-item-icon\"><i class=\"list-item-icon fas fa-angle-right\"><\/i><\/span><span class=\"gutentor-list-item\"><p class=\"gutentor-single-item-title\"><a href=\"#5g\"><strong>Alten- und Pflegeheim<\/strong><\/a><\/p><\/span><\/span><\/span><\/li><li class=\"gutentor-list-item grid-lg-12 grid-md-12 grid-12\"><span class=\"gutentor-single-item gutentor-single-item-7\"><span class=\"gutentor-list-item-wrap g-s-list-wrap\"><span class=\"gutentor-single-list-item-icon\"><i class=\"list-item-icon fas fa-angle-right\"><\/i><\/span><span class=\"gutentor-list-item\"><p class=\"gutentor-single-item-title\"><a href=\"#5h\"><strong>Altenheim Haus Andreas<\/strong><\/a><\/p><\/span><\/span><\/span><\/li><li class=\"gutentor-list-item grid-lg-12 grid-md-12 grid-12\"><span class=\"gutentor-single-item gutentor-single-item-8\"><span class=\"gutentor-list-item-wrap g-s-list-wrap\"><span class=\"gutentor-single-list-item-icon\"><i class=\"list-item-icon fas fa-angle-right\"><\/i><\/span><span class=\"gutentor-list-item\"><p class=\"gutentor-single-item-title\"><a href=\"#5i\"><strong>Alten- und Gemeindezentrum<\/strong><\/a><\/p><\/span><\/span><\/span><\/li><li class=\"gutentor-list-item grid-lg-12 grid-md-12 grid-12\"><span class=\"gutentor-single-item gutentor-single-item-9\"><span class=\"gutentor-list-item-wrap g-s-list-wrap\"><span class=\"gutentor-single-list-item-icon\"><i class=\"list-item-icon fas fa-angle-right\"><\/i><\/span><span class=\"gutentor-list-item\"><p class=\"gutentor-single-item-title\"><a href=\"#5j\"><strong>Altenkranken- und Pflegeheim<\/strong><\/a><\/p><\/span><\/span><\/span><\/li><li class=\"gutentor-list-item grid-lg-12 grid-md-12 grid-12\"><span class=\"gutentor-single-item gutentor-single-item-10\"><span class=\"gutentor-list-item-wrap g-s-list-wrap\"><span class=\"gutentor-single-list-item-icon\"><i class=\"list-item-icon fas fa-angle-right\"><\/i><\/span><span class=\"gutentor-list-item\"><p class=\"gutentor-single-item-title\"><a href=\"#5k\"><strong>Altenkranken- und Altenheim Eschweiler<\/strong><\/a><\/p><\/span><\/span><\/span><\/li><li class=\"gutentor-list-item grid-lg-12 grid-md-12 grid-12\"><span class=\"gutentor-single-item gutentor-single-item-11\"><span class=\"gutentor-list-item-wrap g-s-list-wrap\"><span class=\"gutentor-single-list-item-icon\"><i class=\"list-item-icon fas fa-angle-right\"><\/i><\/span><span class=\"gutentor-list-item\"><p class=\"gutentor-single-item-title\"><a href=\"#5l\"><strong>Parkwohnanlage Laurensberg<\/strong><\/a><\/p><\/span><\/span><\/span><\/li><\/ul><\/div>\n\n\n\n<p id=\"5a\"><strong>Neubau<\/strong><br><strong><mark style=\"background-color:rgba(0, 0, 0, 0);color:#5f7ca3\" class=\"has-inline-color\">Senioren- und Pflegeheim<\/mark><\/strong><br>Potsdam &#8211; Drewitz<br><strong>Bauherr: <\/strong>Bildungs\u2013 und Seniorenbetreuungs AG, Berlin<br><strong>Architekt:<\/strong> Stocker, Berlin<br><strong>Geplante Anlagen: <\/strong><\/p>\n\n\n\n<p id=\"5a\">&#8211; Heizung, Fernw\u00e4rme<\/p>\n\n\n\n<p id=\"5a\">&#8211; L\u00fcftung<\/p>\n\n\n\n<p id=\"5a\">&#8211; Sanit\u00e4r<\/p>\n\n\n\n<p id=\"5a\">&#8211; Teek\u00fcche<\/p>\n\n\n\n<p id=\"5a\">&#8211; Elektro (Schwachstrom\/Starkstrom)<\/p>\n\n\n\n<p id=\"5a\">&#8211; Beleuchtung<\/p>\n\n\n\n<p id=\"5a\">&#8211; Blitzschutz<\/p>\n\n\n\n<p id=\"5a\">&#8211; Kommunikationsanlagen<\/p>\n\n\n\n<p id=\"5a\">&#8211; Trafo <\/p>\n\n\n\n<p id=\"5a\">&#8211; Medizintechnik<br><a href=\"#top5\">zur\u00fcck nach oben<\/a><br><\/p>\n\n\n\n<p id=\"5b\"><strong>Johanniter Seniorenhaus<br><mark style=\"background-color:rgba(0, 0, 0, 0);color:#5f7ca3\" class=\"has-inline-color\">Seniorenwohn- und Pflegeheim<\/mark><\/strong><br>Johanneshaus Gut Heuserhof<br>Giershausener Weg 21, 50767 K\u00f6ln &#8211; Heimersdorf<br><strong>Bauherr: <\/strong>Schlesische Genossenschaft, Hennef<br><strong>Architekt:<\/strong> Paul Petry und Partner, K\u00f6ln<br><strong>Geplante Anlagen:<\/strong> <\/p>\n\n\n\n<p id=\"5b\">&#8211; Heizung<\/p>\n\n\n\n<p id=\"5b\">&#8211; L\u00fcftung<\/p>\n\n\n\n<p id=\"5b\">&#8211; Sanit\u00e4r<\/p>\n\n\n\n<p id=\"5b\">&#8211; Elektro (Schwachstrom\/Starkstrom)<\/p>\n\n\n\n<p id=\"5b\">&#8211; Beleuchtung<\/p>\n\n\n\n<p id=\"5b\">&#8211; Blitzschutz<\/p>\n\n\n\n<p id=\"5b\">&#8211; Kommunikationsanlagen<\/p>\n\n\n\n<p id=\"5b\">&#8211; Medizintechnik<br><a href=\"#top5\">zur\u00fcck nach oben<\/a><br><\/p>\n\n\n\n<p id=\"5c\"><strong>Neubau<br><mark style=\"background-color:rgba(0, 0, 0, 0);color:#5f7ca3\" class=\"has-inline-color\">Alten- und Pflegezentrum<\/mark><\/strong><br>M\u00dcNCH-Stift-APZ GmbH<br>M\u00fcnchweg 3, 50374 Erftstadt &#8211; Frauenthal<br><strong>Bauherr: <\/strong>Alten &#8211; und Pflegezentrum, Erfstadt &#8211; Frauenthal GmbH<br><strong>Architekt: <\/strong>Paul Petry und Partner, K\u00f6ln<br><strong>Geplante Anlagen:<\/strong> <\/p>\n\n\n\n<p id=\"5c\">&#8211; Heizung<\/p>\n\n\n\n<p id=\"5c\">&#8211; L\u00fcftung<\/p>\n\n\n\n<p id=\"5c\">&#8211; Sanit\u00e4r<\/p>\n\n\n\n<p id=\"5c\">&#8211; Elektro (Schwachstrom\/Starkstrom)<\/p>\n\n\n\n<p id=\"5c\">&#8211; Beleuchtung<\/p>\n\n\n\n<p id=\"5c\">&#8211; Blitzschutz<\/p>\n\n\n\n<p id=\"5c\">&#8211; Kommunikationsanlagen<\/p>\n\n\n\n<p id=\"5c\">&#8211; Medizintechnik<br>Beim Marien-Hospital Erftstadt<br>Erbaut: 1995<br><a href=\"#top5\">zur\u00fcck nach oben<\/a><br><\/p>\n\n\n\n<p id=\"5d\"><strong><mark style=\"background-color:rgba(0, 0, 0, 0);color:#5f7ca3\" class=\"has-inline-color\">Altenzentrum und Altenwohnungen<\/mark><\/strong><br>Sonnenweg 4-8,51688 Wipperf\u00fcrth<br><strong>Bauherr:<\/strong> Eugen &#8211; Wolfrich \u2013 Kersting &#8211; Stiftung, Wipperf\u00fcrth<br><strong>Architekt: <\/strong>Paul Petry und Partner, K\u00f6ln<br><strong>Geplante Anlagen: <\/strong><\/p>\n\n\n\n<p id=\"5d\">&#8211; Heizung<\/p>\n\n\n\n<p id=\"5d\">&#8211; L\u00fcftung<\/p>\n\n\n\n<p id=\"5d\">&#8211; Sanit\u00e4r<\/p>\n\n\n\n<p id=\"5d\">&#8211; Gro\u00dfk\u00fcche<\/p>\n\n\n\n<p id=\"5d\">&#8211; Elektro (Schwachstrom\/Starkstrom)<\/p>\n\n\n\n<p id=\"5d\">&#8211; Beleuchtung<\/p>\n\n\n\n<p id=\"5d\">&#8211; Blitzschutz,<\/p>\n\n\n\n<p>&#8211; Kommunikationsanlagen<\/p>\n\n\n\n<p>&#8211; Medizintechnik<\/p>\n\n\n\n<p>&#8211; F\u00f6rdertechnik<br><a href=\"#top5\">zur\u00fcck nach oben<\/a><br><\/p>\n\n\n\n<p id=\"5e\"><strong><mark style=\"background-color:rgba(0, 0, 0, 0);color:#5f7ca3\" class=\"has-inline-color\">AWO Altenzentrum R\u00fcnderoth<\/mark><br>Personalwohnhaus<\/strong><br>H\u00fcttenstr. 27, 51766 Engelskirchen &#8211; R\u00fcnderoth<br><strong>Bauherr:<\/strong> Arbeiterwohlfahrt Gummersbach<br><strong>Architekt: <\/strong>Paul Petry und Partner, K\u00f6ln<br><strong>Geplante Anlagen: <\/strong><\/p>\n\n\n\n<p id=\"5e\">&#8211; Heizung<\/p>\n\n\n\n<p id=\"5e\">&#8211; L\u00fcftung<\/p>\n\n\n\n<p id=\"5e\">&#8211; Sanit\u00e4r<\/p>\n\n\n\n<p id=\"5e\">&#8211; Gro\u00dfk\u00fcche<\/p>\n\n\n\n<p id=\"5e\">&#8211; Elektro (Schwachstrom\/Starkstrom)<\/p>\n\n\n\n<p id=\"5e\">&#8211; Beleuchtung<\/p>\n\n\n\n<p id=\"5e\">&#8211; Blitzschutz<\/p>\n\n\n\n<p id=\"5e\">&#8211; Kommunikationsanlagen<\/p>\n\n\n\n<p id=\"5e\">&#8211; Medizintechnik<\/p>\n\n\n\n<p id=\"5e\">&#8211; F\u00f6rdertechnik<br><a href=\"#top5\">zur\u00fcck nach oben<\/a><br><\/p>\n\n\n\n<p id=\"5f\"><strong>Neubau<br><mark style=\"background-color:rgba(0, 0, 0, 0);color:#5f7ca3\" class=\"has-inline-color\">AWO Alten- und Pflegeheim Heinsberg<\/mark><\/strong><br>Siemensstr. 7, 52525 Heinsberg<br><strong>Bauherr:<\/strong> Arbeiterwohlfahrt Heinsberg<br><strong>Architekt: <\/strong>Paul Petry und Partner, K\u00f6ln<br><strong>Geplante Anlagen: <\/strong><\/p>\n\n\n\n<p id=\"5f\">&#8211; Heizung<\/p>\n\n\n\n<p id=\"5f\">&#8211; L\u00fcftung<\/p>\n\n\n\n<p id=\"5f\">&#8211; Sanit\u00e4r<\/p>\n\n\n\n<p id=\"5f\">&#8211; Elektro (Schwachstrom\/Starkstrom)<\/p>\n\n\n\n<p id=\"5f\">&#8211; Beleuchtung<\/p>\n\n\n\n<p id=\"5f\">&#8211; Blitzschutz<\/p>\n\n\n\n<p id=\"5f\">&#8211; Kommunikationsanlagen<\/p>\n\n\n\n<p id=\"5f\">&#8211; Medizintechnik<br><a href=\"#top5\">zur\u00fcck nach oben<\/a><br><\/p>\n\n\n\n<p id=\"5g\"><strong>Neubau<br><mark style=\"background-color:rgba(0, 0, 0, 0);color:#5f7ca3\" class=\"has-inline-color\">Alten- und Pflegeheim <\/mark><\/strong><br>Clarenbachwerk K\u00f6ln<br><strong>Bauherr:<\/strong> Clarenbachwerk K\u00f6ln<br><strong>Architekt: <\/strong>Paul Petry und Partner, K\u00f6ln<br><strong>Geplante Anlagen: <\/strong><\/p>\n\n\n\n<p id=\"5g\">&#8211; Heizung<\/p>\n\n\n\n<p id=\"5g\">&#8211; L\u00fcftung<\/p>\n\n\n\n<p id=\"5g\">&#8211; Sanit\u00e4r<\/p>\n\n\n\n<p id=\"5g\">&#8211; Elektro (Schwachstrom\/Starkstrom)<\/p>\n\n\n\n<p id=\"5g\">&#8211; Beleuchtung<\/p>\n\n\n\n<p id=\"5g\">&#8211; Blitzschutz<\/p>\n\n\n\n<p id=\"5g\">&#8211; Kommunikationsanlagen<\/p>\n\n\n\n<p id=\"5g\">&#8211; Medizintechnik<br><a href=\"#top5\">zur\u00fcck nach oben<\/a><br><\/p>\n\n\n\n<p id=\"5h\"><strong><mark style=\"background-color:rgba(0, 0, 0, 0);color:#5f7ca3\" class=\"has-inline-color\">Altenheim Haus Andreas<\/mark><\/strong><br>K\u00f6ln &#8211; M\u00fcngersdorf<br><strong>Bauherr: <\/strong>Clarenbachwerk K\u00f6ln<br><strong>Architekt: <\/strong>Paul Petry und Partner, K\u00f6ln<br><strong>Geplante Anlagen: <\/strong><\/p>\n\n\n\n<p id=\"5h\">&#8211; Heizung<\/p>\n\n\n\n<p id=\"5h\">&#8211; L\u00fcftung<\/p>\n\n\n\n<p id=\"5h\">&#8211; Sanit\u00e4r<\/p>\n\n\n\n<p id=\"5h\">&#8211; Elektro (Schwachstrom\/Starkstrom)<\/p>\n\n\n\n<p id=\"5h\">&#8211; Beleuchtung<\/p>\n\n\n\n<p id=\"5h\">&#8211; Blitzschutz<\/p>\n\n\n\n<p id=\"5h\">&#8211; Kommunikationsanlagen<\/p>\n\n\n\n<p id=\"5h\">&#8211; Medizintechnik<br><a href=\"#top5\">zur\u00fcck nach oben<\/a><br><\/p>\n\n\n\n<p id=\"5i\"><strong>Neubau<br><mark style=\"background-color:rgba(0, 0, 0, 0);color:#5f7ca3\" class=\"has-inline-color\">Alten- und Gemeindezentrum<\/mark><\/strong><br>K\u00f6ln &#8211; Deckstein<br><strong>Bauherr: <\/strong>Clarenbachwerk K\u00f6ln<br><strong>Architekt: <\/strong>Dr. Ing. L. Schulze, Peter J\u00f6hnssen, Werner Fieten, K\u00f6ln<br><strong>Geplante Anlagen:<\/strong> <\/p>\n\n\n\n<p id=\"5i\">&#8211; Heizung<\/p>\n\n\n\n<p id=\"5i\">&#8211; L\u00fcftung, K\u00e4lte, Sanit\u00e4r<\/p>\n\n\n\n<p id=\"5i\">&#8211; Teek\u00fcche<\/p>\n\n\n\n<p id=\"5i\">&#8211; Elektro (Schwachstrom\/Starkstrom)<\/p>\n\n\n\n<p id=\"5i\">&#8211; Beleuchtung<\/p>\n\n\n\n<p id=\"5i\">&#8211; Blitzschutz<\/p>\n\n\n\n<p id=\"5i\">&#8211; Kommunikationsanlagen<\/p>\n\n\n\n<p id=\"5i\">&#8211; Notstrom<\/p>\n\n\n\n<p id=\"5i\">&#8211; Trafo<\/p>\n\n\n\n<p id=\"5i\">&#8211; Medizintechnik<\/p>\n\n\n\n<p id=\"5i\">&#8211; K\u00fchlraum<br><a href=\"#top5\">zur\u00fcck nach oben<\/a><br><\/p>\n\n\n\n<p id=\"5j\"><strong>Neubau<br><mark style=\"background-color:rgba(0, 0, 0, 0);color:#5f7ca3\" class=\"has-inline-color\">Altenkranken- und Pflegeheim<\/mark><\/strong><br>K\u00f6ln &#8211; M\u00fcngersdorf<br><strong>Bauherr:<\/strong> Clarenbachwerk K\u00f6ln<br><strong>Architekt: <\/strong>G. Baumh\u00f6gger, K\u00f6ln<br><strong>Geplante Anlagen: <\/strong><\/p>\n\n\n\n<p id=\"5j\">&#8211; Heizung<\/p>\n\n\n\n<p id=\"5j\">&#8211; L\u00fcftung<\/p>\n\n\n\n<p id=\"5j\">&#8211; Sanit\u00e4r<\/p>\n\n\n\n<p id=\"5j\">&#8211; Teek\u00fcche<\/p>\n\n\n\n<p id=\"5j\">&#8211; Elektro (Schwachstrom\/Starkstrom)<\/p>\n\n\n\n<p id=\"5j\">&#8211; Beleuchtung<\/p>\n\n\n\n<p id=\"5j\">&#8211; Blitzschutz<\/p>\n\n\n\n<p id=\"5j\">&#8211; Kommunikationsanlagen<\/p>\n\n\n\n<p id=\"5j\">&#8211; Notstrom<\/p>\n\n\n\n<p id=\"5j\">&#8211; Trafo<\/p>\n\n\n\n<p id=\"5j\">&#8211; Medizintechnik<br><a href=\"#top5\">zur\u00fcck nach oben<\/a><br><\/p>\n\n\n\n<p id=\"5k\"><strong>Neubau<br><mark style=\"background-color:rgba(0, 0, 0, 0);color:#5f7ca3\" class=\"has-inline-color\">Altenkranken- und Altenheim Eschweiler<\/mark><\/strong><br><strong>Bauherr:<\/strong> Kreis Aachen<br><strong>Architekt: <\/strong>Kreishochbauamt Aachen<br><strong>Geplante Anlagen:<\/strong> <\/p>\n\n\n\n<p id=\"5k\">&#8211; L\u00fcftung<\/p>\n\n\n\n<p id=\"5k\">&#8211; Gro\u00dfk\u00fcche<\/p>\n\n\n\n<p id=\"5k\">&#8211; Elektro (Schwachstrom\/Starkstrom)<\/p>\n\n\n\n<p id=\"5k\">&#8211; Beleuchtung<\/p>\n\n\n\n<p id=\"5k\">&#8211; Sicherheitsanlagen<\/p>\n\n\n\n<p id=\"5k\">&#8211; Kommunikationsanlagen<\/p>\n\n\n\n<p id=\"5k\">&#8211; Notstrom<\/p>\n\n\n\n<p id=\"5k\">&#8211; Trafo<\/p>\n\n\n\n<p id=\"5k\">&#8211; Medizintechnik<\/p>\n\n\n\n<p id=\"5k\">&#8211; K\u00fchlraum<\/p>\n\n\n\n<p id=\"5k\">&#8211; F\u00f6rdertechnik<br><a href=\"#top5\">zur\u00fcck nach oben<\/a><br><\/p>\n\n\n\n<p id=\"5l\"><strong>Neubau<br><mark style=\"background-color:rgba(0, 0, 0, 0);color:#5f7ca3\" class=\"has-inline-color\">Parkwohnanlage Laurensberg<\/mark><\/strong><br>bei Aachen<br><strong>Bauherr: <\/strong>Grundverm\u00f6gen \u2013 Gesellschaft, Dr. Schell KG<br><strong>Architekt: <\/strong>Eigelshofen, Laurensberg<br><strong>Geplante Anlagen: <\/strong><\/p>\n\n\n\n<p id=\"5l\">&#8211; L\u00fcftung<\/p>\n\n\n\n<p id=\"5l\">&#8211; Gro\u00dfk\u00fcche<\/p>\n\n\n\n<p id=\"5l\">&#8211; Elektro (Schwachstrom\/Starkstrom)<\/p>\n\n\n\n<p id=\"5l\">&#8211; Beleuchtung<\/p>\n\n\n\n<p id=\"5l\">&#8211; Kommunikationsanlagen<\/p>\n\n\n\n<p id=\"5l\">&#8211; Trafo<\/p>\n\n\n\n<p id=\"5l\">&#8211; Medizintechnik<br><a href=\"#top5\">zur\u00fcck nach oben<\/a><\/p>\n\n\n\n<div id=\"section-g9053b5\" class=\"wp-block-gutentor-e0 section-g9053b5 gutentor-element gutentor-element-advanced-text\"><div class=\"gutentor-text-wrap\"><p class=\"gutentor-text\"><br><br><\/p><\/div><\/div>\n<\/div><\/div><\/div>\n\n\n\n<div id=\"20ff43\" class=\"wp-block-gutentor-m6-item section-20ff43 gutentor-module gutentor-module-accordion-item\"><div class=\"gutentor-module-accordion-panel g-a-panel-5d45c0\"><div class=\"gm-ah-5d45c0 gutentor-module-accordion-item-heading gutentor-module-icon-position-left\"><span class=\"gutentor-module-accordion-panel-handler\" role=\"button\"><span class=\"gutentor-module-accordion-icon\"><i class=\"gm-aio-5d45c0 gutentor-module-accordion-icon-open fas fa-angle-double-down\"><\/i><i class=\"gm-aic-5d45c0 gutentor-module-accordion-icon-close fas fa-angle-double-up\"><\/i><\/span><span class=\"gutentor-module-accordion-panel-handler-label\">KRANKENH\u00c4USER<\/span><\/span><\/div><div class=\"gm-ab-5d45c0 gutentor-module-accordion-body\">\n<p id=\"top6\"><strong>\u00dcbersicht<\/strong><\/p>\n\n\n\n<div id=\"section-g3c4856\" class=\"wp-block-gutentor-e7 section-g3c4856 gutentor-element gutentor-element-list\"><ul class=\"grid-row gutentor-grid-item-wrap list-indicator-icon\"><li class=\"gutentor-list-item grid-lg-12 grid-md-12 grid-12\"><span class=\"gutentor-single-item gutentor-single-item-0\"><span class=\"gutentor-list-item-wrap g-s-list-wrap\"><span class=\"gutentor-single-list-item-icon\"><i class=\"list-item-icon fas fa-angle-right\"><\/i><\/span><span class=\"gutentor-list-item\"><p class=\"gutentor-single-item-title\"><strong><mark style=\"background-color:rgba(0, 0, 0, 0);color:#5f7ca3\" class=\"has-inline-color\"><a href=\"#6a\">Krankenhaus<\/a><a href=\"#1\"> f\u00fcr Sportverletzte<\/a><\/mark><\/strong><\/p><\/span><\/span><\/span><\/li><li class=\"gutentor-list-item grid-lg-12 grid-md-12 grid-12\"><span class=\"gutentor-single-item gutentor-single-item-1\"><span class=\"gutentor-list-item-wrap g-s-list-wrap\"><span class=\"gutentor-single-list-item-icon\"><i class=\"list-item-icon fas fa-angle-right\"><\/i><\/span><span class=\"gutentor-list-item\"><p class=\"gutentor-single-item-title\"><strong><mark style=\"background-color:rgba(0, 0, 0, 0);color:#5f7ca3\" class=\"has-inline-color\"><a href=\"#6b\">Kreiskrankenhaus L\u00fcdenscheid<\/a><\/mark><\/strong><\/p><\/span><\/span><\/span><\/li><li class=\"gutentor-list-item grid-lg-12 grid-md-12 grid-12\"><span class=\"gutentor-single-item gutentor-single-item-2\"><span class=\"gutentor-list-item-wrap g-s-list-wrap\"><span class=\"gutentor-single-list-item-icon\"><i class=\"list-item-icon fas fa-angle-right\"><\/i><\/span><span class=\"gutentor-list-item\"><p class=\"gutentor-single-item-title\"><strong><mark style=\"background-color:rgba(0, 0, 0, 0);color:#5f7ca3\" class=\"has-inline-color\"><a href=\"#6c\">St\u00e4dtisches Krankenhaus Leverkusen<\/a><\/mark><\/strong><\/p><\/span><\/span><\/span><\/li><li class=\"gutentor-list-item grid-lg-12 grid-md-12 grid-12\"><span class=\"gutentor-single-item gutentor-single-item-3\"><span class=\"gutentor-list-item-wrap g-s-list-wrap\"><span class=\"gutentor-single-list-item-icon\"><i class=\"list-item-icon fas fa-angle-right\"><\/i><\/span><span class=\"gutentor-list-item\"><p class=\"gutentor-single-item-title\"><strong><mark style=\"background-color:rgba(0, 0, 0, 0);color:#5f7ca3\" class=\"has-inline-color\"><a href=\"#6d\">Kreiskrankenhaus W\u00fcrselen<\/a><\/mark><\/strong><\/p><\/span><\/span><\/span><\/li><li class=\"gutentor-list-item grid-lg-12 grid-md-12 grid-12\"><span class=\"gutentor-single-item gutentor-single-item-4\"><span class=\"gutentor-list-item-wrap g-s-list-wrap\"><span class=\"gutentor-single-list-item-icon\"><i class=\"list-item-icon fas fa-angle-right\"><\/i><\/span><span class=\"gutentor-list-item\"><p class=\"gutentor-single-item-title\"><strong><strong><mark style=\"background-color:rgba(0, 0, 0, 0);color:#5f7ca3\" class=\"has-inline-color\"><a href=\"#6e\">Kreiskrankenhaus Simmern Hunsr\u00fcck<\/a><\/mark><\/strong><\/strong><\/p><\/span><\/span><\/span><\/li><li class=\"gutentor-list-item grid-lg-12 grid-md-12 grid-12\"><span class=\"gutentor-single-item gutentor-single-item-5\"><span class=\"gutentor-list-item-wrap g-s-list-wrap\"><span class=\"gutentor-single-list-item-icon\"><i class=\"list-item-icon fas fa-angle-right\"><\/i><\/span><span class=\"gutentor-list-item\"><p class=\"gutentor-single-item-title\"><strong><mark style=\"background-color:rgba(0, 0, 0, 0);color:#5f7ca3\" class=\"has-inline-color\"><a href=\"#6\">Ev. <\/a><a href=\"#6f\">Krankenhaus Bergisch &#8211; Gladbach<\/a><\/mark><\/strong><\/p><\/span><\/span><\/span><\/li><li class=\"gutentor-list-item grid-lg-12 grid-md-12 grid-12\"><span class=\"gutentor-single-item gutentor-single-item-6\"><span class=\"gutentor-list-item-wrap g-s-list-wrap\"><span class=\"gutentor-single-list-item-icon\"><i class=\"list-item-icon fas fa-angle-right\"><\/i><\/span><span class=\"gutentor-list-item\"><p class=\"gutentor-single-item-title\"><mark style=\"background-color:rgba(0, 0, 0, 0);color:#5f7ca3\" class=\"has-inline-color\"><a href=\"#6g\"><strong>Palliative Therapie<\/strong><br><strong>Dr. Mildred <\/strong><\/a><strong><a href=\"#6g\">Scheel<\/a><\/strong><a href=\"#6g\"><strong> Haus, Universit\u00e4tsklinikum K\u00f6ln<\/strong><\/a><\/mark><\/p><\/span><\/span><\/span><\/li><li class=\"gutentor-list-item grid-lg-12 grid-md-12 grid-12\"><span class=\"gutentor-single-item gutentor-single-item-7\"><span class=\"gutentor-list-item-wrap g-s-list-wrap\"><span class=\"gutentor-single-list-item-icon\"><i class=\"list-item-icon fas fa-angle-right\"><\/i><\/span><span class=\"gutentor-list-item\"><p class=\"gutentor-single-item-title\"><strong><mark style=\"background-color:rgba(0, 0, 0, 0);color:#5f7ca3\" class=\"has-inline-color\"><a href=\"#6h\">Klinik Niederrhein<\/a><\/mark><\/strong><\/p><\/span><\/span><\/span><\/li><li class=\"gutentor-list-item grid-lg-12 grid-md-12 grid-12\"><span class=\"gutentor-single-item gutentor-single-item-8\"><span class=\"gutentor-list-item-wrap g-s-list-wrap\"><span class=\"gutentor-single-list-item-icon\"><i class=\"list-item-icon fas fa-angle-right\"><\/i><\/span><span class=\"gutentor-list-item\"><p class=\"gutentor-single-item-title\"><strong><mark style=\"background-color:rgba(0, 0, 0, 0);color:#5f7ca3\" class=\"has-inline-color\"><a href=\"#6i\">Aggertalklinik<\/a><\/mark><\/strong><\/p><\/span><\/span><\/span><\/li><li class=\"gutentor-list-item grid-lg-12 grid-md-12 grid-12\"><span class=\"gutentor-single-item gutentor-single-item-9\"><span class=\"gutentor-list-item-wrap g-s-list-wrap\"><span class=\"gutentor-single-list-item-icon\"><i class=\"list-item-icon fas fa-angle-right\"><\/i><\/span><span class=\"gutentor-list-item\"><p class=\"gutentor-single-item-title\"><strong><mark style=\"background-color:rgba(0, 0, 0, 0);color:#5f7ca3\" class=\"has-inline-color\"><a href=\"#6j\">CIO K\u00f6ln, Universit\u00e4tsklinikum K\u00f6ln<\/a><\/mark><\/strong><\/p><\/span><\/span><\/span><\/li><\/ul><\/div>\n\n\n\n<p id=\"6a\"><strong>Neubau<br><mark style=\"background-color:rgba(0, 0, 0, 0);color:#5f7ca3\" class=\"has-inline-color\">Krankenhaus f\u00fcr Sportverletzte<\/mark><\/strong><br>Hellersen<br><strong>Bauherr: <\/strong>Sporthilfe e.V., Hellersen<br><strong>Architekt: <\/strong>Dipl. Ing. Walter Schlempp<br><strong>Geplante Anlagen:<\/strong> <\/p>\n\n\n\n<p id=\"6a\">&#8211; Heizung, Fernw\u00e4rme<\/p>\n\n\n\n<p id=\"6a\">&#8211; L\u00fcftung, K\u00e4lte, Sanit\u00e4r<\/p>\n\n\n\n<p id=\"6a\">&#8211; Schwimmbad<\/p>\n\n\n\n<p id=\"6a\">&#8211; Elektro (Schwachstrom\/Starkstrom)<\/p>\n\n\n\n<p id=\"6a\">&#8211; Beleuchtung<\/p>\n\n\n\n<p id=\"6a\">&#8211; Blitzschutz<\/p>\n\n\n\n<p id=\"6a\">&#8211; Kommunikationsanlagen<\/p>\n\n\n\n<p id=\"6a\">&#8211; Trafo<\/p>\n\n\n\n<p id=\"6a\">&#8211; Notstrom<\/p>\n\n\n\n<p id=\"6a\">&#8211; Medizintechnik<\/p>\n\n\n\n<p id=\"6a\">&#8211; R\u00f6ntgenanlage<br><a href=\"#top6\">zur\u00fcck nach oben<\/a><\/p>\n\n\n\n<p id=\"6b\"><strong><mark style=\"background-color:rgba(0, 0, 0, 0);color:#5f7ca3\" class=\"has-inline-color\">Kreiskrankenhaus L\u00fcdenscheid<\/mark><\/strong><br>(Anbau Chirurgische OP&#8217;s)<br><strong>Bauherr: <\/strong>Kreis L\u00fcdenscheid<br><strong>Architekt: <\/strong>Kreis L\u00fcdenscheid<br><strong>Geplante Anlagen:<\/strong> <\/p>\n\n\n\n<p id=\"6b\">&#8211; Elektro (Schwachstrom\/Starkstrom)<\/p>\n\n\n\n<p id=\"6b\">&#8211; Beleuchtung<\/p>\n\n\n\n<p id=\"6b\">&#8211; Notstrom<\/p>\n\n\n\n<p id=\"6b\">&#8211; Medizintechnik<br><a href=\"#top6\">zur\u00fcck nach oben<\/a><\/p>\n\n\n\n<p id=\"6c\"><strong>Neubau<br><mark style=\"background-color:rgba(0, 0, 0, 0);color:#5f7ca3\" class=\"has-inline-color\">St\u00e4dtisches Krankenhaus Leverkusen<\/mark><\/strong><br><strong>Bauherr: <\/strong>Stadt Leverkusen<br><strong>Architekt: <\/strong>Prof. Dr. B. Schachner, Aachen<br><strong>Geplante Anlagen: <\/strong><\/p>\n\n\n\n<p id=\"6c\">&#8211; Elektro (Schwachstrom\/Starkstrom)<\/p>\n\n\n\n<p id=\"6c\">&#8211; Beleuchtung<\/p>\n\n\n\n<p id=\"6c\">&#8211; Blitzschutz<\/p>\n\n\n\n<p id=\"6c\">&#8211; Kommunikationsanlage<\/p>\n\n\n\n<p id=\"6c\">&#8211; Trafo<\/p>\n\n\n\n<p id=\"6c\">&#8211; Notstrom<br><a href=\"#top6\">zur\u00fcck nach oben<\/a><\/p>\n\n\n\n<p id=\"6d\"><strong>Neubau<br><mark style=\"background-color:rgba(0, 0, 0, 0);color:#5f7ca3\" class=\"has-inline-color\">Kreiskrankenhaus W\u00fcrselen<\/mark><\/strong><br><strong>Bauherr:<\/strong> Kreis Aachen<br><strong>Architekt:<\/strong> Prof. Johannes Krahn, Frankfurt<br><strong>Geplante Anlagen: <\/strong><\/p>\n\n\n\n<p id=\"6d\">&#8211; Gro\u00dfk\u00fcche<\/p>\n\n\n\n<p id=\"6d\">&#8211; Elektro (Schwachstrom\/Starkstrom)<\/p>\n\n\n\n<p id=\"6d\">&#8211; Beleuchtung<\/p>\n\n\n\n<p id=\"6d\">&#8211; Blitzschutz<\/p>\n\n\n\n<p id=\"6d\">&#8211; Kommunikationsanlage<\/p>\n\n\n\n<p id=\"6d\">&#8211; Trafo<\/p>\n\n\n\n<p id=\"6d\">&#8211; Notstrom<\/p>\n\n\n\n<p id=\"6d\">&#8211; Medizintechnik<\/p>\n\n\n\n<p id=\"6d\">&#8211; R\u00f6ntgenanlage<br><a href=\"#top6\">zur\u00fcck nach oben<\/a><\/p>\n\n\n\n<p id=\"6e\"><strong>Neubau<br><strong><mark style=\"background-color:rgba(0, 0, 0, 0);color:#5f7ca3\" class=\"has-inline-color\">Kreiskrankenhaus Simmern Hunsr\u00fcck<\/mark><\/strong><\/strong><mark style=\"background-color:rgba(0, 0, 0, 0);color:#5f7ca3\" class=\"has-inline-color\"><br><\/mark>einschl. Schwesternwohnheim<br><strong>Bauherr: <\/strong>Rhein &#8211; Hunsr\u00fcck \u2013 Kreis, Kreisverwaltung Simmern<br><strong>Architekt: <\/strong>G. Baumh\u00f6gger, K\u00f6ln<br><strong>Geplante Anlagen: <\/strong><\/p>\n\n\n\n<p id=\"6e\">&#8211; Heizung<\/p>\n\n\n\n<p id=\"6e\">&#8211; L\u00fcftung, K\u00e4lte, Sanit\u00e4r<\/p>\n\n\n\n<p id=\"6e\">&#8211; Teek\u00fcche<\/p>\n\n\n\n<p id=\"6e\">&#8211; Gro\u00dfk\u00fcche<\/p>\n\n\n\n<p id=\"6e\">&#8211; K\u00fchlraum<\/p>\n\n\n\n<p id=\"6e\">&#8211; M\u00fcllverbrennung<\/p>\n\n\n\n<p id=\"6e\">&#8211; Elektro (Schwachstrom\/Starkstrom)<\/p>\n\n\n\n<p id=\"6e\">&#8211; Beleuchtung<\/p>\n\n\n\n<p id=\"6e\">&#8211; Blitzschutz<\/p>\n\n\n\n<p id=\"6e\">&#8211; Kommunikationsanlage<\/p>\n\n\n\n<p id=\"6e\">&#8211; Trafo<\/p>\n\n\n\n<p id=\"6e\">&#8211; Notstrom<\/p>\n\n\n\n<p id=\"6e\">&#8211; Medizintechnik<\/p>\n\n\n\n<p id=\"6e\">&#8211; R\u00f6ntgenanlage<br><a href=\"#top6\">zur\u00fcck nach oben<\/a><\/p>\n\n\n\n<p id=\"6f\"><strong>Neubau<br><mark style=\"background-color:rgba(0, 0, 0, 0);color:#5f7ca3\" class=\"has-inline-color\">Ev. Krankenhaus Bergisch &#8211; Gladbach<\/mark><\/strong><br>einschl. Schwesternhaus<br><strong>Bauherr:<\/strong> Ev. Krankenhaus, Bergisch &#8211; Gladbach<br><strong>Architekt: <\/strong>G. Baumh\u00f6gger, K\u00f6ln<br><strong>Geplante Anlagen:<\/strong> <\/p>\n\n\n\n<p id=\"6f\">&#8211; Heizung<\/p>\n\n\n\n<p id=\"6f\">&#8211; L\u00fcftung, K\u00e4lte, Sanit\u00e4r<\/p>\n\n\n\n<p id=\"6f\">&#8211; Teek\u00fcche<\/p>\n\n\n\n<p id=\"6f\">&#8211; Schwimmbad<\/p>\n\n\n\n<p id=\"6f\">&#8211; Elektro (Schwachstrom\/Starkstrom)<\/p>\n\n\n\n<p id=\"6f\">&#8211; Beleuchtung<\/p>\n\n\n\n<p id=\"6f\">&#8211; Blitzschutz<\/p>\n\n\n\n<p id=\"6f\">&#8211; Kommunikationsanlage<\/p>\n\n\n\n<p id=\"6f\">&#8211; Trafo<\/p>\n\n\n\n<p id=\"6f\">&#8211; Notstrom<\/p>\n\n\n\n<p id=\"6f\">&#8211; Medizintechnik<br><a href=\"#top6\">zur\u00fcck nach oben<\/a><\/p>\n\n\n\n<p id=\"6g\"><strong>Neubau<br><\/strong><mark style=\"background-color:rgba(0, 0, 0, 0);color:#5f7ca3\" class=\"has-inline-color\"><strong>Palliative Therapie<\/strong><br><strong>Dr. Mildred Scheel Haus, Universit\u00e4tsklinikum K\u00f6ln<\/strong><\/mark><br>Joseph-Stelzmann-Stra\u00dfe 9, 50931 K\u00f6ln<br><strong>Bauherr:<\/strong> Deutsche Krebshilfe e.V.<br><strong>Architekt: <\/strong>Heidrich, K\u00f6ln<br><strong>Geplante Anlagen: <\/strong><\/p>\n\n\n\n<p id=\"6g\">&#8211; Heizung, Fernw\u00e4rme<\/p>\n\n\n\n<p id=\"6g\">&#8211; L\u00fcftung, K\u00e4lte, Sanit\u00e4r<\/p>\n\n\n\n<p id=\"6g\">&#8211; Teek\u00fcche<\/p>\n\n\n\n<p id=\"6g\">&#8211; Schwimmbad<\/p>\n\n\n\n<p id=\"6g\">&#8211; Elektro (Schwachstrom\/Starkstrom)<\/p>\n\n\n\n<p id=\"6g\">&#8211; Beleuchtung<\/p>\n\n\n\n<p id=\"6g\">&#8211; Blitzschutz<\/p>\n\n\n\n<p id=\"6g\">&#8211; Kommunikationsanlage<\/p>\n\n\n\n<p id=\"6g\">&#8211; Trafo<\/p>\n\n\n\n<p id=\"6g\">&#8211; Notstrom<\/p>\n\n\n\n<p id=\"6g\">&#8211; Medizintechnik<\/p>\n\n\n\n<p id=\"6g\">&#8211; F\u00f6rdertechnik<br><a href=\"#top6\">zur\u00fcck nach <\/a><a href=\"#top\">oben<\/a><\/p>\n\n\n\n<p id=\"6h\"><strong>Sanierung<br><mark style=\"background-color:rgba(0, 0, 0, 0);color:#5f7ca3\" class=\"has-inline-color\">Klinik Niederrhein<\/mark><\/strong><br>Hochstr. 13-19, 53474 Bad Neuenahr<br><strong>Bauherr: <\/strong>Deutsche Rentenversicherung, D\u00fcsseldorf<br><strong>Architekt: <\/strong>Deutsche Rentenversicherung, D\u00fcsseldorf<br><strong>Geplante Anlagen:<\/strong> <\/p>\n\n\n\n<p id=\"6h\">&#8211; Heizung<\/p>\n\n\n\n<p id=\"6h\">&#8211; L\u00fcftung<\/p>\n\n\n\n<p id=\"6h\">&#8211; Sanit\u00e4r<\/p>\n\n\n\n<p id=\"6h\">&#8211; Elektro (Schwachstrom\/Starkstrom)<\/p>\n\n\n\n<p id=\"6h\">&#8211; Beleuchtung<\/p>\n\n\n\n<p id=\"6h\">&#8211; Kommunikationsanlage<\/p>\n\n\n\n<p id=\"6h\">&#8211; Medizintechnik<\/p>\n\n\n\n<p id=\"6h\">&#8211; LAN-Netz<br><a href=\"#top6\">zur\u00fcck nach oben<\/a><\/p>\n\n\n\n<p id=\"6i\"><strong>Sanierung<br><mark style=\"background-color:rgba(0, 0, 0, 0);color:#5f7ca3\" class=\"has-inline-color\">Aggertalklinik<\/mark><\/strong><br>Am Sondersiefen 18, 51766 Engelskirchen<br><strong>Bauherr: <\/strong>Deutsche Rentenversicherung,D\u00fcsseldorf<br><strong>Architekt: <\/strong>Deutsche Rentenversicherung, D\u00fcsseldorf<br><strong>Geplante Anlagen:<\/strong> <\/p>\n\n\n\n<p id=\"6i\">&#8211; Heizung<\/p>\n\n\n\n<p id=\"6i\">&#8211; L\u00fcftung<\/p>\n\n\n\n<p id=\"6i\">&#8211; Sanit\u00e4r<\/p>\n\n\n\n<p id=\"6i\">&#8211; Elektro (Schwachstrom\/Starkstrom)<\/p>\n\n\n\n<p id=\"6i\">&#8211; Beleuchtung<\/p>\n\n\n\n<p id=\"6i\">&#8211; Kommunikationsanlage<\/p>\n\n\n\n<p id=\"6i\">&#8211; Medizintechnik<\/p>\n\n\n\n<p id=\"6i\">&#8211; LAN-Netz<br><a href=\"#top6\">zur\u00fcck nach oben<\/a><\/p>\n\n\n\n<p id=\"6j\"><strong>Neubau<br><mark style=\"background-color:rgba(0, 0, 0, 0);color:#5f7ca3\" class=\"has-inline-color\">CIO K\u00f6ln, Universit\u00e4tsklinikum K\u00f6ln<\/mark><\/strong><br>Joseph-Stelzmann-Stra\u00dfe 9, 50931 K\u00f6ln<br><strong>Bauherr: <\/strong>Universit\u00e4tsklinikum K\u00f6ln<br><strong>Architekt: <\/strong>medfacilities GmbH, K\u00f6ln<br><strong>Geplante Anlagen: <\/strong><\/p>\n\n\n\n<p id=\"6j\">&#8211; Heizung, Fernw\u00e4rme<\/p>\n\n\n\n<p id=\"6j\">&#8211; L\u00fcftung<\/p>\n\n\n\n<p id=\"6j\">&#8211; K\u00e4lte<\/p>\n\n\n\n<p id=\"6j\">&#8211; Sprinkler<\/p>\n\n\n\n<p id=\"6j\">&#8211; CO-Warnanlage<\/p>\n\n\n\n<p id=\"6j\">&#8211; Medizintechnik<br><a href=\"#top6\">zur\u00fcck nach oben<\/a><\/p>\n\n\n\n<div id=\"section-g8c9035\" class=\"wp-block-gutentor-e0 section-g8c9035 gutentor-element gutentor-element-advanced-text\"><div class=\"gutentor-text-wrap\"><p class=\"gutentor-text\"><br><\/p><\/div><\/div>\n<\/div><\/div><\/div>\n\n\n\n<div id=\"7428db\" class=\"wp-block-gutentor-m6-item section-7428db gutentor-module gutentor-module-accordion-item\"><div class=\"gutentor-module-accordion-panel g-a-panel-5d45c0\"><div class=\"gm-ah-5d45c0 gutentor-module-accordion-item-heading gutentor-module-icon-position-left\"><span class=\"gutentor-module-accordion-panel-handler\" role=\"button\"><span class=\"gutentor-module-accordion-icon\"><i class=\"gm-aio-5d45c0 gutentor-module-accordion-icon-open fas fa-angle-double-down\"><\/i><i class=\"gm-aic-5d45c0 gutentor-module-accordion-icon-close fas fa-angle-double-up\"><\/i><\/span><span class=\"gutentor-module-accordion-panel-handler-label\">INDUSTRIEBAUTEN<\/span><\/span><\/div><div class=\"gm-ab-5d45c0 gutentor-module-accordion-body\">\n<p id=\"top7\"><strong>\u00dcbersicht<\/strong><\/p>\n\n\n\n<div id=\"section-gb85311\" class=\"wp-block-gutentor-e7 section-gb85311 gutentor-element gutentor-element-list\"><ul class=\"grid-row gutentor-grid-item-wrap list-indicator-icon\"><li class=\"gutentor-list-item grid-lg-12 grid-md-12 grid-12\"><span class=\"gutentor-single-item gutentor-single-item-0\"><span class=\"gutentor-list-item-wrap g-s-list-wrap\"><span class=\"gutentor-single-list-item-icon\"><i class=\"list-item-icon fas fa-angle-right\"><\/i><\/span><span class=\"gutentor-list-item\"><p class=\"gutentor-single-item-title\"><a href=\"#7a\"><strong>Autohaus Honda<\/strong><\/a><\/p><\/span><\/span><\/span><\/li><li class=\"gutentor-list-item grid-lg-12 grid-md-12 grid-12\"><span class=\"gutentor-single-item gutentor-single-item-1\"><span class=\"gutentor-list-item-wrap g-s-list-wrap\"><span class=\"gutentor-single-list-item-icon\"><i class=\"list-item-icon fas fa-angle-right\"><\/i><\/span><span class=\"gutentor-list-item\"><p class=\"gutentor-single-item-title\"><a href=\"#7b\"><strong>Melchert Elektronik GmbH<\/strong><\/a><\/p><\/span><\/span><\/span><\/li><li class=\"gutentor-list-item grid-lg-12 grid-md-12 grid-12\"><span class=\"gutentor-single-item gutentor-single-item-2\"><span class=\"gutentor-list-item-wrap g-s-list-wrap\"><span class=\"gutentor-single-list-item-icon\"><i class=\"list-item-icon fas fa-angle-right\"><\/i><\/span><span class=\"gutentor-list-item\"><p class=\"gutentor-single-item-title\"><a href=\"#7c\"><strong>Dielektra GmbH<\/strong><\/a><\/p><\/span><\/span><\/span><\/li><li class=\"gutentor-list-item grid-lg-12 grid-md-12 grid-12\"><span class=\"gutentor-single-item gutentor-single-item-3\"><span class=\"gutentor-list-item-wrap g-s-list-wrap\"><span class=\"gutentor-single-list-item-icon\"><i class=\"list-item-icon fas fa-angle-right\"><\/i><\/span><span class=\"gutentor-list-item\"><p class=\"gutentor-single-item-title\"><a href=\"#7d\"><strong>Gesenkschmiede Solingen<\/strong><\/a><\/p><\/span><\/span><\/span><\/li><li class=\"gutentor-list-item grid-lg-12 grid-md-12 grid-12\"><span class=\"gutentor-single-item gutentor-single-item-4\"><span class=\"gutentor-list-item-wrap g-s-list-wrap\"><span class=\"gutentor-single-list-item-icon\"><i class=\"list-item-icon fas fa-angle-right\"><\/i><\/span><span class=\"gutentor-list-item\"><p class=\"gutentor-single-item-title\"><a href=\"#7e\"><strong>Betriebsgeb\u00e4ude H\u00fcrth<\/strong><\/a><\/p><\/span><\/span><\/span><\/li><li class=\"gutentor-list-item grid-lg-12 grid-md-12 grid-12\"><span class=\"gutentor-single-item gutentor-single-item-5\"><span class=\"gutentor-list-item-wrap g-s-list-wrap\"><span class=\"gutentor-single-list-item-icon\"><i class=\"list-item-icon fas fa-angle-right\"><\/i><\/span><span class=\"gutentor-list-item\"><p class=\"gutentor-single-item-title\"><a href=\"#7f\"><strong>Autozentrum Nordrhein<\/strong><\/a><\/p><\/span><\/span><\/span><\/li><li class=\"gutentor-list-item grid-lg-12 grid-md-12 grid-12\"><span class=\"gutentor-single-item gutentor-single-item-6\"><span class=\"gutentor-list-item-wrap g-s-list-wrap\"><span class=\"gutentor-single-list-item-icon\"><i class=\"list-item-icon fas fa-angle-right\"><\/i><\/span><span class=\"gutentor-list-item\"><p class=\"gutentor-single-item-title\"><a href=\"#7g\"><strong>Deutsche Renault AG<\/strong><\/a><\/p><\/span><\/span><\/span><\/li><li class=\"gutentor-list-item grid-lg-12 grid-md-12 grid-12\"><span class=\"gutentor-single-item gutentor-single-item-7\"><span class=\"gutentor-list-item-wrap g-s-list-wrap\"><span class=\"gutentor-single-list-item-icon\"><i class=\"list-item-icon fas fa-angle-right\"><\/i><\/span><span class=\"gutentor-list-item\"><p class=\"gutentor-single-item-title\"><a href=\"#7h\"><strong>Moeller Schaltger\u00e4te<\/strong><\/a><\/p><\/span><\/span><\/span><\/li><li class=\"gutentor-list-item grid-lg-12 grid-md-12 grid-12\"><span class=\"gutentor-single-item gutentor-single-item-8\"><span class=\"gutentor-list-item-wrap g-s-list-wrap\"><span class=\"gutentor-single-list-item-icon\"><i class=\"list-item-icon fas fa-angle-right\"><\/i><\/span><span class=\"gutentor-list-item\"><p class=\"gutentor-single-item-title\"><a href=\"#7i\"><strong>Moeller Automation<\/strong><\/a><\/p><\/span><\/span><\/span><\/li><li class=\"gutentor-list-item grid-lg-12 grid-md-12 grid-12\"><span class=\"gutentor-single-item gutentor-single-item-9\"><span class=\"gutentor-list-item-wrap g-s-list-wrap\"><span class=\"gutentor-single-list-item-icon\"><i class=\"list-item-icon fas fa-angle-right\"><\/i><\/span><span class=\"gutentor-list-item\"><p class=\"gutentor-single-item-title\"><a href=\"#7j\"><strong>Kl\u00f6ckner Starkstrom<\/strong><\/a><\/p><\/span><\/span><\/span><\/li><li class=\"gutentor-list-item grid-lg-12 grid-md-12 grid-12\"><span class=\"gutentor-single-item gutentor-single-item-10\"><span class=\"gutentor-list-item-wrap g-s-list-wrap\"><span class=\"gutentor-single-list-item-icon\"><i class=\"list-item-icon fas fa-angle-right\"><\/i><\/span><span class=\"gutentor-list-item\"><p class=\"gutentor-single-item-title\"><a href=\"#7k\"><strong>Bayer Leverkusen<\/strong><\/a><\/p><\/span><\/span><\/span><\/li><li class=\"gutentor-list-item grid-lg-12 grid-md-12 grid-12\"><span class=\"gutentor-single-item gutentor-single-item-11\"><span class=\"gutentor-list-item-wrap g-s-list-wrap\"><span class=\"gutentor-single-list-item-icon\"><i class=\"list-item-icon fas fa-angle-right\"><\/i><\/span><span class=\"gutentor-list-item\"><p class=\"gutentor-single-item-title\"><a href=\"#7l\"><strong>Rheinenergie &#8211; Halle 31<\/strong><\/a><\/p><\/span><\/span><\/span><\/li><\/ul><\/div>\n\n\n\n<p id=\"7a\"><strong>Neubau<br><mark style=\"background-color:rgba(0, 0, 0, 0);color:#5f7ca3\" class=\"has-inline-color\">Autohaus Honda<\/mark><\/strong><br>N\u00fcrtingen<br><strong>Bauherr: <\/strong>Honda, N\u00fcrtingen<br><strong>Architekt: <\/strong>Oxen und R\u00f6mer, K\u00f6ln<br><strong>Geplante Anlagen:<\/strong> <\/p>\n\n\n\n<p id=\"7a\">&#8211; Heizung<\/p>\n\n\n\n<p id=\"7a\">&#8211; L\u00fcftung<\/p>\n\n\n\n<p id=\"7a\">&#8211; Sanit\u00e4r<\/p>\n\n\n\n<p id=\"7a\">&#8211; Elektro (Schwachstrom\/Starkstrom)<\/p>\n\n\n\n<p id=\"7a\">&#8211; Beleuchtung<\/p>\n\n\n\n<p id=\"7a\">&#8211; Blitzschutz<\/p>\n\n\n\n<p id=\"7a\">&#8211; Kommunikationsanlage<br><a href=\"#top7\">zur\u00fcck nach oben<\/a><\/p>\n\n\n\n<p id=\"7b\"><strong>Neu- und Umbau<br><mark style=\"background-color:rgba(0, 0, 0, 0);color:#5f7ca3\" class=\"has-inline-color\">Melchert Elektronik GmbH, K\u00f6ln<\/mark><\/strong><br><strong>Bauherr: <\/strong>Melchert Elektronik, K\u00f6ln<br><strong>Architekt: <\/strong>Ferdi Dolfen, K\u00f6ln<br><strong>Geplante Anlagen: <\/strong><\/p>\n\n\n\n<p id=\"7b\">&#8211; Heizung<\/p>\n\n\n\n<p id=\"7b\">&#8211; L\u00fcftung, K\u00e4lte, Sanit\u00e4r<\/p>\n\n\n\n<p id=\"7b\">&#8211; Elektro (Schwachstrom\/Starkstrom)<\/p>\n\n\n\n<p id=\"7b\">&#8211; Beleuchtung<\/p>\n\n\n\n<p id=\"7b\">&#8211; Blitzschutz<\/p>\n\n\n\n<p id=\"7b\">&#8211; Kommunikationsanlage<\/p>\n\n\n\n<p id=\"7b\">&#8211; Trafo<\/p>\n\n\n\n<p id=\"7b\">&#8211; Abgehangene Decken<\/p>\n\n\n\n<p id=\"7b\">&#8211; Bautechnik<br><a href=\"#top7\">zur\u00fcck nach oben<\/a><br><\/p>\n\n\n\n<p id=\"7c\"><strong>Umbau<br><mark style=\"background-color:rgba(0, 0, 0, 0);color:#5f7ca3\" class=\"has-inline-color\">Dielektra GmbH, K\u00f6ln &#8211; Porz<\/mark><\/strong><br><strong>Bauherr:<\/strong> Dielektra GmbH, K\u00f6ln &#8211; Porz<br><strong>Architekt: <\/strong>Planungsgemeinschaft Bauen, Meinerzhagen<br><strong>Geplante Anlagen:<\/strong> <\/p>\n\n\n\n<p id=\"7c\">&#8211; Heizung<\/p>\n\n\n\n<p id=\"7c\">&#8211; L\u00fcftung, K\u00e4lte, Sanit\u00e4r<\/p>\n\n\n\n<p id=\"7c\">&#8211; Elektro (Schwachstrom\/Starkstrom)<\/p>\n\n\n\n<p id=\"7c\">&#8211; Beleuchtung<\/p>\n\n\n\n<p id=\"7c\">&#8211; Kommunikationsanlage<br><a href=\"#top7\">zur\u00fcck nach oben<\/a><br><\/p>\n\n\n\n<p id=\"7d\"><strong>Neubau<br><mark style=\"background-color:rgba(0, 0, 0, 0);color:#5f7ca3\" class=\"has-inline-color\">Gesenkschmiede in Solingen<\/mark><\/strong><br><strong>Bauherr: <\/strong>Fa. Bergmeister, Solingen<br><strong>Architekt: <\/strong>Planungsgemeinschaft Bauen, Meinerzhagen<br><strong>Geplante Anlagen: <\/strong><\/p>\n\n\n\n<p id=\"7d\">&#8211; Heizung<\/p>\n\n\n\n<p id=\"7d\">&#8211; L\u00fcftung<\/p>\n\n\n\n<p id=\"7d\">&#8211; Sanit\u00e4r<\/p>\n\n\n\n<p id=\"7d\">&#8211; Elektro (Schwachstrom\/Starkstrom)<\/p>\n\n\n\n<p id=\"7d\">&#8211; Beleuchtung<\/p>\n\n\n\n<p id=\"7d\">&#8211; Blitzschutz<\/p>\n\n\n\n<p id=\"7d\">&#8211; Kommunikationsanlage<\/p>\n\n\n\n<p id=\"7d\">&#8211; Trafo<br><a href=\"#top7\">zur\u00fcck nach oben<\/a><br><\/p>\n\n\n\n<p id=\"7e\"><strong>Neubau<br><mark style=\"background-color:rgba(0, 0, 0, 0);color:#5f7ca3\" class=\"has-inline-color\">Betriebsgeb\u00e4ude H\u00fcrth<\/mark><\/strong><br><strong>Bauherr: <\/strong>Fa. Hansen, H\u00fcrth<br><strong>Architekt:<\/strong> Selldorf Planung GmbH, K\u00f6ln<br><strong>Geplante Anlagen:<\/strong> <\/p>\n\n\n\n<p id=\"7e\">&#8211; Elektro (Schwachstrom\/Starkstrom)<\/p>\n\n\n\n<p id=\"7e\">&#8211; Beleuchtung<\/p>\n\n\n\n<p id=\"7e\">&#8211; Blitzschutz<\/p>\n\n\n\n<p id=\"7e\">&#8211; Kommunikationsanlage<\/p>\n\n\n\n<p id=\"7e\">&#8211; Trafo<\/p>\n\n\n\n<p id=\"7e\">&#8211; Sicherheitsanlage<br><a href=\"#top7\">zur\u00fcck nach oben<\/a><br><\/p>\n\n\n\n<p id=\"7f\"><strong>Neubau<br><mark style=\"background-color:rgba(0, 0, 0, 0);color:#5f7ca3\" class=\"has-inline-color\">Autozentrum Nordrhein<\/mark><\/strong><br>D\u00fcsseldorf<br><strong>Bauherr: <\/strong>Gottfried Schultz, D\u00fcsseldorf<br><strong>Architekt: <\/strong>Gerhard Newrzella, K\u00f6ln<br><strong>Geplante Anlagen:<\/strong> <\/p>\n\n\n\n<p id=\"7f\">&#8211; Heizung<\/p>\n\n\n\n<p id=\"7f\">&#8211; L\u00fcftung<\/p>\n\n\n\n<p id=\"7f\">&#8211; Sanit\u00e4r<\/p>\n\n\n\n<p id=\"7f\">&#8211; Sprinkler<\/p>\n\n\n\n<p id=\"7f\">&#8211; Elektro (Schwachstrom\/Starkstrom)<\/p>\n\n\n\n<p id=\"7f\">&#8211; Beleuchtung<\/p>\n\n\n\n<p id=\"7f\">&#8211; Blitzschutz<\/p>\n\n\n\n<p id=\"7f\">&#8211; Kommunikationsanlage<br><a href=\"#top7\">zur\u00fcck nach oben<\/a><br><\/p>\n\n\n\n<p id=\"7g\"><strong><mark style=\"background-color:rgba(0, 0, 0, 0);color:#5f7ca3\" class=\"has-inline-color\">Deutsche Renault AG, Br\u00fchl<\/mark><\/strong><br><strong>Bauherr: <\/strong>Deutsche Renault AG, Br\u00fchl<br><strong>Architekt:<\/strong> Bauabteilung der Deutschen Renault AG, Br\u00fchl<br><strong>Geplante Anlagen:<\/strong> <\/p>\n\n\n\n<p id=\"7g\">&#8211; Elektro (Schwachstrom\/Starkstrom)<\/p>\n\n\n\n<p id=\"7g\">&#8211; Trafo<br><a href=\"#top7\">zur\u00fcck nach oben<\/a><br><\/p>\n\n\n\n<p id=\"7h\"><strong><mark style=\"background-color:rgba(0, 0, 0, 0);color:#5f7ca3\" class=\"has-inline-color\">Moeller Schaltger\u00e4te, K\u00f6ln<\/mark><\/strong><br><strong>Bauherr:<\/strong> Moeller Schaltger\u00e4te, K\u00f6ln<br><strong>Architekt: <\/strong>Helbig, K\u00f6ln<br><strong>Geplante Anlagen:<\/strong> <\/p>\n\n\n\n<p id=\"7h\">&#8211; L\u00fcftung<\/p>\n\n\n\n<p id=\"7h\">&#8211; K\u00e4lte<br><a href=\"#top7\">zur\u00fcck nach oben<\/a><br><\/p>\n\n\n\n<p id=\"7i\"><strong><mark style=\"background-color:rgba(0, 0, 0, 0);color:#5f7ca3\" class=\"has-inline-color\">Moeller Automation<\/mark><\/strong><br>Hersel<br><strong>Bauherr:<\/strong> Moeller Automation, Hersel<br><strong>Architekt:<\/strong> Helbig, K\u00f6ln<br><strong>Geplante Anlagen: <\/strong><\/p>\n\n\n\n<p id=\"7i\">&#8211; Heizung<\/p>\n\n\n\n<p id=\"7i\">&#8211; Sanit\u00e4r<br><a href=\"#top7\">zur\u00fcck nach oben<\/a><br><\/p>\n\n\n\n<p id=\"7j\"><strong><mark style=\"background-color:rgba(0, 0, 0, 0);color:#5f7ca3\" class=\"has-inline-color\">Kl\u00f6ckner Starkstrom<\/mark><\/strong><br>K\u00f6ln<br><strong>Bauherr: <\/strong>Kl\u00f6ckner Starkstrom, K\u00f6ln<br><strong>Architekt: <\/strong>Helbig, K\u00f6ln<br><strong>Geplante Anlagen: <\/strong> <\/p>\n\n\n\n<p id=\"7j\">&#8211; L\u00fcftung<\/p>\n\n\n\n<p id=\"7j\">&#8211; Technische Aufnahme<br><a href=\"#top7\">zur\u00fcck nach oben<\/a><br><\/p>\n\n\n\n<p id=\"7k\"><strong><mark style=\"background-color:rgba(0, 0, 0, 0);color:#5f7ca3\" class=\"has-inline-color\">Bayer Leverkusen<\/mark><\/strong><br>Friedrich-Ebert-Stra\u00dfe, 51373 Leverkusen<br><strong>Bauherr: <\/strong>Bayer Leverkusen<br><strong>Geplante Anlagen: <\/strong><\/p>\n\n\n\n<p id=\"7k\">&#8211; Heizung, Fernw\u00e4rme<\/p>\n\n\n\n<p id=\"7k\">&#8211; L\u00fcftung, K\u00e4lte, Sanit\u00e4r<\/p>\n\n\n\n<p id=\"7k\">&#8211; Elektro (Schwachstrom\/Starkstrom)<\/p>\n\n\n\n<p id=\"7k\">&#8211; Beleuchtung<\/p>\n\n\n\n<p id=\"7k\">&#8211; Trafo<\/p>\n\n\n\n<p id=\"7k\">&#8211; F\u00f6rdertechnik<br><a href=\"#top7\">zur\u00fcck nach oben<\/a><br><\/p>\n\n\n\n<p id=\"7l\"><strong>Sanierung<br><mark style=\"background-color:rgba(0, 0, 0, 0);color:#5f7ca3\" class=\"has-inline-color\">Rheinenergie &#8211; Halle 31<\/mark><\/strong><br>Parkg\u00fcrtel 24, 50823 K\u00f6ln<br><strong>Bauherr:<\/strong> Rheinenergie, K\u00f6ln<br><strong>Geplante Anlagen:<\/strong> <\/p>\n\n\n\n<p id=\"7l\">&#8211; Elektro (Schwachstrom\/Starkstrom)<\/p>\n\n\n\n<p id=\"7l\">&#8211; Beleuchtung<\/p>\n\n\n\n<p id=\"7l\">&#8211; Sicherheitsanlage<br><a href=\"#top7\">zur\u00fcck nach oben<\/a><\/p>\n<\/div><\/div><\/div>\n\n\n\n<div id=\"f87958\" class=\"wp-block-gutentor-m6-item section-f87958 gutentor-module gutentor-module-accordion-item\"><div class=\"gutentor-module-accordion-panel g-a-panel-5d45c0\"><div class=\"gm-ah-5d45c0 gutentor-module-accordion-item-heading gutentor-module-icon-position-left\"><span class=\"gutentor-module-accordion-panel-handler\" role=\"button\"><span class=\"gutentor-module-accordion-icon\"><i class=\"gm-aio-5d45c0 gutentor-module-accordion-icon-open fas fa-angle-double-down\"><\/i><i class=\"gm-aic-5d45c0 gutentor-module-accordion-icon-close fas fa-angle-double-up\"><\/i><\/span><span class=\"gutentor-module-accordion-panel-handler-label\">SPORTANLAGEN<\/span><\/span><\/div><div class=\"gm-ab-5d45c0 gutentor-module-accordion-body\">\n<p id=\"top8\"><strong>\u00dcbersicht<\/strong><\/p>\n\n\n\n<div id=\"section-g78e60a\" class=\"wp-block-gutentor-e7 section-g78e60a gutentor-element gutentor-element-list\"><ul class=\"grid-row gutentor-grid-item-wrap list-indicator-icon\"><li class=\"gutentor-list-item grid-lg-12 grid-md-12 grid-12\"><span class=\"gutentor-single-item gutentor-single-item-0\"><span class=\"gutentor-list-item-wrap g-s-list-wrap\"><span class=\"gutentor-single-list-item-icon\"><i class=\"list-item-icon fas fa-angle-right\"><\/i><\/span><span class=\"gutentor-list-item\"><p class=\"gutentor-single-item-title\"><strong><mark style=\"background-color:rgba(0, 0, 0, 0);color:#5f7ca3\" class=\"has-inline-color\"><a href=\"#8a\">Sportzentrum der Allianz<\/a><\/mark><\/strong><\/p><\/span><\/span><\/span><\/li><li class=\"gutentor-list-item grid-lg-12 grid-md-12 grid-12\"><span class=\"gutentor-single-item gutentor-single-item-1\"><span class=\"gutentor-list-item-wrap g-s-list-wrap\"><span class=\"gutentor-single-list-item-icon\"><i class=\"list-item-icon fas fa-angle-right\"><\/i><\/span><span class=\"gutentor-list-item\"><p class=\"gutentor-single-item-title\"><strong><mark style=\"background-color:rgba(0, 0, 0, 0);color:#5f7ca3\" class=\"has-inline-color\"><a href=\"#8b\">Sporthalle Pulheim<\/a><\/mark><\/strong><\/p><\/span><\/span><\/span><\/li><li class=\"gutentor-list-item grid-lg-12 grid-md-12 grid-12\"><span class=\"gutentor-single-item gutentor-single-item-2\"><span class=\"gutentor-list-item-wrap g-s-list-wrap\"><span class=\"gutentor-single-list-item-icon\"><i class=\"list-item-icon fas fa-angle-right\"><\/i><\/span><span class=\"gutentor-list-item\"><p class=\"gutentor-single-item-title\"><strong><mark style=\"background-color:rgba(0, 0, 0, 0);color:#5f7ca3\" class=\"has-inline-color\"><a href=\"#8c\">Zentrale Sportanlage mit Hallenbad<\/a><\/mark><\/strong><\/p><\/span><\/span><\/span><\/li><li class=\"gutentor-list-item grid-lg-12 grid-md-12 grid-12\"><span class=\"gutentor-single-item gutentor-single-item-3\"><span class=\"gutentor-list-item-wrap g-s-list-wrap\"><span class=\"gutentor-single-list-item-icon\"><i class=\"list-item-icon fas fa-angle-right\"><\/i><\/span><span class=\"gutentor-list-item\"><p class=\"gutentor-single-item-title\"><strong><mark style=\"background-color:rgba(0, 0, 0, 0);color:#5f7ca3\" class=\"has-inline-color\"><a href=\"#8d\">Berufsbildende Schule<\/a><\/mark><\/strong><\/p><\/span><\/span><\/span><\/li><li class=\"gutentor-list-item grid-lg-12 grid-md-12 grid-12\"><span class=\"gutentor-single-item gutentor-single-item-4\"><span class=\"gutentor-list-item-wrap g-s-list-wrap\"><span class=\"gutentor-single-list-item-icon\"><i class=\"list-item-icon fas fa-angle-right\"><\/i><\/span><span class=\"gutentor-list-item\"><p class=\"gutentor-single-item-title\"><strong><mark style=\"background-color:rgba(0, 0, 0, 0);color:#5f7ca3\" class=\"has-inline-color\"><a href=\"#8e\">Kronenbuschhalle<\/a><\/mark><\/strong><\/p><\/span><\/span><\/span><\/li><\/ul><\/div>\n\n\n\n<p id=\"8a\"><strong>Umbau<br><mark style=\"background-color:rgba(0, 0, 0, 0);color:#5f7ca3\" class=\"has-inline-color\">Sportzentrum der Allianz<\/mark><\/strong><br>Tennispark &#8211; Poll<br>Poller Weg 1, 51149 K\u00f6ln<br><strong>Bauherr: <\/strong>Allianz &#8211; Versicherung<br><strong>Architekt: <\/strong>J\u00fcrgen Pfeffer, K\u00f6ln<br><strong>Geplante Anlagen:<\/strong> <\/p>\n\n\n\n<p id=\"8a\">&#8211; Heizung<\/p>\n\n\n\n<p id=\"8a\">&#8211; L\u00fcftung<\/p>\n\n\n\n<p>&#8211; Sanit\u00e4r<br><a href=\"#top8\">zur\u00fcck nach oben<\/a><\/p>\n\n\n\n<p id=\"8b\"><strong>Neubau<br><mark style=\"background-color:rgba(0, 0, 0, 0);color:#5f7ca3\" class=\"has-inline-color\">Sporthalle Pulheim<\/mark><\/strong><br><strong>Bauherr: <\/strong>Stadt Pulheim<br><strong>Architekt: <\/strong>HPP Hentrich, Petschnigg &amp; Partner KG, D\u00fcsseldorf<br><strong>Geplante Anlagen: <\/strong><\/p>\n\n\n\n<p id=\"8b\">&#8211; Heizung<\/p>\n\n\n\n<p id=\"8b\">&#8211; L\u00fcftung<\/p>\n\n\n\n<p id=\"8b\">&#8211; Sanit\u00e4r<\/p>\n\n\n\n<p id=\"8b\">&#8211; Elektro (Schwachstrom\/Starkstrom)<\/p>\n\n\n\n<p id=\"8b\">&#8211; Beleuchtung<\/p>\n\n\n\n<p id=\"8b\">&#8211; Blitzschutz<\/p>\n\n\n\n<p id=\"8b\">&#8211; Kommunikationsanlagen<br><a href=\"#top8\">zur\u00fcck nach oben<\/a><\/p>\n\n\n\n<p id=\"8b\"><\/p>\n\n\n\n<p id=\"8c\"><strong>Umbau<br><mark style=\"background-color:rgba(0, 0, 0, 0);color:#5f7ca3\" class=\"has-inline-color\">Zentrale Sportanlage mit Hallenbad<\/mark><\/strong><br>Wittlich<br><strong>Bauherr:<\/strong> Stadt Wittlich<br><strong>Architekt: <\/strong>L\u00f6ffler und Stange, K\u00f6ln<br><strong>Geplante Anlagen: <\/strong><\/p>\n\n\n\n<p id=\"8c\">&#8211; Elektro (Schwachstrom\/Starkstrom)<\/p>\n\n\n\n<p id=\"8c\">&#8211; Beleuchtung<\/p>\n\n\n\n<p id=\"8c\">&#8211; Blitzschutz<\/p>\n\n\n\n<p id=\"8c\">&#8211; Kommunikationsanlagen<\/p>\n\n\n\n<p id=\"8c\">&#8211; Trafo<\/p>\n\n\n\n<p id=\"8c\">&#8211; Notstrom<br><a href=\"#top8\">zur\u00fcck nach oben<\/a><\/p>\n\n\n\n<p id=\"8d\"><strong>Erweiterung<br><mark style=\"background-color:rgba(0, 0, 0, 0);color:#5f7ca3\" class=\"has-inline-color\">Berufsbildende Schule<\/mark><\/strong><br>Simmerath\/Eifel<br><strong>Bauherr:<\/strong> Kreis Aachen<br><strong>Architekt: <\/strong>Horst Pleuger, W\u00fcrselen<br><strong>Geplante Anlagen:<\/strong> <\/p>\n\n\n\n<p id=\"8d\">&#8211; Elektro (Schwachstrom\/Starkstrom)<\/p>\n\n\n\n<p id=\"8d\">&#8211; Beleuchtung<\/p>\n\n\n\n<p id=\"8d\">&#8211; Blitzschutz<\/p>\n\n\n\n<p id=\"8d\">&#8211; Kommunikationsanlagen<br><a href=\"#top8\">zur\u00fcck nach oben<\/a><\/p>\n\n\n\n<p id=\"8e\"><strong>Umbau<br><mark style=\"background-color:rgba(0, 0, 0, 0);color:#5f7ca3\" class=\"has-inline-color\">Kronenbuschhalle<\/mark><\/strong><br>Am Kronenbusch, 50389 Wesseling<br><strong>Bauherr:<\/strong> Stadt Wesseling<br><strong>Architekt: <\/strong>Frass &amp; Partner, K\u00f6ln<br><strong>Geplante Anlagen: <\/strong><\/p>\n\n\n\n<p id=\"8e\">&#8211; Sanit\u00e4r<\/p>\n\n\n\n<p id=\"8e\">&#8211; Elektro (Schwachstrom\/Starkstrom)<\/p>\n\n\n\n<p id=\"8e\">&#8211; Beleuchtung<\/p>\n\n\n\n<p id=\"8e\">&#8211; Blitzschutz<\/p>\n\n\n\n<p id=\"8e\">&#8211; Sicherheitsanlage<\/p>\n\n\n\n<p id=\"8e\">&#8211; Kommunikationsanlagen<\/p>\n\n\n\n<p id=\"8e\">&#8211; Trafo<\/p>\n\n\n\n<p id=\"8e\">&#8211; Notstrom<\/p>\n\n\n\n<p id=\"8e\">&#8211; LAN-Netz<\/p>\n\n\n\n<p>&#8211; Generalplanung<br><a href=\"#top8\">zur\u00fcck nach oben<\/a><\/p>\n<\/div><\/div><\/div>\n\n\n\n<div id=\"5c134b\" class=\"wp-block-gutentor-m6-item section-5c134b gutentor-module gutentor-module-accordion-item\"><div class=\"gutentor-module-accordion-panel g-a-panel-5d45c0\"><div class=\"gm-ah-5d45c0 gutentor-module-accordion-item-heading gutentor-module-icon-position-left\"><span class=\"gutentor-module-accordion-panel-handler\" role=\"button\"><span class=\"gutentor-module-accordion-icon\"><i class=\"gm-aio-5d45c0 gutentor-module-accordion-icon-open fas fa-angle-double-down\"><\/i><i class=\"gm-aic-5d45c0 gutentor-module-accordion-icon-close fas fa-angle-double-up\"><\/i><\/span><span class=\"gutentor-module-accordion-panel-handler-label\">WOHNANLAGEN<\/span><\/span><\/div><div class=\"gm-ab-5d45c0 gutentor-module-accordion-body\">\n<p id=\"top9\"><strong>\u00dcbersicht<\/strong><\/p>\n\n\n\n<div id=\"section-g28b6aa\" class=\"wp-block-gutentor-e7 section-g28b6aa gutentor-element gutentor-element-list\"><ul class=\"grid-row gutentor-grid-item-wrap list-indicator-icon\"><li class=\"gutentor-list-item grid-lg-12 grid-md-12 grid-12\"><span class=\"gutentor-single-item gutentor-single-item-0\"><span class=\"gutentor-list-item-wrap g-s-list-wrap\"><span class=\"gutentor-single-list-item-icon\"><i class=\"list-item-icon fas fa-angle-right\"><\/i><\/span><span class=\"gutentor-list-item\"><p class=\"gutentor-single-item-title\"><a href=\"#9a\"><strong>Allianz Wohngeb\u00e4ude K\u00f6ln-S\u00fclz<\/strong><\/a><\/p><\/span><\/span><\/span><\/li><li class=\"gutentor-list-item grid-lg-12 grid-md-12 grid-12\"><span class=\"gutentor-single-item gutentor-single-item-1\"><span class=\"gutentor-list-item-wrap g-s-list-wrap\"><span class=\"gutentor-single-list-item-icon\"><i class=\"list-item-icon fas fa-angle-right\"><\/i><\/span><span class=\"gutentor-list-item\"><p class=\"gutentor-single-item-title\"><a href=\"#9b\"><strong>Allianz Wohngeb\u00e4ude Leverkusen<\/strong><\/a><\/p><\/span><\/span><\/span><\/li><li class=\"gutentor-list-item grid-lg-12 grid-md-12 grid-12\"><span class=\"gutentor-single-item gutentor-single-item-2\"><span class=\"gutentor-list-item-wrap g-s-list-wrap\"><span class=\"gutentor-single-list-item-icon\"><i class=\"list-item-icon fas fa-angle-right\"><\/i><\/span><span class=\"gutentor-list-item\"><p class=\"gutentor-single-item-title\"><a href=\"#9c\"><strong>Allianz Wohngeb\u00e4ude K\u00f6ln-Weidenpesch<\/strong><\/a><\/p><\/span><\/span><\/span><\/li><li class=\"gutentor-list-item grid-lg-12 grid-md-12 grid-12\"><span class=\"gutentor-single-item gutentor-single-item-3\"><span class=\"gutentor-list-item-wrap g-s-list-wrap\"><span class=\"gutentor-single-list-item-icon\"><i class=\"list-item-icon fas fa-angle-right\"><\/i><\/span><span class=\"gutentor-list-item\"><p class=\"gutentor-single-item-title\"><a href=\"#9d\"><strong>Allianz Wohngeb\u00e4ude Bonn<\/strong><\/a><\/p><\/span><\/span><\/span><\/li><li class=\"gutentor-list-item grid-lg-12 grid-md-12 grid-12\"><span class=\"gutentor-single-item gutentor-single-item-4\"><span class=\"gutentor-list-item-wrap g-s-list-wrap\"><span class=\"gutentor-single-list-item-icon\"><i class=\"list-item-icon fas fa-angle-right\"><\/i><\/span><span class=\"gutentor-list-item\"><p class=\"gutentor-single-item-title\"><a href=\"#9e\"><strong>Allianz Wohngeb\u00e4ude K\u00f6ln-Porz (Grengel)<\/strong><\/a><\/p><\/span><\/span><\/span><\/li><li class=\"gutentor-list-item grid-lg-12 grid-md-12 grid-12\"><span class=\"gutentor-single-item gutentor-single-item-5\"><span class=\"gutentor-list-item-wrap g-s-list-wrap\"><span class=\"gutentor-single-list-item-icon\"><i class=\"list-item-icon fas fa-angle-right\"><\/i><\/span><span class=\"gutentor-list-item\"><p class=\"gutentor-single-item-title\"><a href=\"#9f\"><strong>Wohnanlage (60 WE)<\/strong><\/a><\/p><\/span><\/span><\/span><\/li><li class=\"gutentor-list-item grid-lg-12 grid-md-12 grid-12\"><span class=\"gutentor-single-item gutentor-single-item-6\"><span class=\"gutentor-list-item-wrap g-s-list-wrap\"><span class=\"gutentor-single-list-item-icon\"><i class=\"list-item-icon fas fa-angle-right\"><\/i><\/span><span class=\"gutentor-list-item\"><p class=\"gutentor-single-item-title\"><a href=\"#9g\"><strong>Apartmenthochhaus Siegburg<\/strong><\/a><\/p><\/span><\/span><\/span><\/li><li class=\"gutentor-list-item grid-lg-12 grid-md-12 grid-12\"><span class=\"gutentor-single-item gutentor-single-item-7\"><span class=\"gutentor-list-item-wrap g-s-list-wrap\"><span class=\"gutentor-single-list-item-icon\"><i class=\"list-item-icon fas fa-angle-right\"><\/i><\/span><span class=\"gutentor-list-item\"><p class=\"gutentor-single-item-title\"><a href=\"#9h\"><strong>Wohnpark Sinnersdorf<\/strong><\/a><\/p><\/span><\/span><\/span><\/li><li class=\"gutentor-list-item grid-lg-12 grid-md-12 grid-12\"><span class=\"gutentor-single-item gutentor-single-item-8\"><span class=\"gutentor-list-item-wrap g-s-list-wrap\"><span class=\"gutentor-single-list-item-icon\"><i class=\"list-item-icon fas fa-angle-right\"><\/i><\/span><span class=\"gutentor-list-item\"><p class=\"gutentor-single-item-title\"><a href=\"#9i\"><strong>Wohnbebauung Augustusring Bonn<\/strong><\/a><\/p><\/span><\/span><\/span><\/li><li class=\"gutentor-list-item grid-lg-12 grid-md-12 grid-12\"><span class=\"gutentor-single-item gutentor-single-item-9\"><span class=\"gutentor-list-item-wrap g-s-list-wrap\"><span class=\"gutentor-single-list-item-icon\"><i class=\"list-item-icon fas fa-angle-right\"><\/i><\/span><span class=\"gutentor-list-item\"><p class=\"gutentor-single-item-title\"><a href=\"#9j\"><strong>Wohnh\u00e4user (62+15 WE)<\/strong><\/a><\/p><\/span><\/span><\/span><\/li><li class=\"gutentor-list-item grid-lg-12 grid-md-12 grid-12\"><span class=\"gutentor-single-item gutentor-single-item-10\"><span class=\"gutentor-list-item-wrap g-s-list-wrap\"><span class=\"gutentor-single-list-item-icon\"><i class=\"list-item-icon fas fa-angle-right\"><\/i><\/span><span class=\"gutentor-list-item\"><p class=\"gutentor-single-item-title\"><a href=\"#9k\"><strong>Preiswertes Bauen in H\u00fcrth<\/strong><\/a><\/p><\/span><\/span><\/span><\/li><li class=\"gutentor-list-item grid-lg-12 grid-md-12 grid-12\"><span class=\"gutentor-single-item gutentor-single-item-11\"><span class=\"gutentor-list-item-wrap g-s-list-wrap\"><span class=\"gutentor-single-list-item-icon\"><i class=\"list-item-icon fas fa-angle-right\"><\/i><\/span><span class=\"gutentor-list-item\"><p class=\"gutentor-single-item-title\"><a href=\"#9l\"><strong>14-Familien-Wohnhaus mit Tiefgarage<\/strong><\/a><\/p><\/span><\/span><\/span><\/li><li class=\"gutentor-list-item grid-lg-12 grid-md-12 grid-12\"><span class=\"gutentor-single-item gutentor-single-item-12\"><span class=\"gutentor-list-item-wrap g-s-list-wrap\"><span class=\"gutentor-single-list-item-icon\"><i class=\"list-item-icon fas fa-angle-right\"><\/i><\/span><span class=\"gutentor-list-item\"><p class=\"gutentor-single-item-title\"><a href=\"#9m\"><strong>Herkules Hochhaus<\/strong><\/a><\/p><\/span><\/span><\/span><\/li><li class=\"gutentor-list-item grid-lg-12 grid-md-12 grid-12\"><span class=\"gutentor-single-item gutentor-single-item-13\"><span class=\"gutentor-list-item-wrap g-s-list-wrap\"><span class=\"gutentor-single-list-item-icon\"><i class=\"list-item-icon fas fa-angle-right\"><\/i><\/span><span class=\"gutentor-list-item\"><p class=\"gutentor-single-item-title\"><a href=\"#9n\"><strong>Mehrfamilienwohnhaus K\u00f6ln-Poll<\/strong><\/a><\/p><\/span><\/span><\/span><\/li><li class=\"gutentor-list-item grid-lg-12 grid-md-12 grid-12\"><span class=\"gutentor-single-item gutentor-single-item-14\"><span class=\"gutentor-list-item-wrap g-s-list-wrap\"><span class=\"gutentor-single-list-item-icon\"><i class=\"list-item-icon fas fa-angle-right\"><\/i><\/span><span class=\"gutentor-list-item\"><p class=\"gutentor-single-item-title\"><a href=\"#9o\"><strong>Privatvilla L\u00fcdenscheid<\/strong><\/a><\/p><\/span><\/span><\/span><\/li><li class=\"gutentor-list-item grid-lg-12 grid-md-12 grid-12\"><span class=\"gutentor-single-item gutentor-single-item-15\"><span class=\"gutentor-list-item-wrap g-s-list-wrap\"><span class=\"gutentor-single-list-item-icon\"><i class=\"list-item-icon fas fa-angle-right\"><\/i><\/span><span class=\"gutentor-list-item\"><p class=\"gutentor-single-item-title\"><a href=\"#9p\"><strong>41-Familien-Wohnhaus<\/strong><\/a><\/p><\/span><\/span><\/span><\/li><li class=\"gutentor-list-item grid-lg-12 grid-md-12 grid-12\"><span class=\"gutentor-single-item gutentor-single-item-16\"><span class=\"gutentor-list-item-wrap g-s-list-wrap\"><span class=\"gutentor-single-list-item-icon\"><i class=\"list-item-icon fas fa-angle-right\"><\/i><\/span><span class=\"gutentor-list-item\"><p class=\"gutentor-single-item-title\"><a href=\"#9q\"><strong>640 Plattenbauwohnungen Leipzig<\/strong><\/a><\/p><\/span><\/span><\/span><\/li><li class=\"gutentor-list-item grid-lg-12 grid-md-12 grid-12\"><span class=\"gutentor-single-item gutentor-single-item-17\"><span class=\"gutentor-list-item-wrap g-s-list-wrap\"><span class=\"gutentor-single-list-item-icon\"><i class=\"list-item-icon fas fa-angle-right\"><\/i><\/span><span class=\"gutentor-list-item\"><p class=\"gutentor-single-item-title\"><a href=\"#9r\"><strong>30-Familien-Wohnhaus<\/strong><\/a><\/p><\/span><\/span><\/span><\/li><li class=\"gutentor-list-item grid-lg-12 grid-md-12 grid-12\"><span class=\"gutentor-single-item gutentor-single-item-18\"><span class=\"gutentor-list-item-wrap g-s-list-wrap\"><span class=\"gutentor-single-list-item-icon\"><i class=\"list-item-icon fas fa-angle-right\"><\/i><\/span><span class=\"gutentor-list-item\"><p class=\"gutentor-single-item-title\"><a href=\"#9s\"><strong>20-Familien-Wohnhaus<\/strong><\/a><\/p><\/span><\/span><\/span><\/li><li class=\"gutentor-list-item grid-lg-12 grid-md-12 grid-12\"><span class=\"gutentor-single-item gutentor-single-item-19\"><span class=\"gutentor-list-item-wrap g-s-list-wrap\"><span class=\"gutentor-single-list-item-icon\"><i class=\"list-item-icon fas fa-angle-right\"><\/i><\/span><span class=\"gutentor-list-item\"><p class=\"gutentor-single-item-title\"><a href=\"#9t\"><strong>Wohnhaus K\u00f6ln-Hahnwald<\/strong><\/a><\/p><\/span><\/span><\/span><\/li><li class=\"gutentor-list-item grid-lg-12 grid-md-12 grid-12\"><span class=\"gutentor-single-item gutentor-single-item-20\"><span class=\"gutentor-list-item-wrap g-s-list-wrap\"><span class=\"gutentor-single-list-item-icon\"><i class=\"list-item-icon fas fa-angle-right\"><\/i><\/span><span class=\"gutentor-list-item\"><p class=\"gutentor-single-item-title\"><a href=\"#9u\"><strong>Luxuswohnungen K\u00f6ln-M\u00fcngersdorf<\/strong><\/a><\/p><\/span><\/span><\/span><\/li><li class=\"gutentor-list-item grid-lg-12 grid-md-12 grid-12\"><span class=\"gutentor-single-item gutentor-single-item-21\"><span class=\"gutentor-list-item-wrap g-s-list-wrap\"><span class=\"gutentor-single-list-item-icon\"><i class=\"list-item-icon fas fa-angle-right\"><\/i><\/span><span class=\"gutentor-list-item\"><p class=\"gutentor-single-item-title\"><a href=\"#9v\"><strong>210 Studentenwohnungen K\u00f6ln<\/strong><\/a><\/p><\/span><\/span><\/span><\/li><li class=\"gutentor-list-item grid-lg-12 grid-md-12 grid-12\"><span class=\"gutentor-single-item gutentor-single-item-22\"><span class=\"gutentor-list-item-wrap g-s-list-wrap\"><span class=\"gutentor-single-list-item-icon\"><i class=\"list-item-icon fas fa-angle-right\"><\/i><\/span><span class=\"gutentor-list-item\"><p class=\"gutentor-single-item-title\"><a href=\"#9w\"><strong>40 Komfortwohnungen mit Kita<\/strong><\/a><\/p><\/span><\/span><\/span><\/li><li class=\"gutentor-list-item grid-lg-12 grid-md-12 grid-12\"><span class=\"gutentor-single-item gutentor-single-item-23\"><span class=\"gutentor-list-item-wrap g-s-list-wrap\"><span class=\"gutentor-single-list-item-icon\"><i class=\"list-item-icon fas fa-angle-right\"><\/i><\/span><span class=\"gutentor-list-item\"><p class=\"gutentor-single-item-title\"><a href=\"#9x\"><strong>Komfortvilla Berlin<\/strong><\/a><\/p><\/span><\/span><\/span><\/li><\/ul><\/div>\n\n\n\n<p id=\"9a\"><strong><mark style=\"background-color:rgba(0, 0, 0, 0);color:#5f7ca3\" class=\"has-inline-color\">Allianz Wohngeb\u00e4ude<\/mark><\/strong><br>S\u00fclzg\u00fcrtel, 50937 K\u00f6ln<br><strong>Bauherr: <\/strong>Allianz, K\u00f6ln<br><strong>Geplante Anlagen: <\/strong><\/p>\n\n\n\n<p id=\"9a\">&#8211; Heizung<\/p>\n\n\n\n<p id=\"9a\">&#8211; L\u00fcftung<\/p>\n\n\n\n<p id=\"9a\">&#8211; Sanit\u00e4r<\/p>\n\n\n\n<p id=\"9a\">&#8211; Elektro (Schwachstrom\/Starkstrom)<br><a href=\"#top9\">zur\u00fcck nach oben<\/a><br><\/p>\n\n\n\n<p id=\"9b\"><strong><mark style=\"background-color:rgba(0, 0, 0, 0);color:#5f7ca3\" class=\"has-inline-color\">Allianz Wohngeb\u00e4ude<\/mark><\/strong><br>Leverkusen<br><strong>Bauherr: <\/strong>Allianz, K\u00f6ln<br><strong>Geplante Anlagen: <\/strong>Heizung<br><a href=\"#top9\">zur\u00fcck nach oben<\/a><br><\/p>\n\n\n\n<p id=\"9c\"><strong><mark style=\"background-color:rgba(0, 0, 0, 0);color:#5f7ca3\" class=\"has-inline-color\">Allianz Wohngeb\u00e4ude<\/mark><\/strong><br>K\u00f6ln &#8211; Weidenpesch<br><strong>Bauherr:<\/strong> Allianz, K\u00f6ln<br><strong>Geplante Anlagen: <\/strong><\/p>\n\n\n\n<p id=\"9c\">&#8211; Heizung<br><a href=\"#top9\">zur\u00fcck nach oben<\/a><br><\/p>\n\n\n\n<p id=\"9d\"><strong><mark style=\"background-color:rgba(0, 0, 0, 0);color:#5f7ca3\" class=\"has-inline-color\">Allianz Wohngeb\u00e4ude<\/mark><\/strong><br>Ubierstr. 75-77, 53173 Bonn<br><strong>Bauherr: <\/strong>Allianz, K\u00f6ln<br><strong>Geplante Anlagen:<\/strong> <\/p>\n\n\n\n<p id=\"9d\">&#8211; Heizung<br><a href=\"#top9\">zur\u00fcck nach oben<\/a><br><\/p>\n\n\n\n<p id=\"9e\"><strong><mark style=\"background-color:rgba(0, 0, 0, 0);color:#5f7ca3\" class=\"has-inline-color\">Allianz Wohngeb\u00e4ude<\/mark><\/strong><br>K\u00f6ln &#8211; Porz-Grengel<br><strong>Bauherr: <\/strong>Allianz, K\u00f6ln<br><strong>Geplante Anlagen: <\/strong><\/p>\n\n\n\n<p id=\"9e\">&#8211; Heizung<br><a href=\"#top9\">zur\u00fcck nach oben<\/a><br><\/p>\n\n\n\n<p id=\"9f\"><strong>Neubau<br><mark style=\"background-color:rgba(0, 0, 0, 0);color:#5f7ca3\" class=\"has-inline-color\">Wohnanlage (60 WE)<\/mark><\/strong><br>in Bensberg, Moitzfeld<br><strong>Bauherr: <\/strong>Nordstern Lebensversicherung, K\u00f6ln<br><strong>Architekt: <\/strong>Architektengruppe in Bensberg<br><strong>Geplante Anlagen: <\/strong><\/p>\n\n\n\n<p id=\"9f\">&#8211; Heizung<\/p>\n\n\n\n<p id=\"9f\">&#8211; L\u00fcftung<\/p>\n\n\n\n<p id=\"9f\">&#8211; Elektro (Schwachstrom\/Starkstrom)<\/p>\n\n\n\n<p id=\"9f\">&#8211; Beleuchtung<\/p>\n\n\n\n<p id=\"9f\">&#8211; Blitzschutz<\/p>\n\n\n\n<p id=\"9f\">&#8211; Kommunikationsanlagen<br><a href=\"#top9\">zur\u00fcck nach oben<\/a><br><\/p>\n\n\n\n<p id=\"9g\"><strong>Neubau<br><mark style=\"background-color:rgba(0, 0, 0, 0);color:#5f7ca3\" class=\"has-inline-color\">Apartmenthochhaus Siegburg<\/mark><\/strong><br><strong>Bauherr: <\/strong>Fa. Weissenberger, Bergisch &#8211; Gladbach<br><strong>Architekt: <\/strong>Fa. Weissenberger KG, Bergisch &#8211; Gladbach<br><strong>Geplante Anlagen: <\/strong><\/p>\n\n\n\n<p id=\"9g\">&#8211; Heizung<\/p>\n\n\n\n<p id=\"9g\">&#8211; L\u00fcftung<\/p>\n\n\n\n<p id=\"9g\">&#8211; Sanit\u00e4r<\/p>\n\n\n\n<p id=\"9g\">&#8211; Schwimmbad<br><a href=\"#top9\">zur\u00fcck nach oben<\/a><br><\/p>\n\n\n\n<p id=\"9h\"><strong>Neubau<br><mark style=\"background-color:rgba(0, 0, 0, 0);color:#5f7ca3\" class=\"has-inline-color\">Wohnpark Sinnersdorf<\/mark><\/strong><br><strong>Bauherr: <\/strong>Fa. Weissenberger, Bergisch &#8211; Gladbach<br><strong>Architekt: <\/strong>Fa. Weissenberger KG, Bergisch &#8211; Gladbach<br><strong>Geplante Anlagen:<\/strong> <\/p>\n\n\n\n<p id=\"9h\">&#8211; Heizung<\/p>\n\n\n\n<p id=\"9h\">&#8211; L\u00fcftung<\/p>\n\n\n\n<p id=\"9h\">&#8211; Sanit\u00e4r<\/p>\n\n\n\n<p id=\"9h\">&#8211; Schwimmbad<br><a href=\"#top9\">zur\u00fcck nach oben<\/a><br><\/p>\n\n\n\n<p id=\"9i\"><strong>Neubau<\/strong><br><strong><mark style=\"background-color:rgba(0, 0, 0, 0);color:#5f7ca3\" class=\"has-inline-color\">Wohnbebauung<\/mark><\/strong><br>Augustusring, Bonn<br><strong>Bauherr: <\/strong>Provinzial &#8211; Versicherung, D\u00fcsseldorf<br><strong>Architekt: <\/strong>Planungsring Freier Architekten, Bonn<br><strong>Geplante Anlagen:<\/strong> <\/p>\n\n\n\n<p id=\"9i\">&#8211; Elektro (Schwachstrom\/Starkstrom)<\/p>\n\n\n\n<p id=\"9i\">&#8211; Beleuchtung<\/p>\n\n\n\n<p id=\"9i\">&#8211; Blitzschutz<\/p>\n\n\n\n<p id=\"9i\">&#8211; Kommunikationsanlagen<\/p>\n\n\n\n<p id=\"9i\">&#8211; Sicherheitsanlage<\/p>\n\n\n\n<p id=\"9i\">&#8211; Trafo<br><a href=\"#top9\">zur\u00fcck nach oben<\/a><br><\/p>\n\n\n\n<p id=\"9j\"><strong>Neubau<br><mark style=\"background-color:rgba(0, 0, 0, 0);color:#5f7ca3\" class=\"has-inline-color\">Wohnh\u00e4user (62 + 15 WE)<\/mark><\/strong><br>in Meerbusch &#8211; B\u00fcderich<br><strong>Bauherr: <\/strong>Provinzial &#8211; Versicherung, D\u00fcsseldorf<br><strong>Architekt: <\/strong>Emde &amp; Mengden, Krefeld<br><strong>Geplante Anlagen: <\/strong><\/p>\n\n\n\n<p id=\"9j\">&#8211; Heizung<\/p>\n\n\n\n<p id=\"9j\">&#8211; L\u00fcftung<\/p>\n\n\n\n<p id=\"9j\">&#8211; Sanit\u00e4r<\/p>\n\n\n\n<p id=\"9j\">&#8211; Elektro (Schwachstrom\/Starkstrom)<\/p>\n\n\n\n<p id=\"9j\">&#8211; Kommunikationsanlagen<br><a href=\"#top9\">zur\u00fcck nach oben<\/a><strong><br><\/strong><\/p>\n\n\n\n<p id=\"9k\"><strong>Preiswertes Bauen in H\u00fcrth \u2013 Stotzheim<br><mark style=\"background-color:rgba(0, 0, 0, 0);color:#5f7ca3\" class=\"has-inline-color\">21 Wohnh\u00e4user<\/mark><\/strong><br><strong>Bauherr:<\/strong> Stadt H\u00fcrth<br><strong>Architekt: <\/strong>Miksch, D\u00fcsseldorf<br><strong>Geplante Anlagen: <\/strong><\/p>\n\n\n\n<p id=\"9k\">&#8211; Heizung<\/p>\n\n\n\n<p id=\"9k\">&#8211; Sanit\u00e4r<\/p>\n\n\n\n<p id=\"9k\">&#8211; Elektro (Schwachstrom\/Starkstrom)<\/p>\n\n\n\n<p id=\"9k\">&#8211; Kommunikationsanlagen<br><a href=\"#top9\">zur\u00fcck nach oben<\/a><br><\/p>\n\n\n\n<p id=\"9l\"><strong>Neubau<br><mark style=\"background-color:rgba(0, 0, 0, 0);color:#5f7ca3\" class=\"has-inline-color\">14-Familien\u2013Wohnhaus mit Tiefgarage<\/mark><\/strong><br>K\u00f6ln<br><strong>Bauherr:<\/strong> Bauherrengemeinschaft Frass, K\u00f6hl, Schr\u00f6der, K\u00f6ln<br><strong>Architekt: <\/strong>Barbara Wissmann, K\u00f6ln<br><strong>Geplante Anlagen: <\/strong><\/p>\n\n\n\n<p id=\"9l\">&#8211; Heizung<\/p>\n\n\n\n<p id=\"9l\">&#8211; L\u00fcftung<\/p>\n\n\n\n<p id=\"9l\">&#8211; Sanit\u00e4r<\/p>\n\n\n\n<p id=\"9l\">&#8211; Elektro (Schwachstrom\/Starkstrom)<br><a href=\"#top9\">zur\u00fcck nach oben<\/a><br><\/p>\n\n\n\n<p id=\"9m\"><strong>Neubau<br><mark style=\"background-color:rgba(0, 0, 0, 0);color:#5f7ca3\" class=\"has-inline-color\">Herkules Hochhaus<\/mark><\/strong><br>Graeffstr. 1, 50823 K\u00f6ln- Ehrenfeld<br><strong>Bauherr: <\/strong>Dr. R\u00fcger<br><strong>Architekt: <\/strong>Atelier Neufert, K\u00f6ln<br><strong>Geplante Anlagen:<\/strong> <\/p>\n\n\n\n<p id=\"9m\">&#8211; Elektro (Schwachstrom\/Starkstrom)<\/p>\n\n\n\n<p id=\"9m\">&#8211; Beleuchtung<\/p>\n\n\n\n<p id=\"9m\">&#8211; Blitzschutz<\/p>\n\n\n\n<p id=\"9m\">&#8211; Kommunikationsanlage<\/p>\n\n\n\n<p id=\"9m\">&#8211; Trafo<\/p>\n\n\n\n<p id=\"9m\">&#8211; Notstrom<br>Erbaut: 1969<br><a href=\"#top9\">zur\u00fcck nach oben<\/a><br><\/p>\n\n\n\n<p id=\"9n\"><strong>Neubau<br><mark style=\"background-color:rgba(0, 0, 0, 0);color:#5f7ca3\" class=\"has-inline-color\">Mehrfamilienwohnhaus<\/mark><\/strong><br>K\u00f6ln &#8211; Poll<br><strong>Bauherr: <\/strong>Willi Diepenseifen, K\u00f6ln<br><strong>Architekt:<\/strong> G\u00fcnter Scheid, K\u00f6ln<br><strong>Geplante Anlagen:<\/strong> <\/p>\n\n\n\n<p id=\"9n\">&#8211; Heizung<\/p>\n\n\n\n<p id=\"9n\">&#8211; L\u00fcftung<\/p>\n\n\n\n<p id=\"9n\">&#8211; Sanit\u00e4r<\/p>\n\n\n\n<p id=\"9n\">&#8211; Elektro (Schwachstrom\/Starkstrom)<\/p>\n\n\n\n<p id=\"9n\">&#8211; Schwimmbad<br><a href=\"#top9\">zur\u00fcck nach oben<\/a><br><\/p>\n\n\n\n<p id=\"9o\"><strong>Neubau<br><mark style=\"background-color:rgba(0, 0, 0, 0);color:#5f7ca3\" class=\"has-inline-color\">Privatvilla in L\u00fcdenscheid<\/mark><\/strong><br><strong>Bauherr: <\/strong>Dr. med Roland Droh, L\u00fcdenscheid<br><strong>Architekt: <\/strong>Horst Welbhoff, Bonn<br><strong>Geplante Anlagen:<\/strong> <\/p>\n\n\n\n<p id=\"9o\">&#8211; Heizung<\/p>\n\n\n\n<p id=\"9o\">&#8211; L\u00fcftung<\/p>\n\n\n\n<p id=\"9o\">&#8211; Sanit\u00e4r<\/p>\n\n\n\n<p id=\"9o\">&#8211; Notstrom<\/p>\n\n\n\n<p id=\"9o\">&#8211; Kommunikation<\/p>\n\n\n\n<p id=\"9o\">&#8211; Sicherheitsanlagen<br><a href=\"#top9\">zur\u00fcck nach oben<\/a><br><\/p>\n\n\n\n<p id=\"9p\"><strong>Sanierung<br><mark style=\"background-color:rgba(0, 0, 0, 0);color:#5f7ca3\" class=\"has-inline-color\">41-Familien-Wohnhaus<\/mark><\/strong><br>Wilhelm-Backhaus-Stra\u00dfe, 50931 K\u00f6ln<br><strong>Bauherr:<\/strong> Fa. Wilms, K\u00f6ln<br><strong>Architekt:<\/strong> Frass &amp; Partner, K\u00f6ln<br><strong>Geplante Anlagen: <\/strong><\/p>\n\n\n\n<p id=\"9p\">&#8211; Heizung<\/p>\n\n\n\n<p id=\"9p\">&#8211; L\u00fcftung<\/p>\n\n\n\n<p id=\"9p\">&#8211; Sanit\u00e4r<\/p>\n\n\n\n<p id=\"9p\">&#8211; Bautechnik<\/p>\n\n\n\n<p id=\"9p\">&#8211; Asbestsanierung<br><a href=\"#top9\">zur\u00fcck nach oben<\/a><br><\/p>\n\n\n\n<p id=\"9q\"><strong>Sanierung<br><mark style=\"background-color:rgba(0, 0, 0, 0);color:#5f7ca3\" class=\"has-inline-color\">von 640 Plattenbauwohnungen<\/mark><\/strong><br>in Leipzig-Gr\u00fcnau<br><strong>Bauherr: <\/strong>BCC-Mainz<br><strong>Architekt: <\/strong>St\u00f6lzle &amp; Sahihi, Stuttgart<br><strong>Geplante Anlagen: <\/strong><\/p>\n\n\n\n<p id=\"9q\">&#8211; Heizung<\/p>\n\n\n\n<p id=\"9q\">&#8211; L\u00fcftung<\/p>\n\n\n\n<p id=\"9q\">&#8211; Sanit\u00e4r<\/p>\n\n\n\n<p id=\"9q\">&#8211; Generalplanung<\/p>\n\n\n\n<p id=\"9q\">&#8211; Asbestsanierung<br><a href=\"#top9\">zur\u00fcck nach oben<\/a><br><\/p>\n\n\n\n<p id=\"9r\"><strong>Neubau<br><mark style=\"background-color:rgba(0, 0, 0, 0);color:#5f7ca3\" class=\"has-inline-color\">30-Familien-Wohnhaus<\/mark><\/strong><br>Paulistr. 29-31, 50226 Frechen &#8211; K\u00f6nigsdorf<br><strong>Bauherr:<\/strong> Mundt K\u00f6ln<br><strong>Architekt: <\/strong>Dietrich, Bergisch Gladbach<br><strong>Geplante Anlagen: <\/strong><\/p>\n\n\n\n<p id=\"9r\">&#8211; Heizung<\/p>\n\n\n\n<p id=\"9r\">&#8211; Sanit\u00e4r<\/p>\n\n\n\n<p id=\"9r\">&#8211; Elektro (Schwachstrom\/Starkstrom)<\/p>\n\n\n\n<p id=\"9r\">&#8211; Blitzschutz<\/p>\n\n\n\n<p id=\"9r\">&#8211; Kommunikationsanlage<br><a href=\"#top9\">zur\u00fcck nach oben<\/a><br><\/p>\n\n\n\n<p id=\"9s\"><strong>Neubau<br><mark style=\"background-color:rgba(0, 0, 0, 0);color:#5f7ca3\" class=\"has-inline-color\">20-Familien-Wohnhaus<\/mark><\/strong><br>Auf der J\u00fcchen 20, 51069 K\u00f6ln-Dellbr\u00fcck<br><strong>Bauherr: <\/strong>Mundt K\u00f6ln<br><strong>Architekt: <\/strong>Dietrich, Bergisch Gladbach<br><strong>Geplante Anlagen: <\/strong><\/p>\n\n\n\n<p id=\"9s\">&#8211; Heizung<\/p>\n\n\n\n<p id=\"9s\">&#8211; Sanit\u00e4r<\/p>\n\n\n\n<p id=\"9s\">&#8211; Elektro (Schwachstrom\/Starkstrom)<\/p>\n\n\n\n<p id=\"9s\">&#8211; Blitzschutz<\/p>\n\n\n\n<p id=\"9s\">&#8211; Kommunikationsanlage<br><a href=\"#top9\">zur\u00fcck nach oben<\/a><br><\/p>\n\n\n\n<p id=\"9t\"><strong><mark style=\"background-color:rgba(0, 0, 0, 0);color:#5f7ca3\" class=\"has-inline-color\">Wohnhaus<\/mark><\/strong><br>Am Neuen Forst 32, 50997 K\u00f6ln &#8211; Hahnwald<br><strong>Bauherr:<\/strong> Eheleute Dr. Nie\u00dfen<br><strong>Architekt:<\/strong> Link &#8211; Architekten, K\u00f6ln<br><strong>Geplante Anlagen:<\/strong> <\/p>\n\n\n\n<p id=\"9t\">&#8211; Heizung<\/p>\n\n\n\n<p id=\"9t\">&#8211; L\u00fcftung, K\u00e4lte, Sanit\u00e4r<\/p>\n\n\n\n<p id=\"9t\">&#8211; Schwimmbad<\/p>\n\n\n\n<p id=\"9t\">&#8211; Elektro (Schwachstrom\/Starkstrom)<\/p>\n\n\n\n<p id=\"9t\">&#8211; Erdw\u00e4rmenutzung<\/p>\n\n\n\n<p id=\"9t\">&#8211; W\u00e4rmepumpen<\/p>\n\n\n\n<p id=\"9t\">&#8211; Fu\u00dfbodenk\u00fchlung<br><a href=\"#top9\">zur\u00fcck nach oben<\/a><br><\/p>\n\n\n\n<p id=\"9u\"><strong>Neubau<br><mark style=\"background-color:rgba(0, 0, 0, 0);color:#5f7ca3\" class=\"has-inline-color\">Luxuswohnungen<\/mark><\/strong><br>Wendelinstra\u00dfe 63, 50933 K\u00f6ln-M\u00fcngersdorf<br><strong>Bauherr: <\/strong>Me\u00dfler, K\u00f6ln<br><strong>Architekt: <\/strong>Karthaus, K\u00f6ln<br><strong>Geplante Anlagen: <\/strong><\/p>\n\n\n\n<p id=\"9u\">&#8211; Heizung<\/p>\n\n\n\n<p id=\"9u\">&#8211; Sanit\u00e4r<\/p>\n\n\n\n<p id=\"9u\">&#8211; L\u00fcftung<\/p>\n\n\n\n<p id=\"9u\">&#8211; Elektro (Schwachstrom\/Starkstrom)<\/p>\n\n\n\n<p id=\"9u\">&#8211; Sicherheitsanlage<\/p>\n\n\n\n<p id=\"9u\">&#8211; Blitzschutz<br>Erbaut: 2007-2012<br><a href=\"#top9\">zur\u00fcck nach oben<\/a><br><\/p>\n\n\n\n<p id=\"9v\"><strong>Neubau von<br><mark style=\"background-color:rgba(0, 0, 0, 0);color:#5f7ca3\" class=\"has-inline-color\">210 Studentenwohnungen<\/mark><\/strong><br>50939 K\u00f6ln<br><strong>Bauherr: <\/strong>Alexander Kautz, K\u00f6ln<br><strong>Architekt:<\/strong> supergelb architekten GmbH, K\u00f6ln<br><strong>Geplante Anlagen:<\/strong> <\/p>\n\n\n\n<p id=\"9v\">&#8211; Heizung, Fernw\u00e4rme<\/p>\n\n\n\n<p id=\"9v\">&#8211; W\u00e4rmepumpenanlage,<\/p>\n\n\n\n<p id=\"9v\">&#8211; L\u00fcftung, K\u00e4lte, Sanit\u00e4r<\/p>\n\n\n\n<p id=\"9v\">&#8211; Elektro (Schwachstrom\/Starkstrom)<\/p>\n\n\n\n<p id=\"9v\">&#8211; Trafo<\/p>\n\n\n\n<p id=\"9v\">&#8211; Kommunikationsanlage<\/p>\n\n\n\n<p id=\"9v\">&#8211; Sicherheitsanlage<\/p>\n\n\n\n<p id=\"9v\">&#8211; Beleuchtung<\/p>\n\n\n\n<p id=\"9v\">&#8211; Blitzschutz<\/p>\n\n\n\n<p id=\"9v\">&#8211; LAN-Netz<\/p>\n\n\n\n<p id=\"9v\">&#8211; F\u00f6rdertechnik<\/p>\n\n\n\n<p id=\"9v\">&#8211; Photovoltaik<br><a href=\"#top9\">zur\u00fcck nach oben<\/a><br><\/p>\n\n\n\n<p id=\"9w\"><strong>Neubau von<br><mark style=\"background-color:rgba(0, 0, 0, 0);color:#5f7ca3\" class=\"has-inline-color\">40 Komfortwohnungen mit Kita<\/mark><\/strong><br>50931 K\u00f6ln<br><strong>Bauherr: <\/strong>Erzbistum K\u00f6ln<br><strong>Architekt: <\/strong>Lepel &amp; Lepel, K\u00f6ln<br><strong>Geplante Anlagen: <\/strong><\/p>\n\n\n\n<p id=\"9w\">&#8211; Heizung, Fernw\u00e4rme<\/p>\n\n\n\n<p id=\"9w\">&#8211; Sanit\u00e4r<\/p>\n\n\n\n<p id=\"9w\">&#8211; L\u00fcftung<\/p>\n\n\n\n<p id=\"9w\">&#8211; Elektro (Schwachstrom\/Starkstrom)<\/p>\n\n\n\n<p id=\"9w\">&#8211; Kommunikationsanlage<\/p>\n\n\n\n<p id=\"9w\">&#8211; Beleuchtung<\/p>\n\n\n\n<p id=\"9w\"> Blitzschutz<br><a href=\"#top9\">zur\u00fcck nach oben<\/a><br><\/p>\n\n\n\n<p id=\"9x\"><strong>Neubau von<br><mark style=\"background-color:rgba(0, 0, 0, 0);color:#5f7ca3\" class=\"has-inline-color\">Komfortvilla<\/mark><\/strong><br>14195 Berlin<br><strong>Bauherr:<\/strong> Jan Krizan, Berlin<br><strong>Architekt: <\/strong>fleischer-architekten, Berlin<br><strong>Geplante Anlagen: <\/strong><\/p>\n\n\n\n<p id=\"9x\">&#8211; L\u00fcftung<\/p>\n\n\n\n<p id=\"9x\">&#8211; K\u00e4lte<br><a href=\"#top9\">zur\u00fcck nach oben<\/a><\/p>\n\n\n\n<div id=\"section-g77912a\" class=\"wp-block-gutentor-e0 section-g77912a gutentor-element gutentor-element-advanced-text\"><div class=\"gutentor-text-wrap\"><p class=\"gutentor-text\"><\/p><\/div><\/div>\n<\/div><\/div><\/div>\n\n\n\n<div id=\"273368\" class=\"wp-block-gutentor-m6-item section-273368 gutentor-module gutentor-module-accordion-item\"><div class=\"gutentor-module-accordion-panel g-a-panel-5d45c0\"><div class=\"gm-ah-5d45c0 gutentor-module-accordion-item-heading gutentor-module-icon-position-left\"><span class=\"gutentor-module-accordion-panel-handler\" role=\"button\"><span class=\"gutentor-module-accordion-icon\"><i class=\"gm-aio-5d45c0 gutentor-module-accordion-icon-open fas fa-angle-double-down\"><\/i><i class=\"gm-aic-5d45c0 gutentor-module-accordion-icon-close fas fa-angle-double-up\"><\/i><\/span><span class=\"gutentor-module-accordion-panel-handler-label\">RHEINBR\u00dcCKEN<\/span><\/span><\/div><div class=\"gm-ab-5d45c0 gutentor-module-accordion-body\">\n<p id=\"top10\"><strong>\u00dcbersicht<\/strong><\/p>\n\n\n\n<div id=\"section-gb83137\" class=\"wp-block-gutentor-e7 section-gb83137 gutentor-element gutentor-element-list\"><ul class=\"grid-row gutentor-grid-item-wrap list-indicator-icon\"><li class=\"gutentor-list-item grid-lg-12 grid-md-12 grid-12\"><span class=\"gutentor-single-item gutentor-single-item-0\"><span class=\"gutentor-list-item-wrap g-s-list-wrap\"><span class=\"gutentor-single-list-item-icon\"><i class=\"list-item-icon fas fa-angle-right\"><\/i><\/span><span class=\"gutentor-list-item\"><p class=\"gutentor-single-item-title\"><strong><mark style=\"background-color:rgba(0, 0, 0, 0);color:#5f7ca3\" class=\"has-inline-color\"><a href=\"#10a\">Beeckerwerther Br\u00fccke<\/a><\/mark><\/strong><\/p><\/span><\/span><\/span><\/li><li class=\"gutentor-list-item grid-lg-12 grid-md-12 grid-12\"><span class=\"gutentor-single-item gutentor-single-item-1\"><span class=\"gutentor-list-item-wrap g-s-list-wrap\"><span class=\"gutentor-single-list-item-icon\"><i class=\"list-item-icon fas fa-angle-right\"><\/i><\/span><span class=\"gutentor-list-item\"><p class=\"gutentor-single-item-title\"><strong><mark style=\"background-color:rgba(0, 0, 0, 0);color:#5f7ca3\" class=\"has-inline-color\"><a href=\"#10b\">Fleher Br\u00fccke<\/a><\/mark><\/strong><\/p><\/span><\/span><\/span><\/li><li class=\"gutentor-list-item grid-lg-12 grid-md-12 grid-12\"><span class=\"gutentor-single-item gutentor-single-item-2\"><span class=\"gutentor-list-item-wrap g-s-list-wrap\"><span class=\"gutentor-single-list-item-icon\"><i class=\"list-item-icon fas fa-angle-right\"><\/i><\/span><span class=\"gutentor-list-item\"><p class=\"gutentor-single-item-title\"><strong><mark style=\"background-color:rgba(0, 0, 0, 0);color:#5f7ca3\" class=\"has-inline-color\"><a href=\"#10c\">Friedrich-Ebert-Br\u00fccke (Nordbr\u00fccke)<\/a><\/mark><\/strong><\/p><\/span><\/span><\/span><\/li><li class=\"gutentor-list-item grid-lg-12 grid-md-12 grid-12\"><span class=\"gutentor-single-item gutentor-single-item-3\"><span class=\"gutentor-list-item-wrap g-s-list-wrap\"><span class=\"gutentor-single-list-item-icon\"><i class=\"list-item-icon fas fa-angle-right\"><\/i><\/span><span class=\"gutentor-list-item\"><p class=\"gutentor-single-item-title\"><strong><mark style=\"background-color:rgba(0, 0, 0, 0);color:#5f7ca3\" class=\"has-inline-color\"><a href=\"#10d\">Konrad-Adenauer-Br\u00fccke (S\u00fcdbr\u00fccke)<\/a><\/mark><\/strong><\/p><\/span><\/span><\/span><\/li><li class=\"gutentor-list-item grid-lg-12 grid-md-12 grid-12\"><span class=\"gutentor-single-item gutentor-single-item-4\"><span class=\"gutentor-list-item-wrap g-s-list-wrap\"><span class=\"gutentor-single-list-item-icon\"><i class=\"list-item-icon fas fa-angle-right\"><\/i><\/span><span class=\"gutentor-list-item\"><p class=\"gutentor-single-item-title\"><strong><mark style=\"background-color:rgba(0, 0, 0, 0);color:#5f7ca3\" class=\"has-inline-color\"><a href=\"#10e\">Rheinbr\u00fccke<\/a><\/mark><\/strong><\/p><\/span><\/span><\/span><\/li><\/ul><\/div>\n\n\n\n<p id=\"10a\"><strong><strong>Neubau<\/strong><\/strong><br><strong><mark style=\"background-color:rgba(0, 0, 0, 0);color:#5f7ca3\" class=\"has-inline-color\">Beeckerwerther Br\u00fccke<\/mark><\/strong><br>auch genannt: Rheinbr\u00fccke Emscherschnellweg<br><strong>Bauherr: <\/strong>Landschaftsverband Rheinland, Rheinisches Autobahnamt Essen<br><strong>Geplante Anlagen: <\/strong><\/p>\n\n\n\n<p id=\"10a\">&#8211; Elektro (Schwachstrom\/Starkstrom)<\/p>\n\n\n\n<p id=\"10a\">&#8211; Beleuchtung<\/p>\n\n\n\n<p id=\"10a\">&#8211; Blitzschutz<br>&#8211; Sicherheitsanlagen<\/p>\n\n\n\n<p id=\"10a\">&#8211; Notstrom<\/p>\n\n\n\n<p id=\"10a\">&#8211; Trafo<br>Duisburg &#8211; Beeckerwerth Autobahnbr\u00fccke<br>Fertigstellungsjahr: 1990<br><a href=\"#top10\">zur\u00fcck nach oben<\/a><\/p>\n\n\n\n<p id=\"10b\"><strong>Neubau<br><mark style=\"background-color:rgba(0, 0, 0, 0);color:#5f7ca3\" class=\"has-inline-color\">Fleher Br\u00fccke<\/mark><\/strong><br><strong>Bauherr: <\/strong>Landschaftsverband Rheinland, K\u00f6ln<br><strong>Geplante Anlagen: <\/strong><\/p>\n\n\n\n<p id=\"10b\">&#8211; Elektro (Schwachstrom\/Starkstrom)<\/p>\n\n\n\n<p id=\"10b\">&#8211; Beleuchtung<\/p>\n\n\n\n<p id=\"10b\">&#8211; Blitzschutz<\/p>\n\n\n\n<p id=\"10b\">&#8211; Notstrom<\/p>\n\n\n\n<p id=\"10b\">&#8211; Trafo<br>Rheinbr\u00fccke D\u00fcsseldorf &#8211; Flehe, Fertigstellungsjahr: 1979<br><a href=\"#top10\">zur\u00fcck nach oben<\/a><\/p>\n\n\n\n<p id=\"10c\"><strong>Neubau<\/strong><br><strong>Friedrich-Ebert-Br\u00fccke (Nordbr\u00fccke)<\/strong><br><strong>Bauherr: <\/strong>Landschaftsverband Rheinland, K\u00f6ln<br><strong>Architekt: <\/strong>Fernstra\u00dfen &#8211; Neubauamt, K\u00f6ln<br><strong>Geplante Anlagen: <\/strong><\/p>\n\n\n\n<p id=\"10c\">&#8211; Elektro (Schwachstrom\/Starkstrom)<\/p>\n\n\n\n<p id=\"10c\">&#8211; Beleuchtung<\/p>\n\n\n\n<p id=\"10c\">&#8211; Blitzschutz<\/p>\n\n\n\n<p id=\"10c\">&#8211; Notstrom<\/p>\n\n\n\n<p id=\"10c\">&#8211; Trafo<\/p>\n\n\n\n<p id=\"10c\">Rheinbr\u00fccke Bonn &#8211; Nord<br>Fertigstellungsjahr: 1967<br><a href=\"#top10\">zur\u00fcck nach oben<\/a><\/p>\n\n\n\n<p id=\"10d\"><strong>Neubau<br><mark style=\"background-color:rgba(0, 0, 0, 0);color:#5f7ca3\" class=\"has-inline-color\">Konrad-Adenauer-Br\u00fccke (S\u00fcdbr\u00fccke)<\/mark><\/strong><br><strong>Bauherr:<\/strong> Landschaftsverband Rheinland, K\u00f6ln<br><strong>Architekt:<\/strong> Fernstra\u00dfen &#8211; Neubauamt, K\u00f6ln<br><strong>Geplante Anlagen:<\/strong> <\/p>\n\n\n\n<p id=\"10d\">&#8211; Elektro (Schwachstrom\/Starkstrom)<\/p>\n\n\n\n<p id=\"10d\">&#8211; Beleuchtung<\/p>\n\n\n\n<p id=\"10d\">&#8211; Blitzschutz<\/p>\n\n\n\n<p id=\"10d\">&#8211; Notstrom<\/p>\n\n\n\n<p id=\"10d\">&#8211; Trafo<br>Rheinbr\u00fccke Bonn &#8211; S\u00fcd<br>Fertigstellungsjahr: 1972<br><a href=\"#top10\">zur\u00fcck nach oben<\/a><\/p>\n\n\n\n<p id=\"10e\"><strong>Neubau und Erweiterung<br><mark style=\"background-color:rgba(0, 0, 0, 0);color:#5f7ca3\" class=\"has-inline-color\">Rheinbr\u00fccke<\/mark><\/strong><br>K\u00f6ln &#8211; Rodenkirchen<br><strong>Bauherr:<\/strong> Landschaftsverband Rheinland, Rheinisches Autobahnamt K\u00f6ln<br><strong>Geplante Anlagen:<\/strong> <\/p>\n\n\n\n<p id=\"10e\">&#8211; Elektro (Schwachstrom\/Starkstrom)<\/p>\n\n\n\n<p id=\"10e\">&#8211; Beleuchtung<\/p>\n\n\n\n<p id=\"10e\">&#8211; Blitzschutz<\/p>\n\n\n\n<p id=\"10e\">&#8211; Notstrom<\/p>\n\n\n\n<p id=\"10e\">&#8211; Sicherheitsanlage<\/p>\n\n\n\n<p id=\"10e\">&#8211; Trafo<\/p>\n\n\n\n<p id=\"10e\">&#8211; Beleuchtungsdetail<br>Rheinbr\u00fccke K\u00f6ln &#8211; Rodenkirchen<br>Fertigstellungsjahr: 1995<br><a href=\"#top10\">zur\u00fcck nach oben<\/a><\/p>\n\n\n\n<div id=\"section-gc3f014\" class=\"wp-block-gutentor-e0 section-gc3f014 gutentor-element gutentor-element-advanced-text\"><div class=\"gutentor-text-wrap\"><p class=\"gutentor-text\"><br><\/p><\/div><\/div>\n<\/div><\/div><\/div>\n\n\n\n<div id=\"831fe4\" class=\"wp-block-gutentor-m6-item section-831fe4 gutentor-module gutentor-module-accordion-item\"><div class=\"gutentor-module-accordion-panel g-a-panel-5d45c0\"><div class=\"gm-ah-5d45c0 gutentor-module-accordion-item-heading gutentor-module-icon-position-left\"><span class=\"gutentor-module-accordion-panel-handler\" role=\"button\"><span class=\"gutentor-module-accordion-icon\"><i class=\"gm-aio-5d45c0 gutentor-module-accordion-icon-open fas fa-angle-double-down\"><\/i><i class=\"gm-aic-5d45c0 gutentor-module-accordion-icon-close fas fa-angle-double-up\"><\/i><\/span><span class=\"gutentor-module-accordion-panel-handler-label\">DIVERSE BAUTEN<\/span><\/span><\/div><div class=\"gm-ab-5d45c0 gutentor-module-accordion-body\">\n<p id=\"top11\"><strong>\u00dcbersicht<\/strong><\/p>\n\n\n\n<div id=\"section-ged945a\" class=\"wp-block-gutentor-e7 section-ged945a gutentor-element gutentor-element-list\"><ul class=\"grid-row gutentor-grid-item-wrap list-indicator-icon\"><li class=\"gutentor-list-item grid-lg-12 grid-md-12 grid-12\"><span class=\"gutentor-single-item gutentor-single-item-0\"><span class=\"gutentor-list-item-wrap g-s-list-wrap\"><span class=\"gutentor-single-list-item-icon\"><i class=\"list-item-icon fas fa-angle-right\"><\/i><\/span><span class=\"gutentor-list-item\"><p class=\"gutentor-single-item-title\"><a href=\"#11a\"><strong>Westdeutscher Rundfunk K\u00f6ln<\/strong><\/a><\/p><\/span><\/span><\/span><\/li><li class=\"gutentor-list-item grid-lg-12 grid-md-12 grid-12\"><span class=\"gutentor-single-item gutentor-single-item-1\"><span class=\"gutentor-list-item-wrap g-s-list-wrap\"><span class=\"gutentor-single-list-item-icon\"><i class=\"list-item-icon fas fa-angle-right\"><\/i><\/span><span class=\"gutentor-list-item\"><p class=\"gutentor-single-item-title\"><a href=\"#11b\"><strong>Neubau Forum Leverkusen<\/strong><\/a><\/p><\/span><\/span><\/span><\/li><li class=\"gutentor-list-item grid-lg-12 grid-md-12 grid-12\"><span class=\"gutentor-single-item gutentor-single-item-2\"><span class=\"gutentor-list-item-wrap g-s-list-wrap\"><span class=\"gutentor-single-list-item-icon\"><i class=\"list-item-icon fas fa-angle-right\"><\/i><\/span><span class=\"gutentor-list-item\"><p class=\"gutentor-single-item-title\"><a href=\"#11c\"><strong>Umbau Forum Leverkusen<\/strong><\/a><\/p><\/span><\/span><\/span><\/li><li class=\"gutentor-list-item grid-lg-12 grid-md-12 grid-12\"><span class=\"gutentor-single-item gutentor-single-item-3\"><span class=\"gutentor-list-item-wrap g-s-list-wrap\"><span class=\"gutentor-single-list-item-icon\"><i class=\"list-item-icon fas fa-angle-right\"><\/i><\/span><span class=\"gutentor-list-item\"><p class=\"gutentor-single-item-title\"><a href=\"#11d\"><strong>\u00c4rztehaus K\u00f6ln-Holweide<\/strong><\/a><\/p><\/span><\/span><\/span><\/li><li class=\"gutentor-list-item grid-lg-12 grid-md-12 grid-12\"><span class=\"gutentor-single-item gutentor-single-item-4\"><span class=\"gutentor-list-item-wrap g-s-list-wrap\"><span class=\"gutentor-single-list-item-icon\"><i class=\"list-item-icon fas fa-angle-right\"><\/i><\/span><span class=\"gutentor-list-item\"><p class=\"gutentor-single-item-title\"><a href=\"#11e\"><strong>Stellwerk Kendenich<\/strong><\/a><\/p><\/span><\/span><\/span><\/li><li class=\"gutentor-list-item grid-lg-12 grid-md-12 grid-12\"><span class=\"gutentor-single-item gutentor-single-item-5\"><span class=\"gutentor-list-item-wrap g-s-list-wrap\"><span class=\"gutentor-single-list-item-icon\"><i class=\"list-item-icon fas fa-angle-right\"><\/i><\/span><span class=\"gutentor-list-item\"><p class=\"gutentor-single-item-title\"><a href=\"#11f\"><strong>Bahnbetriebswerk Br\u00fchl-Vochem<\/strong><\/a><\/p><\/span><\/span><\/span><\/li><li class=\"gutentor-list-item grid-lg-12 grid-md-12 grid-12\"><span class=\"gutentor-single-item gutentor-single-item-6\"><span class=\"gutentor-list-item-wrap g-s-list-wrap\"><span class=\"gutentor-single-list-item-icon\"><i class=\"list-item-icon fas fa-angle-right\"><\/i><\/span><span class=\"gutentor-list-item\"><p class=\"gutentor-single-item-title\"><a href=\"#11g\"><strong>Wirtschafts- und Betriebsgeb\u00e4ude BGS Hangelar<\/strong><\/a><\/p><\/span><\/span><\/span><\/li><li class=\"gutentor-list-item grid-lg-12 grid-md-12 grid-12\"><span class=\"gutentor-single-item gutentor-single-item-7\"><span class=\"gutentor-list-item-wrap g-s-list-wrap\"><span class=\"gutentor-single-list-item-icon\"><i class=\"list-item-icon fas fa-angle-right\"><\/i><\/span><span class=\"gutentor-list-item\"><p class=\"gutentor-single-item-title\"><a href=\"#11h\"><strong>Einkaufszentrum Schweinfurt<\/strong><\/a><\/p><\/span><\/span><\/span><\/li><li class=\"gutentor-list-item grid-lg-12 grid-md-12 grid-12\"><span class=\"gutentor-single-item gutentor-single-item-8\"><span class=\"gutentor-list-item-wrap g-s-list-wrap\"><span class=\"gutentor-single-list-item-icon\"><i class=\"list-item-icon fas fa-angle-right\"><\/i><\/span><span class=\"gutentor-list-item\"><p class=\"gutentor-single-item-title\"><a href=\"#11i\"><strong>Nordwest Eisen- und Metallwaren e.G.<\/strong><\/a><\/p><\/span><\/span><\/span><\/li><li class=\"gutentor-list-item grid-lg-12 grid-md-12 grid-12\"><span class=\"gutentor-single-item gutentor-single-item-9\"><span class=\"gutentor-list-item-wrap g-s-list-wrap\"><span class=\"gutentor-single-list-item-icon\"><i class=\"list-item-icon fas fa-angle-right\"><\/i><\/span><span class=\"gutentor-list-item\"><p class=\"gutentor-single-item-title\"><a href=\"#11j\"><strong>M\u00f6belhaus Manos<\/strong><\/a><\/p><\/span><\/span><\/span><\/li><li class=\"gutentor-list-item grid-lg-12 grid-md-12 grid-12\"><span class=\"gutentor-single-item gutentor-single-item-10\"><span class=\"gutentor-list-item-wrap g-s-list-wrap\"><span class=\"gutentor-single-list-item-icon\"><i class=\"list-item-icon fas fa-angle-right\"><\/i><\/span><span class=\"gutentor-list-item\"><p class=\"gutentor-single-item-title\"><a href=\"#11k\"><strong>Markthalle Langenfeld\/Rheinland<\/strong><\/a><\/p><\/span><\/span><\/span><\/li><li class=\"gutentor-list-item grid-lg-12 grid-md-12 grid-12\"><span class=\"gutentor-single-item gutentor-single-item-11\"><span class=\"gutentor-list-item-wrap g-s-list-wrap\"><span class=\"gutentor-single-list-item-icon\"><i class=\"list-item-icon fas fa-angle-right\"><\/i><\/span><span class=\"gutentor-list-item\"><p class=\"gutentor-single-item-title\"><a href=\"#11l\"><strong>Einkaufspark Stadtbahnhof Dresden-Mickten<\/strong><\/a><\/p><\/span><\/span><\/span><\/li><li class=\"gutentor-list-item grid-lg-12 grid-md-12 grid-12\"><span class=\"gutentor-single-item gutentor-single-item-12\"><span class=\"gutentor-list-item-wrap g-s-list-wrap\"><span class=\"gutentor-single-list-item-icon\"><i class=\"list-item-icon fas fa-angle-right\"><\/i><\/span><span class=\"gutentor-list-item\"><p class=\"gutentor-single-item-title\"><a href=\"#11m\"><strong>Einkaufspark Hilden<\/strong><\/a><\/p><\/span><\/span><\/span><\/li><li class=\"gutentor-list-item grid-lg-12 grid-md-12 grid-12\"><span class=\"gutentor-single-item gutentor-single-item-13\"><span class=\"gutentor-list-item-wrap g-s-list-wrap\"><span class=\"gutentor-single-list-item-icon\"><i class=\"list-item-icon fas fa-angle-right\"><\/i><\/span><span class=\"gutentor-list-item\"><p class=\"gutentor-single-item-title\"><a href=\"#11n\"><strong>Bibliothek der Universit\u00e4t zu K\u00f6ln<\/strong><\/a><\/p><\/span><\/span><\/span><\/li><\/ul><\/div>\n\n\n\n<p id=\"11a\"><strong>Neubau<br><mark style=\"background-color:rgba(0, 0, 0, 0);color:#5f7ca3\" class=\"has-inline-color\">Westdeutscher Rundfunk, K\u00f6ln<\/mark><\/strong><br><strong>Bauherr: <\/strong>Dr. Rolf + Endres (WDR K\u00f6ln) <strong>Architekt: <\/strong>Ferdi Dolfen, K\u00f6ln<br><strong>Geplante Anlagen: <\/strong><\/p>\n\n\n\n<p id=\"11a\">&#8211; Heizung<\/p>\n\n\n\n<p id=\"11a\">&#8211; L\u00fcftung, K\u00e4lte, Sanit\u00e4r<\/p>\n\n\n\n<p id=\"11a\">&#8211; Elektro (Schwachstrom\/Starkstrom)<\/p>\n\n\n\n<p id=\"11a\">&#8211; Beleuchtung<\/p>\n\n\n\n<p id=\"11a\">&#8211; Blitzschutz<\/p>\n\n\n\n<p id=\"11a\">&#8211; Kommunikationsanlagen<\/p>\n\n\n\n<p id=\"11a\">&#8211; Sicherheitsanlagen<\/p>\n\n\n\n<p id=\"11a\">&#8211; Trafo<\/p>\n\n\n\n<p id=\"11a\">&#8211; Notstrom<br><a href=\"#top11\">zur\u00fcck nach oben<\/a><br><\/p>\n\n\n\n<p id=\"11b\"><strong>Neubau<br><mark style=\"background-color:rgba(0, 0, 0, 0);color:#5f7ca3\" class=\"has-inline-color\">Forum Leverkusen<\/mark><\/strong><br><strong>Bauherr:<\/strong> Stadt Leverkusen<br><strong>Architekt:<\/strong> Ulrich v. Altenstadt, Essen<br><strong>Geplante Anlagen: <\/strong><\/p>\n\n\n\n<p id=\"11b\">&#8211; Elektro (Schwachstrom\/Starkstrom)<\/p>\n\n\n\n<p id=\"11b\">&#8211; Beleuchtung<\/p>\n\n\n\n<p id=\"11b\">&#8211; Blitzschutz<\/p>\n\n\n\n<p id=\"11b\">&#8211; Kommunikationsanlagen<\/p>\n\n\n\n<p id=\"11b\">&#8211; Sicherheitsanlagen<\/p>\n\n\n\n<p id=\"11b\">&#8211; Trafo<\/p>\n\n\n\n<p id=\"11b\">&#8211; Notstrom<br><a href=\"#top11\">zur\u00fcck nach oben<\/a><br><\/p>\n\n\n\n<p id=\"11c\"><strong><mark style=\"background-color:rgba(0, 0, 0, 0);color:#5f7ca3\" class=\"has-inline-color\">Forum Leverkusen<\/mark><br>Umbau K\u00fcche<\/strong><br><strong>Bauherr: <\/strong>Stadt Leverkusen Hochbauamt<br><strong>Geplante Anlagen:<\/strong> <\/p>\n\n\n\n<p id=\"11c\">&#8211; Heizung<\/p>\n\n\n\n<p id=\"11c\">&#8211; L\u00fcftung<\/p>\n\n\n\n<p id=\"11c\">&#8211; Sanit\u00e4r<\/p>\n\n\n\n<p id=\"11c\">&#8211; Elektro (Schwachstrom\/Starkstrom)<\/p>\n\n\n\n<p id=\"11c\">&#8211; Beleuchtung<\/p>\n\n\n\n<p id=\"11c\">&#8211; Kommunikationsanlagen<\/p>\n\n\n\n<p id=\"11c\">&#8211; Generalplanung<br><a href=\"#top11\">zur\u00fcck nach oben<\/a><br><\/p>\n\n\n\n<p id=\"11d\"><strong>Neubau <\/strong><br><strong><mark style=\"background-color:rgba(0, 0, 0, 0);color:#5f7ca3\" class=\"has-inline-color\">\u00c4rztehaus in K\u00f6ln &#8211; Holweide<\/mark><\/strong><br><strong>Bauherr: <\/strong>Dr. med. Richarz<br><strong>Architekt: <\/strong>Udo J\u00f6dick, K\u00f6ln<br><strong>Geplante Anlagen:<\/strong> <\/p>\n\n\n\n<p id=\"11d\">&#8211; Heizung<\/p>\n\n\n\n<p id=\"11d\">&#8211; L\u00fcftung<\/p>\n\n\n\n<p id=\"11d\">&#8211; Sanit\u00e4r<\/p>\n\n\n\n<p id=\"11d\">&#8211; Elektro (Schwachstrom\/Starkstrom)<br><a href=\"#top11\">zur\u00fcck nach oben<\/a><br><\/p>\n\n\n\n<p id=\"11e\"><strong>Neubau<br><mark style=\"background-color:rgba(0, 0, 0, 0);color:#5f7ca3\" class=\"has-inline-color\">Stellwerk in Kendenich<\/mark><\/strong><br><strong>Bauherr:<\/strong> K\u00f6ln &#8211; Bonner &#8211; Eisenbahnen AG, K\u00f6ln<br><strong>Architekt:<\/strong> H.W. M\u00f6ller, K\u00f6ln<br><strong>Geplante Anlagen: <\/strong><\/p>\n\n\n\n<p id=\"11e\">&#8211; Heizung<\/p>\n\n\n\n<p id=\"11e\">&#8211; L\u00fcftung<\/p>\n\n\n\n<p id=\"11e\">&#8211; Sanit\u00e4r<\/p>\n\n\n\n<p id=\"11e\">&#8211; Elektro (Schwachstrom\/Starkstrom)<\/p>\n\n\n\n<p id=\"11e\">&#8211; Beleuchtung<\/p>\n\n\n\n<p id=\"11e\">&#8211; Blitzschutz<\/p>\n\n\n\n<p id=\"11e\">&#8211; Kommunikationsanlage<br><a href=\"#top11\">zur\u00fcck nach oben<\/a><br><\/p>\n\n\n\n<p id=\"11f\"><strong>Neubau <\/strong><br><strong><mark style=\"background-color:rgba(0, 0, 0, 0);color:#5f7ca3\" class=\"has-inline-color\">Bahnbetriebswerk Br\u00fchl &#8211; Vochem<\/mark><\/strong><br><strong>Bauherr: <\/strong>K\u00f6ln &#8211; Bonner &#8211; Eisenbahnen AG, K\u00f6ln<br><strong>Architekt: <\/strong>K\u00f6ln &#8211; Bonner &#8211; Eisenbahnen AG, K\u00f6ln<br><strong>Geplante Anlagen:<\/strong> <\/p>\n\n\n\n<p id=\"11f\">&#8211; Sanit\u00e4r<br><a href=\"#top11\">zur\u00fcck nach oben<\/a><strong><br><\/strong><\/p>\n\n\n\n<p id=\"11g\"><strong>Neubau <br><mark style=\"background-color:rgba(0, 0, 0, 0);color:#5f7ca3\" class=\"has-inline-color\">Wirtschafts- und Betriebsgeb\u00e4ude BGS Hangelar<\/mark><\/strong><br><strong>Bauherr: <\/strong>Bundesrepublik Deutschland<br><strong>Architekt: <\/strong>Herrmann &amp; Engels, K\u00f6ln<br><strong>Geplante Anlagen: <\/strong><\/p>\n\n\n\n<p id=\"11g\">&#8211; Heizung<\/p>\n\n\n\n<p id=\"11g\">&#8211; L\u00fcftung, K\u00e4lte, Sanit\u00e4r<\/p>\n\n\n\n<p id=\"11g\">&#8211; Elektro (Schwachstrom\/Starkstrom)<\/p>\n\n\n\n<p id=\"11g\">&#8211; Beleuchtung<\/p>\n\n\n\n<p id=\"11g\">&#8211; Blitzschutz<\/p>\n\n\n\n<p id=\"11g\">&#8211; Kommunikationsanlage<br><a href=\"#top11\">zur\u00fcck nach oben<\/a><br><\/p>\n\n\n\n<p id=\"11h\"><strong>Neubau<\/strong><br><strong><mark style=\"background-color:rgba(0, 0, 0, 0);color:#5f7ca3\" class=\"has-inline-color\">Einkaufszentrum in Schweinfurt<\/mark><\/strong><br><strong>Bauherr:<\/strong> A. Rosa, Schweinfurt<br><strong>Architekt: <\/strong>Rennert, Kassel<br><strong>Geplante Anlagen:<\/strong> <\/p>\n\n\n\n<p id=\"11h\">&#8211; Heizung<\/p>\n\n\n\n<p id=\"11h\">&#8211; L\u00fcftung, K\u00e4lte, Sanit\u00e4r<\/p>\n\n\n\n<p id=\"11h\">&#8211; Sprinkler<\/p>\n\n\n\n<p id=\"11h\">&#8211; Elektro (Schwachstrom\/Starkstrom)<\/p>\n\n\n\n<p id=\"11h\">&#8211; Beleuchtung<\/p>\n\n\n\n<p id=\"11h\">&#8211; Blitzschutz<\/p>\n\n\n\n<p id=\"11h\">&#8211; Kommunikationsanlage<br><a href=\"#top11\">zur\u00fcck nach oben<\/a><br><\/p>\n\n\n\n<p id=\"11i\"><strong>Umbau und Sanierung<br><mark style=\"background-color:rgba(0, 0, 0, 0);color:#5f7ca3\" class=\"has-inline-color\">Nordwest Eisen- und Metallwaren e.G. Hagen<\/mark><\/strong><br><strong>Bauherr:<\/strong> Nordwest Eisen- und Metallwaren e.G. Hagen<br><strong>Architekt: <\/strong>Herrmann &amp; Engels K\u00f6ln<br><strong>Geplante Anlagen:<\/strong> <\/p>\n\n\n\n<p id=\"11i\">&#8211; Elektro (Schwachstrom\/Starkstrom)<\/p>\n\n\n\n<p id=\"11i\">&#8211; Beleuchtung<\/p>\n\n\n\n<p id=\"11i\">&#8211; Blitzschutz<\/p>\n\n\n\n<p id=\"11i\">&#8211; Kommunikationsanlage<br><a href=\"#top11\">zur\u00fcck nach oben<\/a><br><\/p>\n\n\n\n<p id=\"11j\"><strong><mark style=\"background-color:rgba(0, 0, 0, 0);color:#5f7ca3\" class=\"has-inline-color\">M\u00f6belhaus Manos<\/mark><br>Potsdam<\/strong><br><strong>Bauherr: <\/strong>Peek &amp; Cloppenburg, D\u00fcsseldorf<br><strong>Architekt:<\/strong> Herrmann &amp; Engels, K\u00f6ln<br><strong>Geplante Anlagen:<\/strong> <\/p>\n\n\n\n<p id=\"11j\">&#8211; Heizung<\/p>\n\n\n\n<p id=\"11j\">&#8211; Fernw\u00e4rme<\/p>\n\n\n\n<p id=\"11j\">&#8211; L\u00fcftung, K\u00e4lte, Sanit\u00e4r<\/p>\n\n\n\n<p id=\"11j\">&#8211; Sprinkler<\/p>\n\n\n\n<p id=\"11j\">&#8211; Elektro (Schwachstrom\/Starkstrom)<\/p>\n\n\n\n<p id=\"11j\">&#8211; Beleuchtung<\/p>\n\n\n\n<p id=\"11j\">&#8211; Blitzschutz<\/p>\n\n\n\n<p id=\"11j\">&#8211; Kommunikationsanlage<\/p>\n\n\n\n<p id=\"11j\">&#8211; Sicherheitsanlage<\/p>\n\n\n\n<p id=\"11j\">&#8211; Notstrom<\/p>\n\n\n\n<p id=\"11j\">&#8211; Trafo<br><a href=\"#top11\">zur\u00fcck nach oben<\/a><br><\/p>\n\n\n\n<p id=\"11k\"><strong><mark style=\"background-color:rgba(0, 0, 0, 0);color:#5f7ca3\" class=\"has-inline-color\">Markthalle Langenfeld \/ Rheinland<\/mark><\/strong><br><strong>Bauherr: <\/strong>Paeschke GmbH, Langenfeld<br><strong>Architekt: <\/strong>Fa. Goldbeck Langenfeld<br><strong>Geplante Anlagen:<\/strong> <\/p>\n\n\n\n<p id=\"11k\">&#8211; Heizung<\/p>\n\n\n\n<p id=\"11k\">&#8211; L\u00fcftung, K\u00e4lte, Sanit\u00e4r<\/p>\n\n\n\n<p id=\"11k\">&#8211; Gro\u00dfk\u00fcche<\/p>\n\n\n\n<p id=\"11k\">&#8211; Elektro (Schwachstrom\/Starkstrom)<\/p>\n\n\n\n<p id=\"11k\">&#8211; Beleuchtung<\/p>\n\n\n\n<p id=\"11k\">&#8211; Blitzschutz<\/p>\n\n\n\n<p id=\"11k\">&#8211; Kommunikationsanlage<\/p>\n\n\n\n<p id=\"11k\">&#8211; Sicherheitsanlage<\/p>\n\n\n\n<p id=\"11k\">&#8211; F\u00f6rdertechnik<\/p>\n\n\n\n<p id=\"11k\">&#8211; Trafo<\/p>\n\n\n\n<p id=\"11k\">&#8211; Baubetreuung aller technischen Gewerke<br><a href=\"#top11\">zur\u00fcck nach oben<\/a><\/p>\n\n\n\n<p><\/p>\n\n\n\n<p id=\"11l\"><strong>Umbau <\/strong><br><strong><mark style=\"background-color:rgba(0, 0, 0, 0);color:#5f7ca3\" class=\"has-inline-color\">Einkaufspark Stadtbahnhof Dresden-Mickten<\/mark><\/strong><br><strong>Bauherr: <\/strong>BCC-Mainz<br><strong>Architekt: <\/strong>Herrmann &amp; Engels, K\u00f6ln<br><strong>Geplante Anlagen: <\/strong><\/p>\n\n\n\n<p id=\"11l\">&#8211; Heizung<\/p>\n\n\n\n<p id=\"11l\">&#8211; Fernw\u00e4rme<\/p>\n\n\n\n<p id=\"11l\">&#8211; L\u00fcftung, K\u00e4lte, Sanit\u00e4r<\/p>\n\n\n\n<p id=\"11l\">&#8211; CO-Warnanlage<\/p>\n\n\n\n<p id=\"11l\">&#8211; Sprinkler<\/p>\n\n\n\n<p id=\"11l\">&#8211; Elektro (Schwachstrom\/Starkstrom)<\/p>\n\n\n\n<p id=\"11l\">&#8211; Beleuchtung<\/p>\n\n\n\n<p id=\"11l\">&#8211; Blitzschutz<\/p>\n\n\n\n<p id=\"11l\">&#8211; Kommunikationsanlage<\/p>\n\n\n\n<p id=\"11l\">&#8211; F\u00f6rdertechnik<\/p>\n\n\n\n<p id=\"11l\">&#8211; Trafo<br><a href=\"#top11\">zur\u00fcck nach oben<\/a><br><\/p>\n\n\n\n<p id=\"11m\"><strong>Umbau<br><mark style=\"background-color:rgba(0, 0, 0, 0);color:#5f7ca3\" class=\"has-inline-color\">Einkaufspark Hilden<\/mark><\/strong><br><strong>Bauherr: <\/strong>Aachener Grundverm\u00f6gen Kapitalverwaltungsgesellschaft mbH, K\u00f6ln<br><strong>Architekt:<\/strong> Herrmann &amp; Engels, K\u00f6ln<br><strong>Geplante Anlagen:<\/strong> <\/p>\n\n\n\n<p id=\"11m\">&#8211; Heizung<\/p>\n\n\n\n<p id=\"11m\">&#8211; L\u00fcftung, K\u00e4lte, Sanit\u00e4r<\/p>\n\n\n\n<p id=\"11m\">&#8211; Sprinkler<\/p>\n\n\n\n<p id=\"11m\">&#8211; Elektro (Schwachstrom\/Starkstrom)<\/p>\n\n\n\n<p id=\"11m\">&#8211; Beleuchtung<\/p>\n\n\n\n<p id=\"11m\">&#8211; Blitzschutz<\/p>\n\n\n\n<p id=\"11m\">&#8211; F\u00f6rdertechnik<\/p>\n\n\n\n<p id=\"11m\">&#8211; Trafo<\/p>\n\n\n\n<p id=\"11m\">&#8211; Notstrom<\/p>\n\n\n\n<p id=\"11m\">&#8211; Sicherheitsanlage<\/p>\n\n\n\n<p id=\"11m\">&#8211; LAN-Netz<\/p>\n\n\n\n<p id=\"11m\">&#8211; Doppelboden<br><a href=\"#top11\">zur\u00fcck nach oben<\/a><br><\/p>\n\n\n\n<p id=\"11n\"><strong><mark style=\"background-color:rgba(0, 0, 0, 0);color:#5f7ca3\" class=\"has-inline-color\">Bibliothek der Universit\u00e4t zu K\u00f6ln<\/mark><\/strong><br>Robert-Perthel-Str. 79, 50739 K\u00f6ln<br><strong>Bauherr:<\/strong> Universit\u00e4t zu K\u00f6ln<br><strong>Geplante Anlagen: <\/strong><\/p>\n\n\n\n<p id=\"11n\">&#8211; Elektro (Schwachstrom\/Starkstrom)<\/p>\n\n\n\n<p id=\"11n\">&#8211; Beleuchtung<br><a href=\"#top11\">zur\u00fcck nach oben<\/a><\/p>\n\n\n\n<div id=\"section-ge1359b\" class=\"wp-block-gutentor-e0 section-ge1359b gutentor-element gutentor-element-advanced-text\"><div class=\"gutentor-text-wrap\"><p class=\"gutentor-text\"><\/p><\/div><\/div>\n<\/div><\/div><\/div>\n\n\n\n<div id=\"b58df5\" class=\"wp-block-gutentor-m6-item section-b58df5 gutentor-module gutentor-module-accordion-item\"><div class=\"gutentor-module-accordion-panel g-a-panel-5d45c0\"><div class=\"gm-ah-5d45c0 gutentor-module-accordion-item-heading gutentor-module-icon-position-left\"><span class=\"gutentor-module-accordion-panel-handler\" role=\"button\"><span class=\"gutentor-module-accordion-icon\"><i class=\"gm-aio-5d45c0 gutentor-module-accordion-icon-open fas fa-angle-double-down\"><\/i><i class=\"gm-aic-5d45c0 gutentor-module-accordion-icon-close fas fa-angle-double-up\"><\/i><\/span><span class=\"gutentor-module-accordion-panel-handler-label\">HOTELS<\/span><\/span><\/div><div class=\"gm-ab-5d45c0 gutentor-module-accordion-body\">\n<p id=\"top12\"><strong>\u00dcbersicht<\/strong><\/p>\n\n\n\n<div id=\"section-ga19d07\" class=\"wp-block-gutentor-e7 section-ga19d07 gutentor-element gutentor-element-list\"><ul class=\"grid-row gutentor-grid-item-wrap list-indicator-icon\"><li class=\"gutentor-list-item grid-lg-12 grid-md-12 grid-12\"><span class=\"gutentor-single-item gutentor-single-item-0\"><span class=\"gutentor-list-item-wrap g-s-list-wrap\"><span class=\"gutentor-single-list-item-icon\"><i class=\"list-item-icon fas fa-angle-right\"><\/i><\/span><span class=\"gutentor-list-item\"><p class=\"gutentor-single-item-title\"><a href=\"#12a\"><strong>Steigenberger Conti Hansa Hotel<\/strong><\/a><\/p><\/span><\/span><\/span><\/li><li class=\"gutentor-list-item grid-lg-12 grid-md-12 grid-12\"><span class=\"gutentor-single-item gutentor-single-item-1\"><span class=\"gutentor-list-item-wrap g-s-list-wrap\"><span class=\"gutentor-single-list-item-icon\"><i class=\"list-item-icon fas fa-angle-right\"><\/i><\/span><span class=\"gutentor-list-item\"><p class=\"gutentor-single-item-title\"><a href=\"#12b\"><strong>G\u00e4stehaus des Bundes<\/strong><\/a><\/p><\/span><\/span><\/span><\/li><li class=\"gutentor-list-item grid-lg-12 grid-md-12 grid-12\"><span class=\"gutentor-single-item gutentor-single-item-2\"><span class=\"gutentor-list-item-wrap g-s-list-wrap\"><span class=\"gutentor-single-list-item-icon\"><i class=\"list-item-icon fas fa-angle-right\"><\/i><\/span><span class=\"gutentor-list-item\"><p class=\"gutentor-single-item-title\"><a href=\"#12c\"><strong>NH Hotel Mediapark<\/strong><\/a><\/p><\/span><\/span><\/span><\/li><li class=\"gutentor-list-item grid-lg-12 grid-md-12 grid-12\"><span class=\"gutentor-single-item gutentor-single-item-3\"><span class=\"gutentor-list-item-wrap g-s-list-wrap\"><span class=\"gutentor-single-list-item-icon\"><i class=\"list-item-icon fas fa-angle-right\"><\/i><\/span><span class=\"gutentor-list-item\"><p class=\"gutentor-single-item-title\"><a href=\"#12d\"><strong>NH Hotel Hamburg Mitte<\/strong><\/a><\/p><\/span><\/span><\/span><\/li><li class=\"gutentor-list-item grid-lg-12 grid-md-12 grid-12\"><span class=\"gutentor-single-item gutentor-single-item-4\"><span class=\"gutentor-list-item-wrap g-s-list-wrap\"><span class=\"gutentor-single-list-item-icon\"><i class=\"list-item-icon fas fa-angle-right\"><\/i><\/span><span class=\"gutentor-list-item\"><p class=\"gutentor-single-item-title\"><a href=\"#12e\"><strong>NH Hotel D\u00fcsseldorf City<\/strong><\/a><\/p><\/span><\/span><\/span><\/li><li class=\"gutentor-list-item grid-lg-12 grid-md-12 grid-12\"><span class=\"gutentor-single-item gutentor-single-item-5\"><span class=\"gutentor-list-item-wrap g-s-list-wrap\"><span class=\"gutentor-single-list-item-icon\"><i class=\"list-item-icon fas fa-angle-right\"><\/i><\/span><span class=\"gutentor-list-item\"><p class=\"gutentor-single-item-title\"><a href=\"#12f\"><strong>NH Hotel N\u00fcrnberg City<\/strong><\/a><\/p><\/span><\/span><\/span><\/li><li class=\"gutentor-list-item grid-lg-12 grid-md-12 grid-12\"><span class=\"gutentor-single-item gutentor-single-item-6\"><span class=\"gutentor-list-item-wrap g-s-list-wrap\"><span class=\"gutentor-single-list-item-icon\"><i class=\"list-item-icon fas fa-angle-right\"><\/i><\/span><span class=\"gutentor-list-item\"><p class=\"gutentor-single-item-title\"><a href=\"#12g\"><strong>NH Hotel Weinheim<\/strong><\/a><\/p><\/span><\/span><\/span><\/li><li class=\"gutentor-list-item grid-lg-12 grid-md-12 grid-12\"><span class=\"gutentor-single-item gutentor-single-item-7\"><span class=\"gutentor-list-item-wrap g-s-list-wrap\"><span class=\"gutentor-single-list-item-icon\"><i class=\"list-item-icon fas fa-angle-right\"><\/i><\/span><span class=\"gutentor-list-item\"><p class=\"gutentor-single-item-title\"><a href=\"#12h\"><strong>NH Hotel D\u00fcsseldorf City S\u00fcd<\/strong><\/a><\/p><\/span><\/span><\/span><\/li><\/ul><\/div>\n\n\n\n<p id=\"12a\"><strong>Sanierung<\/strong><br><strong><mark style=\"background-color:rgba(0, 0, 0, 0);color:#5f7ca3\" class=\"has-inline-color\">Steigenberger Conti Hansa Hotel<\/mark><\/strong><br>Schlossgarten 7, 24103 Kiel<br><strong>Bauherr:<\/strong> Kaufhold Hannover<br><strong>Architekt: <\/strong>Frass &amp; Partner, K\u00f6ln<br><strong>Geplante Anlagen:<\/strong> <\/p>\n\n\n\n<p id=\"12a\">&#8211; L\u00fcftung<\/p>\n\n\n\n<p id=\"12a\">&#8211; Sprinkler<\/p>\n\n\n\n<p id=\"12a\">&#8211; Elektro (Schwachstrom\/Starkstrom)<\/p>\n\n\n\n<p id=\"12a\">&#8211; Sicherheitsanlagen<\/p>\n\n\n\n<p id=\"12a\">&#8211; Kommunikationsanlage<br><strong>Sanierung 2011<br><\/strong><a href=\"#top12\">zur\u00fcck nach oben<\/a><\/p>\n\n\n\n<p><\/p>\n\n\n\n<p id=\"12b\"><strong>Umbau<\/strong><br><strong><mark style=\"background-color:rgba(0, 0, 0, 0);color:#5f7ca3\" class=\"has-inline-color\">G\u00e4stehaus des Bundes<\/mark><\/strong><br>Steigenberger Hotel Petersberg<br>53639 K\u00f6nigswinter<br><strong>Bauherr: <\/strong>G\u00e4stehaus Petersburg GmbH<br><strong>Geplante Anlagen: <\/strong><\/p>\n\n\n\n<p id=\"12b\">&#8211; Heizung<\/p>\n\n\n\n<p id=\"12b\">&#8211; L\u00fcftung<\/p>\n\n\n\n<p id=\"12b\">&#8211; Sanit\u00e4r<\/p>\n\n\n\n<p id=\"12b\">&#8211; Elektro (Schwachstrom\/Starkstrom)<\/p>\n\n\n\n<p id=\"12b\">&#8211; Beleuchtung<\/p>\n\n\n\n<p id=\"12b\">&#8211; F\u00f6rdertechnik<br><a href=\"#top12\">zur\u00fcck nach oben<\/a><\/p>\n\n\n\n<p>        <\/p>\n\n\n\n<p id=\"12c\"><strong>Umbau und Sanierung<\/strong><br><strong><mark style=\"background-color:rgba(0, 0, 0, 0);color:#5f7ca3\" class=\"has-inline-color\">NH Hotel Mediapark<\/mark><\/strong><br>50670 K\u00f6ln<br><strong>Bauherr:<\/strong> NH Group, Madrid, Spanien<br><strong>Architekt:<\/strong> Sulitze Mu\u00f1oz Arquitectos, Madrid, Spanien<br>Frass &amp; Partner, K\u00f6ln<br><strong>Geplante Anlagen: <\/strong><\/p>\n\n\n\n<p id=\"12c\">&#8211; Heizung<\/p>\n\n\n\n<p id=\"12c\">&#8211; L\u00fcftung<\/p>\n\n\n\n<p id=\"12c\">&#8211; Sanit\u00e4r<\/p>\n\n\n\n<p id=\"12c\">&#8211; Elektro (Schwachstrom\/Starkstrom)<\/p>\n\n\n\n<p id=\"12c\">&#8211; Kommunikationsanlage<\/p>\n\n\n\n<p id=\"12c\">&#8211; Sicherheitsanlage<\/p>\n\n\n\n<p id=\"12c\">&#8211; Beleuchtung<\/p>\n\n\n\n<p id=\"12c\">&#8211; Generalplanung<br><a href=\"#top12\">zur\u00fcck nach oben<\/a>            <\/p>\n\n\n\n<p><\/p>\n\n\n\n<p id=\"12d\"><strong>Umbau und Sanierung<\/strong><br><strong><mark style=\"background-color:rgba(0, 0, 0, 0);color:#5f7ca3\" class=\"has-inline-color\">NH Hotel Hamburg Mitte<\/mark><\/strong><br>20357 Hamburg<br><strong>Bauherr:<\/strong> NH Group, Madrid, Spanien<br><strong>Architekt:<\/strong> Sulitze Mu\u00f1oz Arquitectos, Madrid, Spanien<br>Frass &amp; Partner, K\u00f6ln<br><strong>Geplante Anlagen: <\/strong><\/p>\n\n\n\n<p id=\"12d\">&#8211; Heizung<\/p>\n\n\n\n<p id=\"12d\">&#8211; Fernw\u00e4rme<\/p>\n\n\n\n<p id=\"12d\">&#8211; L\u00fcftung, K\u00e4lte, Sanit\u00e4r<\/p>\n\n\n\n<p id=\"12d\">&#8211; Elektro (Schwachstrom\/Starkstrom)<\/p>\n\n\n\n<p id=\"12d\">&#8211; Trafo<\/p>\n\n\n\n<p id=\"12d\">&#8211; Kommunikationsanlage<\/p>\n\n\n\n<p id=\"12d\">&#8211; Sicherheitsanlage<\/p>\n\n\n\n<p id=\"12d\">&#8211; Beleuchtung<\/p>\n\n\n\n<p id=\"12d\">&#8211; Blitzschutz<\/p>\n\n\n\n<p id=\"12d\">&#8211; Generalplanung<br><a href=\"#top12\">zur\u00fcck nach oben<\/a>            <\/p>\n\n\n\n<p><\/p>\n\n\n\n<p id=\"12e\"><strong>Umbau und Sanierung<\/strong><br><strong><mark style=\"background-color:rgba(0, 0, 0, 0);color:#5f7ca3\" class=\"has-inline-color\">NH Hotel D\u00fcsseldorf City<\/mark><\/strong><br>40227 D\u00fcsseldorf<br><strong>Bauherr: <\/strong>NH Group, Madrid, Spanien<br><strong>Architekt: <\/strong>Sulitze Mu\u00f1oz Arquitectos, Madrid, Spanien<br>Frass &amp; Partner, K\u00f6ln<br><strong>Geplante Anlagen: <\/strong><\/p>\n\n\n\n<p id=\"12e\">&#8211; Heizung<\/p>\n\n\n\n<p id=\"12e\">&#8211; L\u00fcftung<\/p>\n\n\n\n<p id=\"12e\">&#8211; Sanit\u00e4r<\/p>\n\n\n\n<p id=\"12e\">&#8211; Elektro (Schwachstrom\/Starkstrom)<\/p>\n\n\n\n<p id=\"12e\">&#8211; Kommunikationsanlage <\/p>\n\n\n\n<p id=\"12e\">&#8211; Sicherheitsanlage<\/p>\n\n\n\n<p id=\"12e\">&#8211; Beleuchtung<\/p>\n\n\n\n<p id=\"12e\">&#8211; Generalplanung<br><a href=\"#top12\">zur\u00fcck nach oben<\/a>           <\/p>\n\n\n\n<p><\/p>\n\n\n\n<p id=\"12f\"><strong>Umbau und Sanierung<\/strong><br><strong><mark style=\"background-color:rgba(0, 0, 0, 0);color:#5f7ca3\" class=\"has-inline-color\">NH Hotel N\u00fcrnberg City<\/mark><\/strong><br>90402 N\u00fcrnberg<br><strong>Bauherr:<\/strong> NH Group, Madrid, Spanien<br><strong>Architekt:<\/strong> Sulitze Mu\u00f1oz Arquitectos, Madrid, Spanien<br>Frass &amp; Partner, K\u00f6ln<br><strong>Geplante Anlagen:<\/strong><\/p>\n\n\n\n<p id=\"12f\">&#8211; Heizung<\/p>\n\n\n\n<p id=\"12f\">&#8211; L\u00fcftung<\/p>\n\n\n\n<p id=\"12f\">&#8211; Sanit\u00e4r<\/p>\n\n\n\n<p id=\"12f\">&#8211; Elektro (Schwachstrom\/Starkstrom)<\/p>\n\n\n\n<p id=\"12f\">&#8211; Kommunikationsanlage<\/p>\n\n\n\n<p id=\"12f\">&#8211; Sicherheitsanlage<\/p>\n\n\n\n<p id=\"12f\">&#8211; Beleuchtung<\/p>\n\n\n\n<p id=\"12f\">&#8211; Generalplanung<br><a href=\"#top12\">zur\u00fcck nach oben<\/a><\/p>\n\n\n\n<p><\/p>\n\n\n\n<p><\/p>\n\n\n\n<p id=\"12g\"><strong>Umbau und Sanierung<\/strong><br><strong><mark style=\"background-color:rgba(0, 0, 0, 0);color:#5f7ca3\" class=\"has-inline-color\">NH Hotel Weinheim<\/mark><\/strong><br>69469 Weinheim<br><strong>Bauherr:<\/strong> NH Group, Madrid, Spanien<br><strong>Architekt: <\/strong>Sulitze Mu\u00f1oz Arquitectos, Madrid, Spanien<br>Frass &amp; Partner, K\u00f6ln<br><strong>Geplante Anlagen:<\/strong><\/p>\n\n\n\n<p id=\"12g\">&#8211; Heizung<\/p>\n\n\n\n<p id=\"12g\">&#8211; L\u00fcftung<\/p>\n\n\n\n<p id=\"12g\">&#8211; Sanit\u00e4r<\/p>\n\n\n\n<p id=\"12g\">&#8211; Elektro (Schwachstrom\/Starkstrom)<\/p>\n\n\n\n<p id=\"12g\">&#8211; Kommunikationsanlage,<\/p>\n\n\n\n<p id=\"12g\">&#8211; Sicherheitsanlage<\/p>\n\n\n\n<p id=\"12g\">&#8211; Beleuchtung<\/p>\n\n\n\n<p id=\"12g\">&#8211; Generalplanung<br><a href=\"#top12\">zur\u00fcck nach oben<\/a><\/p>\n\n\n\n<p><\/p>\n\n\n\n<p id=\"12h\"><strong>Umbau und Sanierung<\/strong><br><strong><mark style=\"background-color:rgba(0, 0, 0, 0);color:#5f7ca3\" class=\"has-inline-color\">NH Hotel D\u00fcsseldorf City Nord<\/mark><\/strong><br>40470 D\u00fcsseldorf<br><strong>Bauherr:<\/strong> NH Group, Madrid, Spanien<br><strong>Architekt: <\/strong>Sulitze Mu\u00f1oz Arquitectos, Madrid, Spanien<br>Frass &amp; Partner, K\u00f6ln<br><strong>Geplante Anlagen:<\/strong><\/p>\n\n\n\n<p id=\"12h\">&#8211; Heizung<\/p>\n\n\n\n<p id=\"12h\">&#8211; L\u00fcftung<\/p>\n\n\n\n<p id=\"12h\">&#8211; Sanit\u00e4r<\/p>\n\n\n\n<p id=\"12h\">&#8211; Elektro (Schwachstrom\/Starkstrom)<\/p>\n\n\n\n<p id=\"12h\">&#8211; Kommunikationsanlage<\/p>\n\n\n\n<p id=\"12h\">&#8211; Sicherheitsanlage<\/p>\n\n\n\n<p id=\"12h\">&#8211; Beleuchtung<\/p>\n\n\n\n<p id=\"12h\">&#8211; Generalplanung<br><a href=\"#top12\">zur\u00fcck nach oben<\/a>                              <\/p>\n\n\n\n<div id=\"section-g5fd352\" class=\"wp-block-gutentor-e0 section-g5fd352 gutentor-element gutentor-element-advanced-text\"><div class=\"gutentor-text-wrap\"><p class=\"gutentor-text\"><\/p><\/div><\/div>\n<\/div><\/div><\/div>\n<\/div><\/section>\n<\/div><\/div>\n<\/div><\/div><\/section>\n\n\n\n<p id=\"2\"><\/p>\n","protected":false},"excerpt":{"rendered":"","protected":false},"author":1,"featured_media":0,"parent":0,"menu_order":0,"comment_status":"closed","ping_status":"closed","template":"template-gutentor-full-width.php","meta":{"footnotes":""},"class_list":["post-44","page","type-page","status-publish","hentry"],"_links":{"self":[{"href":"https:\/\/frass-koeln.de\/content\/wp-json\/wp\/v2\/pages\/44","targetHints":{"allow":["GET"]}}],"collection":[{"href":"https:\/\/frass-koeln.de\/content\/wp-json\/wp\/v2\/pages"}],"about":[{"href":"https:\/\/frass-koeln.de\/content\/wp-json\/wp\/v2\/types\/page"}],"author":[{"embeddable":true,"href":"https:\/\/frass-koeln.de\/content\/wp-json\/wp\/v2\/users\/1"}],"replies":[{"embeddable":true,"href":"https:\/\/frass-koeln.de\/content\/wp-json\/wp\/v2\/comments?post=44"}],"version-history":[{"count":182,"href":"https:\/\/frass-koeln.de\/content\/wp-json\/wp\/v2\/pages\/44\/revisions"}],"predecessor-version":[{"id":629,"href":"https:\/\/frass-koeln.de\/content\/wp-json\/wp\/v2\/pages\/44\/revisions\/629"}],"wp:attachment":[{"href":"https:\/\/frass-koeln.de\/content\/wp-json\/wp\/v2\/media?parent=44"}],"curies":[{"name":"wp","href":"https:\/\/api.w.org\/{rel}","templated":true}]}}